{"id":957,"date":"2012-05-26T15:11:22","date_gmt":"2012-05-26T14:11:22","guid":{"rendered":"http:\/\/flieg.fr\/?page_id=957"},"modified":"2023-03-21T11:16:46","modified_gmt":"2023-03-21T10:16:46","slug":"jour-60-etape-56-de-fromista-a-carrion-de-los-condes-208-km-samedi-26-mai","status":"publish","type":"page","link":"https:\/\/www.flieg.fr\/?page_id=957","title":{"rendered":"jour 60 \u00e9tape 56 : de Fromista \u00e0 Carrion de los Condes : 20,8 km Samedi 26 Mai"},"content":{"rendered":"<p>samedi 26 Mai 2012<\/p>\n<p>La temp\u00e9rature est redescendue. Les 9 degr\u00e9s de ce matin sont tout juste supportables quand on est au soleil.<\/p>\n<p>Mais, \u00e7a s&rsquo;arrange tr\u00e8s vite.<\/p>\n<p>On a vu un dr\u00f4le de gars au bar, ce matin.<\/p>\n<p><a href=\"http:\/\/flieg.fr\/wordpress\/wp-content\/uploads\/2012\/05\/P5260965.jpg\"><img loading=\"lazy\" decoding=\"async\" class=\"alignnone size-medium wp-image-1032\" title=\"OLYMPUS DIGITAL CAMERA\" src=\"http:\/\/flieg.fr\/wordpress\/wp-content\/uploads\/2012\/05\/P5260965-300x225.jpg\" alt=\"\" width=\"300\" height=\"225\" srcset=\"https:\/\/www.flieg.fr\/wordpress\/wp-content\/uploads\/2012\/05\/P5260965-300x225.jpg 300w, https:\/\/www.flieg.fr\/wordpress\/wp-content\/uploads\/2012\/05\/P5260965-1024x768.jpg 1024w, https:\/\/www.flieg.fr\/wordpress\/wp-content\/uploads\/2012\/05\/P5260965-624x468.jpg 624w, https:\/\/www.flieg.fr\/wordpress\/wp-content\/uploads\/2012\/05\/P5260965.jpg 2048w\" sizes=\"auto, (max-width: 300px) 100vw, 300px\" \/><\/a><\/p>\n<p>Le chemin est rectiligne d&rsquo;un bout \u00e0 l&rsquo;autre de l&rsquo;\u00e9tape et nous longeons une route heureusement peu fr\u00e9quent\u00e9e. D\u00e9crite comme ennuyeuse, l&rsquo;\u00e9tape nous pla\u00eet bien. La couleur du jour sera le rouge. Le rouge des mollets des p\u00e8lerins imprudents qui ont sous-estim\u00e9 le soleil espagnol, mais qui malgr\u00e9 tout nous d\u00e9passent avec entrain. Le rouge des coquelicots.<\/p>\n<p><a href=\"http:\/\/flieg.fr\/wordpress\/wp-content\/uploads\/2012\/05\/P5260971.jpg\"><img loading=\"lazy\" decoding=\"async\" class=\"alignnone size-medium wp-image-1035\" title=\"OLYMPUS DIGITAL CAMERA\" src=\"http:\/\/flieg.fr\/wordpress\/wp-content\/uploads\/2012\/05\/P5260971-300x225.jpg\" alt=\"\" width=\"300\" height=\"225\" srcset=\"https:\/\/www.flieg.fr\/wordpress\/wp-content\/uploads\/2012\/05\/P5260971-300x225.jpg 300w, https:\/\/www.flieg.fr\/wordpress\/wp-content\/uploads\/2012\/05\/P5260971-1024x768.jpg 1024w, https:\/\/www.flieg.fr\/wordpress\/wp-content\/uploads\/2012\/05\/P5260971-624x468.jpg 624w, https:\/\/www.flieg.fr\/wordpress\/wp-content\/uploads\/2012\/05\/P5260971.jpg 2048w\" sizes=\"auto, (max-width: 300px) 100vw, 300px\" \/><\/a><\/p>\n<p>Nous n&rsquo;en avons jamais vu autant \u00e0 la fois. Et nous glanons les cadeaux que la configuration du terrain nous offre. Sans m\u00eame nous coucher dans l&rsquo;herbe, simplement en profitant du fait que le chemin soit encaiss\u00e9, nous b\u00e9n\u00e9ficions d&rsquo;un instant de gr\u00e2ce o\u00f9 les coquelicots se d\u00e9tachent dans le ciel.<\/p>\n<p><a href=\"http:\/\/flieg.fr\/wordpress\/wp-content\/uploads\/2012\/05\/P5260983.jpg\"><img loading=\"lazy\" decoding=\"async\" class=\"alignnone size-medium wp-image-1033\" title=\"OLYMPUS DIGITAL CAMERA\" src=\"http:\/\/flieg.fr\/wordpress\/wp-content\/uploads\/2012\/05\/P5260983-300x225.jpg\" alt=\"\" width=\"300\" height=\"225\" srcset=\"https:\/\/www.flieg.fr\/wordpress\/wp-content\/uploads\/2012\/05\/P5260983-300x225.jpg 300w, https:\/\/www.flieg.fr\/wordpress\/wp-content\/uploads\/2012\/05\/P5260983-1024x768.jpg 1024w, https:\/\/www.flieg.fr\/wordpress\/wp-content\/uploads\/2012\/05\/P5260983-624x468.jpg 624w, https:\/\/www.flieg.fr\/wordpress\/wp-content\/uploads\/2012\/05\/P5260983.jpg 2048w\" sizes=\"auto, (max-width: 300px) 100vw, 300px\" \/><\/a><\/p>\n<p>D&rsquo;un autre instant o\u00f9 l&rsquo;\u00e9clairage nous donne \u00e0 voir l&rsquo;int\u00e9rieur de la corolle d&rsquo;un coquelicot dans toute sa splendeur. Les paysages sont immenses et infinis.<\/p>\n<p><a href=\"http:\/\/flieg.fr\/wordpress\/wp-content\/uploads\/2012\/05\/P5260982.jpg\"><img loading=\"lazy\" decoding=\"async\" class=\"alignnone size-medium wp-image-1038\" title=\"OLYMPUS DIGITAL CAMERA\" src=\"http:\/\/flieg.fr\/wordpress\/wp-content\/uploads\/2012\/05\/P5260982-300x225.jpg\" alt=\"\" width=\"300\" height=\"225\" srcset=\"https:\/\/www.flieg.fr\/wordpress\/wp-content\/uploads\/2012\/05\/P5260982-300x225.jpg 300w, https:\/\/www.flieg.fr\/wordpress\/wp-content\/uploads\/2012\/05\/P5260982-1024x768.jpg 1024w, https:\/\/www.flieg.fr\/wordpress\/wp-content\/uploads\/2012\/05\/P5260982-624x468.jpg 624w, https:\/\/www.flieg.fr\/wordpress\/wp-content\/uploads\/2012\/05\/P5260982.jpg 2048w\" sizes=\"auto, (max-width: 300px) 100vw, 300px\" \/><\/a><\/p>\n<p>Et comme chaque jour, nous sommes accompagn\u00e9s par le chant des oiseaux toujours perch\u00e9s sur la branche la plus haute ou sur une croix du chemin.<\/p>\n<p><a href=\"http:\/\/flieg.fr\/wordpress\/wp-content\/uploads\/2012\/05\/P5260980.jpg\"><img loading=\"lazy\" decoding=\"async\" class=\"alignnone size-medium wp-image-1036\" title=\"OLYMPUS DIGITAL CAMERA\" src=\"http:\/\/flieg.fr\/wordpress\/wp-content\/uploads\/2012\/05\/P5260980-300x225.jpg\" alt=\"\" width=\"300\" height=\"225\" srcset=\"https:\/\/www.flieg.fr\/wordpress\/wp-content\/uploads\/2012\/05\/P5260980-300x225.jpg 300w, https:\/\/www.flieg.fr\/wordpress\/wp-content\/uploads\/2012\/05\/P5260980-1024x768.jpg 1024w, https:\/\/www.flieg.fr\/wordpress\/wp-content\/uploads\/2012\/05\/P5260980-624x468.jpg 624w, https:\/\/www.flieg.fr\/wordpress\/wp-content\/uploads\/2012\/05\/P5260980.jpg 2048w\" sizes=\"auto, (max-width: 300px) 100vw, 300px\" \/><\/a><\/p>\n<p>&nbsp;<\/p>\n<div id=\"attachment_1040\" style=\"width: 310px\" class=\"wp-caption alignnone\"><a href=\"http:\/\/flieg.fr\/wordpress\/wp-content\/uploads\/2012\/05\/P5260998.jpg\"><img loading=\"lazy\" decoding=\"async\" aria-describedby=\"caption-attachment-1040\" class=\"size-medium wp-image-1040\" title=\"OLYMPUS DIGITAL CAMERA\" src=\"http:\/\/flieg.fr\/wordpress\/wp-content\/uploads\/2012\/05\/P5260998-300x225.jpg\" alt=\"\" width=\"300\" height=\"225\" srcset=\"https:\/\/www.flieg.fr\/wordpress\/wp-content\/uploads\/2012\/05\/P5260998-300x225.jpg 300w, https:\/\/www.flieg.fr\/wordpress\/wp-content\/uploads\/2012\/05\/P5260998-1024x768.jpg 1024w, https:\/\/www.flieg.fr\/wordpress\/wp-content\/uploads\/2012\/05\/P5260998-624x468.jpg 624w, https:\/\/www.flieg.fr\/wordpress\/wp-content\/uploads\/2012\/05\/P5260998.jpg 2048w\" sizes=\"auto, (max-width: 300px) 100vw, 300px\" \/><\/a><p id=\"caption-attachment-1040\" class=\"wp-caption-text\">\u00e0 Villalcazar de Sirga<\/p><\/div>\n<p>Et assez t\u00f4t, nous arrivons au Monast\u00e8re de Santa Clara o\u00f9 nous avons r\u00e9serv\u00e9 une chambre pour la nuit. De la fen\u00eatre de notre chambre nous avons vue sur le clocher et nous entendons les heures s&rsquo;\u00e9gr\u00e8n\u00e9es.<\/p>\n<p>L&rsquo;accueil du monast\u00e8re des Clarisses nous surprend. Les p\u00e8lerins sont maintenus \u00e0 l&rsquo;\u00e9cart de toute la vie monastique : pas d&rsquo;acc\u00e8s aux locaux, pas d&rsquo;acc\u00e8s \u00e0 la chapelle, pas de repas servis. M\u00eame pas de petit d\u00e9jeuner. On a juste acc\u00e8s \u00e0 une petite cour avec interdiction de s&rsquo;appuyer contre les colonnes qui soutiennent un petit auvent. Et interdiction d&rsquo;enlever sa chemise&#8230;<\/p>\n<p>En ce moment nous bouclons les r\u00e9servations 8 jours \u00e0 l&rsquo;avance et 9 fois sur 10 nous obtenons satisfaction. Une fois sur deux nous r\u00e9servons par internet sur booking, mais une fois sur deux, c&rsquo;est par t\u00e9l\u00e9phone et en espagnol.<\/p>\n","protected":false},"excerpt":{"rendered":"<p>samedi 26 Mai 2012 La temp\u00e9rature est redescendue. Les 9 degr\u00e9s de ce matin sont tout juste supportables quand on est au soleil. Mais, \u00e7a s&rsquo;arrange tr\u00e8s vite. On a vu un dr\u00f4le de gars au bar, ce matin. Le chemin est rectiligne d&rsquo;un bout \u00e0 l&rsquo;autre de l&rsquo;\u00e9tape et nous longeons une route heureusement [&hellip;]<\/p>\n","protected":false},"author":3,"featured_media":0,"parent":0,"menu_order":0,"comment_status":"open","ping_status":"open","template":"","meta":{"footnotes":""},"class_list":["post-957","page","type-page","status-publish","hentry"],"_links":{"self":[{"href":"https:\/\/www.flieg.fr\/index.php?rest_route=\/wp\/v2\/pages\/957","targetHints":{"allow":["GET"]}}],"collection":[{"href":"https:\/\/www.flieg.fr\/index.php?rest_route=\/wp\/v2\/pages"}],"about":[{"href":"https:\/\/www.flieg.fr\/index.php?rest_route=\/wp\/v2\/types\/page"}],"author":[{"embeddable":true,"href":"https:\/\/www.flieg.fr\/index.php?rest_route=\/wp\/v2\/users\/3"}],"replies":[{"embeddable":true,"href":"https:\/\/www.flieg.fr\/index.php?rest_route=%2Fwp%2Fv2%2Fcomments&post=957"}],"version-history":[{"count":8,"href":"https:\/\/www.flieg.fr\/index.php?rest_route=\/wp\/v2\/pages\/957\/revisions"}],"predecessor-version":[{"id":2450,"href":"https:\/\/www.flieg.fr\/index.php?rest_route=\/wp\/v2\/pages\/957\/revisions\/2450"}],"wp:attachment":[{"href":"https:\/\/www.flieg.fr\/index.php?rest_route=%2Fwp%2Fv2%2Fmedia&parent=957"}],"curies":[{"name":"wp","href":"https:\/\/api.w.org\/{rel}","templated":true}]}}