{"id":955,"date":"2012-05-25T18:22:19","date_gmt":"2012-05-25T17:22:19","guid":{"rendered":"http:\/\/flieg.fr\/?page_id=955"},"modified":"2023-03-21T11:15:55","modified_gmt":"2023-03-21T10:15:55","slug":"jjour-59-etape-55-de-castrojeriz-a-fromista-268-km-vendredi-25-mai","status":"publish","type":"page","link":"https:\/\/www.flieg.fr\/?page_id=955","title":{"rendered":"jour 59 \u00e9tape 55 : de Castrojeriz \u00e0 Fromista : 26,8 km Vendredi 25 Mai"},"content":{"rendered":"<p>Ce matin, lever aux aurores, car le soleil sera fort et l&rsquo;\u00e9tape sera la plus longue depuis le d\u00e9but (26,8 km). Le guide pr\u00e9voit parfois des \u00e9tapes de 31 voire 38 km. Nous nous y refusons obstin\u00e9ment.<\/p>\n<p>A 7h30, nous voil\u00e0 donc partis. Mais partir avant 8h, cela a un prix : cela veut dire partir sans petit d\u00e9jeuner, car rien n&rsquo;est ouvert avant 8h&#8230; D&rsquo;un bond, le soleil se l\u00e8ve aussi au-dessus de l&rsquo;horizon et entreprend d\u00e9j\u00e0 de nous rattraper. En attendant, il r\u00e9v\u00e8le le cadre bucolique du lit du rio Odrilla.<\/p>\n<p>Puis, nous avons une sacr\u00e9e grimpette \u00e0 faire (1\/2 tour Eiffel). Arriv\u00e9s au plateau de Mostelares, le spectacle est magnifique. Le village de Castrojeriz que nous venons de quitter est tass\u00e9 tout en bas de sa colline.<\/p>\n<p><a href=\"http:\/\/flieg.fr\/wordpress\/wp-content\/uploads\/2012\/05\/P5250932.jpg\"><img loading=\"lazy\" decoding=\"async\" class=\"alignnone size-medium wp-image-1020\" title=\"OLYMPUS DIGITAL CAMERA\" src=\"http:\/\/flieg.fr\/wordpress\/wp-content\/uploads\/2012\/05\/P5250932-300x225.jpg\" alt=\"\" width=\"300\" height=\"225\" srcset=\"https:\/\/www.flieg.fr\/wordpress\/wp-content\/uploads\/2012\/05\/P5250932-300x225.jpg 300w, https:\/\/www.flieg.fr\/wordpress\/wp-content\/uploads\/2012\/05\/P5250932-1024x768.jpg 1024w, https:\/\/www.flieg.fr\/wordpress\/wp-content\/uploads\/2012\/05\/P5250932-624x468.jpg 624w, https:\/\/www.flieg.fr\/wordpress\/wp-content\/uploads\/2012\/05\/P5250932.jpg 2048w\" sizes=\"auto, (max-width: 300px) 100vw, 300px\" \/><\/a><\/p>\n<p>L&rsquo;Ecossais qui avait mang\u00e9 avec nous l&rsquo;autre soir est arriv\u00e9 en m\u00eame temps que nous et nous prend en photo.<\/p>\n<p><a href=\"http:\/\/flieg.fr\/wordpress\/wp-content\/uploads\/2012\/05\/P5250934.jpg\"><img loading=\"lazy\" decoding=\"async\" class=\"alignnone size-medium wp-image-1022\" title=\"OLYMPUS DIGITAL CAMERA\" src=\"http:\/\/flieg.fr\/wordpress\/wp-content\/uploads\/2012\/05\/P5250934-300x225.jpg\" alt=\"\" width=\"300\" height=\"225\" srcset=\"https:\/\/www.flieg.fr\/wordpress\/wp-content\/uploads\/2012\/05\/P5250934-300x225.jpg 300w, https:\/\/www.flieg.fr\/wordpress\/wp-content\/uploads\/2012\/05\/P5250934-1024x768.jpg 1024w, https:\/\/www.flieg.fr\/wordpress\/wp-content\/uploads\/2012\/05\/P5250934-624x468.jpg 624w, https:\/\/www.flieg.fr\/wordpress\/wp-content\/uploads\/2012\/05\/P5250934.jpg 2048w\" sizes=\"auto, (max-width: 300px) 100vw, 300px\" \/><\/a><\/p>\n<p>Au loin, des arm\u00e9es d&rsquo;\u00e9oliennes tournent en d\u00e9sordre.<\/p>\n<p><a href=\"http:\/\/flieg.fr\/wordpress\/wp-content\/uploads\/2012\/05\/P5250933.jpg\"><img loading=\"lazy\" decoding=\"async\" class=\"alignnone size-medium wp-image-1023\" title=\"OLYMPUS DIGITAL CAMERA\" src=\"http:\/\/flieg.fr\/wordpress\/wp-content\/uploads\/2012\/05\/P5250933-300x225.jpg\" alt=\"\" width=\"300\" height=\"225\" srcset=\"https:\/\/www.flieg.fr\/wordpress\/wp-content\/uploads\/2012\/05\/P5250933-300x225.jpg 300w, https:\/\/www.flieg.fr\/wordpress\/wp-content\/uploads\/2012\/05\/P5250933-1024x768.jpg 1024w, https:\/\/www.flieg.fr\/wordpress\/wp-content\/uploads\/2012\/05\/P5250933-624x468.jpg 624w, https:\/\/www.flieg.fr\/wordpress\/wp-content\/uploads\/2012\/05\/P5250933.jpg 2048w\" sizes=\"auto, (max-width: 300px) 100vw, 300px\" \/><\/a><\/p>\n<p>Ensuite, il va falloir qu&rsquo;on redescende tout ce qu&rsquo;on a mont\u00e9.<\/p>\n<p>Plus loin on passe un magnifique pont sur le rio Pisuerga.<\/p>\n<p><a href=\"http:\/\/flieg.fr\/wordpress\/wp-content\/uploads\/2012\/05\/P5250937.jpg\"><img loading=\"lazy\" decoding=\"async\" class=\"alignnone size-medium wp-image-1024\" title=\"OLYMPUS DIGITAL CAMERA\" src=\"http:\/\/flieg.fr\/wordpress\/wp-content\/uploads\/2012\/05\/P5250937-300x225.jpg\" alt=\"\" width=\"300\" height=\"225\" srcset=\"https:\/\/www.flieg.fr\/wordpress\/wp-content\/uploads\/2012\/05\/P5250937-300x225.jpg 300w, https:\/\/www.flieg.fr\/wordpress\/wp-content\/uploads\/2012\/05\/P5250937-1024x768.jpg 1024w, https:\/\/www.flieg.fr\/wordpress\/wp-content\/uploads\/2012\/05\/P5250937-624x468.jpg 624w, https:\/\/www.flieg.fr\/wordpress\/wp-content\/uploads\/2012\/05\/P5250937.jpg 2048w\" sizes=\"auto, (max-width: 300px) 100vw, 300px\" \/><\/a><\/p>\n<p>Et enfin \u00e0 10h15 on arrive au premier village qui peut nous offrir un petit d\u00e9jeuner. Ouf !<\/p>\n<p>Le village suivant est \u00e0 3h de marche. Donc on mangera l\u00e0-bas \u00e0 13h30.<\/p>\n<p>Le soleil est maintenant bien pr\u00e9sent et nous fait bien transpirer. On profite n\u00e9anmoins des beaux paysages.<\/p>\n<p><a href=\"http:\/\/flieg.fr\/wordpress\/wp-content\/uploads\/2012\/05\/P5250939.jpg\"><img loading=\"lazy\" decoding=\"async\" class=\"alignnone size-medium wp-image-1025\" title=\"OLYMPUS DIGITAL CAMERA\" src=\"http:\/\/flieg.fr\/wordpress\/wp-content\/uploads\/2012\/05\/P5250939-300x225.jpg\" alt=\"\" width=\"300\" height=\"225\" srcset=\"https:\/\/www.flieg.fr\/wordpress\/wp-content\/uploads\/2012\/05\/P5250939-300x225.jpg 300w, https:\/\/www.flieg.fr\/wordpress\/wp-content\/uploads\/2012\/05\/P5250939-1024x768.jpg 1024w, https:\/\/www.flieg.fr\/wordpress\/wp-content\/uploads\/2012\/05\/P5250939-624x468.jpg 624w, https:\/\/www.flieg.fr\/wordpress\/wp-content\/uploads\/2012\/05\/P5250939.jpg 2048w\" sizes=\"auto, (max-width: 300px) 100vw, 300px\" \/><\/a><\/p>\n<p>Arriv\u00e9s au village Boadilla del Camino, nous entrons dans une albergue (El Camino, plaza del Rollo) agr\u00e9able \u00e0 souhait et nous pouvons nous installer et nous restaurer sur la terrasse ombrag\u00e9e. Beaucoup de p\u00e8lerins s&rsquo;arr\u00eatent l\u00e0 pour aujourd&rsquo;hui et on voit l&rsquo;alignement de chaussures qui prend de l&rsquo;ampleur. C&rsquo;est un lieu o\u00f9 il fait bon s\u00e9journer (\u00e0 conseiller \u00e0 Bernadette).<\/p>\n<p><a href=\"http:\/\/flieg.fr\/wordpress\/wp-content\/uploads\/2012\/05\/P5250945.jpg\"><img loading=\"lazy\" decoding=\"async\" class=\"alignnone size-medium wp-image-1026\" title=\"OLYMPUS DIGITAL CAMERA\" src=\"http:\/\/flieg.fr\/wordpress\/wp-content\/uploads\/2012\/05\/P5250945-300x225.jpg\" alt=\"\" width=\"300\" height=\"225\" srcset=\"https:\/\/www.flieg.fr\/wordpress\/wp-content\/uploads\/2012\/05\/P5250945-300x225.jpg 300w, https:\/\/www.flieg.fr\/wordpress\/wp-content\/uploads\/2012\/05\/P5250945-1024x768.jpg 1024w, https:\/\/www.flieg.fr\/wordpress\/wp-content\/uploads\/2012\/05\/P5250945-624x468.jpg 624w, https:\/\/www.flieg.fr\/wordpress\/wp-content\/uploads\/2012\/05\/P5250945.jpg 2048w\" sizes=\"auto, (max-width: 300px) 100vw, 300px\" \/><\/a><a href=\"http:\/\/flieg.fr\/wordpress\/wp-content\/uploads\/2012\/05\/P5250948.jpg\"><img loading=\"lazy\" decoding=\"async\" class=\"alignnone size-medium wp-image-1027\" title=\"OLYMPUS DIGITAL CAMERA\" src=\"http:\/\/flieg.fr\/wordpress\/wp-content\/uploads\/2012\/05\/P5250948-300x225.jpg\" alt=\"\" width=\"300\" height=\"225\" srcset=\"https:\/\/www.flieg.fr\/wordpress\/wp-content\/uploads\/2012\/05\/P5250948-300x225.jpg 300w, https:\/\/www.flieg.fr\/wordpress\/wp-content\/uploads\/2012\/05\/P5250948-1024x768.jpg 1024w, https:\/\/www.flieg.fr\/wordpress\/wp-content\/uploads\/2012\/05\/P5250948-624x468.jpg 624w, https:\/\/www.flieg.fr\/wordpress\/wp-content\/uploads\/2012\/05\/P5250948.jpg 2048w\" sizes=\"auto, (max-width: 300px) 100vw, 300px\" \/><\/a><\/p>\n<p>Il nous reste encore 6km \u00e0 faire, mais cette fois ce sera le long du canal de Castille, bord\u00e9 d&rsquo;iris jaunes.<\/p>\n<p><a href=\"http:\/\/flieg.fr\/wordpress\/wp-content\/uploads\/2012\/05\/P5250954.jpg\"><img loading=\"lazy\" decoding=\"async\" class=\"alignnone size-medium wp-image-1028\" title=\"OLYMPUS DIGITAL CAMERA\" src=\"http:\/\/flieg.fr\/wordpress\/wp-content\/uploads\/2012\/05\/P5250954-300x225.jpg\" alt=\"\" width=\"300\" height=\"225\" srcset=\"https:\/\/www.flieg.fr\/wordpress\/wp-content\/uploads\/2012\/05\/P5250954-300x225.jpg 300w, https:\/\/www.flieg.fr\/wordpress\/wp-content\/uploads\/2012\/05\/P5250954-1024x768.jpg 1024w, https:\/\/www.flieg.fr\/wordpress\/wp-content\/uploads\/2012\/05\/P5250954-624x468.jpg 624w, https:\/\/www.flieg.fr\/wordpress\/wp-content\/uploads\/2012\/05\/P5250954.jpg 2048w\" sizes=\"auto, (max-width: 300px) 100vw, 300px\" \/><\/a><\/p>\n<p>Nous pensons \u00e0 notre petit fils Lucas qui a 2 ans aujourd&rsquo;hui et nous lui d\u00e9dions ces petits canards.<\/p>\n<div id=\"attachment_1029\" style=\"width: 310px\" class=\"wp-caption alignnone\"><a href=\"http:\/\/flieg.fr\/wordpress\/wp-content\/uploads\/2012\/05\/P5160660.jpg\"><img loading=\"lazy\" decoding=\"async\" aria-describedby=\"caption-attachment-1029\" class=\"size-medium wp-image-1029\" title=\"OLYMPUS DIGITAL CAMERA\" src=\"http:\/\/flieg.fr\/wordpress\/wp-content\/uploads\/2012\/05\/P5160660-300x225.jpg\" alt=\"\" width=\"300\" height=\"225\" srcset=\"https:\/\/www.flieg.fr\/wordpress\/wp-content\/uploads\/2012\/05\/P5160660-300x225.jpg 300w, https:\/\/www.flieg.fr\/wordpress\/wp-content\/uploads\/2012\/05\/P5160660-1024x768.jpg 1024w, https:\/\/www.flieg.fr\/wordpress\/wp-content\/uploads\/2012\/05\/P5160660-624x468.jpg 624w, https:\/\/www.flieg.fr\/wordpress\/wp-content\/uploads\/2012\/05\/P5160660.jpg 2048w\" sizes=\"auto, (max-width: 300px) 100vw, 300px\" \/><\/a><p id=\"caption-attachment-1029\" class=\"wp-caption-text\">des petits canards pour LUCAS<\/p><\/div>\n<div id=\"attachment_1078\" style=\"width: 310px\" class=\"wp-caption alignnone\"><a href=\"http:\/\/flieg.fr\/wordpress\/wp-content\/uploads\/2012\/05\/25042012a.jpg\"><img loading=\"lazy\" decoding=\"async\" aria-describedby=\"caption-attachment-1078\" class=\"size-medium wp-image-1078\" title=\"25042012a\" src=\"http:\/\/flieg.fr\/wordpress\/wp-content\/uploads\/2012\/05\/25042012a-300x225.jpg\" alt=\"\" width=\"300\" height=\"225\" srcset=\"https:\/\/www.flieg.fr\/wordpress\/wp-content\/uploads\/2012\/05\/25042012a-300x225.jpg 300w, https:\/\/www.flieg.fr\/wordpress\/wp-content\/uploads\/2012\/05\/25042012a.jpg 604w\" sizes=\"auto, (max-width: 300px) 100vw, 300px\" \/><\/a><p id=\"caption-attachment-1078\" class=\"wp-caption-text\">Lucas a 2 ans !<\/p><\/div>\n<p>Enfin, nous arrivons aux \u00e9cluses du canal, ce qui signifie que nous sommes arriv\u00e9s \u00e0 Fromista, cit\u00e9 du bl\u00e9 \u00e0 l&rsquo;\u00e9poque romaine.<\/p>\n<p><a href=\"http:\/\/flieg.fr\/wordpress\/wp-content\/uploads\/2012\/05\/P5250956.jpg\"><img loading=\"lazy\" decoding=\"async\" class=\"alignnone size-medium wp-image-1030\" title=\"OLYMPUS DIGITAL CAMERA\" src=\"http:\/\/flieg.fr\/wordpress\/wp-content\/uploads\/2012\/05\/P5250956-225x300.jpg\" alt=\"\" width=\"225\" height=\"300\" srcset=\"https:\/\/www.flieg.fr\/wordpress\/wp-content\/uploads\/2012\/05\/P5250956-225x300.jpg 225w, https:\/\/www.flieg.fr\/wordpress\/wp-content\/uploads\/2012\/05\/P5250956-768x1024.jpg 768w, https:\/\/www.flieg.fr\/wordpress\/wp-content\/uploads\/2012\/05\/P5250956-624x832.jpg 624w, https:\/\/www.flieg.fr\/wordpress\/wp-content\/uploads\/2012\/05\/P5250956.jpg 1536w\" sizes=\"auto, (max-width: 225px) 100vw, 225px\" \/><\/a><\/p>\n<p>Tous les soirs, nous trouvons un menu p\u00e8lerins, toujours semblable et toujours \u00e0 10 euros du genre : entr\u00e9es au choix : soupe, salade mixte, spaghettis, morcillas ; plats au choix: filets de poulet, boulettes de viande, boeuf en sauce, filets de colin ; desserts au choix: flan, glace, lait caill\u00e9, yaourt, fruit ; vin local, eau et pain. En variant les plaisirs, on ne s&rsquo;en lasse pas et de plus le service de ce menu commence \u00e0 19h alors que les Espagnols d\u00eenent apr\u00e8s 21h (ce qui explique le petit-d\u00e9jeuner tardif !)<\/p>\n","protected":false},"excerpt":{"rendered":"<p>Ce matin, lever aux aurores, car le soleil sera fort et l&rsquo;\u00e9tape sera la plus longue depuis le d\u00e9but (26,8 km). Le guide pr\u00e9voit parfois des \u00e9tapes de 31 voire 38 km. Nous nous y refusons obstin\u00e9ment. A 7h30, nous voil\u00e0 donc partis. Mais partir avant 8h, cela a un prix : cela veut dire [&hellip;]<\/p>\n","protected":false},"author":3,"featured_media":0,"parent":0,"menu_order":0,"comment_status":"open","ping_status":"open","template":"","meta":{"footnotes":""},"class_list":["post-955","page","type-page","status-publish","hentry"],"_links":{"self":[{"href":"https:\/\/www.flieg.fr\/index.php?rest_route=\/wp\/v2\/pages\/955","targetHints":{"allow":["GET"]}}],"collection":[{"href":"https:\/\/www.flieg.fr\/index.php?rest_route=\/wp\/v2\/pages"}],"about":[{"href":"https:\/\/www.flieg.fr\/index.php?rest_route=\/wp\/v2\/types\/page"}],"author":[{"embeddable":true,"href":"https:\/\/www.flieg.fr\/index.php?rest_route=\/wp\/v2\/users\/3"}],"replies":[{"embeddable":true,"href":"https:\/\/www.flieg.fr\/index.php?rest_route=%2Fwp%2Fv2%2Fcomments&post=955"}],"version-history":[{"count":5,"href":"https:\/\/www.flieg.fr\/index.php?rest_route=\/wp\/v2\/pages\/955\/revisions"}],"predecessor-version":[{"id":2448,"href":"https:\/\/www.flieg.fr\/index.php?rest_route=\/wp\/v2\/pages\/955\/revisions\/2448"}],"wp:attachment":[{"href":"https:\/\/www.flieg.fr\/index.php?rest_route=%2Fwp%2Fv2%2Fmedia&parent=955"}],"curies":[{"name":"wp","href":"https:\/\/api.w.org\/{rel}","templated":true}]}}