{"id":953,"date":"2012-05-25T18:12:06","date_gmt":"2012-05-25T17:12:06","guid":{"rendered":"http:\/\/flieg.fr\/?page_id=953"},"modified":"2023-03-21T11:15:21","modified_gmt":"2023-03-21T10:15:21","slug":"jour-58-etape-54-de-hornillos-del-camino-a-castrojeriz-195-km-jeudi-24-mai","status":"publish","type":"page","link":"https:\/\/www.flieg.fr\/?page_id=953","title":{"rendered":"jour 58 \u00e9tape 54 : de Hornillos del Camino \u00e0 Castrojeriz : 19,5 km jeudi 24 Mai"},"content":{"rendered":"<p>Jeudi 24 Mai 2012<\/p>\n<p>Il y a enfin un ordinateur dans le seul cybercaf\u00e9 de Castrojeriz, mais il m&rsquo;en coute 1\/4h d&rsquo;essai infructueux pour arriver a charger z\u00e9ro photo.<\/p>\n<p>Voici le compte rendu envoy\u00e9 par le t\u00e9l\u00e9phone:<\/p>\n<p>Hier soir, nous avons d\u00een\u00e9 \u00e0 la table d&rsquo;un \u00c9cossais et d&rsquo;un Irlandais, tous deux partis de Saint Jean Pied de Port.<\/p>\n<p>Dans notre casa rural, logeaient six Fran\u00e7ais qui venaient de commencer le chemin \u00e0 Burgos. Nous sommes de plus en plus rares \u00e0 venir de plus de mille kilom\u00e8tres. Nous n&rsquo;oublions de semer de temps en temps les petits cailloux blancs pour Bernadette qui se reconna\u00eetra !<\/p>\n<p><a href=\"http:\/\/flieg.fr\/wordpress\/wp-content\/uploads\/2012\/05\/P5130488.jpg\"><img loading=\"lazy\" decoding=\"async\" class=\"alignnone size-medium wp-image-1011\" title=\"OLYMPUS DIGITAL CAMERA\" src=\"http:\/\/flieg.fr\/wordpress\/wp-content\/uploads\/2012\/05\/P5130488-225x300.jpg\" alt=\"\" width=\"225\" height=\"300\" srcset=\"https:\/\/www.flieg.fr\/wordpress\/wp-content\/uploads\/2012\/05\/P5130488-225x300.jpg 225w, https:\/\/www.flieg.fr\/wordpress\/wp-content\/uploads\/2012\/05\/P5130488-768x1024.jpg 768w, https:\/\/www.flieg.fr\/wordpress\/wp-content\/uploads\/2012\/05\/P5130488-624x832.jpg 624w, https:\/\/www.flieg.fr\/wordpress\/wp-content\/uploads\/2012\/05\/P5130488.jpg 1536w\" sizes=\"auto, (max-width: 225px) 100vw, 225px\" \/><\/a><\/p>\n<p>Le matin, le soleil est g\u00e9n\u00e9reux et il met du temps \u00e0 r\u00e9chauffer l&rsquo;air. Les brumes matinales r\u00e9sistent un peu avant de d\u00e9voiler compl\u00e8tement les magnifiques paysages de Castille. M\u00eame, les lignes \u00e0 haute tension traversent les champs avec une certaine gr\u00e2ce (qualit\u00e9 que je ne leur conc\u00e8de d&rsquo;habitude jamais).<\/p>\n<p><a href=\"http:\/\/flieg.fr\/wordpress\/wp-content\/uploads\/2012\/05\/P5240892.jpg\"><img loading=\"lazy\" decoding=\"async\" class=\"alignnone size-medium wp-image-1013\" title=\"OLYMPUS DIGITAL CAMERA\" src=\"http:\/\/flieg.fr\/wordpress\/wp-content\/uploads\/2012\/05\/P5240892-300x225.jpg\" alt=\"\" width=\"300\" height=\"225\" srcset=\"https:\/\/www.flieg.fr\/wordpress\/wp-content\/uploads\/2012\/05\/P5240892-300x225.jpg 300w, https:\/\/www.flieg.fr\/wordpress\/wp-content\/uploads\/2012\/05\/P5240892-1024x768.jpg 1024w, https:\/\/www.flieg.fr\/wordpress\/wp-content\/uploads\/2012\/05\/P5240892-624x468.jpg 624w, https:\/\/www.flieg.fr\/wordpress\/wp-content\/uploads\/2012\/05\/P5240892.jpg 2048w\" sizes=\"auto, (max-width: 300px) 100vw, 300px\" \/><\/a><\/p>\n<p>Je suis stup\u00e9fait de d\u00e9couvrir un champ d&rsquo;\u00e9oliennes apr\u00e8s l&rsquo;autre. Je compte des centaines d&rsquo;\u00e9oliennes. Il faut dire que sur ce plateau le vent souffle en permanence et que personne n&rsquo;y vit. Vers 11h, le soleil commence \u00e0 \u00e9craser tout ce qui vit ( et nous avec). Heureusement, comme pr\u00e9vu, le village de Hontanas se d\u00e9couvre soudain au creux d&rsquo;un vallon. Il \u00e9tait temps.<\/p>\n<p><a href=\"http:\/\/flieg.fr\/wordpress\/wp-content\/uploads\/2012\/05\/P5240899.jpg\"><img loading=\"lazy\" decoding=\"async\" class=\"alignnone size-medium wp-image-1014\" title=\"OLYMPUS DIGITAL CAMERA\" src=\"http:\/\/flieg.fr\/wordpress\/wp-content\/uploads\/2012\/05\/P5240899-300x225.jpg\" alt=\"\" width=\"300\" height=\"225\" srcset=\"https:\/\/www.flieg.fr\/wordpress\/wp-content\/uploads\/2012\/05\/P5240899-300x225.jpg 300w, https:\/\/www.flieg.fr\/wordpress\/wp-content\/uploads\/2012\/05\/P5240899-1024x768.jpg 1024w, https:\/\/www.flieg.fr\/wordpress\/wp-content\/uploads\/2012\/05\/P5240899-624x468.jpg 624w, https:\/\/www.flieg.fr\/wordpress\/wp-content\/uploads\/2012\/05\/P5240899.jpg 2048w\" sizes=\"auto, (max-width: 300px) 100vw, 300px\" \/><\/a><\/p>\n<p>Nous n&#8217;emportons qu&rsquo;un litre de th\u00e9 avec nous pour la journ\u00e9e. Nous pr\u00e9f\u00e9rons ne pas transporter d&rsquo;eau et l&rsquo;acheter gazeuse et fra\u00eeche \u00e0 raison de deux ou trois fois le long du trajet. A Hontanas donc, nous entrons dans une tienda, o\u00f9 nous buvons notre eau avec un yaourt frais. La restauratrice nous pr\u00e9pare des bocadillos et des fruits \u00e0 emporter. Puis nous entamons la travers\u00e9e du plateau sous un soleil fort. Ce n&rsquo;est plus comme en France o\u00f9 il fallait g\u00e9rer la fatigue musculaire due aux nombreux d\u00e9nivel\u00e9s. Ici le terrain est plat, alors c&rsquo;est une fatigue m\u00e9tabolique qu&rsquo;il faut g\u00e9rer. Ne pas marcher trop vite, pour r\u00e9duire la transpiration et ne pas \u00e9chauffer les pieds. On n&rsquo;a eu jusqu&rsquo;\u00e0 pr\u00e9sent qu&rsquo;un d\u00e9but d&rsquo;ampoule chacun et obtenu leur r\u00e9sorption par une \u00ab\u00a0politique\u00a0\u00bb d&rsquo;\u00e9vitement des \u00e9chauffements et des efforts violents. Quand il fait beau et chaud, le risque est plus \u00e9lev\u00e9.<\/p>\n<p><a href=\"http:\/\/flieg.fr\/wordpress\/wp-content\/uploads\/2012\/05\/P5240895.jpg\"><img loading=\"lazy\" decoding=\"async\" class=\"alignnone size-medium wp-image-1015\" title=\"OLYMPUS DIGITAL CAMERA\" src=\"http:\/\/flieg.fr\/wordpress\/wp-content\/uploads\/2012\/05\/P5240895-300x225.jpg\" alt=\"\" width=\"300\" height=\"225\" srcset=\"https:\/\/www.flieg.fr\/wordpress\/wp-content\/uploads\/2012\/05\/P5240895-300x225.jpg 300w, https:\/\/www.flieg.fr\/wordpress\/wp-content\/uploads\/2012\/05\/P5240895-1024x768.jpg 1024w, https:\/\/www.flieg.fr\/wordpress\/wp-content\/uploads\/2012\/05\/P5240895-624x468.jpg 624w, https:\/\/www.flieg.fr\/wordpress\/wp-content\/uploads\/2012\/05\/P5240895.jpg 2048w\" sizes=\"auto, (max-width: 300px) 100vw, 300px\" \/><\/a><\/p>\n<p>A 13h, nous atteignons ce qui reste du couvent San Anton, hospice de p\u00e8lerins depuis le XII\u00e8me si\u00e8cle. Aujourd&rsquo;hui une route asphalt\u00e9e passe \u00e0 travers le porche.<\/p>\n<p><a href=\"http:\/\/flieg.fr\/wordpress\/wp-content\/uploads\/2012\/05\/P5240904.jpg\"><img loading=\"lazy\" decoding=\"async\" class=\"alignnone size-medium wp-image-1016\" title=\"OLYMPUS DIGITAL CAMERA\" src=\"http:\/\/flieg.fr\/wordpress\/wp-content\/uploads\/2012\/05\/P5240904-300x225.jpg\" alt=\"\" width=\"300\" height=\"225\" srcset=\"https:\/\/www.flieg.fr\/wordpress\/wp-content\/uploads\/2012\/05\/P5240904-300x225.jpg 300w, https:\/\/www.flieg.fr\/wordpress\/wp-content\/uploads\/2012\/05\/P5240904-1024x768.jpg 1024w, https:\/\/www.flieg.fr\/wordpress\/wp-content\/uploads\/2012\/05\/P5240904-624x468.jpg 624w, https:\/\/www.flieg.fr\/wordpress\/wp-content\/uploads\/2012\/05\/P5240904.jpg 2048w\" sizes=\"auto, (max-width: 300px) 100vw, 300px\" \/><\/a><\/p>\n<p>De la nef de l&rsquo;\u00e9glise il ne reste que les murs perc\u00e9s d&rsquo;ouvertures en ogive. Du choeur aussi, il ne reste que les murs. Ce sera notre salle \u00e0 manger du jour, inattendue et paisible.<\/p>\n<p><a href=\"http:\/\/flieg.fr\/wordpress\/wp-content\/uploads\/2012\/05\/P5240910.jpg\"><img loading=\"lazy\" decoding=\"async\" class=\"alignnone size-medium wp-image-1018\" title=\"OLYMPUS DIGITAL CAMERA\" src=\"http:\/\/flieg.fr\/wordpress\/wp-content\/uploads\/2012\/05\/P5240910-225x300.jpg\" alt=\"\" width=\"225\" height=\"300\" srcset=\"https:\/\/www.flieg.fr\/wordpress\/wp-content\/uploads\/2012\/05\/P5240910-225x300.jpg 225w, https:\/\/www.flieg.fr\/wordpress\/wp-content\/uploads\/2012\/05\/P5240910-768x1024.jpg 768w, https:\/\/www.flieg.fr\/wordpress\/wp-content\/uploads\/2012\/05\/P5240910-624x832.jpg 624w, https:\/\/www.flieg.fr\/wordpress\/wp-content\/uploads\/2012\/05\/P5240910.jpg 1536w\" sizes=\"auto, (max-width: 225px) 100vw, 225px\" \/><\/a><\/p>\n<p>Nous y rencontrons une Qu\u00e9b\u00e9coise qui est partie \u00e0 v\u00e9lo de Compostelle et qui fait le chemin \u00e0 l&rsquo;envers.<\/p>\n<p>Apr\u00e8s encore 4 km, nous arrivons \u00e0 Castrojeriz, notre destination du soir.<\/p>\n","protected":false},"excerpt":{"rendered":"<p>Jeudi 24 Mai 2012 Il y a enfin un ordinateur dans le seul cybercaf\u00e9 de Castrojeriz, mais il m&rsquo;en coute 1\/4h d&rsquo;essai infructueux pour arriver a charger z\u00e9ro photo. Voici le compte rendu envoy\u00e9 par le t\u00e9l\u00e9phone: Hier soir, nous avons d\u00een\u00e9 \u00e0 la table d&rsquo;un \u00c9cossais et d&rsquo;un Irlandais, tous deux partis de Saint [&hellip;]<\/p>\n","protected":false},"author":3,"featured_media":0,"parent":0,"menu_order":0,"comment_status":"open","ping_status":"open","template":"","meta":{"footnotes":""},"class_list":["post-953","page","type-page","status-publish","hentry"],"_links":{"self":[{"href":"https:\/\/www.flieg.fr\/index.php?rest_route=\/wp\/v2\/pages\/953","targetHints":{"allow":["GET"]}}],"collection":[{"href":"https:\/\/www.flieg.fr\/index.php?rest_route=\/wp\/v2\/pages"}],"about":[{"href":"https:\/\/www.flieg.fr\/index.php?rest_route=\/wp\/v2\/types\/page"}],"author":[{"embeddable":true,"href":"https:\/\/www.flieg.fr\/index.php?rest_route=\/wp\/v2\/users\/3"}],"replies":[{"embeddable":true,"href":"https:\/\/www.flieg.fr\/index.php?rest_route=%2Fwp%2Fv2%2Fcomments&post=953"}],"version-history":[{"count":4,"href":"https:\/\/www.flieg.fr\/index.php?rest_route=\/wp\/v2\/pages\/953\/revisions"}],"predecessor-version":[{"id":2447,"href":"https:\/\/www.flieg.fr\/index.php?rest_route=\/wp\/v2\/pages\/953\/revisions\/2447"}],"wp:attachment":[{"href":"https:\/\/www.flieg.fr\/index.php?rest_route=%2Fwp%2Fv2%2Fmedia&parent=953"}],"curies":[{"name":"wp","href":"https:\/\/api.w.org\/{rel}","templated":true}]}}