{"id":947,"date":"2012-05-22T20:40:16","date_gmt":"2012-05-22T19:40:16","guid":{"rendered":"http:\/\/flieg.fr\/?page_id=947"},"modified":"2023-03-21T11:14:17","modified_gmt":"2023-03-21T10:14:17","slug":"jour-56-etape-52-de-hatapuerca-a-burgos","status":"publish","type":"page","link":"https:\/\/www.flieg.fr\/?page_id=947","title":{"rendered":"jour 56 \u00e9tape 52 : de Atapuerca \u00e0 Burgos"},"content":{"rendered":"<p>Bien arriv\u00e9s, mais le PC de l&rsquo;h\u00f4tel pourtant quatre \u00e9toiles est completement bloqu\u00e9 \u00e0 la consultation internet donc toujours pas de photos.<\/p>\n<p>La m\u00e9t\u00e9o avait annonc\u00e9 du soleil; nous aurons des nuages sans un seul coin de ciel bleu, mais au moins il ne pleut pas. Il fait froid, moins de 10 degr\u00e9s.<\/p>\n<p>Le chemin est \u00e0 nouveau tr\u00e8s caillouteux, c&rsquo;est la derni\u00e8re mont\u00e9e avant Burgos.<\/p>\n<p><a href=\"http:\/\/flieg.fr\/wordpress\/wp-content\/uploads\/2012\/05\/P5220811.jpg\"><img loading=\"lazy\" decoding=\"async\" class=\"alignnone size-medium wp-image-991\" title=\"OLYMPUS DIGITAL CAMERA\" src=\"http:\/\/flieg.fr\/wordpress\/wp-content\/uploads\/2012\/05\/P5220811-300x225.jpg\" alt=\"\" width=\"300\" height=\"225\" srcset=\"https:\/\/www.flieg.fr\/wordpress\/wp-content\/uploads\/2012\/05\/P5220811-300x225.jpg 300w, https:\/\/www.flieg.fr\/wordpress\/wp-content\/uploads\/2012\/05\/P5220811-1024x768.jpg 1024w, https:\/\/www.flieg.fr\/wordpress\/wp-content\/uploads\/2012\/05\/P5220811-624x468.jpg 624w, https:\/\/www.flieg.fr\/wordpress\/wp-content\/uploads\/2012\/05\/P5220811.jpg 2048w\" sizes=\"auto, (max-width: 300px) 100vw, 300px\" \/><\/a><\/p>\n<p>&nbsp;<\/p>\n<p>Puis la descente. Certains font encore s\u00e9cher leurs chaussettes \u00e0 la mani\u00e8re p\u00e8lerins. Certains les perdent aussi comme \u00c7a.<\/p>\n<p><a href=\"http:\/\/flieg.fr\/wordpress\/wp-content\/uploads\/2012\/05\/P5220816.jpg\"><img loading=\"lazy\" decoding=\"async\" class=\"alignnone size-medium wp-image-990\" title=\"OLYMPUS DIGITAL CAMERA\" src=\"http:\/\/flieg.fr\/wordpress\/wp-content\/uploads\/2012\/05\/P5220816-225x300.jpg\" alt=\"\" width=\"225\" height=\"300\" srcset=\"https:\/\/www.flieg.fr\/wordpress\/wp-content\/uploads\/2012\/05\/P5220816-225x300.jpg 225w, https:\/\/www.flieg.fr\/wordpress\/wp-content\/uploads\/2012\/05\/P5220816-768x1024.jpg 768w, https:\/\/www.flieg.fr\/wordpress\/wp-content\/uploads\/2012\/05\/P5220816-624x832.jpg 624w, https:\/\/www.flieg.fr\/wordpress\/wp-content\/uploads\/2012\/05\/P5220816.jpg 1536w\" sizes=\"auto, (max-width: 225px) 100vw, 225px\" \/><\/a><\/p>\n<p>Avant d&rsquo;arriver \u00e0 Villafria, nous d\u00e9couvrons encore un nouveau panneau routier : attention, passage de cerf-lerins. Mais on n&rsquo;en a pas vus.<\/p>\n<p><a href=\"http:\/\/flieg.fr\/wordpress\/wp-content\/uploads\/2012\/05\/P5220817.jpg\"><img loading=\"lazy\" decoding=\"async\" class=\"alignnone size-medium wp-image-992\" title=\"OLYMPUS DIGITAL CAMERA\" src=\"http:\/\/flieg.fr\/wordpress\/wp-content\/uploads\/2012\/05\/P5220817-300x225.jpg\" alt=\"\" width=\"300\" height=\"225\" srcset=\"https:\/\/www.flieg.fr\/wordpress\/wp-content\/uploads\/2012\/05\/P5220817-300x225.jpg 300w, https:\/\/www.flieg.fr\/wordpress\/wp-content\/uploads\/2012\/05\/P5220817-1024x768.jpg 1024w, https:\/\/www.flieg.fr\/wordpress\/wp-content\/uploads\/2012\/05\/P5220817-624x468.jpg 624w, https:\/\/www.flieg.fr\/wordpress\/wp-content\/uploads\/2012\/05\/P5220817.jpg 2048w\" sizes=\"auto, (max-width: 300px) 100vw, 300px\" \/><\/a><\/p>\n<p>Des p\u00e8lerins aussi nouilles que \u00e7a, on n&rsquo;en a pas vus non plus.<\/p>\n<p><a href=\"http:\/\/flieg.fr\/wordpress\/wp-content\/uploads\/2012\/05\/P5220814.jpg\"><img loading=\"lazy\" decoding=\"async\" class=\"alignnone size-medium wp-image-993\" title=\"OLYMPUS DIGITAL CAMERA\" src=\"http:\/\/flieg.fr\/wordpress\/wp-content\/uploads\/2012\/05\/P5220814-225x300.jpg\" alt=\"\" width=\"225\" height=\"300\" srcset=\"https:\/\/www.flieg.fr\/wordpress\/wp-content\/uploads\/2012\/05\/P5220814-225x300.jpg 225w, https:\/\/www.flieg.fr\/wordpress\/wp-content\/uploads\/2012\/05\/P5220814-768x1024.jpg 768w, https:\/\/www.flieg.fr\/wordpress\/wp-content\/uploads\/2012\/05\/P5220814-624x832.jpg 624w, https:\/\/www.flieg.fr\/wordpress\/wp-content\/uploads\/2012\/05\/P5220814.jpg 1536w\" sizes=\"auto, (max-width: 225px) 100vw, 225px\" \/><\/a><\/p>\n<p>Arriv\u00e9s \u00e0 Villafria, nous prenons le bus num\u00e9ro 8 pour ne pas devoir remonter toute la zone industrielle de Burgos \u00e0 pied.<\/p>\n<p>Le bus nous d\u00e9pose juste avant le centre ville et nous nous y rendons en remontant la belle promenade des rives de l&rsquo;Arlanzon (on imagine que dans mille ans, l&rsquo;entr\u00e9e de Cernay (qui sera devenu aussi grand que Burgos) en remontant les rives de la Thur, ce sera pareil).<\/p>\n<p><a href=\"http:\/\/flieg.fr\/wordpress\/wp-content\/uploads\/2012\/05\/P5220818.jpg\"><img loading=\"lazy\" decoding=\"async\" class=\"alignnone size-medium wp-image-994\" title=\"OLYMPUS DIGITAL CAMERA\" src=\"http:\/\/flieg.fr\/wordpress\/wp-content\/uploads\/2012\/05\/P5220818-300x225.jpg\" alt=\"\" width=\"300\" height=\"225\" srcset=\"https:\/\/www.flieg.fr\/wordpress\/wp-content\/uploads\/2012\/05\/P5220818-300x225.jpg 300w, https:\/\/www.flieg.fr\/wordpress\/wp-content\/uploads\/2012\/05\/P5220818-1024x768.jpg 1024w, https:\/\/www.flieg.fr\/wordpress\/wp-content\/uploads\/2012\/05\/P5220818-624x468.jpg 624w, https:\/\/www.flieg.fr\/wordpress\/wp-content\/uploads\/2012\/05\/P5220818.jpg 2048w\" sizes=\"auto, (max-width: 300px) 100vw, 300px\" \/><\/a><\/p>\n<p>Nous arrivons par la porte Santa Maria que le soleil vient nous \u00e9clairer \u00e0 point nomm\u00e9.<\/p>\n<p><a href=\"http:\/\/flieg.fr\/wordpress\/wp-content\/uploads\/2012\/05\/P5220821.jpg\"><img loading=\"lazy\" decoding=\"async\" class=\"alignnone size-medium wp-image-995\" title=\"OLYMPUS DIGITAL CAMERA\" src=\"http:\/\/flieg.fr\/wordpress\/wp-content\/uploads\/2012\/05\/P5220821-300x225.jpg\" alt=\"\" width=\"300\" height=\"225\" srcset=\"https:\/\/www.flieg.fr\/wordpress\/wp-content\/uploads\/2012\/05\/P5220821-300x225.jpg 300w, https:\/\/www.flieg.fr\/wordpress\/wp-content\/uploads\/2012\/05\/P5220821-1024x768.jpg 1024w, https:\/\/www.flieg.fr\/wordpress\/wp-content\/uploads\/2012\/05\/P5220821-624x468.jpg 624w, https:\/\/www.flieg.fr\/wordpress\/wp-content\/uploads\/2012\/05\/P5220821.jpg 2048w\" sizes=\"auto, (max-width: 300px) 100vw, 300px\" \/><\/a><\/p>\n<p>La cath\u00e9drale est un vrai joyau en pierre blanche qui brille dans le ciel d&rsquo;azur. Ses deux fl\u00e8ches et sa tour couronn\u00e9e sont sculpt\u00e9es avec une pr\u00e9cision d&rsquo;orf\u00e8vre.<\/p>\n<p><a href=\"http:\/\/flieg.fr\/wordpress\/wp-content\/uploads\/2012\/05\/P5220822.jpg\"><img loading=\"lazy\" decoding=\"async\" class=\"alignnone size-medium wp-image-997\" title=\"OLYMPUS DIGITAL CAMERA\" src=\"http:\/\/flieg.fr\/wordpress\/wp-content\/uploads\/2012\/05\/P5220822-300x225.jpg\" alt=\"\" width=\"300\" height=\"225\" srcset=\"https:\/\/www.flieg.fr\/wordpress\/wp-content\/uploads\/2012\/05\/P5220822-300x225.jpg 300w, https:\/\/www.flieg.fr\/wordpress\/wp-content\/uploads\/2012\/05\/P5220822-1024x768.jpg 1024w, https:\/\/www.flieg.fr\/wordpress\/wp-content\/uploads\/2012\/05\/P5220822-624x468.jpg 624w, https:\/\/www.flieg.fr\/wordpress\/wp-content\/uploads\/2012\/05\/P5220822.jpg 2048w\" sizes=\"auto, (max-width: 300px) 100vw, 300px\" \/><\/a><\/p>\n<p>Notre h\u00f4tel n&rsquo;\u00e9tant pas loin, nous passons vite y d\u00e9poser nos sacs pour visiter la ville tranquillement.<\/p>\n<p><a href=\"http:\/\/flieg.fr\/wordpress\/wp-content\/uploads\/2012\/05\/P5220824.jpg\"><img loading=\"lazy\" decoding=\"async\" class=\"alignnone size-medium wp-image-998\" title=\"OLYMPUS DIGITAL CAMERA\" src=\"http:\/\/flieg.fr\/wordpress\/wp-content\/uploads\/2012\/05\/P5220824-300x225.jpg\" alt=\"\" width=\"300\" height=\"225\" srcset=\"https:\/\/www.flieg.fr\/wordpress\/wp-content\/uploads\/2012\/05\/P5220824-300x225.jpg 300w, https:\/\/www.flieg.fr\/wordpress\/wp-content\/uploads\/2012\/05\/P5220824-1024x768.jpg 1024w, https:\/\/www.flieg.fr\/wordpress\/wp-content\/uploads\/2012\/05\/P5220824-624x468.jpg 624w, https:\/\/www.flieg.fr\/wordpress\/wp-content\/uploads\/2012\/05\/P5220824.jpg 2048w\" sizes=\"auto, (max-width: 300px) 100vw, 300px\" \/><\/a><\/p>\n<p>\u00c7a nous \u00e9vite aussi d&rsquo;avoir la t\u00eate dans le sac comme certains.<\/p>\n<p><a href=\"http:\/\/flieg.fr\/wordpress\/wp-content\/uploads\/2012\/05\/P5220856.jpg\"><img loading=\"lazy\" decoding=\"async\" class=\"alignnone size-medium wp-image-999\" title=\"OLYMPUS DIGITAL CAMERA\" src=\"http:\/\/flieg.fr\/wordpress\/wp-content\/uploads\/2012\/05\/P5220856-300x225.jpg\" alt=\"\" width=\"300\" height=\"225\" srcset=\"https:\/\/www.flieg.fr\/wordpress\/wp-content\/uploads\/2012\/05\/P5220856-300x225.jpg 300w, https:\/\/www.flieg.fr\/wordpress\/wp-content\/uploads\/2012\/05\/P5220856-1024x768.jpg 1024w, https:\/\/www.flieg.fr\/wordpress\/wp-content\/uploads\/2012\/05\/P5220856-624x468.jpg 624w, https:\/\/www.flieg.fr\/wordpress\/wp-content\/uploads\/2012\/05\/P5220856.jpg 2048w\" sizes=\"auto, (max-width: 300px) 100vw, 300px\" \/><\/a><\/p>\n<p>Les canards viennent accueillir Michelle devant la porte Santa Maria.<\/p>\n<p><a href=\"http:\/\/flieg.fr\/wordpress\/wp-content\/uploads\/2012\/05\/P5220854.jpg\"><img loading=\"lazy\" decoding=\"async\" class=\"alignnone size-medium wp-image-1000\" title=\"OLYMPUS DIGITAL CAMERA\" src=\"http:\/\/flieg.fr\/wordpress\/wp-content\/uploads\/2012\/05\/P5220854-225x300.jpg\" alt=\"\" width=\"225\" height=\"300\" srcset=\"https:\/\/www.flieg.fr\/wordpress\/wp-content\/uploads\/2012\/05\/P5220854-225x300.jpg 225w, https:\/\/www.flieg.fr\/wordpress\/wp-content\/uploads\/2012\/05\/P5220854-768x1024.jpg 768w, https:\/\/www.flieg.fr\/wordpress\/wp-content\/uploads\/2012\/05\/P5220854-624x832.jpg 624w, https:\/\/www.flieg.fr\/wordpress\/wp-content\/uploads\/2012\/05\/P5220854.jpg 1536w\" sizes=\"auto, (max-width: 225px) 100vw, 225px\" \/><\/a><\/p>\n<p>L&rsquo;entr\u00e9e de la Cath\u00e9drale est \u00e0 nouveau payante. On a une r\u00e9duc parce qu&rsquo;on est p\u00e8lerins, mais pour prier gratis c&rsquo;est pas possible&#8230; Tout se paye.<\/p>\n<p>Par contre, cette cath\u00e9drale,<\/p>\n<div id=\"attachment_1002\" style=\"width: 310px\" class=\"wp-caption alignnone\"><a href=\"http:\/\/flieg.fr\/wordpress\/wp-content\/uploads\/2012\/05\/P5220846.jpg\"><img loading=\"lazy\" decoding=\"async\" aria-describedby=\"caption-attachment-1002\" class=\"size-medium wp-image-1002\" title=\"OLYMPUS DIGITAL CAMERA\" src=\"http:\/\/flieg.fr\/wordpress\/wp-content\/uploads\/2012\/05\/P5220846-300x225.jpg\" alt=\"\" width=\"300\" height=\"225\" srcset=\"https:\/\/www.flieg.fr\/wordpress\/wp-content\/uploads\/2012\/05\/P5220846-300x225.jpg 300w, https:\/\/www.flieg.fr\/wordpress\/wp-content\/uploads\/2012\/05\/P5220846-1024x768.jpg 1024w, https:\/\/www.flieg.fr\/wordpress\/wp-content\/uploads\/2012\/05\/P5220846-624x468.jpg 624w, https:\/\/www.flieg.fr\/wordpress\/wp-content\/uploads\/2012\/05\/P5220846.jpg 2048w\" sizes=\"auto, (max-width: 300px) 100vw, 300px\" \/><\/a><p id=\"caption-attachment-1002\" class=\"wp-caption-text\">la lanterne \u00e9toil\u00e9e juste au-dessus de la tombe du Cid et de son \u00e9pouse Chim\u00e8ne<\/p><\/div>\n<p>est la plus belle qu&rsquo;on ait jamais vue. Des proportions admirables, une succession de chapelles diff\u00e9rentes, des coupoles ajour\u00e9es.<\/p>\n<p>&nbsp;<\/p>\n<p>Et tout a \u00e9t\u00e9 restaur\u00e9, ext\u00e9rieur comme int\u00e9rieur. Les chefs d&rsquo;oeuvres d&rsquo;architecture, de sculpture, de tapisserie et de peinture se succ\u00e8dent a l&rsquo;infini. Il faudrait au moins un an pour en faire l&rsquo;inventaire. Derri\u00e8re certains petits tampons de nos cr\u00e9anciales, nous emporterons de grands souvenirs.<\/p>\n<p>Comme il fait toujours tr\u00e8s beau quand nous ressortons sur la place, nous d\u00e9cidons de faire le tour de la ville en petit train touristique.<\/p>\n<p><a href=\"http:\/\/flieg.fr\/wordpress\/wp-content\/uploads\/2012\/05\/P5220860.jpg\"><img loading=\"lazy\" decoding=\"async\" class=\"alignnone size-medium wp-image-1001\" title=\"OLYMPUS DIGITAL CAMERA\" src=\"http:\/\/flieg.fr\/wordpress\/wp-content\/uploads\/2012\/05\/P5220860-300x225.jpg\" alt=\"\" width=\"300\" height=\"225\" srcset=\"https:\/\/www.flieg.fr\/wordpress\/wp-content\/uploads\/2012\/05\/P5220860-300x225.jpg 300w, https:\/\/www.flieg.fr\/wordpress\/wp-content\/uploads\/2012\/05\/P5220860-1024x768.jpg 1024w, https:\/\/www.flieg.fr\/wordpress\/wp-content\/uploads\/2012\/05\/P5220860-624x468.jpg 624w, https:\/\/www.flieg.fr\/wordpress\/wp-content\/uploads\/2012\/05\/P5220860.jpg 2048w\" sizes=\"auto, (max-width: 300px) 100vw, 300px\" \/><\/a><\/p>\n<p>Puis, nous remontons \u00e0 notre h\u00f4tel pour profiter de la piscine (pas un chat dans la piscine, juste nous deux). Chouette!<\/p>\n","protected":false},"excerpt":{"rendered":"<p>Bien arriv\u00e9s, mais le PC de l&rsquo;h\u00f4tel pourtant quatre \u00e9toiles est completement bloqu\u00e9 \u00e0 la consultation internet donc toujours pas de photos. La m\u00e9t\u00e9o avait annonc\u00e9 du soleil; nous aurons des nuages sans un seul coin de ciel bleu, mais au moins il ne pleut pas. Il fait froid, moins de 10 degr\u00e9s. Le chemin [&hellip;]<\/p>\n","protected":false},"author":3,"featured_media":0,"parent":0,"menu_order":0,"comment_status":"open","ping_status":"open","template":"","meta":{"footnotes":""},"class_list":["post-947","page","type-page","status-publish","hentry"],"_links":{"self":[{"href":"https:\/\/www.flieg.fr\/index.php?rest_route=\/wp\/v2\/pages\/947","targetHints":{"allow":["GET"]}}],"collection":[{"href":"https:\/\/www.flieg.fr\/index.php?rest_route=\/wp\/v2\/pages"}],"about":[{"href":"https:\/\/www.flieg.fr\/index.php?rest_route=\/wp\/v2\/types\/page"}],"author":[{"embeddable":true,"href":"https:\/\/www.flieg.fr\/index.php?rest_route=\/wp\/v2\/users\/3"}],"replies":[{"embeddable":true,"href":"https:\/\/www.flieg.fr\/index.php?rest_route=%2Fwp%2Fv2%2Fcomments&post=947"}],"version-history":[{"count":6,"href":"https:\/\/www.flieg.fr\/index.php?rest_route=\/wp\/v2\/pages\/947\/revisions"}],"predecessor-version":[{"id":2445,"href":"https:\/\/www.flieg.fr\/index.php?rest_route=\/wp\/v2\/pages\/947\/revisions\/2445"}],"wp:attachment":[{"href":"https:\/\/www.flieg.fr\/index.php?rest_route=%2Fwp%2Fv2%2Fmedia&parent=947"}],"curies":[{"name":"wp","href":"https:\/\/api.w.org\/{rel}","templated":true}]}}