{"id":920,"date":"2012-05-18T20:12:19","date_gmt":"2012-05-18T19:12:19","guid":{"rendered":"http:\/\/flieg.fr\/?page_id=920"},"modified":"2023-03-21T11:12:20","modified_gmt":"2023-03-21T10:12:20","slug":"jour-52-etape-48-de-najera-a-santo-domingo-de-la-calzada-213-km-vendredi-18-mai-2012","status":"publish","type":"page","link":"https:\/\/www.flieg.fr\/?page_id=920","title":{"rendered":"jour 52 \u00e9tape 48 : de Najera \u00e0 Santo Domingo de la Calzada : 21,3 km Vendredi 18 Mai 2012"},"content":{"rendered":"<p>Vendredi 18 Mai 2012<\/p>\n<p><span style=\"text-decoration: underline;\">P\u00e8lerinages \u00e0 deux vitesses, mais \u00e0 \u00e9gale respectabilit\u00e9<\/span><br \/>\nHier un p\u00e8lerin fran\u00e7ais nous a rattrap\u00e9. Il est parti comme nous du Puy en Velay, mais 3 semaines plus tard, le 20 avril! Il fait une moyenne de 36 km par jour, en nous disant que ce n&rsquo;est qu&rsquo;une question de mental ! Nous mesurons notre pi\u00e8tre performance \u00e0 l&rsquo;aune d&rsquo;un tel exemple. Mais le m\u00eame soir, nous avons rencontr\u00e9 un autre jeune fran\u00e7ais d&rsquo;Epinal, \u00e9tudiant celui l\u00e0, qui nous a rendu notre dignit\u00e9, par le respect qu&rsquo;il nous a t\u00e9moign\u00e9 en apprenant que nous avions parcouru plus de 900 km.<\/p>\n<p><span style=\"text-decoration: underline;\">Avez-vous pens\u00e9 \u00e0 vous \u00e9quiper de vos protections individuelles?<\/span><\/p>\n<p><a href=\"http:\/\/flieg.fr\/wordpress\/wp-content\/uploads\/2012\/05\/P5180705.jpg\"><img loading=\"lazy\" decoding=\"async\" class=\"alignnone size-medium wp-image-922\" title=\"OLYMPUS DIGITAL CAMERA\" src=\"http:\/\/flieg.fr\/wordpress\/wp-content\/uploads\/2012\/05\/P5180705-300x225.jpg\" alt=\"\" width=\"300\" height=\"225\" srcset=\"https:\/\/www.flieg.fr\/wordpress\/wp-content\/uploads\/2012\/05\/P5180705-300x225.jpg 300w, https:\/\/www.flieg.fr\/wordpress\/wp-content\/uploads\/2012\/05\/P5180705-1024x768.jpg 1024w, https:\/\/www.flieg.fr\/wordpress\/wp-content\/uploads\/2012\/05\/P5180705-624x468.jpg 624w, https:\/\/www.flieg.fr\/wordpress\/wp-content\/uploads\/2012\/05\/P5180705.jpg 2048w\" sizes=\"auto, (max-width: 300px) 100vw, 300px\" \/><\/a><br \/>\nSur notre chemin, nous tombons sur un panneau nous enjoignant de porter nos \u00e9quipements individuels! Casques, chaussures de s\u00e9curit\u00e9, casque anti-bruit, gants&#8230;<br \/>\nMais on a rien de tout \u00e7a! En plus, la derni\u00e8re injonction du panneau, c&rsquo;est d&rsquo;interdire le passage aux pi\u00e9tons!<br \/>\nEt vous voyez la marre qui barre le chemin? L\u00e0, il faut carr\u00e9ment des cuissardes pour passer les 20cm de profondeur (non pr\u00e9vues sur le panneau). Finalement, nous passons en marchant en \u00e9quilibre sur un tuyau d&rsquo;irrigation.<br \/>\nEn fait, il s&rsquo;agissait simplement d&rsquo;annoncer un travail d&rsquo;enrochement d&rsquo;un canal de d\u00e9viation.<\/p>\n<p><a href=\"http:\/\/flieg.fr\/wordpress\/wp-content\/uploads\/2012\/05\/P5180706.jpg\"><img loading=\"lazy\" decoding=\"async\" class=\"alignnone size-medium wp-image-924\" title=\"OLYMPUS DIGITAL CAMERA\" src=\"http:\/\/flieg.fr\/wordpress\/wp-content\/uploads\/2012\/05\/P5180706-300x225.jpg\" alt=\"\" width=\"300\" height=\"225\" srcset=\"https:\/\/www.flieg.fr\/wordpress\/wp-content\/uploads\/2012\/05\/P5180706-300x225.jpg 300w, https:\/\/www.flieg.fr\/wordpress\/wp-content\/uploads\/2012\/05\/P5180706-1024x768.jpg 1024w, https:\/\/www.flieg.fr\/wordpress\/wp-content\/uploads\/2012\/05\/P5180706-624x468.jpg 624w, https:\/\/www.flieg.fr\/wordpress\/wp-content\/uploads\/2012\/05\/P5180706.jpg 2048w\" sizes=\"auto, (max-width: 300px) 100vw, 300px\" \/><\/a><\/p>\n<p>Deux pelles m\u00e9caniques s&rsquo;activent \u00e0 enrocher soigneusement le fond et les c\u00f4t\u00e9s du canal avec une dext\u00e9rit\u00e9 de carreleur, tout en maniant des roches de plus d&rsquo;une tonne chacune.<\/p>\n<p><span style=\"text-decoration: underline;\">Des mouches dauphines et des \u00e9claircies localis\u00e9es<\/span><br \/>\nNotre chemin du jour est un long chemin d&rsquo;exploitation agricole caillouteux. Un petit essaim de moucherons pr\u00e9c\u00e8de chaque p\u00e8lerin. Un moment inquiet sur leurs intentions, on s&rsquo;apercoit qu&rsquo;ils n&rsquo;ont aucune vis\u00e9e de piqure en vue. Ils nous pr\u00e9c\u00e8dent tels des dauphins qui dansent devant les bateaux en pleine mer. Bon, c&rsquo;est moins joli, c&rsquo;est s\u00fbr.<\/p>\n<p><a href=\"http:\/\/flieg.fr\/wordpress\/wp-content\/uploads\/2012\/05\/P5180707.jpg\"><img loading=\"lazy\" decoding=\"async\" class=\"alignnone size-medium wp-image-925\" title=\"OLYMPUS DIGITAL CAMERA\" src=\"http:\/\/flieg.fr\/wordpress\/wp-content\/uploads\/2012\/05\/P5180707-300x225.jpg\" alt=\"\" width=\"300\" height=\"225\" srcset=\"https:\/\/www.flieg.fr\/wordpress\/wp-content\/uploads\/2012\/05\/P5180707-300x225.jpg 300w, https:\/\/www.flieg.fr\/wordpress\/wp-content\/uploads\/2012\/05\/P5180707-1024x768.jpg 1024w, https:\/\/www.flieg.fr\/wordpress\/wp-content\/uploads\/2012\/05\/P5180707-624x468.jpg 624w, https:\/\/www.flieg.fr\/wordpress\/wp-content\/uploads\/2012\/05\/P5180707.jpg 2048w\" sizes=\"auto, (max-width: 300px) 100vw, 300px\" \/><\/a><br \/>\nIl y a des nuages et de grandes taches de soleil. L&rsquo;ennui pour les p\u00e8lerins, c&rsquo;est quand ces taches de soleil illuminent les mont\u00e9es. Voyez les pauvres p\u00e8lerins sur la photo. C&rsquo;est pris au t\u00e9l\u00e9objectif. C&rsquo;est \u00e0 1 km. Malheureusement 1\/4 d&rsquo;heure plus tard quand nous aborderons nous aussi la mont\u00e9e, la tache de soleil sera toujours au m\u00eame endroit, et les pauvres ce sera nous.<\/p>\n<p><span style=\"text-decoration: underline;\">P\u00e8lerin de fer, p\u00e8lerin de chair<\/span><\/p>\n<p><a href=\"http:\/\/flieg.fr\/wordpress\/wp-content\/uploads\/2012\/05\/P5180710.jpg\"><img loading=\"lazy\" decoding=\"async\" class=\"alignnone size-medium wp-image-926\" title=\"OLYMPUS DIGITAL CAMERA\" src=\"http:\/\/flieg.fr\/wordpress\/wp-content\/uploads\/2012\/05\/P5180710-300x225.jpg\" alt=\"\" width=\"300\" height=\"225\" srcset=\"https:\/\/www.flieg.fr\/wordpress\/wp-content\/uploads\/2012\/05\/P5180710-300x225.jpg 300w, https:\/\/www.flieg.fr\/wordpress\/wp-content\/uploads\/2012\/05\/P5180710-1024x768.jpg 1024w, https:\/\/www.flieg.fr\/wordpress\/wp-content\/uploads\/2012\/05\/P5180710-624x468.jpg 624w, https:\/\/www.flieg.fr\/wordpress\/wp-content\/uploads\/2012\/05\/P5180710.jpg 2048w\" sizes=\"auto, (max-width: 300px) 100vw, 300px\" \/><\/a><\/p>\n<p>Il y en a un qui restera sur place!<\/p>\n<p><span style=\"text-decoration: underline;\">Alouette<\/span><br \/>\nUne alouette (peut-\u00eatre tout simplement int\u00e9ress\u00e9e par nos moucherons) est descendue des hauteurs c\u00e9lestes pour venir nous saluer sur le bord du chemin. Nous sommes habitu\u00e9s \u00e0 voir un point minuscule dans le ciel, un point qui p\u00e9pie \u00e0 tue-t\u00eate et nous pensions que l&rsquo;alouette \u00e9tait un tout petit oiseau. Et l\u00e0, nous voyons un oiseau finalement assez dodu.<\/p>\n<p><a href=\"http:\/\/flieg.fr\/wordpress\/wp-content\/uploads\/2012\/05\/P5180719.jpg\"><img loading=\"lazy\" decoding=\"async\" class=\"alignnone size-medium wp-image-927\" title=\"OLYMPUS DIGITAL CAMERA\" src=\"http:\/\/flieg.fr\/wordpress\/wp-content\/uploads\/2012\/05\/P5180719-300x225.jpg\" alt=\"\" width=\"300\" height=\"225\" srcset=\"https:\/\/www.flieg.fr\/wordpress\/wp-content\/uploads\/2012\/05\/P5180719-300x225.jpg 300w, https:\/\/www.flieg.fr\/wordpress\/wp-content\/uploads\/2012\/05\/P5180719-1024x768.jpg 1024w, https:\/\/www.flieg.fr\/wordpress\/wp-content\/uploads\/2012\/05\/P5180719-624x468.jpg 624w, https:\/\/www.flieg.fr\/wordpress\/wp-content\/uploads\/2012\/05\/P5180719.jpg 2048w\" sizes=\"auto, (max-width: 300px) 100vw, 300px\" \/><\/a><\/p>\n<p><span style=\"text-decoration: underline;\">Des cultures \u00e0 perte de vue et un chemin interminable<\/span><br \/>\nAujourd&rsquo;hui le chemin est \u00e0 nouveau un peu ennuyeux, car les cultures sont sans fin et le chemin aussi<\/p>\n<div id=\"attachment_928\" style=\"width: 310px\" class=\"wp-caption alignnone\"><a href=\"http:\/\/flieg.fr\/wordpress\/wp-content\/uploads\/2012\/05\/P5180721.jpg\"><img loading=\"lazy\" decoding=\"async\" aria-describedby=\"caption-attachment-928\" class=\"size-medium wp-image-928\" title=\"OLYMPUS DIGITAL CAMERA\" src=\"http:\/\/flieg.fr\/wordpress\/wp-content\/uploads\/2012\/05\/P5180721-300x225.jpg\" alt=\"\" width=\"300\" height=\"225\" srcset=\"https:\/\/www.flieg.fr\/wordpress\/wp-content\/uploads\/2012\/05\/P5180721-300x225.jpg 300w, https:\/\/www.flieg.fr\/wordpress\/wp-content\/uploads\/2012\/05\/P5180721-1024x768.jpg 1024w, https:\/\/www.flieg.fr\/wordpress\/wp-content\/uploads\/2012\/05\/P5180721-624x468.jpg 624w, https:\/\/www.flieg.fr\/wordpress\/wp-content\/uploads\/2012\/05\/P5180721.jpg 2048w\" sizes=\"auto, (max-width: 300px) 100vw, 300px\" \/><\/a><p id=\"caption-attachment-928\" class=\"wp-caption-text\">Santo Domingo de la Calzada \u00e0 3 km environ<\/p><\/div>\n<p>Ce soir nous logeons \u00e0 l&rsquo;hospederia cistercienne d&rsquo;une modernit\u00e9 remarquable.<br \/>\nNous avons visit\u00e9 la cath\u00e9drale (entr\u00e9e payante comme c&rsquo;est souvent le cas ici).<\/p>\n<div id=\"attachment_931\" style=\"width: 310px\" class=\"wp-caption alignnone\"><a href=\"http:\/\/flieg.fr\/wordpress\/wp-content\/uploads\/2012\/05\/P5180734.jpg\"><img loading=\"lazy\" decoding=\"async\" aria-describedby=\"caption-attachment-931\" class=\"size-medium wp-image-931\" title=\"OLYMPUS DIGITAL CAMERA\" src=\"http:\/\/flieg.fr\/wordpress\/wp-content\/uploads\/2012\/05\/P5180734-300x225.jpg\" alt=\"\" width=\"300\" height=\"225\" srcset=\"https:\/\/www.flieg.fr\/wordpress\/wp-content\/uploads\/2012\/05\/P5180734-300x225.jpg 300w, https:\/\/www.flieg.fr\/wordpress\/wp-content\/uploads\/2012\/05\/P5180734-1024x768.jpg 1024w, https:\/\/www.flieg.fr\/wordpress\/wp-content\/uploads\/2012\/05\/P5180734-624x468.jpg 624w, https:\/\/www.flieg.fr\/wordpress\/wp-content\/uploads\/2012\/05\/P5180734.jpg 2048w\" sizes=\"auto, (max-width: 300px) 100vw, 300px\" \/><\/a><p id=\"caption-attachment-931\" class=\"wp-caption-text\">un campanile magnifiquement ouvrag\u00e9<\/p><\/div>\n<p><a href=\"http:\/\/flieg.fr\/wordpress\/wp-content\/uploads\/2012\/05\/P5180737.jpg\"><img loading=\"lazy\" decoding=\"async\" class=\"alignnone size-medium wp-image-930\" title=\"OLYMPUS DIGITAL CAMERA\" src=\"http:\/\/flieg.fr\/wordpress\/wp-content\/uploads\/2012\/05\/P5180737-225x300.jpg\" alt=\"\" width=\"225\" height=\"300\" srcset=\"https:\/\/www.flieg.fr\/wordpress\/wp-content\/uploads\/2012\/05\/P5180737-225x300.jpg 225w, https:\/\/www.flieg.fr\/wordpress\/wp-content\/uploads\/2012\/05\/P5180737-768x1024.jpg 768w, https:\/\/www.flieg.fr\/wordpress\/wp-content\/uploads\/2012\/05\/P5180737-624x832.jpg 624w, https:\/\/www.flieg.fr\/wordpress\/wp-content\/uploads\/2012\/05\/P5180737.jpg 1536w\" sizes=\"auto, (max-width: 225px) 100vw, 225px\" \/><\/a><\/p>\n<p>Michelle a essay\u00e9 de rentrer \u00e0 v\u00e9lo.<\/p>\n<p>.<\/p>\n","protected":false},"excerpt":{"rendered":"<p>Vendredi 18 Mai 2012 P\u00e8lerinages \u00e0 deux vitesses, mais \u00e0 \u00e9gale respectabilit\u00e9 Hier un p\u00e8lerin fran\u00e7ais nous a rattrap\u00e9. Il est parti comme nous du Puy en Velay, mais 3 semaines plus tard, le 20 avril! Il fait une moyenne de 36 km par jour, en nous disant que ce n&rsquo;est qu&rsquo;une question de mental [&hellip;]<\/p>\n","protected":false},"author":3,"featured_media":0,"parent":0,"menu_order":0,"comment_status":"open","ping_status":"open","template":"","meta":{"footnotes":""},"class_list":["post-920","page","type-page","status-publish","hentry"],"_links":{"self":[{"href":"https:\/\/www.flieg.fr\/index.php?rest_route=\/wp\/v2\/pages\/920","targetHints":{"allow":["GET"]}}],"collection":[{"href":"https:\/\/www.flieg.fr\/index.php?rest_route=\/wp\/v2\/pages"}],"about":[{"href":"https:\/\/www.flieg.fr\/index.php?rest_route=\/wp\/v2\/types\/page"}],"author":[{"embeddable":true,"href":"https:\/\/www.flieg.fr\/index.php?rest_route=\/wp\/v2\/users\/3"}],"replies":[{"embeddable":true,"href":"https:\/\/www.flieg.fr\/index.php?rest_route=%2Fwp%2Fv2%2Fcomments&post=920"}],"version-history":[{"count":5,"href":"https:\/\/www.flieg.fr\/index.php?rest_route=\/wp\/v2\/pages\/920\/revisions"}],"predecessor-version":[{"id":2442,"href":"https:\/\/www.flieg.fr\/index.php?rest_route=\/wp\/v2\/pages\/920\/revisions\/2442"}],"wp:attachment":[{"href":"https:\/\/www.flieg.fr\/index.php?rest_route=%2Fwp%2Fv2%2Fmedia&parent=920"}],"curies":[{"name":"wp","href":"https:\/\/api.w.org\/{rel}","templated":true}]}}