{"id":872,"date":"2012-05-16T21:19:11","date_gmt":"2012-05-16T20:19:11","guid":{"rendered":"http:\/\/flieg.fr\/?page_id=872"},"modified":"2023-03-21T11:09:07","modified_gmt":"2023-03-21T10:09:07","slug":"jour-49-etape-45-de-los-arcos-a-viana-188-km-mardi-15-mai","status":"publish","type":"page","link":"https:\/\/www.flieg.fr\/?page_id=872","title":{"rendered":"jour 49 \u00e9tape 45 : de Los Arcos \u00e0 Viana : 18,8 km mardi 15 mai"},"content":{"rendered":"<p>Mardi 15 mai 2012<\/p>\n<p>Chaque jour nous sommes habill\u00e9s pareil mais&nbsp;propre. C&rsquo;est gr\u00e2ce&nbsp;\u00e0 Michelle qui lave chaque soir tout notre habillement et qui d\u00e9veloppe chaque soir des strat\u00e9gies de Sioux pour faire s\u00e9cher le tout pendant la nuit.<br \/>\nMais hier, on a achet\u00e9 un par\u00e9o bleu pour Michelle, parce que je souhaitais me prot\u00e9ger du soleil avec&nbsp;son par\u00e9o blanc. Je ressemble a un cheikh arabe ou aux Dupond et Dupont dans le crabe aux pinces d&rsquo;or.<\/p>\n<p><a href=\"http:\/\/flieg.fr\/wordpress\/wp-content\/uploads\/2012\/05\/P5150624.jpg\"><img loading=\"lazy\" decoding=\"async\" class=\"alignnone size-medium wp-image-881\" title=\"OLYMPUS DIGITAL CAMERA\" src=\"http:\/\/flieg.fr\/wordpress\/wp-content\/uploads\/2012\/05\/P5150624-225x300.jpg\" alt=\"\" width=\"225\" height=\"300\" srcset=\"https:\/\/www.flieg.fr\/wordpress\/wp-content\/uploads\/2012\/05\/P5150624-225x300.jpg 225w, https:\/\/www.flieg.fr\/wordpress\/wp-content\/uploads\/2012\/05\/P5150624-768x1024.jpg 768w, https:\/\/www.flieg.fr\/wordpress\/wp-content\/uploads\/2012\/05\/P5150624-624x832.jpg 624w, https:\/\/www.flieg.fr\/wordpress\/wp-content\/uploads\/2012\/05\/P5150624.jpg 1536w\" sizes=\"auto, (max-width: 225px) 100vw, 225px\" \/><\/a><br \/>\nNous nous faisons photographier par la presse locale devant la porte de St Jacques de Los Arcos.<br \/>\nLe groupe de japonaises que nous voyons depuis Roncevaux, marche de temps en temps en m\u00eame temps que nous.<\/p>\n<p>&nbsp;<\/p>\n<p>Elles font le chemin en pointill\u00e9. Un car les attend&nbsp;\u00e0 certains points strat\u00e9giques pour les ravitailler ou leur&nbsp;\u00e9viter des tron\u00e7ons de parcours de moindre int\u00e9r\u00eat. Avec mon voile blanc, je fais sensation. On me cr\u00e9dite d&rsquo;un \u00ab\u00a0I love you\u00a0\u00bb au passage.<br \/>\nA Torres del Rio, nous visitons une belle \u00e9glise romane dite du Saint Sepulcre.<br \/>\nElle contient un Christ du XIIe siecle de toute beaut\u00e9.<\/p>\n<p><a href=\"http:\/\/flieg.fr\/wordpress\/wp-content\/uploads\/2012\/05\/P5150631.jpg\"><img loading=\"lazy\" decoding=\"async\" class=\"alignnone size-medium wp-image-884\" title=\"OLYMPUS DIGITAL CAMERA\" src=\"http:\/\/flieg.fr\/wordpress\/wp-content\/uploads\/2012\/05\/P5150631-225x300.jpg\" alt=\"\" width=\"225\" height=\"300\" srcset=\"https:\/\/www.flieg.fr\/wordpress\/wp-content\/uploads\/2012\/05\/P5150631-225x300.jpg 225w, https:\/\/www.flieg.fr\/wordpress\/wp-content\/uploads\/2012\/05\/P5150631-768x1024.jpg 768w, https:\/\/www.flieg.fr\/wordpress\/wp-content\/uploads\/2012\/05\/P5150631-624x832.jpg 624w, https:\/\/www.flieg.fr\/wordpress\/wp-content\/uploads\/2012\/05\/P5150631.jpg 1536w\" sizes=\"auto, (max-width: 225px) 100vw, 225px\" \/><\/a><br \/>\nPuis nous achetons notre repas de midi, car il n&rsquo;y aura plus d&rsquo;autre possibilit\u00e9 avant d&rsquo;arriver&nbsp;\u00e0 notre \u00e9tape du soir. On a m\u00eame des chocolats glac\u00e9s comme dessert.<br \/>\nLa bordure du chemin n&rsquo;est qu&rsquo;un bouquet infini de fleurs des champs. Les coquelicots sont en pleine floraison.<\/p>\n<p><a href=\"http:\/\/flieg.fr\/wordpress\/wp-content\/uploads\/2012\/05\/P5150621.jpg\"><img loading=\"lazy\" decoding=\"async\" class=\"alignnone size-medium wp-image-885\" title=\"OLYMPUS DIGITAL CAMERA\" src=\"http:\/\/flieg.fr\/wordpress\/wp-content\/uploads\/2012\/05\/P5150621-225x300.jpg\" alt=\"\" width=\"225\" height=\"300\" srcset=\"https:\/\/www.flieg.fr\/wordpress\/wp-content\/uploads\/2012\/05\/P5150621-225x300.jpg 225w, https:\/\/www.flieg.fr\/wordpress\/wp-content\/uploads\/2012\/05\/P5150621-768x1024.jpg 768w, https:\/\/www.flieg.fr\/wordpress\/wp-content\/uploads\/2012\/05\/P5150621-624x832.jpg 624w, https:\/\/www.flieg.fr\/wordpress\/wp-content\/uploads\/2012\/05\/P5150621.jpg 1536w\" sizes=\"auto, (max-width: 225px) 100vw, 225px\" \/><\/a><\/p>\n<p>Depuis plusieurs jours, nous d\u00e9passons une dame \u00e2g\u00e9e qui porte un sac&nbsp;\u00e0 la main en plus de son sac&nbsp;\u00e0 dos. Elle a l&rsquo;air de revenir des courses.<\/p>\n<p><a href=\"http:\/\/flieg.fr\/wordpress\/wp-content\/uploads\/2012\/05\/P5140566.jpg\"><img loading=\"lazy\" decoding=\"async\" class=\"alignnone size-medium wp-image-886\" title=\"OLYMPUS DIGITAL CAMERA\" src=\"http:\/\/flieg.fr\/wordpress\/wp-content\/uploads\/2012\/05\/P5140566-300x225.jpg\" alt=\"\" width=\"300\" height=\"225\" srcset=\"https:\/\/www.flieg.fr\/wordpress\/wp-content\/uploads\/2012\/05\/P5140566-300x225.jpg 300w, https:\/\/www.flieg.fr\/wordpress\/wp-content\/uploads\/2012\/05\/P5140566-1024x768.jpg 1024w, https:\/\/www.flieg.fr\/wordpress\/wp-content\/uploads\/2012\/05\/P5140566-624x468.jpg 624w, https:\/\/www.flieg.fr\/wordpress\/wp-content\/uploads\/2012\/05\/P5140566.jpg 2048w\" sizes=\"auto, (max-width: 300px) 100vw, 300px\" \/><\/a><\/p>\n<p>Mais, nous finissons par apprendre qu&rsquo;elle fait effectivement les commissions chaque jour. Tout au long du chemin, elle cueille des herbes, des asperges sauvages, des baies, des fleurs, et le soir venu, elle cuisine ce qu&rsquo;elle a trouv\u00e9. Le p\u00e8lerin qui nous a rapport\u00e9 la chose a go\u00fbt\u00e9 de sa soupe aux orties.<\/p>\n<p>Nous voyons de plus en plus d&rsquo;oliviers jeunes ou centenaires.<\/p>\n<p><a href=\"http:\/\/flieg.fr\/wordpress\/wp-content\/uploads\/2012\/05\/P5150637.jpg\"><img loading=\"lazy\" decoding=\"async\" class=\"alignnone size-medium wp-image-887\" title=\"OLYMPUS DIGITAL CAMERA\" src=\"http:\/\/flieg.fr\/wordpress\/wp-content\/uploads\/2012\/05\/P5150637-300x225.jpg\" alt=\"\" width=\"300\" height=\"225\" srcset=\"https:\/\/www.flieg.fr\/wordpress\/wp-content\/uploads\/2012\/05\/P5150637-300x225.jpg 300w, https:\/\/www.flieg.fr\/wordpress\/wp-content\/uploads\/2012\/05\/P5150637-1024x768.jpg 1024w, https:\/\/www.flieg.fr\/wordpress\/wp-content\/uploads\/2012\/05\/P5150637-624x468.jpg 624w, https:\/\/www.flieg.fr\/wordpress\/wp-content\/uploads\/2012\/05\/P5150637.jpg 2048w\" sizes=\"auto, (max-width: 300px) 100vw, 300px\" \/><\/a><a href=\"http:\/\/flieg.fr\/wordpress\/wp-content\/uploads\/2012\/05\/P5140601.jpg\"><img loading=\"lazy\" decoding=\"async\" class=\"alignnone size-medium wp-image-888\" title=\"OLYMPUS DIGITAL CAMERA\" src=\"http:\/\/flieg.fr\/wordpress\/wp-content\/uploads\/2012\/05\/P5140601-300x225.jpg\" alt=\"\" width=\"300\" height=\"225\" srcset=\"https:\/\/www.flieg.fr\/wordpress\/wp-content\/uploads\/2012\/05\/P5140601-300x225.jpg 300w, https:\/\/www.flieg.fr\/wordpress\/wp-content\/uploads\/2012\/05\/P5140601-1024x768.jpg 1024w, https:\/\/www.flieg.fr\/wordpress\/wp-content\/uploads\/2012\/05\/P5140601-624x468.jpg 624w, https:\/\/www.flieg.fr\/wordpress\/wp-content\/uploads\/2012\/05\/P5140601.jpg 2048w\" sizes=\"auto, (max-width: 300px) 100vw, 300px\" \/><\/a><br \/>\nA 15h, nous arrivons&nbsp;\u00e0 Viana au Palacio de Pujadas.<\/p>\n<p><a href=\"http:\/\/flieg.fr\/wordpress\/wp-content\/uploads\/2012\/05\/P5150648.jpg\"><img loading=\"lazy\" decoding=\"async\" class=\"alignnone size-medium wp-image-889\" title=\"OLYMPUS DIGITAL CAMERA\" src=\"http:\/\/flieg.fr\/wordpress\/wp-content\/uploads\/2012\/05\/P5150648-225x300.jpg\" alt=\"\" width=\"225\" height=\"300\" srcset=\"https:\/\/www.flieg.fr\/wordpress\/wp-content\/uploads\/2012\/05\/P5150648-225x300.jpg 225w, https:\/\/www.flieg.fr\/wordpress\/wp-content\/uploads\/2012\/05\/P5150648-768x1024.jpg 768w, https:\/\/www.flieg.fr\/wordpress\/wp-content\/uploads\/2012\/05\/P5150648-624x832.jpg 624w, https:\/\/www.flieg.fr\/wordpress\/wp-content\/uploads\/2012\/05\/P5150648.jpg 1536w\" sizes=\"auto, (max-width: 225px) 100vw, 225px\" \/><\/a><\/p>\n","protected":false},"excerpt":{"rendered":"<p>Mardi 15 mai 2012 Chaque jour nous sommes habill\u00e9s pareil mais&nbsp;propre. C&rsquo;est gr\u00e2ce&nbsp;\u00e0 Michelle qui lave chaque soir tout notre habillement et qui d\u00e9veloppe chaque soir des strat\u00e9gies de Sioux pour faire s\u00e9cher le tout pendant la nuit. Mais hier, on a achet\u00e9 un par\u00e9o bleu pour Michelle, parce que je souhaitais me prot\u00e9ger du [&hellip;]<\/p>\n","protected":false},"author":3,"featured_media":0,"parent":0,"menu_order":0,"comment_status":"open","ping_status":"open","template":"","meta":{"footnotes":""},"class_list":["post-872","page","type-page","status-publish","hentry"],"_links":{"self":[{"href":"https:\/\/www.flieg.fr\/index.php?rest_route=\/wp\/v2\/pages\/872","targetHints":{"allow":["GET"]}}],"collection":[{"href":"https:\/\/www.flieg.fr\/index.php?rest_route=\/wp\/v2\/pages"}],"about":[{"href":"https:\/\/www.flieg.fr\/index.php?rest_route=\/wp\/v2\/types\/page"}],"author":[{"embeddable":true,"href":"https:\/\/www.flieg.fr\/index.php?rest_route=\/wp\/v2\/users\/3"}],"replies":[{"embeddable":true,"href":"https:\/\/www.flieg.fr\/index.php?rest_route=%2Fwp%2Fv2%2Fcomments&post=872"}],"version-history":[{"count":5,"href":"https:\/\/www.flieg.fr\/index.php?rest_route=\/wp\/v2\/pages\/872\/revisions"}],"predecessor-version":[{"id":2437,"href":"https:\/\/www.flieg.fr\/index.php?rest_route=\/wp\/v2\/pages\/872\/revisions\/2437"}],"wp:attachment":[{"href":"https:\/\/www.flieg.fr\/index.php?rest_route=%2Fwp%2Fv2%2Fmedia&parent=872"}],"curies":[{"name":"wp","href":"https:\/\/api.w.org\/{rel}","templated":true}]}}