{"id":811,"date":"2012-05-13T22:13:14","date_gmt":"2012-05-13T21:13:14","guid":{"rendered":"http:\/\/flieg.fr\/?page_id=811"},"modified":"2023-03-21T11:05:12","modified_gmt":"2023-03-21T10:05:12","slug":"jour-44-etape-40-de-roncevaux-a-zubiri-23-km-jeudi-10-mai-2012","status":"publish","type":"page","link":"https:\/\/www.flieg.fr\/?page_id=811","title":{"rendered":"jour 44 \u00e9tape 40 : de Roncevaux \u00e0 Zubiri : 23 km : jeudi 10 mai 2012"},"content":{"rendered":"<p>Jeudi 10 mai 2012<\/p>\n<p>Le d\u00e9part du chemin est engravillonn\u00e9 puis joliment empierr\u00e9 dans la for\u00eat sur des kilom\u00e8tres. On passe la croix de&nbsp; Roland. Les travers\u00e9es de ruisseau sont facilit\u00e9es par des grosses pierres formant pont.<\/p>\n<p><a href=\"http:\/\/flieg.fr\/wordpress\/wp-content\/uploads\/2012\/05\/P5100317.jpg\"><img loading=\"lazy\" decoding=\"async\" class=\"alignnone size-medium wp-image-814\" title=\"OLYMPUS DIGITAL CAMERA\" src=\"http:\/\/flieg.fr\/wordpress\/wp-content\/uploads\/2012\/05\/P5100317-300x225.jpg\" alt=\"\" width=\"300\" height=\"225\" srcset=\"https:\/\/www.flieg.fr\/wordpress\/wp-content\/uploads\/2012\/05\/P5100317-300x225.jpg 300w, https:\/\/www.flieg.fr\/wordpress\/wp-content\/uploads\/2012\/05\/P5100317-1024x768.jpg 1024w, https:\/\/www.flieg.fr\/wordpress\/wp-content\/uploads\/2012\/05\/P5100317-624x468.jpg 624w, https:\/\/www.flieg.fr\/wordpress\/wp-content\/uploads\/2012\/05\/P5100317.jpg 2048w\" sizes=\"auto, (max-width: 300px) 100vw, 300px\" \/><\/a><\/p>\n<p>Le chemin est bient\u00f4t pav\u00e9 sur trois m\u00e8tres de large. Nous n&rsquo;avons jamais vu \u00e7a.<\/p>\n<p><a href=\"http:\/\/flieg.fr\/wordpress\/wp-content\/uploads\/2012\/05\/P5100328.jpg\"><img loading=\"lazy\" decoding=\"async\" class=\"alignnone size-medium wp-image-816\" title=\"OLYMPUS DIGITAL CAMERA\" src=\"http:\/\/flieg.fr\/wordpress\/wp-content\/uploads\/2012\/05\/P5100328-300x225.jpg\" alt=\"\" width=\"300\" height=\"225\" srcset=\"https:\/\/www.flieg.fr\/wordpress\/wp-content\/uploads\/2012\/05\/P5100328-300x225.jpg 300w, https:\/\/www.flieg.fr\/wordpress\/wp-content\/uploads\/2012\/05\/P5100328-1024x768.jpg 1024w, https:\/\/www.flieg.fr\/wordpress\/wp-content\/uploads\/2012\/05\/P5100328-624x468.jpg 624w, https:\/\/www.flieg.fr\/wordpress\/wp-content\/uploads\/2012\/05\/P5100328.jpg 2048w\" sizes=\"auto, (max-width: 300px) 100vw, 300px\" \/><\/a><\/p>\n<p>Une v\u00e9ritable peregrinos-strada sur des kilom\u00e8tres. Il y a m\u00eame un pont&nbsp;\u00e0 p\u00e8lerins efficace, mais d\u00e9conseill\u00e9 aux cyclistes..<\/p>\n<p><a href=\"http:\/\/flieg.fr\/wordpress\/wp-content\/uploads\/2012\/05\/P5100330.jpg\"><img loading=\"lazy\" decoding=\"async\" class=\"alignnone size-medium wp-image-815\" title=\"OLYMPUS DIGITAL CAMERA\" src=\"http:\/\/flieg.fr\/wordpress\/wp-content\/uploads\/2012\/05\/P5100330-300x225.jpg\" alt=\"\" width=\"300\" height=\"225\" srcset=\"https:\/\/www.flieg.fr\/wordpress\/wp-content\/uploads\/2012\/05\/P5100330-300x225.jpg 300w, https:\/\/www.flieg.fr\/wordpress\/wp-content\/uploads\/2012\/05\/P5100330-1024x768.jpg 1024w, https:\/\/www.flieg.fr\/wordpress\/wp-content\/uploads\/2012\/05\/P5100330-624x468.jpg 624w, https:\/\/www.flieg.fr\/wordpress\/wp-content\/uploads\/2012\/05\/P5100330.jpg 2048w\" sizes=\"auto, (max-width: 300px) 100vw, 300px\" \/><\/a><br \/>\nA midi, trop contents de trouver une sup\u00e9rette ouverte, nous y achetons plus que nous ne pouvons manger. Le sac est alourdi d&rsquo;autant quand nous repartons. Tant pis.<br \/>\nApr\u00e8s une rude descente, nous arrivons \u00e0 Zubiri notre \u00e9tape du soir.<\/p>\n<p>Nous d\u00e9passons le g\u00eete communal qui affiche complet avec ses 78 places et nous logeons au Gau Txori hotel et en appr\u00e9cions l&rsquo;\u00e9quipement.<\/p>\n","protected":false},"excerpt":{"rendered":"<p>Jeudi 10 mai 2012 Le d\u00e9part du chemin est engravillonn\u00e9 puis joliment empierr\u00e9 dans la for\u00eat sur des kilom\u00e8tres. On passe la croix de&nbsp; Roland. Les travers\u00e9es de ruisseau sont facilit\u00e9es par des grosses pierres formant pont. Le chemin est bient\u00f4t pav\u00e9 sur trois m\u00e8tres de large. Nous n&rsquo;avons jamais vu \u00e7a. Une v\u00e9ritable peregrinos-strada [&hellip;]<\/p>\n","protected":false},"author":3,"featured_media":0,"parent":0,"menu_order":0,"comment_status":"open","ping_status":"open","template":"","meta":{"footnotes":""},"class_list":["post-811","page","type-page","status-publish","hentry"],"_links":{"self":[{"href":"https:\/\/www.flieg.fr\/index.php?rest_route=\/wp\/v2\/pages\/811","targetHints":{"allow":["GET"]}}],"collection":[{"href":"https:\/\/www.flieg.fr\/index.php?rest_route=\/wp\/v2\/pages"}],"about":[{"href":"https:\/\/www.flieg.fr\/index.php?rest_route=\/wp\/v2\/types\/page"}],"author":[{"embeddable":true,"href":"https:\/\/www.flieg.fr\/index.php?rest_route=\/wp\/v2\/users\/3"}],"replies":[{"embeddable":true,"href":"https:\/\/www.flieg.fr\/index.php?rest_route=%2Fwp%2Fv2%2Fcomments&post=811"}],"version-history":[{"count":6,"href":"https:\/\/www.flieg.fr\/index.php?rest_route=\/wp\/v2\/pages\/811\/revisions"}],"predecessor-version":[{"id":2432,"href":"https:\/\/www.flieg.fr\/index.php?rest_route=\/wp\/v2\/pages\/811\/revisions\/2432"}],"wp:attachment":[{"href":"https:\/\/www.flieg.fr\/index.php?rest_route=%2Fwp%2Fv2%2Fmedia&parent=811"}],"curies":[{"name":"wp","href":"https:\/\/api.w.org\/{rel}","templated":true}]}}