{"id":774,"date":"2012-05-09T16:27:12","date_gmt":"2012-05-09T15:27:12","guid":{"rendered":"http:\/\/flieg.fr\/?page_id=774"},"modified":"2023-03-21T11:04:07","modified_gmt":"2023-03-21T10:04:07","slug":"jour-43-etape-39-de-hounto-a-roncevaux-215-km-mercredi-9-mai","status":"publish","type":"page","link":"https:\/\/www.flieg.fr\/?page_id=774","title":{"rendered":"jour 43 etape 39 : de Hounto \u00e0 Roncevaux 21,5 km mercredi 9 mai"},"content":{"rendered":"<p>Superbe lever de soleil sur les Pyr\u00e9n\u00e9es.<\/p>\n<div id=\"attachment_777\" style=\"width: 310px\" class=\"wp-caption alignnone\"><a href=\"http:\/\/flieg.fr\/wordpress\/wp-content\/uploads\/2012\/05\/P5090238.jpg\"><img loading=\"lazy\" decoding=\"async\" aria-describedby=\"caption-attachment-777\" class=\"size-medium wp-image-777\" title=\"OLYMPUS DIGITAL CAMERA\" src=\"http:\/\/flieg.fr\/wordpress\/wp-content\/uploads\/2012\/05\/P5090238-300x225.jpg\" alt=\"\" width=\"300\" height=\"225\" srcset=\"https:\/\/www.flieg.fr\/wordpress\/wp-content\/uploads\/2012\/05\/P5090238-300x225.jpg 300w, https:\/\/www.flieg.fr\/wordpress\/wp-content\/uploads\/2012\/05\/P5090238-1024x768.jpg 1024w, https:\/\/www.flieg.fr\/wordpress\/wp-content\/uploads\/2012\/05\/P5090238-624x468.jpg 624w, https:\/\/www.flieg.fr\/wordpress\/wp-content\/uploads\/2012\/05\/P5090238.jpg 2048w\" sizes=\"auto, (max-width: 300px) 100vw, 300px\" \/><\/a><p id=\"caption-attachment-777\" class=\"wp-caption-text\">de la fenetre du gite a Hounto : lever de soleil sur les Pyr\u00e9n\u00e9es<\/p><\/div>\n<p>Cela nous rassure car nous passerons par beau temps. La grimpette est imm\u00e9diate: 3 tours Eiffel \u00e0 monter. Au fur et&nbsp;\u00e0 mesure de la mont\u00e9e, nous commencons&nbsp;\u00e0 voir St Jean Pied de Port en bas dans la plaine.<\/p>\n<div id=\"attachment_794\" style=\"width: 310px\" class=\"wp-caption alignnone\"><a href=\"http:\/\/flieg.fr\/wordpress\/wp-content\/uploads\/2012\/05\/P5090246.jpg\"><img loading=\"lazy\" decoding=\"async\" aria-describedby=\"caption-attachment-794\" class=\"size-medium wp-image-794\" title=\"OLYMPUS DIGITAL CAMERA\" src=\"http:\/\/flieg.fr\/wordpress\/wp-content\/uploads\/2012\/05\/P5090246-300x225.jpg\" alt=\"\" width=\"300\" height=\"225\" srcset=\"https:\/\/www.flieg.fr\/wordpress\/wp-content\/uploads\/2012\/05\/P5090246-300x225.jpg 300w, https:\/\/www.flieg.fr\/wordpress\/wp-content\/uploads\/2012\/05\/P5090246-1024x768.jpg 1024w, https:\/\/www.flieg.fr\/wordpress\/wp-content\/uploads\/2012\/05\/P5090246-624x468.jpg 624w, https:\/\/www.flieg.fr\/wordpress\/wp-content\/uploads\/2012\/05\/P5090246.jpg 2048w\" sizes=\"auto, (max-width: 300px) 100vw, 300px\" \/><\/a><p id=\"caption-attachment-794\" class=\"wp-caption-text\">Nous ne sommes plus que l'ombre de nous-memes<\/p><\/div>\n<p>Il y a beaucoup de p\u00e8lerins qui sont sur la route; devant, derri\u00e8re. Parfois le chemin emprunte un sentier.<\/p>\n<div id=\"attachment_795\" style=\"width: 310px\" class=\"wp-caption alignnone\"><a href=\"http:\/\/flieg.fr\/wordpress\/wp-content\/uploads\/2012\/05\/P5090247.jpg\"><img loading=\"lazy\" decoding=\"async\" aria-describedby=\"caption-attachment-795\" class=\"size-medium wp-image-795\" title=\"OLYMPUS DIGITAL CAMERA\" src=\"http:\/\/flieg.fr\/wordpress\/wp-content\/uploads\/2012\/05\/P5090247-300x225.jpg\" alt=\"\" width=\"300\" height=\"225\" srcset=\"https:\/\/www.flieg.fr\/wordpress\/wp-content\/uploads\/2012\/05\/P5090247-300x225.jpg 300w, https:\/\/www.flieg.fr\/wordpress\/wp-content\/uploads\/2012\/05\/P5090247-1024x768.jpg 1024w, https:\/\/www.flieg.fr\/wordpress\/wp-content\/uploads\/2012\/05\/P5090247-624x468.jpg 624w, https:\/\/www.flieg.fr\/wordpress\/wp-content\/uploads\/2012\/05\/P5090247.jpg 2048w\" sizes=\"auto, (max-width: 300px) 100vw, 300px\" \/><\/a><p id=\"caption-attachment-795\" class=\"wp-caption-text\">Hounto vue de plus haut<\/p><\/div>\n<p>Il fait tr\u00e8s beau et c&rsquo;est une grande chance. Le spectacle se fait grandiose. Le soleil du matin donne un rendu des couleurs et des reliefs de toute splendeur.<\/p>\n<p><a href=\"http:\/\/flieg.fr\/wordpress\/wp-content\/uploads\/2012\/05\/P5090260.jpg\"><img loading=\"lazy\" decoding=\"async\" class=\"alignnone size-medium wp-image-796\" title=\"OLYMPUS DIGITAL CAMERA\" src=\"http:\/\/flieg.fr\/wordpress\/wp-content\/uploads\/2012\/05\/P5090260-300x225.jpg\" alt=\"\" width=\"300\" height=\"225\" srcset=\"https:\/\/www.flieg.fr\/wordpress\/wp-content\/uploads\/2012\/05\/P5090260-300x225.jpg 300w, https:\/\/www.flieg.fr\/wordpress\/wp-content\/uploads\/2012\/05\/P5090260-1024x768.jpg 1024w, https:\/\/www.flieg.fr\/wordpress\/wp-content\/uploads\/2012\/05\/P5090260-624x468.jpg 624w, https:\/\/www.flieg.fr\/wordpress\/wp-content\/uploads\/2012\/05\/P5090260.jpg 2048w\" sizes=\"auto, (max-width: 300px) 100vw, 300px\" \/><\/a><\/p>\n<p><a href=\"http:\/\/flieg.fr\/wordpress\/wp-content\/uploads\/2012\/05\/P5090261.jpg\"><img loading=\"lazy\" decoding=\"async\" class=\"alignnone size-medium wp-image-797\" title=\"OLYMPUS DIGITAL CAMERA\" src=\"http:\/\/flieg.fr\/wordpress\/wp-content\/uploads\/2012\/05\/P5090261-300x225.jpg\" alt=\"\" width=\"300\" height=\"225\" srcset=\"https:\/\/www.flieg.fr\/wordpress\/wp-content\/uploads\/2012\/05\/P5090261-300x225.jpg 300w, https:\/\/www.flieg.fr\/wordpress\/wp-content\/uploads\/2012\/05\/P5090261-1024x768.jpg 1024w, https:\/\/www.flieg.fr\/wordpress\/wp-content\/uploads\/2012\/05\/P5090261-624x468.jpg 624w, https:\/\/www.flieg.fr\/wordpress\/wp-content\/uploads\/2012\/05\/P5090261.jpg 2048w\" sizes=\"auto, (max-width: 300px) 100vw, 300px\" \/><\/a><\/p>\n<p>Nous arrivons au refuge d&rsquo;Orisson a 800m d&rsquo;altitude. L\u00e0, un minibus vient d\u00e9verser une horde de touristes. Heureusement, nous sommes d\u00e9j\u00e0 pass\u00e9s. Ils monteront jusqu&rsquo;\u00e0 la vierge de Biakorri&nbsp;\u00e0 950m.<\/p>\n<div id=\"attachment_798\" style=\"width: 310px\" class=\"wp-caption alignnone\"><a href=\"http:\/\/flieg.fr\/wordpress\/wp-content\/uploads\/2012\/05\/P5090269.jpg\"><img loading=\"lazy\" decoding=\"async\" aria-describedby=\"caption-attachment-798\" class=\"size-medium wp-image-798\" title=\"OLYMPUS DIGITAL CAMERA\" src=\"http:\/\/flieg.fr\/wordpress\/wp-content\/uploads\/2012\/05\/P5090269-300x225.jpg\" alt=\"\" width=\"300\" height=\"225\" srcset=\"https:\/\/www.flieg.fr\/wordpress\/wp-content\/uploads\/2012\/05\/P5090269-300x225.jpg 300w, https:\/\/www.flieg.fr\/wordpress\/wp-content\/uploads\/2012\/05\/P5090269-1024x768.jpg 1024w, https:\/\/www.flieg.fr\/wordpress\/wp-content\/uploads\/2012\/05\/P5090269-624x468.jpg 624w, https:\/\/www.flieg.fr\/wordpress\/wp-content\/uploads\/2012\/05\/P5090269.jpg 2048w\" sizes=\"auto, (max-width: 300px) 100vw, 300px\" \/><\/a><p id=\"caption-attachment-798\" class=\"wp-caption-text\">\u00e0 la Vierge de Biakorri<\/p><\/div>\n<p>Le groupe de touristes japonais arrive.<br \/>\nIl y a une princesse en chapeau de riz et gants blancs. Les Nikon crepitent et les Canon aussi.<\/p>\n<div id=\"attachment_807\" style=\"width: 310px\" class=\"wp-caption alignnone\"><a href=\"http:\/\/flieg.fr\/wordpress\/wp-content\/uploads\/2012\/05\/P5090270.jpg\"><img loading=\"lazy\" decoding=\"async\" aria-describedby=\"caption-attachment-807\" class=\"size-medium wp-image-807\" title=\"OLYMPUS DIGITAL CAMERA\" src=\"http:\/\/flieg.fr\/wordpress\/wp-content\/uploads\/2012\/05\/P5090270-300x225.jpg\" alt=\"\" width=\"300\" height=\"225\" srcset=\"https:\/\/www.flieg.fr\/wordpress\/wp-content\/uploads\/2012\/05\/P5090270-300x225.jpg 300w, https:\/\/www.flieg.fr\/wordpress\/wp-content\/uploads\/2012\/05\/P5090270-1024x768.jpg 1024w, https:\/\/www.flieg.fr\/wordpress\/wp-content\/uploads\/2012\/05\/P5090270-624x468.jpg 624w, https:\/\/www.flieg.fr\/wordpress\/wp-content\/uploads\/2012\/05\/P5090270.jpg 2048w\" sizes=\"auto, (max-width: 300px) 100vw, 300px\" \/><\/a><p id=\"caption-attachment-807\" class=\"wp-caption-text\">les japonaises arrivent<\/p><\/div>\n<p>Dans la mont\u00e9e vers le col de Bentarte, un cycliste nous double. C&rsquo;est un anglais \u00e9quip\u00e9 technologie de pointe. V\u00e9lo 48 vitesses, oreillettes mp3 pour \u00e9couter Henry Purcell&#8230; Mais quand la route se fait sentier, ca ne va plus tr\u00e8s bien. Une oreillette se fait la malle, passe dans la roue arri\u00e8re et Purcell passe en mono. Le cycliste passe en mode pi\u00e9ton et le v\u00e9lo passe en mode poids mort a tra\u00eener.<\/p>\n<div id=\"attachment_808\" style=\"width: 310px\" class=\"wp-caption alignnone\"><a href=\"http:\/\/flieg.fr\/wordpress\/wp-content\/uploads\/2012\/05\/P5090284.jpg\"><img loading=\"lazy\" decoding=\"async\" aria-describedby=\"caption-attachment-808\" class=\"size-medium wp-image-808\" title=\"OLYMPUS DIGITAL CAMERA\" src=\"http:\/\/flieg.fr\/wordpress\/wp-content\/uploads\/2012\/05\/P5090284-300x225.jpg\" alt=\"\" width=\"300\" height=\"225\" srcset=\"https:\/\/www.flieg.fr\/wordpress\/wp-content\/uploads\/2012\/05\/P5090284-300x225.jpg 300w, https:\/\/www.flieg.fr\/wordpress\/wp-content\/uploads\/2012\/05\/P5090284-1024x768.jpg 1024w, https:\/\/www.flieg.fr\/wordpress\/wp-content\/uploads\/2012\/05\/P5090284-624x468.jpg 624w, https:\/\/www.flieg.fr\/wordpress\/wp-content\/uploads\/2012\/05\/P5090284.jpg 2048w\" sizes=\"auto, (max-width: 300px) 100vw, 300px\" \/><\/a><p id=\"caption-attachment-808\" class=\"wp-caption-text\">deux m\u00e9thodes pour grimper<\/p><\/div>\n<p>Du coup on le depasse en \u00e9coutant le chant d&rsquo;une alouette tout la haut dans le ciel en mode home cinema naturel. Nous montons jusqu&rsquo;au col de Bentarte&nbsp;\u00e0 1300 m. Nous sommes&nbsp;\u00e0 la fronti\u00e8re entre la France et l&rsquo;Espagne,&nbsp;\u00e0 765 km de Compostelle et&nbsp;\u00e0 mi-chemin entre Le Puy et Compostelle.<\/p>\n<div id=\"attachment_775\" style=\"width: 310px\" class=\"wp-caption alignnone\"><a href=\"http:\/\/flieg.fr\/wordpress\/wp-content\/uploads\/2012\/05\/P5090287.jpg\"><img loading=\"lazy\" decoding=\"async\" aria-describedby=\"caption-attachment-775\" class=\"size-medium wp-image-775\" title=\"OLYMPUS DIGITAL CAMERA\" src=\"http:\/\/flieg.fr\/wordpress\/wp-content\/uploads\/2012\/05\/P5090287-300x225.jpg\" alt=\"\" width=\"300\" height=\"225\" srcset=\"https:\/\/www.flieg.fr\/wordpress\/wp-content\/uploads\/2012\/05\/P5090287-300x225.jpg 300w, https:\/\/www.flieg.fr\/wordpress\/wp-content\/uploads\/2012\/05\/P5090287-1024x768.jpg 1024w, https:\/\/www.flieg.fr\/wordpress\/wp-content\/uploads\/2012\/05\/P5090287-624x468.jpg 624w, https:\/\/www.flieg.fr\/wordpress\/wp-content\/uploads\/2012\/05\/P5090287.jpg 2048w\" sizes=\"auto, (max-width: 300px) 100vw, 300px\" \/><\/a><p id=\"caption-attachment-775\" class=\"wp-caption-text\">a mi-chemin du Chemin<\/p><\/div>\n<p>Il est midi. On se d\u00e9salt\u00e9rer&nbsp;\u00e0 la fontaine de Roland. Puis nous entamons la derni\u00e8re mont\u00e9e vers le col de Lepoeder&nbsp;\u00e0 1430m que nous atteignons vers 13h.<\/p>\n<div id=\"attachment_802\" style=\"width: 310px\" class=\"wp-caption alignnone\"><a href=\"http:\/\/flieg.fr\/wordpress\/wp-content\/uploads\/2012\/05\/P5090292.jpg\"><img loading=\"lazy\" decoding=\"async\" aria-describedby=\"caption-attachment-802\" class=\"size-medium wp-image-802\" title=\"OLYMPUS DIGITAL CAMERA\" src=\"http:\/\/flieg.fr\/wordpress\/wp-content\/uploads\/2012\/05\/P5090292-300x225.jpg\" alt=\"\" width=\"300\" height=\"225\" srcset=\"https:\/\/www.flieg.fr\/wordpress\/wp-content\/uploads\/2012\/05\/P5090292-300x225.jpg 300w, https:\/\/www.flieg.fr\/wordpress\/wp-content\/uploads\/2012\/05\/P5090292-1024x768.jpg 1024w, https:\/\/www.flieg.fr\/wordpress\/wp-content\/uploads\/2012\/05\/P5090292-624x468.jpg 624w, https:\/\/www.flieg.fr\/wordpress\/wp-content\/uploads\/2012\/05\/P5090292.jpg 2048w\" sizes=\"auto, (max-width: 300px) 100vw, 300px\" \/><\/a><p id=\"caption-attachment-802\" class=\"wp-caption-text\">pr\u00e8s du col de Lepoeder 1430m<\/p><\/div>\n<p>Un petit casse-cro\u00fbte et nous plongeons vers Roncevaux par une descente que nos genoux finissent par d\u00e9tester. Nos b\u00e2tons soulagent mais ne suppriment pas les efforts sur les articulations.<\/p>\n<div id=\"attachment_800\" style=\"width: 310px\" class=\"wp-caption alignnone\"><a href=\"http:\/\/flieg.fr\/wordpress\/wp-content\/uploads\/2012\/05\/P5090299.jpg\"><img loading=\"lazy\" decoding=\"async\" aria-describedby=\"caption-attachment-800\" class=\"size-medium wp-image-800\" title=\"OLYMPUS DIGITAL CAMERA\" src=\"http:\/\/flieg.fr\/wordpress\/wp-content\/uploads\/2012\/05\/P5090299-300x225.jpg\" alt=\"\" width=\"300\" height=\"225\" srcset=\"https:\/\/www.flieg.fr\/wordpress\/wp-content\/uploads\/2012\/05\/P5090299-300x225.jpg 300w, https:\/\/www.flieg.fr\/wordpress\/wp-content\/uploads\/2012\/05\/P5090299-1024x768.jpg 1024w, https:\/\/www.flieg.fr\/wordpress\/wp-content\/uploads\/2012\/05\/P5090299-624x468.jpg 624w, https:\/\/www.flieg.fr\/wordpress\/wp-content\/uploads\/2012\/05\/P5090299.jpg 2048w\" sizes=\"auto, (max-width: 300px) 100vw, 300px\" \/><\/a><p id=\"caption-attachment-800\" class=\"wp-caption-text\">les toits du monast\u00e8re de Roncevaux<\/p><\/div>\n<p>Enfin,&nbsp;\u00e0 15h30 nous voyons appara\u00eetre les toits de l&rsquo;abbaye de Roncevaux.<\/p>\n<div id=\"attachment_801\" style=\"width: 310px\" class=\"wp-caption alignnone\"><a href=\"http:\/\/flieg.fr\/wordpress\/wp-content\/uploads\/2012\/05\/P5090302.jpg\"><img loading=\"lazy\" decoding=\"async\" aria-describedby=\"caption-attachment-801\" class=\"size-medium wp-image-801\" title=\"OLYMPUS DIGITAL CAMERA\" src=\"http:\/\/flieg.fr\/wordpress\/wp-content\/uploads\/2012\/05\/P5090302-300x225.jpg\" alt=\"\" width=\"300\" height=\"225\" srcset=\"https:\/\/www.flieg.fr\/wordpress\/wp-content\/uploads\/2012\/05\/P5090302-300x225.jpg 300w, https:\/\/www.flieg.fr\/wordpress\/wp-content\/uploads\/2012\/05\/P5090302-1024x768.jpg 1024w, https:\/\/www.flieg.fr\/wordpress\/wp-content\/uploads\/2012\/05\/P5090302-624x468.jpg 624w, https:\/\/www.flieg.fr\/wordpress\/wp-content\/uploads\/2012\/05\/P5090302.jpg 2048w\" sizes=\"auto, (max-width: 300px) 100vw, 300px\" \/><\/a><p id=\"caption-attachment-801\" class=\"wp-caption-text\">rafraichissement des pieds apr\u00e8s la descente<\/p><\/div>\n<p>A la Posada, nous trouvons une belle chambre au calme.<\/p>\n<p>En nous promenant&nbsp;\u00e0 Roncevaux (quelques b\u00e2timents autour de la coll\u00e9giale), nous entrons dans la cour de l&rsquo;albergue de Roncesvales. C&rsquo;est une vraie cour des miracles. Il y a des p\u00e8lerins qui se soignent les pieds, d&rsquo;autres qui se massent mutuellement, d&rsquo;autres qui font des \u00e9tirements, d&rsquo;autres encore mettent leurs affaires&nbsp;\u00e0 s\u00e9cher&nbsp;\u00e0 la fen\u00eatre. Car ici, c&rsquo;est un peu le g\u00eete communal en grand. L&rsquo;\u00e9tablissement permet de loger 200 p\u00e8lerins en chambres partag\u00e9es. A 20h nous sommes all\u00e9s&nbsp;\u00e0 la messe en la coll\u00e9giale de Roncevaux. Il y avait foule. Les p\u00e8lerins composaient la grande masse des participants. Mais surprise: tr\u00e8s peu de fran\u00e7ais, beaucoup d&rsquo;espagnols et des nationalit\u00e9s de toutes sortes. La messe a \u00e9t\u00e9 exp\u00e9di\u00e9e en 45 mn malgr\u00e9 les nombreux passages r\u00e9p\u00e9t\u00e9s en plusieurs langues et y compris la b\u00e9n\u00e9diction finale des p\u00e8lerins. Nos cr\u00e9anciales ont b\u00e9n\u00e9fici\u00e9 de l&rsquo;apposition d&rsquo;un cachet deux fois plus imposant que d&rsquo;habitude.&nbsp;<\/p>\n<div id=\"attachment_805\" style=\"width: 235px\" class=\"wp-caption alignnone\"><a href=\"http:\/\/flieg.fr\/wordpress\/wp-content\/uploads\/2012\/05\/P5100314.jpg\"><img loading=\"lazy\" decoding=\"async\" aria-describedby=\"caption-attachment-805\" class=\"size-medium wp-image-805\" title=\"OLYMPUS DIGITAL CAMERA\" src=\"http:\/\/flieg.fr\/wordpress\/wp-content\/uploads\/2012\/05\/P5100314-225x300.jpg\" alt=\"\" width=\"225\" height=\"300\" srcset=\"https:\/\/www.flieg.fr\/wordpress\/wp-content\/uploads\/2012\/05\/P5100314-225x300.jpg 225w, https:\/\/www.flieg.fr\/wordpress\/wp-content\/uploads\/2012\/05\/P5100314-768x1024.jpg 768w, https:\/\/www.flieg.fr\/wordpress\/wp-content\/uploads\/2012\/05\/P5100314-624x832.jpg 624w, https:\/\/www.flieg.fr\/wordpress\/wp-content\/uploads\/2012\/05\/P5100314.jpg 1536w\" sizes=\"auto, (max-width: 225px) 100vw, 225px\" \/><\/a><p id=\"caption-attachment-805\" class=\"wp-caption-text\">la Posada<\/p><\/div>\n<p>Au repas du soir, dans notre tranquille Posada, Michelle a command\u00e9 une truite. Et elle a eu : une truite au jambon! Une truite recouverte de deux tranches de jambon fum\u00e9 et grill\u00e9 pour tout accompagnement. Bon, on commence \u00e0 d\u00e9couvrir des habitudes alimentaires diff\u00e9rentes.<\/p>\n<p>NB: le blog va \u00eatre un peu moins lisible d\u00e9sormais, car avec un clavier QWERTY la plupart des accentuations fran\u00e7aises est impossible a faire. Par ailleurs, pour charger les photos, il faut une connexion a haut d\u00e9bit, ce qui n&rsquo;est pas toujours le cas. On rattrapera si possible sur les jours pr\u00e9c\u00e9dents. D\u00e9sol\u00e9.<\/p>\n<p>&nbsp;<\/p>\n","protected":false},"excerpt":{"rendered":"<p>Superbe lever de soleil sur les Pyr\u00e9n\u00e9es. Cela nous rassure car nous passerons par beau temps. La grimpette est imm\u00e9diate: 3 tours Eiffel \u00e0 monter. Au fur et&nbsp;\u00e0 mesure de la mont\u00e9e, nous commencons&nbsp;\u00e0 voir St Jean Pied de Port en bas dans la plaine. Il y a beaucoup de p\u00e8lerins qui sont sur la [&hellip;]<\/p>\n","protected":false},"author":3,"featured_media":0,"parent":0,"menu_order":0,"comment_status":"open","ping_status":"open","template":"","meta":{"footnotes":""},"class_list":["post-774","page","type-page","status-publish","hentry"],"_links":{"self":[{"href":"https:\/\/www.flieg.fr\/index.php?rest_route=\/wp\/v2\/pages\/774","targetHints":{"allow":["GET"]}}],"collection":[{"href":"https:\/\/www.flieg.fr\/index.php?rest_route=\/wp\/v2\/pages"}],"about":[{"href":"https:\/\/www.flieg.fr\/index.php?rest_route=\/wp\/v2\/types\/page"}],"author":[{"embeddable":true,"href":"https:\/\/www.flieg.fr\/index.php?rest_route=\/wp\/v2\/users\/3"}],"replies":[{"embeddable":true,"href":"https:\/\/www.flieg.fr\/index.php?rest_route=%2Fwp%2Fv2%2Fcomments&post=774"}],"version-history":[{"count":10,"href":"https:\/\/www.flieg.fr\/index.php?rest_route=\/wp\/v2\/pages\/774\/revisions"}],"predecessor-version":[{"id":2431,"href":"https:\/\/www.flieg.fr\/index.php?rest_route=\/wp\/v2\/pages\/774\/revisions\/2431"}],"wp:attachment":[{"href":"https:\/\/www.flieg.fr\/index.php?rest_route=%2Fwp%2Fv2%2Fmedia&parent=774"}],"curies":[{"name":"wp","href":"https:\/\/api.w.org\/{rel}","templated":true}]}}