{"id":712,"date":"2012-05-04T15:56:08","date_gmt":"2012-05-04T14:56:08","guid":{"rendered":"http:\/\/flieg.fr\/?page_id=712"},"modified":"2023-03-21T11:00:17","modified_gmt":"2023-03-21T10:00:17","slug":"jour-39-etape-35-de-navarrenx-a-charritte-de-bas-18-km-samedi-5-mai","status":"publish","type":"page","link":"https:\/\/www.flieg.fr\/?page_id=712","title":{"rendered":"jour 39 \u00e9tape 35 : de Navarrenx \u00e0 Charritte de Bas : 18 km samedi 5 mai"},"content":{"rendered":"<p>Samedi 5 mai 2012<\/p>\n<p>Ce matin, l&rsquo;ambiance est couleur triste autour de la table du petit d\u00e9jeuner. Nos cinq \u00ab\u00a0co-gitants\u00a0\u00bb n&rsquo;ont pas le moral. C&rsquo;est la fin de leur chemin de Compostelle 2012. Lundi c&rsquo;est la reprise du travail.<\/p>\n<p>Quant \u00e0 nous, c&rsquo;est pour une courte \u00e9tape que nous repartons sous le soleil. Nous faisons nos emplettes du matin, car il n&rsquo;y aura plus aucune autre possibilit\u00e9 sur la route aujourd&rsquo;hui.<\/p>\n<div id=\"attachment_721\" style=\"width: 310px\" class=\"wp-caption alignnone\"><a href=\"http:\/\/flieg.fr\/wordpress\/wp-content\/uploads\/2012\/05\/P5040098.jpg\"><img loading=\"lazy\" decoding=\"async\" aria-describedby=\"caption-attachment-721\" class=\"size-medium wp-image-721\" title=\"OLYMPUS DIGITAL CAMERA\" src=\"http:\/\/flieg.fr\/wordpress\/wp-content\/uploads\/2012\/05\/P5040098-300x225.jpg\" alt=\"\" width=\"300\" height=\"225\" srcset=\"https:\/\/www.flieg.fr\/wordpress\/wp-content\/uploads\/2012\/05\/P5040098-300x225.jpg 300w, https:\/\/www.flieg.fr\/wordpress\/wp-content\/uploads\/2012\/05\/P5040098-1024x768.jpg 1024w, https:\/\/www.flieg.fr\/wordpress\/wp-content\/uploads\/2012\/05\/P5040098-624x468.jpg 624w, https:\/\/www.flieg.fr\/wordpress\/wp-content\/uploads\/2012\/05\/P5040098.jpg 2048w\" sizes=\"auto, (max-width: 300px) 100vw, 300px\" \/><\/a><p id=\"caption-attachment-721\" class=\"wp-caption-text\">la porte Saint-Antoine qui donne vers l'Espagne (Navarrenx)<\/p><\/div>\n<div id=\"attachment_722\" style=\"width: 310px\" class=\"wp-caption alignnone\"><a href=\"http:\/\/flieg.fr\/wordpress\/wp-content\/uploads\/2012\/05\/P5050105.jpg\"><img loading=\"lazy\" decoding=\"async\" aria-describedby=\"caption-attachment-722\" class=\"size-medium wp-image-722\" title=\"OLYMPUS DIGITAL CAMERA\" src=\"http:\/\/flieg.fr\/wordpress\/wp-content\/uploads\/2012\/05\/P5050105-300x225.jpg\" alt=\"\" width=\"300\" height=\"225\" srcset=\"https:\/\/www.flieg.fr\/wordpress\/wp-content\/uploads\/2012\/05\/P5050105-300x225.jpg 300w, https:\/\/www.flieg.fr\/wordpress\/wp-content\/uploads\/2012\/05\/P5050105-1024x768.jpg 1024w, https:\/\/www.flieg.fr\/wordpress\/wp-content\/uploads\/2012\/05\/P5050105-624x468.jpg 624w, https:\/\/www.flieg.fr\/wordpress\/wp-content\/uploads\/2012\/05\/P5050105.jpg 2048w\" sizes=\"auto, (max-width: 300px) 100vw, 300px\" \/><\/a><p id=\"caption-attachment-722\" class=\"wp-caption-text\">le pont sur le Gave d'Oloron<\/p><\/div>\n<p>Nous sortons de la ville fortifi\u00e9e par la porte Saint-Antoine et nous traversons le Gave d&rsquo;Oloron par l&rsquo;unique pont s\u00e9culaire.<\/p>\n<div id=\"attachment_723\" style=\"width: 310px\" class=\"wp-caption alignnone\"><a href=\"http:\/\/flieg.fr\/wordpress\/wp-content\/uploads\/2012\/05\/P5050107.jpg\"><img loading=\"lazy\" decoding=\"async\" aria-describedby=\"caption-attachment-723\" class=\"size-medium wp-image-723\" title=\"OLYMPUS DIGITAL CAMERA\" src=\"http:\/\/flieg.fr\/wordpress\/wp-content\/uploads\/2012\/05\/P5050107-300x225.jpg\" alt=\"\" width=\"300\" height=\"225\" srcset=\"https:\/\/www.flieg.fr\/wordpress\/wp-content\/uploads\/2012\/05\/P5050107-300x225.jpg 300w, https:\/\/www.flieg.fr\/wordpress\/wp-content\/uploads\/2012\/05\/P5050107-1024x768.jpg 1024w, https:\/\/www.flieg.fr\/wordpress\/wp-content\/uploads\/2012\/05\/P5050107-624x468.jpg 624w, https:\/\/www.flieg.fr\/wordpress\/wp-content\/uploads\/2012\/05\/P5050107.jpg 2048w\" sizes=\"auto, (max-width: 300px) 100vw, 300px\" \/><\/a><p id=\"caption-attachment-723\" class=\"wp-caption-text\">sous les frondaisons ensoleill\u00e9es<\/p><\/div>\n<p>Bient\u00f4t nous marchons seuls sur un chemin forestier ensoleill\u00e9. Le soleil a assech\u00e9 les orni\u00e8res.<\/p>\n<div id=\"attachment_724\" style=\"width: 310px\" class=\"wp-caption alignnone\"><a href=\"http:\/\/flieg.fr\/wordpress\/wp-content\/uploads\/2012\/05\/P5050108.jpg\"><img loading=\"lazy\" decoding=\"async\" aria-describedby=\"caption-attachment-724\" class=\"size-medium wp-image-724\" title=\"OLYMPUS DIGITAL CAMERA\" src=\"http:\/\/flieg.fr\/wordpress\/wp-content\/uploads\/2012\/05\/P5050108-300x225.jpg\" alt=\"\" width=\"300\" height=\"225\" srcset=\"https:\/\/www.flieg.fr\/wordpress\/wp-content\/uploads\/2012\/05\/P5050108-300x225.jpg 300w, https:\/\/www.flieg.fr\/wordpress\/wp-content\/uploads\/2012\/05\/P5050108-1024x768.jpg 1024w, https:\/\/www.flieg.fr\/wordpress\/wp-content\/uploads\/2012\/05\/P5050108-624x468.jpg 624w, https:\/\/www.flieg.fr\/wordpress\/wp-content\/uploads\/2012\/05\/P5050108.jpg 2048w\" sizes=\"auto, (max-width: 300px) 100vw, 300px\" \/><\/a><p id=\"caption-attachment-724\" class=\"wp-caption-text\">des images de cartes postales plein les yeux<\/p><\/div>\n<p>Nous jouissons des belles couleurs des pr\u00e9s et des champs.<\/p>\n<p>&nbsp;<\/p>\n<div id=\"attachment_727\" style=\"width: 310px\" class=\"wp-caption alignnone\"><a href=\"http:\/\/flieg.fr\/wordpress\/wp-content\/uploads\/2012\/05\/P5050109.jpg\"><img loading=\"lazy\" decoding=\"async\" aria-describedby=\"caption-attachment-727\" class=\"size-medium wp-image-727\" title=\"OLYMPUS DIGITAL CAMERA\" src=\"http:\/\/flieg.fr\/wordpress\/wp-content\/uploads\/2012\/05\/P5050109-300x225.jpg\" alt=\"\" width=\"300\" height=\"225\" srcset=\"https:\/\/www.flieg.fr\/wordpress\/wp-content\/uploads\/2012\/05\/P5050109-300x225.jpg 300w, https:\/\/www.flieg.fr\/wordpress\/wp-content\/uploads\/2012\/05\/P5050109-1024x768.jpg 1024w, https:\/\/www.flieg.fr\/wordpress\/wp-content\/uploads\/2012\/05\/P5050109-624x468.jpg 624w, https:\/\/www.flieg.fr\/wordpress\/wp-content\/uploads\/2012\/05\/P5050109.jpg 2048w\" sizes=\"auto, (max-width: 300px) 100vw, 300px\" \/><\/a><p id=\"caption-attachment-727\" class=\"wp-caption-text\">dans les pr\u00e9s<\/p><\/div>\n<p><a href=\"http:\/\/flieg.fr\/wordpress\/wp-content\/uploads\/2012\/05\/P5050111.jpg\"><img loading=\"lazy\" decoding=\"async\" class=\"alignnone size-medium wp-image-728\" title=\"OLYMPUS DIGITAL CAMERA\" src=\"http:\/\/flieg.fr\/wordpress\/wp-content\/uploads\/2012\/05\/P5050111-300x225.jpg\" alt=\"\" width=\"300\" height=\"225\" srcset=\"https:\/\/www.flieg.fr\/wordpress\/wp-content\/uploads\/2012\/05\/P5050111-300x225.jpg 300w, https:\/\/www.flieg.fr\/wordpress\/wp-content\/uploads\/2012\/05\/P5050111-1024x768.jpg 1024w, https:\/\/www.flieg.fr\/wordpress\/wp-content\/uploads\/2012\/05\/P5050111-624x468.jpg 624w, https:\/\/www.flieg.fr\/wordpress\/wp-content\/uploads\/2012\/05\/P5050111.jpg 2048w\" sizes=\"auto, (max-width: 300px) 100vw, 300px\" \/><\/a>Dans le pr\u00e9 de droite (pourquoi pas dans celui de gauche ?), dans l&rsquo;herbe, nous voyons une multitude d&rsquo;effloraisons qui ont la forme et la couleur des framboises.<\/p>\n<div id=\"attachment_729\" style=\"width: 310px\" class=\"wp-caption alignnone\"><a href=\"http:\/\/flieg.fr\/wordpress\/wp-content\/uploads\/2012\/05\/P5050113.jpg\"><img loading=\"lazy\" decoding=\"async\" aria-describedby=\"caption-attachment-729\" class=\"size-medium wp-image-729\" title=\"OLYMPUS DIGITAL CAMERA\" src=\"http:\/\/flieg.fr\/wordpress\/wp-content\/uploads\/2012\/05\/P5050113-300x225.jpg\" alt=\"\" width=\"300\" height=\"225\" srcset=\"https:\/\/www.flieg.fr\/wordpress\/wp-content\/uploads\/2012\/05\/P5050113-300x225.jpg 300w, https:\/\/www.flieg.fr\/wordpress\/wp-content\/uploads\/2012\/05\/P5050113-1024x768.jpg 1024w, https:\/\/www.flieg.fr\/wordpress\/wp-content\/uploads\/2012\/05\/P5050113-624x468.jpg 624w, https:\/\/www.flieg.fr\/wordpress\/wp-content\/uploads\/2012\/05\/P5050113.jpg 2048w\" sizes=\"auto, (max-width: 300px) 100vw, 300px\" \/><\/a><p id=\"caption-attachment-729\" class=\"wp-caption-text\">en allant de Navarre vers le pays basque<\/p><\/div>\n<p>Le relief devient maintenant de plus en plus vallonn\u00e9.<\/p>\n<p>Nous arrivons au village de Charre ( \u00e0 b\u0153ufs ?). Sans jeu de mot, ce doit \u00eatre le cas: notre topoguide nous pr\u00e9cise en effet que nous devons traverser la d\u00e9partementale en empruntant le boviduc!<\/p>\n<div id=\"attachment_730\" style=\"width: 310px\" class=\"wp-caption alignnone\"><a href=\"http:\/\/flieg.fr\/wordpress\/wp-content\/uploads\/2012\/05\/P5050114.jpg\"><img loading=\"lazy\" decoding=\"async\" aria-describedby=\"caption-attachment-730\" class=\"size-medium wp-image-730\" title=\"OLYMPUS DIGITAL CAMERA\" src=\"http:\/\/flieg.fr\/wordpress\/wp-content\/uploads\/2012\/05\/P5050114-300x225.jpg\" alt=\"\" width=\"300\" height=\"225\" srcset=\"https:\/\/www.flieg.fr\/wordpress\/wp-content\/uploads\/2012\/05\/P5050114-300x225.jpg 300w, https:\/\/www.flieg.fr\/wordpress\/wp-content\/uploads\/2012\/05\/P5050114-1024x768.jpg 1024w, https:\/\/www.flieg.fr\/wordpress\/wp-content\/uploads\/2012\/05\/P5050114-624x468.jpg 624w, https:\/\/www.flieg.fr\/wordpress\/wp-content\/uploads\/2012\/05\/P5050114.jpg 2048w\" sizes=\"auto, (max-width: 300px) 100vw, 300px\" \/><\/a><p id=\"caption-attachment-730\" class=\"wp-caption-text\">boviduc : couloir destin\u00e9 \u00e0 conduire les boeufs d'un endroit \u00e0 un autre<\/p><\/div>\n<p>C&rsquo;est vache de demander \u00e0 des p\u00e8lerins de se comporter comme des boeufs. N\u00e9anmoins, nous nous plions a cette exigence, et passons la t\u00eate haute. Mais nous faisons moins les fiers quand nous voyons les gros nuages noirs qui viennent a notre rencontre de l&rsquo;autre c\u00f4t\u00e9.<\/p>\n<div id=\"attachment_731\" style=\"width: 310px\" class=\"wp-caption alignnone\"><a href=\"http:\/\/flieg.fr\/wordpress\/wp-content\/uploads\/2012\/05\/P5050115.jpg\"><img loading=\"lazy\" decoding=\"async\" aria-describedby=\"caption-attachment-731\" class=\"size-medium wp-image-731\" title=\"OLYMPUS DIGITAL CAMERA\" src=\"http:\/\/flieg.fr\/wordpress\/wp-content\/uploads\/2012\/05\/P5050115-300x225.jpg\" alt=\"\" width=\"300\" height=\"225\" srcset=\"https:\/\/www.flieg.fr\/wordpress\/wp-content\/uploads\/2012\/05\/P5050115-300x225.jpg 300w, https:\/\/www.flieg.fr\/wordpress\/wp-content\/uploads\/2012\/05\/P5050115-1024x768.jpg 1024w, https:\/\/www.flieg.fr\/wordpress\/wp-content\/uploads\/2012\/05\/P5050115-624x468.jpg 624w, https:\/\/www.flieg.fr\/wordpress\/wp-content\/uploads\/2012\/05\/P5050115.jpg 2048w\" sizes=\"auto, (max-width: 300px) 100vw, 300px\" \/><\/a><p id=\"caption-attachment-731\" class=\"wp-caption-text\">chapelle de Saint-Grat \u00e9v\u00eaque d'Oloron<\/p><\/div>\n<p>Nous nous r\u00e9fugions dans une petite chapelle qui s&rsquo;av\u00e8re \u00eatre celle de Saint Grat.<\/p>\n<div id=\"attachment_733\" style=\"width: 235px\" class=\"wp-caption alignnone\"><a href=\"http:\/\/flieg.fr\/wordpress\/wp-content\/uploads\/2012\/05\/P5050116.jpg\"><img loading=\"lazy\" decoding=\"async\" aria-describedby=\"caption-attachment-733\" class=\"size-medium wp-image-733\" title=\"OLYMPUS DIGITAL CAMERA\" src=\"http:\/\/flieg.fr\/wordpress\/wp-content\/uploads\/2012\/05\/P5050116-225x300.jpg\" alt=\"\" width=\"225\" height=\"300\" srcset=\"https:\/\/www.flieg.fr\/wordpress\/wp-content\/uploads\/2012\/05\/P5050116-225x300.jpg 225w, https:\/\/www.flieg.fr\/wordpress\/wp-content\/uploads\/2012\/05\/P5050116-768x1024.jpg 768w, https:\/\/www.flieg.fr\/wordpress\/wp-content\/uploads\/2012\/05\/P5050116-624x832.jpg 624w, https:\/\/www.flieg.fr\/wordpress\/wp-content\/uploads\/2012\/05\/P5050116.jpg 1536w\" sizes=\"auto, (max-width: 225px) 100vw, 225px\" \/><\/a><p id=\"caption-attachment-733\" class=\"wp-caption-text\">les beaux restes de Saint Grat<\/p><\/div>\n<p>Pour nous avoir \u00e9pargn\u00e9 l&rsquo;averse nous lui t\u00e9moignons une immense grat-itude (c&rsquo;est bien le moins).<\/p>\n<p>Enfin nous arrivons \u00e0 la maison Torttua qui sera notre g\u00eete du soir. Nous avons vue sur les Pyr\u00e9n\u00e9es depuis notre chambre.<\/p>\n<div id=\"attachment_734\" style=\"width: 310px\" class=\"wp-caption alignnone\"><a href=\"http:\/\/flieg.fr\/wordpress\/wp-content\/uploads\/2012\/05\/P5050119.jpg\"><img loading=\"lazy\" decoding=\"async\" aria-describedby=\"caption-attachment-734\" class=\"size-medium wp-image-734\" title=\"OLYMPUS DIGITAL CAMERA\" src=\"http:\/\/flieg.fr\/wordpress\/wp-content\/uploads\/2012\/05\/P5050119-300x225.jpg\" alt=\"\" width=\"300\" height=\"225\" srcset=\"https:\/\/www.flieg.fr\/wordpress\/wp-content\/uploads\/2012\/05\/P5050119-300x225.jpg 300w, https:\/\/www.flieg.fr\/wordpress\/wp-content\/uploads\/2012\/05\/P5050119-1024x768.jpg 1024w, https:\/\/www.flieg.fr\/wordpress\/wp-content\/uploads\/2012\/05\/P5050119-624x468.jpg 624w, https:\/\/www.flieg.fr\/wordpress\/wp-content\/uploads\/2012\/05\/P5050119.jpg 2048w\" sizes=\"auto, (max-width: 300px) 100vw, 300px\" \/><\/a><p id=\"caption-attachment-734\" class=\"wp-caption-text\">vue par la fen\u00eatre de la maison Torttua<\/p><\/div>\n<p>Nous venons d&rsquo;entrer au pays basque au terme de 685 km depuis le Puy en Velay.<\/p>\n<p>&nbsp;<\/p>\n","protected":false},"excerpt":{"rendered":"<p>Samedi 5 mai 2012 Ce matin, l&rsquo;ambiance est couleur triste autour de la table du petit d\u00e9jeuner. Nos cinq \u00ab\u00a0co-gitants\u00a0\u00bb n&rsquo;ont pas le moral. C&rsquo;est la fin de leur chemin de Compostelle 2012. Lundi c&rsquo;est la reprise du travail. Quant \u00e0 nous, c&rsquo;est pour une courte \u00e9tape que nous repartons sous le soleil. Nous faisons [&hellip;]<\/p>\n","protected":false},"author":3,"featured_media":0,"parent":0,"menu_order":0,"comment_status":"open","ping_status":"open","template":"","meta":{"footnotes":""},"class_list":["post-712","page","type-page","status-publish","hentry"],"_links":{"self":[{"href":"https:\/\/www.flieg.fr\/index.php?rest_route=\/wp\/v2\/pages\/712","targetHints":{"allow":["GET"]}}],"collection":[{"href":"https:\/\/www.flieg.fr\/index.php?rest_route=\/wp\/v2\/pages"}],"about":[{"href":"https:\/\/www.flieg.fr\/index.php?rest_route=\/wp\/v2\/types\/page"}],"author":[{"embeddable":true,"href":"https:\/\/www.flieg.fr\/index.php?rest_route=\/wp\/v2\/users\/3"}],"replies":[{"embeddable":true,"href":"https:\/\/www.flieg.fr\/index.php?rest_route=%2Fwp%2Fv2%2Fcomments&post=712"}],"version-history":[{"count":8,"href":"https:\/\/www.flieg.fr\/index.php?rest_route=\/wp\/v2\/pages\/712\/revisions"}],"predecessor-version":[{"id":2425,"href":"https:\/\/www.flieg.fr\/index.php?rest_route=\/wp\/v2\/pages\/712\/revisions\/2425"}],"wp:attachment":[{"href":"https:\/\/www.flieg.fr\/index.php?rest_route=%2Fwp%2Fv2%2Fmedia&parent=712"}],"curies":[{"name":"wp","href":"https:\/\/api.w.org\/{rel}","templated":true}]}}