{"id":705,"date":"2012-05-04T15:48:30","date_gmt":"2012-05-04T14:48:30","guid":{"rendered":"http:\/\/flieg.fr\/?page_id=705"},"modified":"2023-03-21T10:59:42","modified_gmt":"2023-03-21T09:59:42","slug":"jour-38-etape-34-de-maslacq-a-navarrenx-22-km-vendredi-4-mai","status":"publish","type":"page","link":"https:\/\/www.flieg.fr\/?page_id=705","title":{"rendered":"jour 38 \u00e9tape 34 : de Maslacq \u00e0 Navarrenx : 22 km :  vendredi 4 mai"},"content":{"rendered":"<p>Vendredi 4 mai 2012<\/p>\n<p>Une pluie diluvienne nous r\u00e9veille \u00e0 2 heures du matin et nous inqui\u00e8te. Mais au matin, il ne reste que des nuages bas.<\/p>\n<div id=\"attachment_708\" style=\"width: 310px\" class=\"wp-caption alignnone\"><a href=\"http:\/\/flieg.fr\/wordpress\/wp-content\/uploads\/2012\/05\/P5040084.jpg\"><img loading=\"lazy\" decoding=\"async\" aria-describedby=\"caption-attachment-708\" class=\"size-medium wp-image-708\" title=\"OLYMPUS DIGITAL CAMERA\" src=\"http:\/\/flieg.fr\/wordpress\/wp-content\/uploads\/2012\/05\/P5040084-300x225.jpg\" alt=\"\" width=\"300\" height=\"225\" srcset=\"https:\/\/www.flieg.fr\/wordpress\/wp-content\/uploads\/2012\/05\/P5040084-300x225.jpg 300w, https:\/\/www.flieg.fr\/wordpress\/wp-content\/uploads\/2012\/05\/P5040084-1024x768.jpg 1024w, https:\/\/www.flieg.fr\/wordpress\/wp-content\/uploads\/2012\/05\/P5040084-624x468.jpg 624w, https:\/\/www.flieg.fr\/wordpress\/wp-content\/uploads\/2012\/05\/P5040084.jpg 2048w\" sizes=\"auto, (max-width: 300px) 100vw, 300px\" \/><\/a><p id=\"caption-attachment-708\" class=\"wp-caption-text\">\u00e9glise St Jacques le Majeur de Sauvelade (une de plus trouv\u00e9e ferm\u00e9e!)<\/p><\/div>\n<div id=\"attachment_710\" style=\"width: 310px\" class=\"wp-caption alignnone\"><a href=\"http:\/\/flieg.fr\/wordpress\/wp-content\/uploads\/2012\/05\/P5010026.jpg\"><img loading=\"lazy\" decoding=\"async\" aria-describedby=\"caption-attachment-710\" class=\"size-medium wp-image-710\" title=\"OLYMPUS DIGITAL CAMERA\" src=\"http:\/\/flieg.fr\/wordpress\/wp-content\/uploads\/2012\/05\/P5010026-300x225.jpg\" alt=\"\" width=\"300\" height=\"225\" srcset=\"https:\/\/www.flieg.fr\/wordpress\/wp-content\/uploads\/2012\/05\/P5010026-300x225.jpg 300w, https:\/\/www.flieg.fr\/wordpress\/wp-content\/uploads\/2012\/05\/P5010026-1024x768.jpg 1024w, https:\/\/www.flieg.fr\/wordpress\/wp-content\/uploads\/2012\/05\/P5010026-624x468.jpg 624w, https:\/\/www.flieg.fr\/wordpress\/wp-content\/uploads\/2012\/05\/P5010026.jpg 2048w\" sizes=\"auto, (max-width: 300px) 100vw, 300px\" \/><\/a><p id=\"caption-attachment-710\" class=\"wp-caption-text\">quand on est un couple d'hirondelles, qu'avons-nous \u00e0 faire des d\u00e9nivel\u00e9s?<\/p><\/div>\n<p>Nous avons de forts d\u00e9nivel\u00e9s (4 de 150m).<\/p>\n<div id=\"attachment_709\" style=\"width: 310px\" class=\"wp-caption alignnone\"><a href=\"http:\/\/flieg.fr\/wordpress\/wp-content\/uploads\/2012\/05\/P5030076.jpg\"><img loading=\"lazy\" decoding=\"async\" aria-describedby=\"caption-attachment-709\" class=\"size-medium wp-image-709\" title=\"OLYMPUS DIGITAL CAMERA\" src=\"http:\/\/flieg.fr\/wordpress\/wp-content\/uploads\/2012\/05\/P5030076-300x225.jpg\" alt=\"\" width=\"300\" height=\"225\" srcset=\"https:\/\/www.flieg.fr\/wordpress\/wp-content\/uploads\/2012\/05\/P5030076-300x225.jpg 300w, https:\/\/www.flieg.fr\/wordpress\/wp-content\/uploads\/2012\/05\/P5030076-1024x768.jpg 1024w, https:\/\/www.flieg.fr\/wordpress\/wp-content\/uploads\/2012\/05\/P5030076-624x468.jpg 624w, https:\/\/www.flieg.fr\/wordpress\/wp-content\/uploads\/2012\/05\/P5030076.jpg 2048w\" sizes=\"auto, (max-width: 300px) 100vw, 300px\" \/><\/a><p id=\"caption-attachment-709\" class=\"wp-caption-text\">quand c'est dit avec des fleurs<\/p><\/div>\n<p>Mais \u00e7a va.<\/p>\n<div id=\"attachment_706\" style=\"width: 310px\" class=\"wp-caption alignnone\"><a href=\"http:\/\/flieg.fr\/wordpress\/wp-content\/uploads\/2012\/05\/P5040087.jpg\"><img loading=\"lazy\" decoding=\"async\" aria-describedby=\"caption-attachment-706\" class=\"size-medium wp-image-706\" title=\"OLYMPUS DIGITAL CAMERA\" src=\"http:\/\/flieg.fr\/wordpress\/wp-content\/uploads\/2012\/05\/P5040087-300x225.jpg\" alt=\"\" width=\"300\" height=\"225\" srcset=\"https:\/\/www.flieg.fr\/wordpress\/wp-content\/uploads\/2012\/05\/P5040087-300x225.jpg 300w, https:\/\/www.flieg.fr\/wordpress\/wp-content\/uploads\/2012\/05\/P5040087-1024x768.jpg 1024w, https:\/\/www.flieg.fr\/wordpress\/wp-content\/uploads\/2012\/05\/P5040087-624x468.jpg 624w, https:\/\/www.flieg.fr\/wordpress\/wp-content\/uploads\/2012\/05\/P5040087.jpg 2048w\" sizes=\"auto, (max-width: 300px) 100vw, 300px\" \/><\/a><p id=\"caption-attachment-706\" class=\"wp-caption-text\">les Pyr\u00e9n\u00e9es prennent chaque jour de la hauteur<\/p><\/div>\n<p>Les Pyr\u00e9n\u00e9es montent chaque jour un peu plus \u00e0 l&rsquo;horizon.&nbsp;Nous estimons qu&rsquo;elles ne sont enneig\u00e9es qu&rsquo;au dessus de 1500m, ce qui serait de bon augure pour nous qui devons passer \u00e0 1400m environ.<\/p>\n<p>Nous arrivons \u00e0 Navarrenx (en Navarre) d\u00e8s 15h et filons au cybercaf\u00e9 (d&rsquo;o\u00f9 une mise \u00e0 jour de rattrapage du blog).<\/p>\n<p>Nous sommes un peu emb\u00eat\u00e9s, car nous n&rsquo;avons pas encore trouve comment repondre aux commentaires du blog et on voudrait bien (on ne ma\u00eetrise pas a 100 pour 100). Vos remarques sont trop dr\u00f4les. Merci pour ces petits clins d&rsquo;oeil. On en rigole bien.<\/p>\n<p>Alors ce soir, gite superbe.<\/p>\n<div id=\"attachment_716\" style=\"width: 310px\" class=\"wp-caption alignnone\"><a href=\"http:\/\/flieg.fr\/wordpress\/wp-content\/uploads\/2012\/05\/P5040092.jpg\"><img loading=\"lazy\" decoding=\"async\" aria-describedby=\"caption-attachment-716\" class=\"size-medium wp-image-716\" title=\"OLYMPUS DIGITAL CAMERA\" src=\"http:\/\/flieg.fr\/wordpress\/wp-content\/uploads\/2012\/05\/P5040092-300x225.jpg\" alt=\"\" width=\"300\" height=\"225\" srcset=\"https:\/\/www.flieg.fr\/wordpress\/wp-content\/uploads\/2012\/05\/P5040092-300x225.jpg 300w, https:\/\/www.flieg.fr\/wordpress\/wp-content\/uploads\/2012\/05\/P5040092-1024x768.jpg 1024w, https:\/\/www.flieg.fr\/wordpress\/wp-content\/uploads\/2012\/05\/P5040092-624x468.jpg 624w, https:\/\/www.flieg.fr\/wordpress\/wp-content\/uploads\/2012\/05\/P5040092.jpg 2048w\" sizes=\"auto, (max-width: 300px) 100vw, 300px\" \/><\/a><p id=\"caption-attachment-716\" class=\"wp-caption-text\">g\u00eete d'\u00e9tape Charbel \u00e0 Navarrenx<\/p><\/div>\n<p>&nbsp;<\/p>\n<div id=\"attachment_717\" style=\"width: 310px\" class=\"wp-caption alignnone\"><a href=\"http:\/\/flieg.fr\/wordpress\/wp-content\/uploads\/2012\/05\/P5040090.jpg\"><img loading=\"lazy\" decoding=\"async\" aria-describedby=\"caption-attachment-717\" class=\"size-medium wp-image-717\" title=\"OLYMPUS DIGITAL CAMERA\" src=\"http:\/\/flieg.fr\/wordpress\/wp-content\/uploads\/2012\/05\/P5040090-300x225.jpg\" alt=\"\" width=\"300\" height=\"225\" srcset=\"https:\/\/www.flieg.fr\/wordpress\/wp-content\/uploads\/2012\/05\/P5040090-300x225.jpg 300w, https:\/\/www.flieg.fr\/wordpress\/wp-content\/uploads\/2012\/05\/P5040090-1024x768.jpg 1024w, https:\/\/www.flieg.fr\/wordpress\/wp-content\/uploads\/2012\/05\/P5040090-624x468.jpg 624w, https:\/\/www.flieg.fr\/wordpress\/wp-content\/uploads\/2012\/05\/P5040090.jpg 2048w\" sizes=\"auto, (max-width: 300px) 100vw, 300px\" \/><\/a><p id=\"caption-attachment-717\" class=\"wp-caption-text\">le parc du g\u00eete Charbel \u00e0 Navarrenx<\/p><\/div>\n<p>Un immense jardin tout en pelouse avec une mare, un petit pont&#8230;bucolique \u00e0 souhait, jusqu&rsquo;\u00e0 ce qu&rsquo;on rentre dans notre chambre. Nous nous rendons compte que nous sommes \u00e0 20 dans la chambre. Nous et &#8230;18 moustiques. On n&rsquo;a rien sans rien. Les moustiques seront cependant vite terrass\u00e9s \u00e0 coup de savate (la savate alsacienne \u00e7a ne tra\u00eene pas!).<\/p>\n<p>Ce soir, nous \u00e9tions sept a la table d&rsquo;h\u00f4te. Les cinq autres terminent ici \u00e0 Navarrenx (pour cette ann\u00e9e). Ceux qui comme nous, ont le projet de faire tout le chemin en une seule fois, sont une toute petite minorit\u00e9. Une fois de plus on a \u00e9t\u00e9 tr\u00e8s bien accueillis \u00e0 18h a l&rsquo;accueil des p\u00e8lerins organis\u00e9 a l&rsquo;\u00e9glise : bref historique de la cit\u00e9 et de l&rsquo;\u00e9glise, lecture de textes, pot de l&rsquo;amiti\u00e9 au vin du pays. On \u00e9tait une quinzaine. Par an ici : 3000 pelerins passent par l&rsquo;\u00e9glise. On estime que 10 000 pelerins passent par Navarrenx chaque ann\u00e9e.<\/p>\n<div id=\"attachment_718\" style=\"width: 310px\" class=\"wp-caption alignnone\"><a href=\"http:\/\/flieg.fr\/wordpress\/wp-content\/uploads\/2012\/05\/P5040100.jpg\"><img loading=\"lazy\" decoding=\"async\" aria-describedby=\"caption-attachment-718\" class=\"size-medium wp-image-718\" title=\"OLYMPUS DIGITAL CAMERA\" src=\"http:\/\/flieg.fr\/wordpress\/wp-content\/uploads\/2012\/05\/P5040100-300x225.jpg\" alt=\"\" width=\"300\" height=\"225\" srcset=\"https:\/\/www.flieg.fr\/wordpress\/wp-content\/uploads\/2012\/05\/P5040100-300x225.jpg 300w, https:\/\/www.flieg.fr\/wordpress\/wp-content\/uploads\/2012\/05\/P5040100-1024x768.jpg 1024w, https:\/\/www.flieg.fr\/wordpress\/wp-content\/uploads\/2012\/05\/P5040100-624x468.jpg 624w, https:\/\/www.flieg.fr\/wordpress\/wp-content\/uploads\/2012\/05\/P5040100.jpg 2048w\" sizes=\"auto, (max-width: 300px) 100vw, 300px\" \/><\/a><p id=\"caption-attachment-718\" class=\"wp-caption-text\">les canons de Navar...renx<\/p><\/div>\n","protected":false},"excerpt":{"rendered":"<p>Vendredi 4 mai 2012 Une pluie diluvienne nous r\u00e9veille \u00e0 2 heures du matin et nous inqui\u00e8te. Mais au matin, il ne reste que des nuages bas. Nous avons de forts d\u00e9nivel\u00e9s (4 de 150m). Mais \u00e7a va. Les Pyr\u00e9n\u00e9es montent chaque jour un peu plus \u00e0 l&rsquo;horizon.&nbsp;Nous estimons qu&rsquo;elles ne sont enneig\u00e9es qu&rsquo;au dessus [&hellip;]<\/p>\n","protected":false},"author":3,"featured_media":0,"parent":0,"menu_order":0,"comment_status":"open","ping_status":"open","template":"","meta":{"footnotes":""},"class_list":["post-705","page","type-page","status-publish","hentry"],"_links":{"self":[{"href":"https:\/\/www.flieg.fr\/index.php?rest_route=\/wp\/v2\/pages\/705","targetHints":{"allow":["GET"]}}],"collection":[{"href":"https:\/\/www.flieg.fr\/index.php?rest_route=\/wp\/v2\/pages"}],"about":[{"href":"https:\/\/www.flieg.fr\/index.php?rest_route=\/wp\/v2\/types\/page"}],"author":[{"embeddable":true,"href":"https:\/\/www.flieg.fr\/index.php?rest_route=\/wp\/v2\/users\/3"}],"replies":[{"embeddable":true,"href":"https:\/\/www.flieg.fr\/index.php?rest_route=%2Fwp%2Fv2%2Fcomments&post=705"}],"version-history":[{"count":6,"href":"https:\/\/www.flieg.fr\/index.php?rest_route=\/wp\/v2\/pages\/705\/revisions"}],"predecessor-version":[{"id":2424,"href":"https:\/\/www.flieg.fr\/index.php?rest_route=\/wp\/v2\/pages\/705\/revisions\/2424"}],"wp:attachment":[{"href":"https:\/\/www.flieg.fr\/index.php?rest_route=%2Fwp%2Fv2%2Fmedia&parent=705"}],"curies":[{"name":"wp","href":"https:\/\/api.w.org\/{rel}","templated":true}]}}