{"id":664,"date":"2012-05-01T15:42:27","date_gmt":"2012-05-01T14:42:27","guid":{"rendered":"http:\/\/flieg.fr\/?page_id=664"},"modified":"2023-03-21T10:57:12","modified_gmt":"2023-03-21T09:57:12","slug":"jour-35-etape-31-daire-sur-ladour-a-pimbo-24-km-le-1er-mai","status":"publish","type":"page","link":"https:\/\/www.flieg.fr\/?page_id=664","title":{"rendered":"jour 35 \u00e9tape 31 : d&rsquo;Aire sur l&rsquo;Adour \u00e0 Pimbo : 24 km  le 1er Mai"},"content":{"rendered":"<p>mardi 1er Mai 2012<\/p>\n<p>La pluie est en cong\u00e9, remplac\u00e9e par le soleil.&nbsp;Nous montons la rue vers l&rsquo;\u00e9glise Ste Quitterie. Le tympan a \u00e9t\u00e9 saccag\u00e9 \u00e0 la R\u00e9volution, mais quelques beaux modillons hors de port\u00e9e des \u00e9chelles des iconoclastes sont rest\u00e9s intacts.<\/p>\n<div id=\"attachment_678\" style=\"width: 235px\" class=\"wp-caption alignnone\"><a href=\"http:\/\/flieg.fr\/wordpress\/wp-content\/uploads\/2012\/05\/P4300014.jpg\"><img loading=\"lazy\" decoding=\"async\" aria-describedby=\"caption-attachment-678\" class=\"size-medium wp-image-678\" title=\"OLYMPUS DIGITAL CAMERA\" src=\"http:\/\/flieg.fr\/wordpress\/wp-content\/uploads\/2012\/05\/P4300014-225x300.jpg\" alt=\"\" width=\"225\" height=\"300\" srcset=\"https:\/\/www.flieg.fr\/wordpress\/wp-content\/uploads\/2012\/05\/P4300014-225x300.jpg 225w, https:\/\/www.flieg.fr\/wordpress\/wp-content\/uploads\/2012\/05\/P4300014-768x1024.jpg 768w, https:\/\/www.flieg.fr\/wordpress\/wp-content\/uploads\/2012\/05\/P4300014-624x832.jpg 624w, https:\/\/www.flieg.fr\/wordpress\/wp-content\/uploads\/2012\/05\/P4300014.jpg 1536w\" sizes=\"auto, (max-width: 225px) 100vw, 225px\" \/><\/a><p id=\"caption-attachment-678\" class=\"wp-caption-text\">la fa\u00e7ade de l'\u00e9glise Ste Quitterie<\/p><\/div>\n<div id=\"attachment_679\" style=\"width: 310px\" class=\"wp-caption alignnone\"><a href=\"http:\/\/flieg.fr\/wordpress\/wp-content\/uploads\/2012\/05\/P5010020.jpg\"><img loading=\"lazy\" decoding=\"async\" aria-describedby=\"caption-attachment-679\" class=\"size-medium wp-image-679\" title=\"OLYMPUS DIGITAL CAMERA\" src=\"http:\/\/flieg.fr\/wordpress\/wp-content\/uploads\/2012\/05\/P5010020-300x225.jpg\" alt=\"\" width=\"300\" height=\"225\" srcset=\"https:\/\/www.flieg.fr\/wordpress\/wp-content\/uploads\/2012\/05\/P5010020-300x225.jpg 300w, https:\/\/www.flieg.fr\/wordpress\/wp-content\/uploads\/2012\/05\/P5010020-1024x768.jpg 1024w, https:\/\/www.flieg.fr\/wordpress\/wp-content\/uploads\/2012\/05\/P5010020-624x468.jpg 624w, https:\/\/www.flieg.fr\/wordpress\/wp-content\/uploads\/2012\/05\/P5010020.jpg 2048w\" sizes=\"auto, (max-width: 300px) 100vw, 300px\" \/><\/a><p id=\"caption-attachment-679\" class=\"wp-caption-text\">modillons sur la fa\u00e7ade de l'\u00e9glise Sainte Quitterie<\/p><\/div>\n<p>Puis, nous quittons la ville. Notre route se faufile entre les champs de ma\u00efs.<\/p>\n<div id=\"attachment_680\" style=\"width: 310px\" class=\"wp-caption alignnone\"><a href=\"http:\/\/flieg.fr\/wordpress\/wp-content\/uploads\/2012\/05\/P5010023.jpg\"><img loading=\"lazy\" decoding=\"async\" aria-describedby=\"caption-attachment-680\" class=\"size-medium wp-image-680\" title=\"OLYMPUS DIGITAL CAMERA\" src=\"http:\/\/flieg.fr\/wordpress\/wp-content\/uploads\/2012\/05\/P5010023-300x225.jpg\" alt=\"\" width=\"300\" height=\"225\" srcset=\"https:\/\/www.flieg.fr\/wordpress\/wp-content\/uploads\/2012\/05\/P5010023-300x225.jpg 300w, https:\/\/www.flieg.fr\/wordpress\/wp-content\/uploads\/2012\/05\/P5010023-1024x768.jpg 1024w, https:\/\/www.flieg.fr\/wordpress\/wp-content\/uploads\/2012\/05\/P5010023-624x468.jpg 624w, https:\/\/www.flieg.fr\/wordpress\/wp-content\/uploads\/2012\/05\/P5010023.jpg 2048w\" sizes=\"auto, (max-width: 300px) 100vw, 300px\" \/><\/a><p id=\"caption-attachment-680\" class=\"wp-caption-text\">le ma\u00efs \u00e9mege des terres d\u00e9tremp\u00e9es<\/p><\/div>\n<p>Les pousses sont toutes petites et forment des rang\u00e9es vert p\u00e2le qui se d\u00e9tachent bien sur le brun des terres.<\/p>\n<div id=\"attachment_681\" style=\"width: 310px\" class=\"wp-caption alignnone\"><a href=\"http:\/\/flieg.fr\/wordpress\/wp-content\/uploads\/2012\/05\/P5010024.jpg\"><img loading=\"lazy\" decoding=\"async\" aria-describedby=\"caption-attachment-681\" class=\"size-medium wp-image-681\" title=\"OLYMPUS DIGITAL CAMERA\" src=\"http:\/\/flieg.fr\/wordpress\/wp-content\/uploads\/2012\/05\/P5010024-300x225.jpg\" alt=\"\" width=\"300\" height=\"225\" srcset=\"https:\/\/www.flieg.fr\/wordpress\/wp-content\/uploads\/2012\/05\/P5010024-300x225.jpg 300w, https:\/\/www.flieg.fr\/wordpress\/wp-content\/uploads\/2012\/05\/P5010024-1024x768.jpg 1024w, https:\/\/www.flieg.fr\/wordpress\/wp-content\/uploads\/2012\/05\/P5010024-624x468.jpg 624w, https:\/\/www.flieg.fr\/wordpress\/wp-content\/uploads\/2012\/05\/P5010024.jpg 2048w\" sizes=\"auto, (max-width: 300px) 100vw, 300px\" \/><\/a><p id=\"caption-attachment-681\" class=\"wp-caption-text\">borne 600 km<\/p><\/div>\n<p>Au loin, nous voyons les Pyr\u00e9n\u00e9es enneig\u00e9es. Elles ne sont plus qu&rsquo;\u00e0 150 km. Aujourd,hui nous atteignons les 600 km. Et voici que nous arrivons&nbsp;\u00e0 la ferme du Nordland pr\u00e8s de Pimbo. Nous avons une maison de vill\u00e9giature&nbsp;\u00e0 nous tout seuls. Super! Cette fois tout est \u00ab\u00a0ann\u00e9es 2012\u00a0\u00bb D\u00e9co. Literie et tout. Super.<\/p>\n<p>Le g\u00eete est qualifi\u00e9 de g\u00eete d&rsquo;\u00e9tape gourmand. Ce n&rsquo;est pas une r\u00e9putation usurp\u00e9e. Nos h\u00f4tes nous attendent pour prendre l&rsquo;ap\u00e9ritif et le repas avec nous. En entr\u00e9e, ils nous proposent des cous de canard farcis; suit une excellente pot\u00e9e de coeurs et foies gras de canard aux pommes et sa salade verte. En dessert nous recevons un flanc maison.Tout simplement d\u00e9licieux. Nous bavarderons tard ce soir l\u00e0.<\/p>\n","protected":false},"excerpt":{"rendered":"<p>mardi 1er Mai 2012 La pluie est en cong\u00e9, remplac\u00e9e par le soleil.&nbsp;Nous montons la rue vers l&rsquo;\u00e9glise Ste Quitterie. Le tympan a \u00e9t\u00e9 saccag\u00e9 \u00e0 la R\u00e9volution, mais quelques beaux modillons hors de port\u00e9e des \u00e9chelles des iconoclastes sont rest\u00e9s intacts. Puis, nous quittons la ville. Notre route se faufile entre les champs de [&hellip;]<\/p>\n","protected":false},"author":3,"featured_media":0,"parent":0,"menu_order":0,"comment_status":"open","ping_status":"open","template":"","meta":{"footnotes":""},"class_list":["post-664","page","type-page","status-publish","hentry"],"_links":{"self":[{"href":"https:\/\/www.flieg.fr\/index.php?rest_route=\/wp\/v2\/pages\/664","targetHints":{"allow":["GET"]}}],"collection":[{"href":"https:\/\/www.flieg.fr\/index.php?rest_route=\/wp\/v2\/pages"}],"about":[{"href":"https:\/\/www.flieg.fr\/index.php?rest_route=\/wp\/v2\/types\/page"}],"author":[{"embeddable":true,"href":"https:\/\/www.flieg.fr\/index.php?rest_route=\/wp\/v2\/users\/3"}],"replies":[{"embeddable":true,"href":"https:\/\/www.flieg.fr\/index.php?rest_route=%2Fwp%2Fv2%2Fcomments&post=664"}],"version-history":[{"count":6,"href":"https:\/\/www.flieg.fr\/index.php?rest_route=\/wp\/v2\/pages\/664\/revisions"}],"predecessor-version":[{"id":2422,"href":"https:\/\/www.flieg.fr\/index.php?rest_route=\/wp\/v2\/pages\/664\/revisions\/2422"}],"wp:attachment":[{"href":"https:\/\/www.flieg.fr\/index.php?rest_route=%2Fwp%2Fv2%2Fmedia&parent=664"}],"curies":[{"name":"wp","href":"https:\/\/api.w.org\/{rel}","templated":true}]}}