{"id":646,"date":"2012-04-29T13:00:08","date_gmt":"2012-04-29T12:00:08","guid":{"rendered":"http:\/\/flieg.fr\/?page_id=646"},"modified":"2023-03-21T10:55:46","modified_gmt":"2023-03-21T09:55:46","slug":"jour-33-exfiltres-a-bordeaux","status":"publish","type":"page","link":"https:\/\/www.flieg.fr\/?page_id=646","title":{"rendered":"jour 33 exfiltr\u00e9s \u00e0 Bordeaux"},"content":{"rendered":"<p>Marie-H\u00e9l\u00e8ne et Yann sont venus, avec Charlie notre petit-fils, nous chercher \u00e0 Aire sur Adour pour nous permettre de b\u00e9n\u00e9ficier de deux jours de repos \u00e0 Bordeaux<\/p>\n<div id=\"attachment_647\" style=\"width: 310px\" class=\"wp-caption alignnone\"><a href=\"http:\/\/flieg.fr\/wordpress\/wp-content\/uploads\/2012\/04\/P4280258.jpg\"><img loading=\"lazy\" decoding=\"async\" aria-describedby=\"caption-attachment-647\" class=\"size-medium wp-image-647\" title=\"OLYMPUS DIGITAL CAMERA\" src=\"http:\/\/flieg.fr\/wordpress\/wp-content\/uploads\/2012\/04\/P4280258-300x225.jpg\" alt=\"\" width=\"300\" height=\"225\" srcset=\"https:\/\/www.flieg.fr\/wordpress\/wp-content\/uploads\/2012\/04\/P4280258-300x225.jpg 300w, https:\/\/www.flieg.fr\/wordpress\/wp-content\/uploads\/2012\/04\/P4280258-1024x768.jpg 1024w, https:\/\/www.flieg.fr\/wordpress\/wp-content\/uploads\/2012\/04\/P4280258-624x468.jpg 624w, https:\/\/www.flieg.fr\/wordpress\/wp-content\/uploads\/2012\/04\/P4280258.jpg 2048w\" sizes=\"auto, (max-width: 300px) 100vw, 300px\" \/><\/a><p id=\"caption-attachment-647\" class=\"wp-caption-text\">un tour au parc bordelais avec Charlie<\/p><\/div>\n<p>.<\/p>\n<div id=\"attachment_656\" style=\"width: 310px\" class=\"wp-caption alignnone\"><a href=\"http:\/\/flieg.fr\/wordpress\/wp-content\/uploads\/2012\/04\/P4290269.jpg\"><img loading=\"lazy\" decoding=\"async\" aria-describedby=\"caption-attachment-656\" class=\"size-medium wp-image-656\" title=\"OLYMPUS DIGITAL CAMERA\" src=\"http:\/\/flieg.fr\/wordpress\/wp-content\/uploads\/2012\/04\/P4290269-300x225.jpg\" alt=\"\" width=\"300\" height=\"225\" srcset=\"https:\/\/www.flieg.fr\/wordpress\/wp-content\/uploads\/2012\/04\/P4290269-300x225.jpg 300w, https:\/\/www.flieg.fr\/wordpress\/wp-content\/uploads\/2012\/04\/P4290269-1024x768.jpg 1024w, https:\/\/www.flieg.fr\/wordpress\/wp-content\/uploads\/2012\/04\/P4290269-624x468.jpg 624w, https:\/\/www.flieg.fr\/wordpress\/wp-content\/uploads\/2012\/04\/P4290269.jpg 2048w\" sizes=\"auto, (max-width: 300px) 100vw, 300px\" \/><\/a><p id=\"caption-attachment-656\" class=\"wp-caption-text\">\u00e0 Bordeaux avec Charlie<\/p><\/div>\n<div id=\"attachment_660\" style=\"width: 235px\" class=\"wp-caption alignnone\"><a href=\"http:\/\/flieg.fr\/wordpress\/wp-content\/uploads\/2012\/04\/Matteo-carte.jpg\"><img loading=\"lazy\" decoding=\"async\" aria-describedby=\"caption-attachment-660\" class=\"size-medium wp-image-660\" title=\"Matteo-carte\" src=\"http:\/\/flieg.fr\/wordpress\/wp-content\/uploads\/2012\/04\/Matteo-carte-225x300.jpg\" alt=\"\" width=\"225\" height=\"300\" srcset=\"https:\/\/www.flieg.fr\/wordpress\/wp-content\/uploads\/2012\/04\/Matteo-carte-225x300.jpg 225w, https:\/\/www.flieg.fr\/wordpress\/wp-content\/uploads\/2012\/04\/Matteo-carte-768x1024.jpg 768w, https:\/\/www.flieg.fr\/wordpress\/wp-content\/uploads\/2012\/04\/Matteo-carte-624x832.jpg 624w\" sizes=\"auto, (max-width: 225px) 100vw, 225px\" \/><\/a><p id=\"caption-attachment-660\" class=\"wp-caption-text\">\u00e0 Schiltigheim, Matt\u00e9o suit la progression sur une grande carte<\/p><\/div>\n<p>&nbsp;<\/p>\n","protected":false},"excerpt":{"rendered":"<p>Marie-H\u00e9l\u00e8ne et Yann sont venus, avec Charlie notre petit-fils, nous chercher \u00e0 Aire sur Adour pour nous permettre de b\u00e9n\u00e9ficier de deux jours de repos \u00e0 Bordeaux . &nbsp;<\/p>\n","protected":false},"author":3,"featured_media":0,"parent":0,"menu_order":0,"comment_status":"open","ping_status":"open","template":"","meta":{"footnotes":""},"class_list":["post-646","page","type-page","status-publish","hentry"],"_links":{"self":[{"href":"https:\/\/www.flieg.fr\/index.php?rest_route=\/wp\/v2\/pages\/646","targetHints":{"allow":["GET"]}}],"collection":[{"href":"https:\/\/www.flieg.fr\/index.php?rest_route=\/wp\/v2\/pages"}],"about":[{"href":"https:\/\/www.flieg.fr\/index.php?rest_route=\/wp\/v2\/types\/page"}],"author":[{"embeddable":true,"href":"https:\/\/www.flieg.fr\/index.php?rest_route=\/wp\/v2\/users\/3"}],"replies":[{"embeddable":true,"href":"https:\/\/www.flieg.fr\/index.php?rest_route=%2Fwp%2Fv2%2Fcomments&post=646"}],"version-history":[{"count":6,"href":"https:\/\/www.flieg.fr\/index.php?rest_route=\/wp\/v2\/pages\/646\/revisions"}],"predecessor-version":[{"id":2419,"href":"https:\/\/www.flieg.fr\/index.php?rest_route=\/wp\/v2\/pages\/646\/revisions\/2419"}],"wp:attachment":[{"href":"https:\/\/www.flieg.fr\/index.php?rest_route=%2Fwp%2Fv2%2Fmedia&parent=646"}],"curies":[{"name":"wp","href":"https:\/\/api.w.org\/{rel}","templated":true}]}}