{"id":586,"date":"2012-04-26T20:03:15","date_gmt":"2012-04-26T19:03:15","guid":{"rendered":"http:\/\/flieg.fr\/?page_id=586"},"modified":"2023-03-21T10:54:04","modified_gmt":"2023-03-21T09:54:04","slug":"jour-30-etape-28-de-montreal-du-gers-a-manciet-22-km-jeudi-26-avril","status":"publish","type":"page","link":"https:\/\/www.flieg.fr\/?page_id=586","title":{"rendered":"jour 30 etape 28 : de Montreal du Gers a Manciet : 22 km Jeudi 26 avril"},"content":{"rendered":"<p>Jeudi 26 avril 2012<\/p>\n<p>Le ciel est bas. Il ne pleut pas, mais le \u00ab\u00a0chemin\u00a0\u00bb est impraticable. En tout cas, pour les p\u00e8lerins de ville que nous sommes,&nbsp;\u00e7a&nbsp;ne va pas. On prend donc la route par les d\u00e9partementales qui ne sont heureusement pas trop fr\u00e9quent\u00e9es (du genre Cernay Wattwiller). On passe dans le vignoble du floc de Gascogne. A midi nous arrivons a Eauze ou nous prenons un plat du jour rapide. On rencontre les premi\u00e8res maisons \u00e0 ossature bois, le style b\u00e9arnais s&rsquo;annonce doucement.<\/p>\n<div id=\"attachment_619\" style=\"width: 310px\" class=\"wp-caption alignnone\"><a href=\"http:\/\/flieg.fr\/wordpress\/wp-content\/uploads\/2012\/04\/P4260173.jpg\"><img loading=\"lazy\" decoding=\"async\" aria-describedby=\"caption-attachment-619\" class=\"size-medium wp-image-619\" title=\"OLYMPUS DIGITAL CAMERA\" src=\"http:\/\/flieg.fr\/wordpress\/wp-content\/uploads\/2012\/04\/P4260173-300x225.jpg\" alt=\"\" width=\"300\" height=\"225\" srcset=\"https:\/\/www.flieg.fr\/wordpress\/wp-content\/uploads\/2012\/04\/P4260173-300x225.jpg 300w, https:\/\/www.flieg.fr\/wordpress\/wp-content\/uploads\/2012\/04\/P4260173-1024x768.jpg 1024w, https:\/\/www.flieg.fr\/wordpress\/wp-content\/uploads\/2012\/04\/P4260173-624x468.jpg 624w, https:\/\/www.flieg.fr\/wordpress\/wp-content\/uploads\/2012\/04\/P4260173.jpg 2048w\" sizes=\"auto, (max-width: 300px) 100vw, 300px\" \/><\/a><p id=\"caption-attachment-619\" class=\"wp-caption-text\">ossature bois<\/p><\/div>\n<p>un petit chalet de jardin de luxe style 1900.<\/p>\n<div id=\"attachment_620\" style=\"width: 310px\" class=\"wp-caption alignnone\"><a href=\"http:\/\/flieg.fr\/wordpress\/wp-content\/uploads\/2012\/04\/P4260175.jpg\"><img loading=\"lazy\" decoding=\"async\" aria-describedby=\"caption-attachment-620\" class=\"size-medium wp-image-620\" title=\"OLYMPUS DIGITAL CAMERA\" src=\"http:\/\/flieg.fr\/wordpress\/wp-content\/uploads\/2012\/04\/P4260175-300x225.jpg\" alt=\"\" width=\"300\" height=\"225\" srcset=\"https:\/\/www.flieg.fr\/wordpress\/wp-content\/uploads\/2012\/04\/P4260175-300x225.jpg 300w, https:\/\/www.flieg.fr\/wordpress\/wp-content\/uploads\/2012\/04\/P4260175-1024x768.jpg 1024w, https:\/\/www.flieg.fr\/wordpress\/wp-content\/uploads\/2012\/04\/P4260175-624x468.jpg 624w, https:\/\/www.flieg.fr\/wordpress\/wp-content\/uploads\/2012\/04\/P4260175.jpg 2048w\" sizes=\"auto, (max-width: 300px) 100vw, 300px\" \/><\/a><p id=\"caption-attachment-620\" class=\"wp-caption-text\">pavillon de jardin<\/p><\/div>\n<p>Le paysage se fait de plus en plus vallonn\u00e9. Au fond des combes perp\u00e9tuellement humides on aper\u00e7oit des plantations de bouleaux.<\/p>\n<div id=\"attachment_618\" style=\"width: 310px\" class=\"wp-caption alignnone\"><a href=\"http:\/\/flieg.fr\/wordpress\/wp-content\/uploads\/2012\/04\/P4260177.jpg\"><img loading=\"lazy\" decoding=\"async\" aria-describedby=\"caption-attachment-618\" class=\"size-medium wp-image-618\" title=\"OLYMPUS DIGITAL CAMERA\" src=\"http:\/\/flieg.fr\/wordpress\/wp-content\/uploads\/2012\/04\/P4260177-300x225.jpg\" alt=\"\" width=\"300\" height=\"225\" srcset=\"https:\/\/www.flieg.fr\/wordpress\/wp-content\/uploads\/2012\/04\/P4260177-300x225.jpg 300w, https:\/\/www.flieg.fr\/wordpress\/wp-content\/uploads\/2012\/04\/P4260177-1024x768.jpg 1024w, https:\/\/www.flieg.fr\/wordpress\/wp-content\/uploads\/2012\/04\/P4260177-624x468.jpg 624w, https:\/\/www.flieg.fr\/wordpress\/wp-content\/uploads\/2012\/04\/P4260177.jpg 2048w\" sizes=\"auto, (max-width: 300px) 100vw, 300px\" \/><\/a><p id=\"caption-attachment-618\" class=\"wp-caption-text\">les bouleaux comme \u00e0 la parade<\/p><\/div>\n<p>Et comme on est dans le Gers, il y a fatalement des \u00e9levages de canards.<\/p>\n<div id=\"attachment_617\" style=\"width: 310px\" class=\"wp-caption alignnone\"><a href=\"http:\/\/flieg.fr\/wordpress\/wp-content\/uploads\/2012\/04\/P4260178.jpg\"><img loading=\"lazy\" decoding=\"async\" aria-describedby=\"caption-attachment-617\" class=\"size-medium wp-image-617\" title=\"OLYMPUS DIGITAL CAMERA\" src=\"http:\/\/flieg.fr\/wordpress\/wp-content\/uploads\/2012\/04\/P4260178-300x225.jpg\" alt=\"\" width=\"300\" height=\"225\" srcset=\"https:\/\/www.flieg.fr\/wordpress\/wp-content\/uploads\/2012\/04\/P4260178-300x225.jpg 300w, https:\/\/www.flieg.fr\/wordpress\/wp-content\/uploads\/2012\/04\/P4260178-1024x768.jpg 1024w, https:\/\/www.flieg.fr\/wordpress\/wp-content\/uploads\/2012\/04\/P4260178-624x468.jpg 624w, https:\/\/www.flieg.fr\/wordpress\/wp-content\/uploads\/2012\/04\/P4260178.jpg 2048w\" sizes=\"auto, (max-width: 300px) 100vw, 300px\" \/><\/a><p id=\"caption-attachment-617\" class=\"wp-caption-text\">futurs confits en goguette<\/p><\/div>\n<p>Puis nous arrivons a la Hargue: chambre d&rsquo;h\u00f4tes a la ferme. Le panonceau indique \u00ab\u00a0La Hargue : \u00e9levage de porcs noirs\u00a0\u00bb. On est un peu inquiets. C&rsquo;est un jeune couple anglais qui nous&nbsp;re\u00e7oit&nbsp;: Mister and Miss Bradwell. Superbe r\u00e9habilitation d&rsquo;une ancienne ferme en ruines. Vraiment superbe! On a une petite maison aux volets rouges pour nous tout seuls.<\/p>\n<div id=\"attachment_621\" style=\"width: 310px\" class=\"wp-caption alignnone\"><a href=\"http:\/\/flieg.fr\/wordpress\/wp-content\/uploads\/2012\/04\/P4260187.jpg\"><img loading=\"lazy\" decoding=\"async\" aria-describedby=\"caption-attachment-621\" class=\"size-medium wp-image-621\" title=\"OLYMPUS DIGITAL CAMERA\" src=\"http:\/\/flieg.fr\/wordpress\/wp-content\/uploads\/2012\/04\/P4260187-300x225.jpg\" alt=\"\" width=\"300\" height=\"225\" srcset=\"https:\/\/www.flieg.fr\/wordpress\/wp-content\/uploads\/2012\/04\/P4260187-300x225.jpg 300w, https:\/\/www.flieg.fr\/wordpress\/wp-content\/uploads\/2012\/04\/P4260187-1024x768.jpg 1024w, https:\/\/www.flieg.fr\/wordpress\/wp-content\/uploads\/2012\/04\/P4260187-624x468.jpg 624w, https:\/\/www.flieg.fr\/wordpress\/wp-content\/uploads\/2012\/04\/P4260187.jpg 2048w\" sizes=\"auto, (max-width: 300px) 100vw, 300px\" \/><\/a><p id=\"caption-attachment-621\" class=\"wp-caption-text\">chez M et Mme Bradwell<\/p><\/div>\n<p>M. Bradwell termine de tondre la pelouse que nous voyons par la fen\u00eatre. Une semaine en location ici, en \u00e9t\u00e9, ce doit \u00eatre magnifique.<\/p>\n<div id=\"attachment_622\" style=\"width: 310px\" class=\"wp-caption alignnone\"><a href=\"http:\/\/flieg.fr\/wordpress\/wp-content\/uploads\/2012\/04\/P4260184.jpg\"><img loading=\"lazy\" decoding=\"async\" aria-describedby=\"caption-attachment-622\" class=\"size-medium wp-image-622\" title=\"OLYMPUS DIGITAL CAMERA\" src=\"http:\/\/flieg.fr\/wordpress\/wp-content\/uploads\/2012\/04\/P4260184-300x225.jpg\" alt=\"\" width=\"300\" height=\"225\" srcset=\"https:\/\/www.flieg.fr\/wordpress\/wp-content\/uploads\/2012\/04\/P4260184-300x225.jpg 300w, https:\/\/www.flieg.fr\/wordpress\/wp-content\/uploads\/2012\/04\/P4260184-1024x768.jpg 1024w, https:\/\/www.flieg.fr\/wordpress\/wp-content\/uploads\/2012\/04\/P4260184-624x468.jpg 624w, https:\/\/www.flieg.fr\/wordpress\/wp-content\/uploads\/2012\/04\/P4260184.jpg 2048w\" sizes=\"auto, (max-width: 300px) 100vw, 300px\" \/><\/a><p id=\"caption-attachment-622\" class=\"wp-caption-text\">chez M et Mme Bradwell<\/p><\/div>\n<p>M. Bradwell nous dit qu&rsquo;on&nbsp;d\u00eene&nbsp;a 19h et qu&rsquo;il faudra faire le tour de la maison. Je demande : on ne mange pas dehors? O No!&nbsp;r\u00e9pond-t-il en riant. Nous serons invit\u00e9s dans une salle a manger sympa avec douce musique d&rsquo;ambiance jazzy. Les jours se suivent et ne se ressemblent pas&#8230;<\/p>\n<p>&nbsp;<\/p>\n","protected":false},"excerpt":{"rendered":"<p>Jeudi 26 avril 2012 Le ciel est bas. Il ne pleut pas, mais le \u00ab\u00a0chemin\u00a0\u00bb est impraticable. En tout cas, pour les p\u00e8lerins de ville que nous sommes,&nbsp;\u00e7a&nbsp;ne va pas. On prend donc la route par les d\u00e9partementales qui ne sont heureusement pas trop fr\u00e9quent\u00e9es (du genre Cernay Wattwiller). On passe dans le vignoble du [&hellip;]<\/p>\n","protected":false},"author":3,"featured_media":0,"parent":0,"menu_order":0,"comment_status":"open","ping_status":"open","template":"","meta":{"footnotes":""},"class_list":["post-586","page","type-page","status-publish","hentry"],"_links":{"self":[{"href":"https:\/\/www.flieg.fr\/index.php?rest_route=\/wp\/v2\/pages\/586","targetHints":{"allow":["GET"]}}],"collection":[{"href":"https:\/\/www.flieg.fr\/index.php?rest_route=\/wp\/v2\/pages"}],"about":[{"href":"https:\/\/www.flieg.fr\/index.php?rest_route=\/wp\/v2\/types\/page"}],"author":[{"embeddable":true,"href":"https:\/\/www.flieg.fr\/index.php?rest_route=\/wp\/v2\/users\/3"}],"replies":[{"embeddable":true,"href":"https:\/\/www.flieg.fr\/index.php?rest_route=%2Fwp%2Fv2%2Fcomments&post=586"}],"version-history":[{"count":7,"href":"https:\/\/www.flieg.fr\/index.php?rest_route=\/wp\/v2\/pages\/586\/revisions"}],"predecessor-version":[{"id":2416,"href":"https:\/\/www.flieg.fr\/index.php?rest_route=\/wp\/v2\/pages\/586\/revisions\/2416"}],"wp:attachment":[{"href":"https:\/\/www.flieg.fr\/index.php?rest_route=%2Fwp%2Fv2%2Fmedia&parent=586"}],"curies":[{"name":"wp","href":"https:\/\/api.w.org\/{rel}","templated":true}]}}