{"id":584,"date":"2012-04-26T20:00:15","date_gmt":"2012-04-26T19:00:15","guid":{"rendered":"http:\/\/flieg.fr\/?page_id=584"},"modified":"2023-03-21T10:52:43","modified_gmt":"2023-03-21T09:52:43","slug":"jour-29-de-condom-a-montreal-du-gers-20-km-mercredi-25-avril","status":"publish","type":"page","link":"https:\/\/www.flieg.fr\/?page_id=584","title":{"rendered":"jour 29 : de Condom \u00e0 Montreal du Gers : 20 km : Mercredi 25 avril"},"content":{"rendered":"<p>Le soleil nous accueille au r\u00e9veil. Nous partons jusqu&rsquo;a Condom a 2 km de l\u00e0.<\/p>\n<div id=\"attachment_594\" style=\"width: 310px\" class=\"wp-caption alignnone\"><a href=\"http:\/\/flieg.fr\/wordpress\/wp-content\/uploads\/2012\/04\/P4250136.jpg\"><img loading=\"lazy\" decoding=\"async\" aria-describedby=\"caption-attachment-594\" class=\"size-medium wp-image-594\" title=\"OLYMPUS DIGITAL CAMERA\" src=\"http:\/\/flieg.fr\/wordpress\/wp-content\/uploads\/2012\/04\/P4250136-300x225.jpg\" alt=\"\" width=\"300\" height=\"225\" srcset=\"https:\/\/www.flieg.fr\/wordpress\/wp-content\/uploads\/2012\/04\/P4250136-300x225.jpg 300w, https:\/\/www.flieg.fr\/wordpress\/wp-content\/uploads\/2012\/04\/P4250136-1024x768.jpg 1024w, https:\/\/www.flieg.fr\/wordpress\/wp-content\/uploads\/2012\/04\/P4250136-624x468.jpg 624w, https:\/\/www.flieg.fr\/wordpress\/wp-content\/uploads\/2012\/04\/P4250136.jpg 2048w\" sizes=\"auto, (max-width: 300px) 100vw, 300px\" \/><\/a><p id=\"caption-attachment-594\" class=\"wp-caption-text\">Condom et les mousquetaires du Roy<\/p><\/div>\n<p>Nous visitons la cath\u00e9drale puis nous faisons nos emplettes du jour au marche sur la place de la cath\u00e9drale. Nous y rencontrons Robert et Rose Marie nos petits suisses&nbsp;pr\u00e9f\u00e9r\u00e9s. On ach\u00e8te aussi des fromages de ch\u00e8vre. Le vendeur les a faits lui-meme. Il a 15 chevres. Il nous questionne sur notre chemin. Nous lui faisons envie, mais avec ses 15 ch\u00e8vres&#8230;<\/p>\n<div id=\"attachment_595\" style=\"width: 310px\" class=\"wp-caption alignnone\"><a href=\"http:\/\/flieg.fr\/wordpress\/wp-content\/uploads\/2012\/04\/P4250140.jpg\"><img loading=\"lazy\" decoding=\"async\" aria-describedby=\"caption-attachment-595\" class=\"size-medium wp-image-595\" title=\"OLYMPUS DIGITAL CAMERA\" src=\"http:\/\/flieg.fr\/wordpress\/wp-content\/uploads\/2012\/04\/P4250140-300x225.jpg\" alt=\"\" width=\"300\" height=\"225\" srcset=\"https:\/\/www.flieg.fr\/wordpress\/wp-content\/uploads\/2012\/04\/P4250140-300x225.jpg 300w, https:\/\/www.flieg.fr\/wordpress\/wp-content\/uploads\/2012\/04\/P4250140-1024x768.jpg 1024w, https:\/\/www.flieg.fr\/wordpress\/wp-content\/uploads\/2012\/04\/P4250140-624x468.jpg 624w, https:\/\/www.flieg.fr\/wordpress\/wp-content\/uploads\/2012\/04\/P4250140.jpg 2048w\" sizes=\"auto, (max-width: 300px) 100vw, 300px\" \/><\/a><p id=\"caption-attachment-595\" class=\"wp-caption-text\">au march\u00e9 de Condom<\/p><\/div>\n<p>A la sortie de Condom, nous tombons sur une dr\u00f4le de rue.<\/p>\n<div id=\"attachment_596\" style=\"width: 310px\" class=\"wp-caption alignnone\"><a href=\"http:\/\/flieg.fr\/wordpress\/wp-content\/uploads\/2012\/04\/P4250144.jpg\"><img loading=\"lazy\" decoding=\"async\" aria-describedby=\"caption-attachment-596\" class=\"size-medium wp-image-596\" title=\"OLYMPUS DIGITAL CAMERA\" src=\"http:\/\/flieg.fr\/wordpress\/wp-content\/uploads\/2012\/04\/P4250144-300x225.jpg\" alt=\"\" width=\"300\" height=\"225\" srcset=\"https:\/\/www.flieg.fr\/wordpress\/wp-content\/uploads\/2012\/04\/P4250144-300x225.jpg 300w, https:\/\/www.flieg.fr\/wordpress\/wp-content\/uploads\/2012\/04\/P4250144-1024x768.jpg 1024w, https:\/\/www.flieg.fr\/wordpress\/wp-content\/uploads\/2012\/04\/P4250144-624x468.jpg 624w, https:\/\/www.flieg.fr\/wordpress\/wp-content\/uploads\/2012\/04\/P4250144.jpg 2048w\" sizes=\"auto, (max-width: 300px) 100vw, 300px\" \/><\/a><p id=\"caption-attachment-596\" class=\"wp-caption-text\">pour les b\u00eates de sexe de moins de 3,5t ?<\/p><\/div>\n<p>Plus loin, le GR s&rsquo;engage sur un chemin de terre. Mais la pluie d&rsquo;hier n&rsquo;est pas oubliee, la boue est encore l\u00e0. Notre progression est lente, glissante et salissante. Les&nbsp;b\u00e2tons&nbsp;de marche s&rsquo;enfoncent dans la boue et se&nbsp;d\u00e9collent&nbsp;avec peine avec un bruit de ventouse (schlouk). Nos chaussures pataugent dans la glaise. Nous&nbsp;d\u00e9cidons&nbsp;d\u2019arr\u00eater&nbsp;le massacre et nous rebroussons chemin.<\/p>\n<a href=\"http:\/\/flieg.fr\/wordpress\/wp-content\/uploads\/2012\/04\/P4230114.jpg\"><img loading=\"lazy\" decoding=\"async\" class=\"size-medium wp-image-597\" title=\"OLYMPUS DIGITAL CAMERA\" src=\"http:\/\/flieg.fr\/wordpress\/wp-content\/uploads\/2012\/04\/P4230114-300x225.jpg\" alt=\"\" width=\"300\" height=\"225\" srcset=\"https:\/\/www.flieg.fr\/wordpress\/wp-content\/uploads\/2012\/04\/P4230114-300x225.jpg 300w, https:\/\/www.flieg.fr\/wordpress\/wp-content\/uploads\/2012\/04\/P4230114-1024x768.jpg 1024w, https:\/\/www.flieg.fr\/wordpress\/wp-content\/uploads\/2012\/04\/P4230114-624x468.jpg 624w, https:\/\/www.flieg.fr\/wordpress\/wp-content\/uploads\/2012\/04\/P4230114.jpg 2048w\" sizes=\"auto, (max-width: 300px) 100vw, 300px\" \/><\/a>\n<p>Aujourd&rsquo;hui nous prendrons les chemins vicinaux et les&nbsp;d\u00e9partementales. Pour \u00e0 peine plus long nous resterons propres. Nous visitons le magnifique village fortifi\u00e9 de Larressingle,<\/p>\n<div id=\"attachment_598\" style=\"width: 310px\" class=\"wp-caption alignnone\"><a href=\"http:\/\/flieg.fr\/wordpress\/wp-content\/uploads\/2012\/04\/P4250150.jpg\"><img loading=\"lazy\" decoding=\"async\" aria-describedby=\"caption-attachment-598\" class=\"size-medium wp-image-598\" title=\"OLYMPUS DIGITAL CAMERA\" src=\"http:\/\/flieg.fr\/wordpress\/wp-content\/uploads\/2012\/04\/P4250150-300x225.jpg\" alt=\"\" width=\"300\" height=\"225\" srcset=\"https:\/\/www.flieg.fr\/wordpress\/wp-content\/uploads\/2012\/04\/P4250150-300x225.jpg 300w, https:\/\/www.flieg.fr\/wordpress\/wp-content\/uploads\/2012\/04\/P4250150-1024x768.jpg 1024w, https:\/\/www.flieg.fr\/wordpress\/wp-content\/uploads\/2012\/04\/P4250150-624x468.jpg 624w, https:\/\/www.flieg.fr\/wordpress\/wp-content\/uploads\/2012\/04\/P4250150.jpg 2048w\" sizes=\"auto, (max-width: 300px) 100vw, 300px\" \/><\/a><p id=\"caption-attachment-598\" class=\"wp-caption-text\">village fortifi\u00e9 de Larressingle<\/p><\/div>\n<p>puis nous atteignons le mythique pont roman d&rsquo;Artigues qui se situe a 500 km du Puy en Velay et \u00e0 1000 km de St Jacques de Compostelle.<\/p>\n<div id=\"attachment_599\" style=\"width: 310px\" class=\"wp-caption alignnone\"><a href=\"http:\/\/flieg.fr\/wordpress\/wp-content\/uploads\/2012\/04\/P4250155.jpg\"><img loading=\"lazy\" decoding=\"async\" aria-describedby=\"caption-attachment-599\" class=\"size-medium wp-image-599\" title=\"OLYMPUS DIGITAL CAMERA\" src=\"http:\/\/flieg.fr\/wordpress\/wp-content\/uploads\/2012\/04\/P4250155-300x225.jpg\" alt=\"\" width=\"300\" height=\"225\" srcset=\"https:\/\/www.flieg.fr\/wordpress\/wp-content\/uploads\/2012\/04\/P4250155-300x225.jpg 300w, https:\/\/www.flieg.fr\/wordpress\/wp-content\/uploads\/2012\/04\/P4250155-1024x768.jpg 1024w, https:\/\/www.flieg.fr\/wordpress\/wp-content\/uploads\/2012\/04\/P4250155-624x468.jpg 624w, https:\/\/www.flieg.fr\/wordpress\/wp-content\/uploads\/2012\/04\/P4250155.jpg 2048w\" sizes=\"auto, (max-width: 300px) 100vw, 300px\" \/><\/a><p id=\"caption-attachment-599\" class=\"wp-caption-text\">le pont roman d'Artigues \u00e0 1000 km de Compostelle<\/p><\/div>\n<p>Un groupe de trois jeunes allemandes arrivent et nous leur demandons d&rsquo;immortaliser cet instant avec notre appareil photo.<\/p>\n<div id=\"attachment_601\" style=\"width: 235px\" class=\"wp-caption alignnone\"><a href=\"http:\/\/flieg.fr\/wordpress\/wp-content\/uploads\/2012\/04\/P42501621.jpg\"><img loading=\"lazy\" decoding=\"async\" aria-describedby=\"caption-attachment-601\" class=\"size-medium wp-image-601\" title=\"OLYMPUS DIGITAL CAMERA\" src=\"http:\/\/flieg.fr\/wordpress\/wp-content\/uploads\/2012\/04\/P42501621-225x300.jpg\" alt=\"\" width=\"225\" height=\"300\" srcset=\"https:\/\/www.flieg.fr\/wordpress\/wp-content\/uploads\/2012\/04\/P42501621-225x300.jpg 225w, https:\/\/www.flieg.fr\/wordpress\/wp-content\/uploads\/2012\/04\/P42501621-768x1024.jpg 768w, https:\/\/www.flieg.fr\/wordpress\/wp-content\/uploads\/2012\/04\/P42501621-624x832.jpg 624w, https:\/\/www.flieg.fr\/wordpress\/wp-content\/uploads\/2012\/04\/P42501621.jpg 1536w\" sizes=\"auto, (max-width: 225px) 100vw, 225px\" \/><\/a><p id=\"caption-attachment-601\" class=\"wp-caption-text\">au tiers du chemin sur le pont roman d'Artigues<\/p><\/div>\n<p>Elles sont crott\u00e9es jusqu&rsquo;aux genoux et elles nous demandent comment nous avons fait pour rester impeccablement propres. Je leur dit \u00a0\u00bb Vous n&rsquo;avez donc pas vu le panneau indicateur a la bifurcation? Il y avait marque : a gauche chemin propre et a droite chemin boueux\u00a0\u00bb. Nous on a pris a gauche&#8230;Elles rient et on leur explique que nous avons d\u00e9cid\u00e9 de passer par les routes.<\/p>\n<p>Plus loin, nous voyons \u00e0 nouveau les sommets enneig\u00e9s des Pyr\u00e9n\u00e9es a l&rsquo;horizon.<\/p>\n<div id=\"attachment_602\" style=\"width: 310px\" class=\"wp-caption alignnone\"><a href=\"http:\/\/flieg.fr\/wordpress\/wp-content\/uploads\/2012\/04\/P4250165.jpg\"><img loading=\"lazy\" decoding=\"async\" aria-describedby=\"caption-attachment-602\" class=\"size-medium wp-image-602\" title=\"OLYMPUS DIGITAL CAMERA\" src=\"http:\/\/flieg.fr\/wordpress\/wp-content\/uploads\/2012\/04\/P4250165-300x225.jpg\" alt=\"\" width=\"300\" height=\"225\" srcset=\"https:\/\/www.flieg.fr\/wordpress\/wp-content\/uploads\/2012\/04\/P4250165-300x225.jpg 300w, https:\/\/www.flieg.fr\/wordpress\/wp-content\/uploads\/2012\/04\/P4250165-1024x768.jpg 1024w, https:\/\/www.flieg.fr\/wordpress\/wp-content\/uploads\/2012\/04\/P4250165-624x468.jpg 624w, https:\/\/www.flieg.fr\/wordpress\/wp-content\/uploads\/2012\/04\/P4250165.jpg 2048w\" sizes=\"auto, (max-width: 300px) 100vw, 300px\" \/><\/a><p id=\"caption-attachment-602\" class=\"wp-caption-text\">au loin, les Pyr\u00e9n\u00e9es<\/p><\/div>\n<p>Enfin nous arrivons \u00e0 notre ville \u00e9tape : Montr\u00e9al &#8230; du Gers.<\/p>\n<div id=\"attachment_603\" style=\"width: 310px\" class=\"wp-caption alignnone\"><a href=\"http:\/\/flieg.fr\/wordpress\/wp-content\/uploads\/2012\/04\/P4250169.jpg\"><img loading=\"lazy\" decoding=\"async\" aria-describedby=\"caption-attachment-603\" class=\"size-medium wp-image-603\" title=\"OLYMPUS DIGITAL CAMERA\" src=\"http:\/\/flieg.fr\/wordpress\/wp-content\/uploads\/2012\/04\/P4250169-300x225.jpg\" alt=\"\" width=\"300\" height=\"225\" srcset=\"https:\/\/www.flieg.fr\/wordpress\/wp-content\/uploads\/2012\/04\/P4250169-300x225.jpg 300w, https:\/\/www.flieg.fr\/wordpress\/wp-content\/uploads\/2012\/04\/P4250169-1024x768.jpg 1024w, https:\/\/www.flieg.fr\/wordpress\/wp-content\/uploads\/2012\/04\/P4250169-624x468.jpg 624w, https:\/\/www.flieg.fr\/wordpress\/wp-content\/uploads\/2012\/04\/P4250169.jpg 2048w\" sizes=\"auto, (max-width: 300px) 100vw, 300px\" \/><\/a><p id=\"caption-attachment-603\" class=\"wp-caption-text\">les cabanes de Montr\u00e9al du Gers (entr\u00e9e de ville)<\/p><\/div>\n<p>Nous arrivons en m\u00eame temps qu&rsquo;un Qu\u00e9becois d&rsquo;environ 70 ans. Il a pris le chemin du GR et il est crott\u00e9 jusqu&rsquo;aux genoux. Notre chambre d&rsquo;h\u00f4tes est class\u00e9e 3 \u00e9pis. Le style est ann\u00e9es 50, mais tout est bien propret. Le radiateur electrique est \u00e9teint et refuse de se mettre en marche. Je decouvre rapidement que le cable passe derri\u00e8re une armoire et que la fiche est&nbsp;d\u00e9branch\u00e9e.&nbsp;\u00c7a&nbsp;y est, \u00e7a chauffe et bient\u00f4t une douce&nbsp;qui\u00e9tude&nbsp;envahit la&nbsp;pi\u00e8ce.<\/p>\n<div id=\"attachment_604\" style=\"width: 310px\" class=\"wp-caption alignnone\"><a href=\"http:\/\/flieg.fr\/wordpress\/wp-content\/uploads\/2012\/04\/P4250170.jpg\"><img loading=\"lazy\" decoding=\"async\" aria-describedby=\"caption-attachment-604\" class=\"size-medium wp-image-604\" title=\"OLYMPUS DIGITAL CAMERA\" src=\"http:\/\/flieg.fr\/wordpress\/wp-content\/uploads\/2012\/04\/P4250170-300x225.jpg\" alt=\"\" width=\"300\" height=\"225\" srcset=\"https:\/\/www.flieg.fr\/wordpress\/wp-content\/uploads\/2012\/04\/P4250170-300x225.jpg 300w, https:\/\/www.flieg.fr\/wordpress\/wp-content\/uploads\/2012\/04\/P4250170-1024x768.jpg 1024w, https:\/\/www.flieg.fr\/wordpress\/wp-content\/uploads\/2012\/04\/P4250170-624x468.jpg 624w, https:\/\/www.flieg.fr\/wordpress\/wp-content\/uploads\/2012\/04\/P4250170.jpg 2048w\" sizes=\"auto, (max-width: 300px) 100vw, 300px\" \/><\/a><p id=\"caption-attachment-604\" class=\"wp-caption-text\">le gite Couloum\u00e9 \u00e0 Montr\u00e9al du Gers<\/p><\/div>\n<p>A 19h15, nous sommes appel\u00e9s a table. Comme je doute que la maison soit bien&nbsp;chauff\u00e9e, je mets ma polaire, Michelle fait de m\u00eame et on descend. Dame Annick nous dit \u00a0\u00bb Je vais vous conduire\u00a0\u00bb . Elle sort de la maison, en fait le tour et nous dit &nbsp;\u00ab\u00a0Nous dinons dehors ce soir\u00a0\u00bb. Je crois que c&rsquo;est une blague, parce qu&rsquo;il doit faire 15-16&nbsp;degr\u00e9s.<br \/>\nMais c&rsquo;est que c&rsquo;est vrai! Notre&nbsp;coll\u00e8gue&nbsp;Qu\u00e9b\u00e9cois&nbsp;est d\u00e9j\u00e0 assis a une table sous un auvent. Lui, il a mis pull et anorak. Le mari de Dame Annick se joint a nous. Il a un gros pull d&rsquo;hiver. Devant mon air surpris, Dame Annick me dit \u00ab\u00a0Vous voulez retourner pour enfiler quelque chose de plus? Parce que pour une fois qu&rsquo;on peut de nouveau manger dehors&#8230; \u00a0\u00bb Je n&rsquo;ai pas du tout envie de manger en anorak, alors je&nbsp;r\u00e9pond&nbsp;\u00a0\u00bb Je ne mettrai rien de plus. Quand j&rsquo;estimerai avoir trop froid, je quitterai tout simplement la table et je rentrerai\u00a0\u00bb. &nbsp;\u00c7a&nbsp;jette un froid (ce qui ne&nbsp;r\u00e9chauffe&nbsp;pas&nbsp;l\u2019atmosph\u00e8re). Nous nous asseyons et mangeons et discutons&nbsp;malgr\u00e9&nbsp;tout de bonne&nbsp;gr\u00e2ce&nbsp;en anglais et en francais. Heureusement que l&rsquo;omelette est chaude, mais Michelle et moi, on frissonne quand m\u00eame. A 20h15, le repas se termine et le mari se&nbsp;l\u00e8ve&nbsp;en disant : \u00ab\u00a0Excusez-moi, je dois partir chez un ami qui a une&nbsp;t\u00e9l\u00e9&nbsp;avec grand&nbsp;\u00e9cran. Je vais aller voir le match de foot\u00a0\u00bb.<br \/>\nEt il nous plante l\u00e0. Du coup, tout le monde rejoint assez vite ses appartements. Quelle&nbsp;diff\u00e9rence&nbsp;de&nbsp;convivialit\u00e9&nbsp;entre les&nbsp;diff\u00e9rents&nbsp;g\u00eetes&nbsp;et chambres&nbsp;d\u2019h\u00f4tes. M\u00eame le&nbsp;caf\u00e9&nbsp;que nous avons accept\u00e9 en fin de repas nous sera factur\u00e9 1 euro chacun ( il fallait lire la liste des prix sur le tableau noir accroch\u00e9 au fond de l&rsquo;auvent). Nous ne pouvons manquer de faire la comparaison avec le g\u00eete du Mieucas, lui aussi class\u00e9 3 \u00e9pis.<br \/>\nEn plus quand nous nous couchons, nous constatons que nos matelas sont tout mous!<br \/>\nLes 3 \u00e9pis annonc\u00e9s sont bien ramollis.<\/p>\n<pre><\/pre>\n","protected":false},"excerpt":{"rendered":"<p>Le soleil nous accueille au r\u00e9veil. Nous partons jusqu&rsquo;a Condom a 2 km de l\u00e0. Nous visitons la cath\u00e9drale puis nous faisons nos emplettes du jour au marche sur la place de la cath\u00e9drale. Nous y rencontrons Robert et Rose Marie nos petits suisses&nbsp;pr\u00e9f\u00e9r\u00e9s. On ach\u00e8te aussi des fromages de ch\u00e8vre. Le vendeur les a [&hellip;]<\/p>\n","protected":false},"author":3,"featured_media":0,"parent":0,"menu_order":0,"comment_status":"open","ping_status":"open","template":"","meta":{"footnotes":""},"class_list":["post-584","page","type-page","status-publish","hentry"],"_links":{"self":[{"href":"https:\/\/www.flieg.fr\/index.php?rest_route=\/wp\/v2\/pages\/584","targetHints":{"allow":["GET"]}}],"collection":[{"href":"https:\/\/www.flieg.fr\/index.php?rest_route=\/wp\/v2\/pages"}],"about":[{"href":"https:\/\/www.flieg.fr\/index.php?rest_route=\/wp\/v2\/types\/page"}],"author":[{"embeddable":true,"href":"https:\/\/www.flieg.fr\/index.php?rest_route=\/wp\/v2\/users\/3"}],"replies":[{"embeddable":true,"href":"https:\/\/www.flieg.fr\/index.php?rest_route=%2Fwp%2Fv2%2Fcomments&post=584"}],"version-history":[{"count":5,"href":"https:\/\/www.flieg.fr\/index.php?rest_route=\/wp\/v2\/pages\/584\/revisions"}],"predecessor-version":[{"id":2414,"href":"https:\/\/www.flieg.fr\/index.php?rest_route=\/wp\/v2\/pages\/584\/revisions\/2414"}],"wp:attachment":[{"href":"https:\/\/www.flieg.fr\/index.php?rest_route=%2Fwp%2Fv2%2Fmedia&parent=584"}],"curies":[{"name":"wp","href":"https:\/\/api.w.org\/{rel}","templated":true}]}}