{"id":506,"date":"2012-04-18T17:08:23","date_gmt":"2012-04-18T16:08:23","guid":{"rendered":"http:\/\/flieg.fr\/?page_id=506"},"modified":"2023-03-21T10:50:54","modified_gmt":"2023-03-21T09:50:54","slug":"jour-25-etape-23-dauvillar-a-dimanche-22-avril","status":"publish","type":"page","link":"https:\/\/www.flieg.fr\/?page_id=506","title":{"rendered":"jour 26 \u00e9tape 24 : d&rsquo;Auvillar \u00e0 Castet-Arrouy : 23 km dimanche 22 avril"},"content":{"rendered":"<p>Dimanche 22 avril 2012<\/p>\n<p>Ce matin le ciel semble plus cl\u00e9ment.<\/p>\n<div id=\"attachment_559\" style=\"width: 310px\" class=\"wp-caption alignnone\"><a href=\"http:\/\/flieg.fr\/wordpress\/wp-content\/uploads\/2012\/04\/P4220052.jpg\"><img loading=\"lazy\" decoding=\"async\" aria-describedby=\"caption-attachment-559\" class=\"size-medium wp-image-559\" title=\"OLYMPUS DIGITAL CAMERA\" src=\"http:\/\/flieg.fr\/wordpress\/wp-content\/uploads\/2012\/04\/P4220052-300x225.jpg\" alt=\"\" width=\"300\" height=\"225\" srcset=\"https:\/\/www.flieg.fr\/wordpress\/wp-content\/uploads\/2012\/04\/P4220052-300x225.jpg 300w, https:\/\/www.flieg.fr\/wordpress\/wp-content\/uploads\/2012\/04\/P4220052-1024x768.jpg 1024w, https:\/\/www.flieg.fr\/wordpress\/wp-content\/uploads\/2012\/04\/P4220052-624x468.jpg 624w, https:\/\/www.flieg.fr\/wordpress\/wp-content\/uploads\/2012\/04\/P4220052.jpg 2048w\" sizes=\"auto, (max-width: 300px) 100vw, 300px\" \/><\/a><p id=\"caption-attachment-559\" class=\"wp-caption-text\">champ de colza au petit matin apr\u00e8s l'averse<\/p><\/div>\n<p>A midi pile avant d&rsquo;arriver au village de Flamarens nous trouvons un petit abri am\u00e9nag\u00e9, avec bancs, table, eau chaude pr\u00e9par\u00e9e dans une thermos, bouteilles d&rsquo;eau et une assiette remplie d\u2019\u0153ufs durs. Le r\u00eave du marcheur. Nous y arrivons en m\u00eame temps que nos amis suisses. Nous prenons notre repas de midi ensemble.<\/p>\n<div id=\"attachment_558\" style=\"width: 310px\" class=\"wp-caption alignnone\"><a href=\"http:\/\/flieg.fr\/wordpress\/wp-content\/uploads\/2012\/04\/P4220068.jpg\"><img loading=\"lazy\" decoding=\"async\" aria-describedby=\"caption-attachment-558\" class=\"size-medium wp-image-558\" title=\"OLYMPUS DIGITAL CAMERA\" src=\"http:\/\/flieg.fr\/wordpress\/wp-content\/uploads\/2012\/04\/P4220068-300x225.jpg\" alt=\"\" width=\"300\" height=\"225\" srcset=\"https:\/\/www.flieg.fr\/wordpress\/wp-content\/uploads\/2012\/04\/P4220068-300x225.jpg 300w, https:\/\/www.flieg.fr\/wordpress\/wp-content\/uploads\/2012\/04\/P4220068-1024x768.jpg 1024w, https:\/\/www.flieg.fr\/wordpress\/wp-content\/uploads\/2012\/04\/P4220068-624x468.jpg 624w, https:\/\/www.flieg.fr\/wordpress\/wp-content\/uploads\/2012\/04\/P4220068.jpg 2048w\" sizes=\"auto, (max-width: 300px) 100vw, 300px\" \/><\/a><p id=\"caption-attachment-558\" class=\"wp-caption-text\">le r\u00eave du marcheur : un abri bien achaland\u00e9<\/p><\/div>\n<p>Une petite tirelire est a disposition pour les \u0153ufs et l&rsquo;eau que nous avons pris. Nous y mettons notre contribution et repartons. Il reste 9 km&nbsp;\u00e0 faire.<\/p>\n<p>L&rsquo;air est lav\u00e9 par les pluies et les couleurs vertes prennent une intensit\u00e9 inhabituelle.<\/p>\n<div id=\"attachment_562\" style=\"width: 310px\" class=\"wp-caption alignnone\"><a href=\"http:\/\/flieg.fr\/wordpress\/wp-content\/uploads\/2012\/04\/P4220080.jpg\"><img loading=\"lazy\" decoding=\"async\" aria-describedby=\"caption-attachment-562\" class=\"size-medium wp-image-562\" title=\"OLYMPUS DIGITAL CAMERA\" src=\"http:\/\/flieg.fr\/wordpress\/wp-content\/uploads\/2012\/04\/P4220080-300x225.jpg\" alt=\"\" width=\"300\" height=\"225\" srcset=\"https:\/\/www.flieg.fr\/wordpress\/wp-content\/uploads\/2012\/04\/P4220080-300x225.jpg 300w, https:\/\/www.flieg.fr\/wordpress\/wp-content\/uploads\/2012\/04\/P4220080-1024x768.jpg 1024w, https:\/\/www.flieg.fr\/wordpress\/wp-content\/uploads\/2012\/04\/P4220080-624x468.jpg 624w, https:\/\/www.flieg.fr\/wordpress\/wp-content\/uploads\/2012\/04\/P4220080.jpg 2048w\" sizes=\"auto, (max-width: 300px) 100vw, 300px\" \/><\/a><p id=\"caption-attachment-562\" class=\"wp-caption-text\">les ruines du ch\u00e2teau de Gachepouy pr\u00e8s de Castet-Arrouy<\/p><\/div>\n<p>Mais le soleil nous fait&nbsp;\u00e0 pr\u00e9sent d\u00e9faut. Nous essuyons de sacr\u00e9es averses entrecoup\u00e9es de rares moments ensoleill\u00e9s, quand les nuages noirs daignent nous \u00e9pargner et passer au loin.<\/p>\n<p><a href=\"http:\/\/flieg.fr\/wordpress\/wp-content\/uploads\/2012\/04\/P4220082.jpg\"><img loading=\"lazy\" decoding=\"async\" class=\"size-medium wp-image-561\" title=\"OLYMPUS DIGITAL CAMERA\" src=\"http:\/\/flieg.fr\/wordpress\/wp-content\/uploads\/2012\/04\/P4220082-300x225.jpg\" alt=\"\" width=\"300\" height=\"225\" srcset=\"https:\/\/www.flieg.fr\/wordpress\/wp-content\/uploads\/2012\/04\/P4220082-300x225.jpg 300w, https:\/\/www.flieg.fr\/wordpress\/wp-content\/uploads\/2012\/04\/P4220082-1024x768.jpg 1024w, https:\/\/www.flieg.fr\/wordpress\/wp-content\/uploads\/2012\/04\/P4220082-624x468.jpg 624w, https:\/\/www.flieg.fr\/wordpress\/wp-content\/uploads\/2012\/04\/P4220082.jpg 2048w\" sizes=\"auto, (max-width: 300px) 100vw, 300px\" \/><\/a><\/p>\n<div class=\"mceTemp\">\n<dl id=\"attachment_561\" class=\"wp-caption alignnone\" style=\"width: 310px;\">\n<dd class=\"wp-caption-dd\">la pluie ne passe pas loin !<\/dd>\n<\/dl>\n<\/div>\n<p>La derni\u00e8re averse nous surprend \u00e0 l&rsquo;entr\u00e9e du village de Castet-Arrouy. Elle&nbsp;nous tombe dessus. Nous nous r\u00e9fugions chez un particulier, sous son auvent&nbsp;\u00e0 voitures. Une vieille Mehari nous sert de si\u00e8ge.<\/p>\n<div id=\"attachment_563\" style=\"width: 310px\" class=\"wp-caption alignnone\"><a href=\"http:\/\/flieg.fr\/wordpress\/wp-content\/uploads\/2012\/04\/P4220087.jpg\"><img loading=\"lazy\" decoding=\"async\" aria-describedby=\"caption-attachment-563\" class=\"size-medium wp-image-563\" title=\"OLYMPUS DIGITAL CAMERA\" src=\"http:\/\/flieg.fr\/wordpress\/wp-content\/uploads\/2012\/04\/P4220087-300x225.jpg\" alt=\"\" width=\"300\" height=\"225\" srcset=\"https:\/\/www.flieg.fr\/wordpress\/wp-content\/uploads\/2012\/04\/P4220087-300x225.jpg 300w, https:\/\/www.flieg.fr\/wordpress\/wp-content\/uploads\/2012\/04\/P4220087-1024x768.jpg 1024w, https:\/\/www.flieg.fr\/wordpress\/wp-content\/uploads\/2012\/04\/P4220087-624x468.jpg 624w, https:\/\/www.flieg.fr\/wordpress\/wp-content\/uploads\/2012\/04\/P4220087.jpg 2048w\" sizes=\"auto, (max-width: 300px) 100vw, 300px\" \/><\/a><p id=\"caption-attachment-563\" class=\"wp-caption-text\">p\u00e8lerine fatigu\u00e9e attendant d\u00e9sesp\u00e9r\u00e9ment la fin de la pluie en M\u00e9hari<\/p><\/div>\n<p>Enfin,la pluie cesse et nous pouvons atteindre notre g\u00eete d&rsquo;\u00e9tape.<\/p>\n<div id=\"attachment_565\" style=\"width: 235px\" class=\"wp-caption alignnone\"><a href=\"http:\/\/flieg.fr\/wordpress\/wp-content\/uploads\/2012\/04\/P4220089.jpg\"><img loading=\"lazy\" decoding=\"async\" aria-describedby=\"caption-attachment-565\" class=\"size-medium wp-image-565\" title=\"OLYMPUS DIGITAL CAMERA\" src=\"http:\/\/flieg.fr\/wordpress\/wp-content\/uploads\/2012\/04\/P4220089-225x300.jpg\" alt=\"\" width=\"225\" height=\"300\" srcset=\"https:\/\/www.flieg.fr\/wordpress\/wp-content\/uploads\/2012\/04\/P4220089-225x300.jpg 225w, https:\/\/www.flieg.fr\/wordpress\/wp-content\/uploads\/2012\/04\/P4220089-768x1024.jpg 768w, https:\/\/www.flieg.fr\/wordpress\/wp-content\/uploads\/2012\/04\/P4220089-624x832.jpg 624w, https:\/\/www.flieg.fr\/wordpress\/wp-content\/uploads\/2012\/04\/P4220089.jpg 1536w\" sizes=\"auto, (max-width: 225px) 100vw, 225px\" \/><\/a><p id=\"caption-attachment-565\" class=\"wp-caption-text\">chambre d'h\u00f4tes chez Nat \u00e0 Castet-Arrouy<\/p><\/div>\n<pre>Le soir quand nous sortons, une belle luminosit\u00e9 irradie la pierre\nblonde de l\u2019\u00e9glise.\nJ'allais prendre une photo, quand une voiture s\u2019arr\u00eate pr\u00e8s de moi.\nSon conducteur me h\u00e8le. \"Arr\u00eatez!\" me dit-il d'un ton p\u00e9remptoire.\n\"Vous n'avez pas de recul comme \u00e7a. Vous entrez dans la cour l\u00e0,\nvous montez sur la terrasse au fond de la cour et l\u00e0 vous verrez.\nCe sera autre chose!\"\nSur son ordre je rentre dans la propri\u00e9t\u00e9 et je monte les marches.\nEffectivement, de l\u00e0, l\u2019\u00e9glise se d\u00e9voile dans toutes ses dimensions.<\/pre>\n<div id=\"attachment_566\" style=\"width: 310px\" class=\"wp-caption alignnone\"><a href=\"http:\/\/flieg.fr\/wordpress\/wp-content\/uploads\/2012\/04\/P4220092.jpg\"><img loading=\"lazy\" decoding=\"async\" aria-describedby=\"caption-attachment-566\" class=\"size-medium wp-image-566\" title=\"OLYMPUS DIGITAL CAMERA\" src=\"http:\/\/flieg.fr\/wordpress\/wp-content\/uploads\/2012\/04\/P4220092-300x225.jpg\" alt=\"\" width=\"300\" height=\"225\" srcset=\"https:\/\/www.flieg.fr\/wordpress\/wp-content\/uploads\/2012\/04\/P4220092-300x225.jpg 300w, https:\/\/www.flieg.fr\/wordpress\/wp-content\/uploads\/2012\/04\/P4220092-1024x768.jpg 1024w, https:\/\/www.flieg.fr\/wordpress\/wp-content\/uploads\/2012\/04\/P4220092-624x468.jpg 624w, https:\/\/www.flieg.fr\/wordpress\/wp-content\/uploads\/2012\/04\/P4220092.jpg 2048w\" sizes=\"auto, (max-width: 300px) 100vw, 300px\" \/><\/a><p id=\"caption-attachment-566\" class=\"wp-caption-text\">l'\u00e9glise de Castet-Arrouy<\/p><\/div>\n<pre>&nbsp;\nEt il me dit : \"C'est chez moi, je suis le maire du village.\"\nIl fait m\u00eame poser son chien pour moi \u00e0 travers le mur de sa propri\u00e9t\u00e9.<\/pre>\n<div id=\"attachment_567\" style=\"width: 310px\" class=\"wp-caption alignnone\"><a href=\"http:\/\/flieg.fr\/wordpress\/wp-content\/uploads\/2012\/04\/P4220096.jpg\"><img loading=\"lazy\" decoding=\"async\" aria-describedby=\"caption-attachment-567\" class=\"size-medium wp-image-567\" title=\"OLYMPUS DIGITAL CAMERA\" src=\"http:\/\/flieg.fr\/wordpress\/wp-content\/uploads\/2012\/04\/P4220096-300x225.jpg\" alt=\"\" width=\"300\" height=\"225\" srcset=\"https:\/\/www.flieg.fr\/wordpress\/wp-content\/uploads\/2012\/04\/P4220096-300x225.jpg 300w, https:\/\/www.flieg.fr\/wordpress\/wp-content\/uploads\/2012\/04\/P4220096-1024x768.jpg 1024w, https:\/\/www.flieg.fr\/wordpress\/wp-content\/uploads\/2012\/04\/P4220096-624x468.jpg 624w, https:\/\/www.flieg.fr\/wordpress\/wp-content\/uploads\/2012\/04\/P4220096.jpg 2048w\" sizes=\"auto, (max-width: 300px) 100vw, 300px\" \/><\/a><p id=\"caption-attachment-567\" class=\"wp-caption-text\">le chien du maire de Castet-Arrouy pose pour nous<\/p><\/div>\n<pre>Plus tard pendant le repas, nous apprenons les r\u00e9sultats des \u00e9lections.\nNous sommes 8 p\u00e8lerins autour de la table et nous nous connaissons tous\npour nous \u00eatre rencontr\u00e9s en divers points du parcours.\nLa soir\u00e9e est tr\u00e8s joyeuse.<\/pre>\n<pre><\/pre>\n","protected":false},"excerpt":{"rendered":"<p>Dimanche 22 avril 2012 Ce matin le ciel semble plus cl\u00e9ment. A midi pile avant d&rsquo;arriver au village de Flamarens nous trouvons un petit abri am\u00e9nag\u00e9, avec bancs, table, eau chaude pr\u00e9par\u00e9e dans une thermos, bouteilles d&rsquo;eau et une assiette remplie d\u2019\u0153ufs durs. Le r\u00eave du marcheur. Nous y arrivons en m\u00eame temps que nos [&hellip;]<\/p>\n","protected":false},"author":3,"featured_media":0,"parent":0,"menu_order":0,"comment_status":"open","ping_status":"open","template":"","meta":{"footnotes":""},"class_list":["post-506","page","type-page","status-publish","hentry"],"_links":{"self":[{"href":"https:\/\/www.flieg.fr\/index.php?rest_route=\/wp\/v2\/pages\/506","targetHints":{"allow":["GET"]}}],"collection":[{"href":"https:\/\/www.flieg.fr\/index.php?rest_route=\/wp\/v2\/pages"}],"about":[{"href":"https:\/\/www.flieg.fr\/index.php?rest_route=\/wp\/v2\/types\/page"}],"author":[{"embeddable":true,"href":"https:\/\/www.flieg.fr\/index.php?rest_route=\/wp\/v2\/users\/3"}],"replies":[{"embeddable":true,"href":"https:\/\/www.flieg.fr\/index.php?rest_route=%2Fwp%2Fv2%2Fcomments&post=506"}],"version-history":[{"count":10,"href":"https:\/\/www.flieg.fr\/index.php?rest_route=\/wp\/v2\/pages\/506\/revisions"}],"predecessor-version":[{"id":2411,"href":"https:\/\/www.flieg.fr\/index.php?rest_route=\/wp\/v2\/pages\/506\/revisions\/2411"}],"wp:attachment":[{"href":"https:\/\/www.flieg.fr\/index.php?rest_route=%2Fwp%2Fv2%2Fmedia&parent=506"}],"curies":[{"name":"wp","href":"https:\/\/api.w.org\/{rel}","templated":true}]}}