{"id":3491,"date":"2025-09-15T18:13:41","date_gmt":"2025-09-15T17:13:41","guid":{"rendered":"https:\/\/www.flieg.fr\/?page_id=3491"},"modified":"2025-10-12T20:33:29","modified_gmt":"2025-10-12T19:33:29","slug":"etape-0-de-cernay-a-cluny","status":"publish","type":"page","link":"https:\/\/www.flieg.fr\/?page_id=3491","title":{"rendered":"Etapes de Cluny au Puy en Velay"},"content":{"rendered":"<blockquote>\n<p style=\"padding-left: 80px;\">Lundi 22 septembre 2025<\/p>\n<\/blockquote>\n<p><span style=\"font-size: 15px;\">\u00c9tape 1 de Cluny \u00e0 Sainte-C\u00e9cile.<\/span><br \/>\n<span style=\"font-size: 15px;\">3h16 \/ 9 km82<\/span><\/p>\n<p><span style=\"font-size: 15px;\"> d+ 213 m d- 164 m<\/span><br \/>\n<span style=\"font-size: 15px;\">A l&rsquo;ouverture des volets, ce matin, nous d\u00e9couvrons un temps gris accompagn\u00e9 d&rsquo;un\u00a0 crachin continu. Apr\u00e8s avoir pris le petit d\u00e9jeuner, la situation est la m\u00eame. Nous devons nous r\u00e9soudre \u00e0 quitter la maison avec le sourire aux l\u00e8vres quand m\u00eame.<\/span><\/p>\n<p><a href=\"https:\/\/www.flieg.fr\/wordpress\/wp-content\/uploads\/2025\/09\/IMG-20250922-WA0000-1.jpg\"><img loading=\"lazy\" decoding=\"async\" class=\"alignnone size-large wp-image-3529\" src=\"https:\/\/www.flieg.fr\/wordpress\/wp-content\/uploads\/2025\/09\/IMG-20250922-WA0000-1-1024x768.jpg\" alt=\"\" width=\"625\" height=\"469\" srcset=\"https:\/\/www.flieg.fr\/wordpress\/wp-content\/uploads\/2025\/09\/IMG-20250922-WA0000-1-1024x768.jpg 1024w, https:\/\/www.flieg.fr\/wordpress\/wp-content\/uploads\/2025\/09\/IMG-20250922-WA0000-1-300x225.jpg 300w, https:\/\/www.flieg.fr\/wordpress\/wp-content\/uploads\/2025\/09\/IMG-20250922-WA0000-1-768x576.jpg 768w, https:\/\/www.flieg.fr\/wordpress\/wp-content\/uploads\/2025\/09\/IMG-20250922-WA0000-1-1536x1152.jpg 1536w, https:\/\/www.flieg.fr\/wordpress\/wp-content\/uploads\/2025\/09\/IMG-20250922-WA0000-1-624x468.jpg 624w, https:\/\/www.flieg.fr\/wordpress\/wp-content\/uploads\/2025\/09\/IMG-20250922-WA0000-1.jpg 1600w\" sizes=\"auto, (max-width: 625px) 100vw, 625px\" \/><\/a><br \/>\nNous avons pris le train de Cernay \u00e0 Mulhouse, puis de Mulhouse \u00e0 Macon serr\u00e9s comme des sardines.<br \/>\nEnsuite 2h30 d&rsquo;attente pour voir enfin venir le car qui nous am\u00e8nera de Macon \u00e0 Cluny.<br \/>\nIl nous reste le temps de faire une petite \u00e9tape de 7,5 km<br \/>\nLa m\u00e9t\u00e9o n&rsquo;est pas extra. \u00c7a d\u00e9marre fort avec une forte mont\u00e9e et la bruine commence \u00e0 nous encercler et nous commen\u00e7ons tout doucement \u00e0 \u00eatre mouill\u00e9s. Finalement la bruine cesse et nous pouvons marcher tranquillement .<\/p>\n<p><a href=\"https:\/\/www.flieg.fr\/wordpress\/wp-content\/uploads\/2025\/09\/IMG-20250923-WA0004.jpg\"><img loading=\"lazy\" decoding=\"async\" class=\"alignnone size-large wp-image-3532\" src=\"https:\/\/www.flieg.fr\/wordpress\/wp-content\/uploads\/2025\/09\/IMG-20250923-WA0004-1024x473.jpg\" alt=\"\" width=\"625\" height=\"289\" srcset=\"https:\/\/www.flieg.fr\/wordpress\/wp-content\/uploads\/2025\/09\/IMG-20250923-WA0004-1024x473.jpg 1024w, https:\/\/www.flieg.fr\/wordpress\/wp-content\/uploads\/2025\/09\/IMG-20250923-WA0004-300x139.jpg 300w, https:\/\/www.flieg.fr\/wordpress\/wp-content\/uploads\/2025\/09\/IMG-20250923-WA0004-768x355.jpg 768w, https:\/\/www.flieg.fr\/wordpress\/wp-content\/uploads\/2025\/09\/IMG-20250923-WA0004-1536x709.jpg 1536w, https:\/\/www.flieg.fr\/wordpress\/wp-content\/uploads\/2025\/09\/IMG-20250923-WA0004-624x288.jpg 624w, https:\/\/www.flieg.fr\/wordpress\/wp-content\/uploads\/2025\/09\/IMG-20250923-WA0004.jpg 1600w\" sizes=\"auto, (max-width: 625px) 100vw, 625px\" \/><\/a><br \/>\nNous avons parfois des apper\u00e7us de ce qui nous attend. Au loin la route serpente. Et \u00e7a monte&#8230;<br \/>\nAu passage d&rsquo;un hameau qui porte le nom de hameau du retour, une croix marque l&rsquo;endroit \u00a0\u00bb le retour\u00a0\u00bb.<\/p>\n<p><a href=\"https:\/\/www.flieg.fr\/wordpress\/wp-content\/uploads\/2025\/09\/IMG-20250923-WA0003.jpg\"><img loading=\"lazy\" decoding=\"async\" class=\"alignnone size-large wp-image-3533\" src=\"https:\/\/www.flieg.fr\/wordpress\/wp-content\/uploads\/2025\/09\/IMG-20250923-WA0003-473x1024.jpg\" alt=\"\" width=\"473\" height=\"1024\" srcset=\"https:\/\/www.flieg.fr\/wordpress\/wp-content\/uploads\/2025\/09\/IMG-20250923-WA0003-473x1024.jpg 473w, https:\/\/www.flieg.fr\/wordpress\/wp-content\/uploads\/2025\/09\/IMG-20250923-WA0003-139x300.jpg 139w, https:\/\/www.flieg.fr\/wordpress\/wp-content\/uploads\/2025\/09\/IMG-20250923-WA0003-709x1536.jpg 709w, https:\/\/www.flieg.fr\/wordpress\/wp-content\/uploads\/2025\/09\/IMG-20250923-WA0003-624x1351.jpg 624w, https:\/\/www.flieg.fr\/wordpress\/wp-content\/uploads\/2025\/09\/IMG-20250923-WA0003.jpg 739w\" sizes=\"auto, (max-width: 473px) 100vw, 473px\" \/><\/a><\/p>\n<p>A 18h30 nous atteignons notre but du jour : la maison de Martine qui nous recevra pour la soir\u00e9e et la nuit. Martine nous a concoct\u00e9s un repas du soir simple mais roboratif. Nous avons discut\u00e9 un peu et nous nous sommes rapidement mis au lit pour dormir et r\u00e9cup\u00e9rer compl\u00e8tement.<\/p>\n<p><a href=\"https:\/\/www.flieg.fr\/wordpress\/wp-content\/uploads\/2025\/09\/IMG-20250923-WA0005.jpg\"><img loading=\"lazy\" decoding=\"async\" class=\"alignnone size-large wp-image-3531\" src=\"https:\/\/www.flieg.fr\/wordpress\/wp-content\/uploads\/2025\/09\/IMG-20250923-WA0005-1024x473.jpg\" alt=\"\" width=\"625\" height=\"289\" srcset=\"https:\/\/www.flieg.fr\/wordpress\/wp-content\/uploads\/2025\/09\/IMG-20250923-WA0005-1024x473.jpg 1024w, https:\/\/www.flieg.fr\/wordpress\/wp-content\/uploads\/2025\/09\/IMG-20250923-WA0005-300x139.jpg 300w, https:\/\/www.flieg.fr\/wordpress\/wp-content\/uploads\/2025\/09\/IMG-20250923-WA0005-768x355.jpg 768w, https:\/\/www.flieg.fr\/wordpress\/wp-content\/uploads\/2025\/09\/IMG-20250923-WA0005-1536x709.jpg 1536w, https:\/\/www.flieg.fr\/wordpress\/wp-content\/uploads\/2025\/09\/IMG-20250923-WA0005-624x288.jpg 624w, https:\/\/www.flieg.fr\/wordpress\/wp-content\/uploads\/2025\/09\/IMG-20250923-WA0005.jpg 1600w\" sizes=\"auto, (max-width: 625px) 100vw, 625px\" \/><\/a> <!--\/data\/user\/0\/com.samsung.android.app.notes\/files\/clipdata\/clipdata_bodytext_250923_215544_696.sdocx--><\/p>\n<p>L&rsquo;informatique nous joue un tour qu&rsquo;on n&rsquo;a pas vu venir. L&rsquo;acc\u00e8s au site internet nous est refus\u00e9. On veut v\u00e9rifier les codes dans un fichier excel que nous avons emmen\u00e9 avec nous par pr\u00e9caution. Ce fichier est lui aussi inaccessible&#8230;<br \/>\nInfirmatique, quand tu nous tiens&#8230;Au bout de 2 jours , nous avons gagn\u00e9 la partie<!--\/data\/user\/0\/com.samsung.android.app.notes\/files\/clipdata\/clipdata_bodytext_250923_213626_049.sdocx--><\/p>\n<p>Mardi 23 septembre 2025<\/p>\n<p>Etape 2 de Sainte C\u00e9cile \u00e0 Tramayes<br \/>\n4h25\u00a0 \/ 12km 94<\/p>\n<p>d+ 348 d- 128<\/p>\n<p>Le petit d\u00e9jeuner pris, nous entamons la marche de la journ\u00e9e. Avec le GPS on se rep\u00e8re bien, mais de temps en temps il y a des petites erreurs sans cons\u00e9quence. Ce matin, les nuages rabotent\u00a0 les monts du maconnais, l\u00e2chant \u00e7a et l\u00e0 quelques averses. Nous passons entre. La ros\u00e9e fait scintiller les herbes du chemin.9<\/p>\n<ul>\n<li><a href=\"https:\/\/www.flieg.fr\/wordpress\/wp-content\/uploads\/2025\/09\/IMG-20250923-WA0007.jpg\"><img loading=\"lazy\" decoding=\"async\" class=\"alignnone size-large wp-image-3536\" src=\"https:\/\/www.flieg.fr\/wordpress\/wp-content\/uploads\/2025\/09\/IMG-20250923-WA0007-1024x473.jpg\" alt=\"\" width=\"625\" height=\"289\" srcset=\"https:\/\/www.flieg.fr\/wordpress\/wp-content\/uploads\/2025\/09\/IMG-20250923-WA0007-1024x473.jpg 1024w, https:\/\/www.flieg.fr\/wordpress\/wp-content\/uploads\/2025\/09\/IMG-20250923-WA0007-300x139.jpg 300w, https:\/\/www.flieg.fr\/wordpress\/wp-content\/uploads\/2025\/09\/IMG-20250923-WA0007-768x355.jpg 768w, https:\/\/www.flieg.fr\/wordpress\/wp-content\/uploads\/2025\/09\/IMG-20250923-WA0007-1536x709.jpg 1536w, https:\/\/www.flieg.fr\/wordpress\/wp-content\/uploads\/2025\/09\/IMG-20250923-WA0007-624x288.jpg 624w, https:\/\/www.flieg.fr\/wordpress\/wp-content\/uploads\/2025\/09\/IMG-20250923-WA0007.jpg 1600w\" sizes=\"auto, (max-width: 625px) 100vw, 625px\" \/><\/a><\/li>\n<\/ul>\n<p>La marche avance bien si bien que nous arrivons \u00e0 13h45 \u00e0 Tramayes. Notre h\u00f4tel est d\u00e9j\u00e0 pr\u00eat \u00e0 nous recevoir et nous pouvons passer la fin de l&rsquo;apr\u00e8s-midi \u00e0 r\u00e9cup\u00e9rer.<a href=\"https:\/\/www.flieg.fr\/wordpress\/wp-content\/uploads\/2025\/09\/IMG-20250923-WA00101.jpg\"><img loading=\"lazy\" decoding=\"async\" class=\"alignnone size-large wp-image-3538\" src=\"https:\/\/www.flieg.fr\/wordpress\/wp-content\/uploads\/2025\/09\/IMG-20250923-WA00101-1024x473.jpg\" alt=\"\" width=\"625\" height=\"289\" srcset=\"https:\/\/www.flieg.fr\/wordpress\/wp-content\/uploads\/2025\/09\/IMG-20250923-WA00101-1024x473.jpg 1024w, https:\/\/www.flieg.fr\/wordpress\/wp-content\/uploads\/2025\/09\/IMG-20250923-WA00101-300x139.jpg 300w, https:\/\/www.flieg.fr\/wordpress\/wp-content\/uploads\/2025\/09\/IMG-20250923-WA00101-768x355.jpg 768w, https:\/\/www.flieg.fr\/wordpress\/wp-content\/uploads\/2025\/09\/IMG-20250923-WA00101-1536x709.jpg 1536w, https:\/\/www.flieg.fr\/wordpress\/wp-content\/uploads\/2025\/09\/IMG-20250923-WA00101-624x288.jpg 624w, https:\/\/www.flieg.fr\/wordpress\/wp-content\/uploads\/2025\/09\/IMG-20250923-WA00101.jpg 1600w\" sizes=\"auto, (max-width: 625px) 100vw, 625px\" \/><\/a><!--\/data\/user\/0\/com.samsung.android.app.notes\/files\/clipdata\/clipdata_bodytext_250924_223010_923.sdocx--><\/p>\n<p>Notre hotelier nous a pr\u00eat\u00e9 un PC pour nous permettre de r\u00e9cup\u00e9rer nos codes et mettre notre blog \u00e0 jour.<\/p>\n<p>Mercredi 24 septembre<\/p>\n<p>Etape 3 de Tramayes \u00e0 Gros Bois Ouroux<\/p>\n<p>6h20 \/ 17,61km soit 2,8 km\/h<\/p>\n<p>d+ 480m d- 475m<\/p>\n<p>La m\u00e9t\u00e9o a annonc\u00e9 une journ\u00e9e totalement pluvieuse, mais surprise le matin quand nous ouvrons la fen\u00eatre nous avons juste un peu de brume qui donne une atmosph\u00e8re humide. Pas de quoi s&rsquo;inqui\u00e9ter donc.<\/p>\n<p><a href=\"https:\/\/www.flieg.fr\/wordpress\/wp-content\/uploads\/2025\/09\/IMG-20250924-WA0003.jpg\"><img loading=\"lazy\" decoding=\"async\" class=\"alignnone size-large wp-image-3558\" src=\"https:\/\/www.flieg.fr\/wordpress\/wp-content\/uploads\/2025\/09\/IMG-20250924-WA0003-1024x473.jpg\" alt=\"\" width=\"625\" height=\"289\" srcset=\"https:\/\/www.flieg.fr\/wordpress\/wp-content\/uploads\/2025\/09\/IMG-20250924-WA0003-1024x473.jpg 1024w, https:\/\/www.flieg.fr\/wordpress\/wp-content\/uploads\/2025\/09\/IMG-20250924-WA0003-300x139.jpg 300w, https:\/\/www.flieg.fr\/wordpress\/wp-content\/uploads\/2025\/09\/IMG-20250924-WA0003-768x355.jpg 768w, https:\/\/www.flieg.fr\/wordpress\/wp-content\/uploads\/2025\/09\/IMG-20250924-WA0003-1536x709.jpg 1536w, https:\/\/www.flieg.fr\/wordpress\/wp-content\/uploads\/2025\/09\/IMG-20250924-WA0003-624x288.jpg 624w, https:\/\/www.flieg.fr\/wordpress\/wp-content\/uploads\/2025\/09\/IMG-20250924-WA0003.jpg 1600w\" sizes=\"auto, (max-width: 625px) 100vw, 625px\" \/><\/a><\/p>\n<p>Nous quittons les marronniers et nous voil\u00e0 repartis avec des mont\u00e9es impressionnantes, des chemins dans le ruisseau.<\/p>\n<p><a href=\"https:\/\/www.flieg.fr\/wordpress\/wp-content\/uploads\/2025\/09\/20250924_090754-1-scaled.jpg\"><img loading=\"lazy\" decoding=\"async\" class=\"alignnone size-large wp-image-3598\" src=\"https:\/\/www.flieg.fr\/wordpress\/wp-content\/uploads\/2025\/09\/20250924_090754-1-1024x576.jpg\" alt=\"\" width=\"625\" height=\"352\" srcset=\"https:\/\/www.flieg.fr\/wordpress\/wp-content\/uploads\/2025\/09\/20250924_090754-1-1024x576.jpg 1024w, https:\/\/www.flieg.fr\/wordpress\/wp-content\/uploads\/2025\/09\/20250924_090754-1-300x169.jpg 300w, https:\/\/www.flieg.fr\/wordpress\/wp-content\/uploads\/2025\/09\/20250924_090754-1-768x432.jpg 768w, https:\/\/www.flieg.fr\/wordpress\/wp-content\/uploads\/2025\/09\/20250924_090754-1-1536x864.jpg 1536w, https:\/\/www.flieg.fr\/wordpress\/wp-content\/uploads\/2025\/09\/20250924_090754-1-2048x1152.jpg 2048w, https:\/\/www.flieg.fr\/wordpress\/wp-content\/uploads\/2025\/09\/20250924_090754-1-624x351.jpg 624w\" sizes=\"auto, (max-width: 625px) 100vw, 625px\" \/><\/a><\/p>\n<p>On monte par-dessus des cailloux entour\u00e9s d&rsquo;eau. Il faut faire attention \u00e0 ne pas tomber. On p\u00e9n\u00e8tre dans la for\u00eat qui est tr\u00e8s sombre. Les nuages fr\u00f4lent les arbres. Il ne pleut pas, mais il fait presque nuit \u00e0 l&rsquo;or\u00e9e de la for\u00eat.<\/p>\n<p><a href=\"https:\/\/www.flieg.fr\/wordpress\/wp-content\/uploads\/2025\/09\/20250924_095821-scaled.jpg\"><img loading=\"lazy\" decoding=\"async\" class=\"alignnone size-large wp-image-3562\" src=\"https:\/\/www.flieg.fr\/wordpress\/wp-content\/uploads\/2025\/09\/20250924_095821-1024x576.jpg\" alt=\"\" width=\"625\" height=\"352\" srcset=\"https:\/\/www.flieg.fr\/wordpress\/wp-content\/uploads\/2025\/09\/20250924_095821-1024x576.jpg 1024w, https:\/\/www.flieg.fr\/wordpress\/wp-content\/uploads\/2025\/09\/20250924_095821-300x169.jpg 300w, https:\/\/www.flieg.fr\/wordpress\/wp-content\/uploads\/2025\/09\/20250924_095821-768x432.jpg 768w, https:\/\/www.flieg.fr\/wordpress\/wp-content\/uploads\/2025\/09\/20250924_095821-1536x864.jpg 1536w, https:\/\/www.flieg.fr\/wordpress\/wp-content\/uploads\/2025\/09\/20250924_095821-2048x1152.jpg 2048w, https:\/\/www.flieg.fr\/wordpress\/wp-content\/uploads\/2025\/09\/20250924_095821-624x351.jpg 624w\" sizes=\"auto, (max-width: 625px) 100vw, 625px\" \/><\/a><\/p>\n<p>On avance doucement et bient\u00f4t nous arrivons au col du Carcan tr\u00e8s venteux. Nous avons quitt\u00e9 la piste qu&rsquo;on aurait d\u00fb suivre, mais bon on s&rsquo;y retrouve \u00e0 peu pr\u00e8s gr\u00e2ce au super GPS qui nous indique toujours l&rsquo;endroit o\u00f9 nous sommes et les routes o\u00f9 aller, mais bon, on ne peut pas laisser le t\u00e9l\u00e9phone allum\u00e9 toute la journ\u00e9e parce que sinon il se vide ; donc on v\u00e9rifie de temps en temps qu&rsquo;on est sur la bonne route.<\/p>\n<p>Vers 13h on arrive \u00e0 Saint-Jacques-des-Arr\u00eats et on profite d&rsquo;une belle d\u00e9couverte dans l&rsquo;\u00e9glise : de belles peintures murales et un tampon pour les cr\u00e9anciales.<\/p>\n<p><a href=\"https:\/\/www.flieg.fr\/wordpress\/wp-content\/uploads\/2025\/09\/20250924_131804-scaled.jpg\"><img loading=\"lazy\" decoding=\"async\" class=\"alignnone size-large wp-image-3599\" src=\"https:\/\/www.flieg.fr\/wordpress\/wp-content\/uploads\/2025\/09\/20250924_131804-1024x576.jpg\" alt=\"\" width=\"625\" height=\"352\" srcset=\"https:\/\/www.flieg.fr\/wordpress\/wp-content\/uploads\/2025\/09\/20250924_131804-1024x576.jpg 1024w, https:\/\/www.flieg.fr\/wordpress\/wp-content\/uploads\/2025\/09\/20250924_131804-300x169.jpg 300w, https:\/\/www.flieg.fr\/wordpress\/wp-content\/uploads\/2025\/09\/20250924_131804-768x432.jpg 768w, https:\/\/www.flieg.fr\/wordpress\/wp-content\/uploads\/2025\/09\/20250924_131804-1536x864.jpg 1536w, https:\/\/www.flieg.fr\/wordpress\/wp-content\/uploads\/2025\/09\/20250924_131804-2048x1152.jpg 2048w, https:\/\/www.flieg.fr\/wordpress\/wp-content\/uploads\/2025\/09\/20250924_131804-624x351.jpg 624w\" sizes=\"auto, (max-width: 625px) 100vw, 625px\" \/><\/a><\/p>\n<p>L&rsquo;auberge est en travaux, on bivouaque dans l&rsquo;\u00e9glise bien chaude. Il nous reste 5 km \u00e0 faire bien difficilement. \u00c0 Ouroux, on visite l&rsquo;\u00e9glise au clocher surprenant ; des tuiles verniss\u00e9es avec un motif de calice et une \u00e9toile de David.<\/p>\n<p><a href=\"https:\/\/www.flieg.fr\/wordpress\/wp-content\/uploads\/2025\/09\/IMG-20250924-WA0007.jpg\"><img loading=\"lazy\" decoding=\"async\" class=\"alignnone size-large wp-image-3554\" src=\"https:\/\/www.flieg.fr\/wordpress\/wp-content\/uploads\/2025\/09\/IMG-20250924-WA0007-473x1024.jpg\" alt=\"\" width=\"473\" height=\"1024\" srcset=\"https:\/\/www.flieg.fr\/wordpress\/wp-content\/uploads\/2025\/09\/IMG-20250924-WA0007-473x1024.jpg 473w, https:\/\/www.flieg.fr\/wordpress\/wp-content\/uploads\/2025\/09\/IMG-20250924-WA0007-139x300.jpg 139w, https:\/\/www.flieg.fr\/wordpress\/wp-content\/uploads\/2025\/09\/IMG-20250924-WA0007-709x1536.jpg 709w, https:\/\/www.flieg.fr\/wordpress\/wp-content\/uploads\/2025\/09\/IMG-20250924-WA0007-624x1351.jpg 624w, https:\/\/www.flieg.fr\/wordpress\/wp-content\/uploads\/2025\/09\/IMG-20250924-WA0007.jpg 739w\" sizes=\"auto, (max-width: 473px) 100vw, 473px\" \/><\/a><\/p>\n<p>Il reste un kilom\u00e8tre pour aller au g\u00eete de Grosbois.<\/p>\n<p>A la fin, on arrive \u00e0 notre destination en longeant le mur du ch\u00e2teau qui va nous abriter et pendant un kilom\u00e8tre on grimpe, on grimpe le long de\u00a0 ce mur avant enfin d&rsquo;arriver au petit ch\u00e2teau. Jean-Robert Mavet nous re\u00e7oit dans sa grande propri\u00e9t\u00e9. Il a \u00e0 peu pr\u00e8s notre \u00e2ge ; Il travaillait \u00e0 la SNCF \u00e0 Lyon et il connaissait tr\u00e8s bien Robert. Rencontre \u00e9tonnante !<br \/>\n<!--\/data\/user\/0\/com.samsung.android.app.notes\/files\/clipdata\/clipdata_bodytext_250925_134609_536.sdocx--><\/p>\n<p>Au ch\u00e2teau de Gros Bois, l&rsquo;int\u00e9rieur est magnifique avec de grandes pi\u00e8ces et du mobilier ancien.<\/p>\n<p><a href=\"https:\/\/www.flieg.fr\/wordpress\/wp-content\/uploads\/2025\/09\/IMG-20250924-WA0010.jpg\"><img loading=\"lazy\" decoding=\"async\" class=\"alignnone size-large wp-image-3551\" src=\"https:\/\/www.flieg.fr\/wordpress\/wp-content\/uploads\/2025\/09\/IMG-20250924-WA0010-1024x473.jpg\" alt=\"\" width=\"625\" height=\"289\" srcset=\"https:\/\/www.flieg.fr\/wordpress\/wp-content\/uploads\/2025\/09\/IMG-20250924-WA0010-1024x473.jpg 1024w, https:\/\/www.flieg.fr\/wordpress\/wp-content\/uploads\/2025\/09\/IMG-20250924-WA0010-300x139.jpg 300w, https:\/\/www.flieg.fr\/wordpress\/wp-content\/uploads\/2025\/09\/IMG-20250924-WA0010-768x355.jpg 768w, https:\/\/www.flieg.fr\/wordpress\/wp-content\/uploads\/2025\/09\/IMG-20250924-WA0010-1536x710.jpg 1536w, https:\/\/www.flieg.fr\/wordpress\/wp-content\/uploads\/2025\/09\/IMG-20250924-WA0010-624x288.jpg 624w, https:\/\/www.flieg.fr\/wordpress\/wp-content\/uploads\/2025\/09\/IMG-20250924-WA0010.jpg 2000w\" sizes=\"auto, (max-width: 625px) 100vw, 625px\" \/><\/a><\/p>\n<p>Il fait juste un peu frais, mais on a des radiateurs \u00e9lectriques. Nos chaussures sont bien mouill\u00e9es et il nous faudra les s\u00e9cher.<\/p>\n<p>Jeudi 25 septembre 2025<\/p>\n<p>Etape 4 de Gros Bois \u00e0 Monsols<\/p>\n<p>3h10 \/ 9,35 km soit 2,9 km\/h<\/p>\n<p>d+ 185 d- 207<\/p>\n<p>La journ\u00e9e commence bien.<\/p>\n<p><a href=\"https:\/\/www.flieg.fr\/wordpress\/wp-content\/uploads\/2025\/09\/IMG-20250925-WA0004.jpg\"><img loading=\"lazy\" decoding=\"async\" class=\"alignnone size-large wp-image-3608\" src=\"https:\/\/www.flieg.fr\/wordpress\/wp-content\/uploads\/2025\/09\/IMG-20250925-WA0004-1024x473.jpg\" alt=\"\" width=\"625\" height=\"289\" srcset=\"https:\/\/www.flieg.fr\/wordpress\/wp-content\/uploads\/2025\/09\/IMG-20250925-WA0004-1024x473.jpg 1024w, https:\/\/www.flieg.fr\/wordpress\/wp-content\/uploads\/2025\/09\/IMG-20250925-WA0004-300x139.jpg 300w, https:\/\/www.flieg.fr\/wordpress\/wp-content\/uploads\/2025\/09\/IMG-20250925-WA0004-768x355.jpg 768w, https:\/\/www.flieg.fr\/wordpress\/wp-content\/uploads\/2025\/09\/IMG-20250925-WA0004-1536x709.jpg 1536w, https:\/\/www.flieg.fr\/wordpress\/wp-content\/uploads\/2025\/09\/IMG-20250925-WA0004-624x288.jpg 624w, https:\/\/www.flieg.fr\/wordpress\/wp-content\/uploads\/2025\/09\/IMG-20250925-WA0004.jpg 1600w\" sizes=\"auto, (max-width: 625px) 100vw, 625px\" \/><\/a><\/p>\n<p>D&rsquo;abord un petit d\u00e9jeuner royal.<\/p>\n<p><a href=\"https:\/\/www.flieg.fr\/wordpress\/wp-content\/uploads\/2025\/09\/IMG-20250925-WA0005.jpg\"><img loading=\"lazy\" decoding=\"async\" class=\"alignnone size-large wp-image-3610\" src=\"https:\/\/www.flieg.fr\/wordpress\/wp-content\/uploads\/2025\/09\/IMG-20250925-WA0005-1024x473.jpg\" alt=\"\" width=\"625\" height=\"289\" srcset=\"https:\/\/www.flieg.fr\/wordpress\/wp-content\/uploads\/2025\/09\/IMG-20250925-WA0005-1024x473.jpg 1024w, https:\/\/www.flieg.fr\/wordpress\/wp-content\/uploads\/2025\/09\/IMG-20250925-WA0005-300x139.jpg 300w, https:\/\/www.flieg.fr\/wordpress\/wp-content\/uploads\/2025\/09\/IMG-20250925-WA0005-768x355.jpg 768w, https:\/\/www.flieg.fr\/wordpress\/wp-content\/uploads\/2025\/09\/IMG-20250925-WA0005-1536x710.jpg 1536w, https:\/\/www.flieg.fr\/wordpress\/wp-content\/uploads\/2025\/09\/IMG-20250925-WA0005-624x288.jpg 624w, https:\/\/www.flieg.fr\/wordpress\/wp-content\/uploads\/2025\/09\/IMG-20250925-WA0005.jpg 2000w\" sizes=\"auto, (max-width: 625px) 100vw, 625px\" \/><\/a><\/p>\n<p>Le ciel est bleu et le soleil pointe son nez et \u00e9claire le ch\u00e2teau.<\/p>\n<p>C&rsquo;est une petite \u00e9tape aujourd&rsquo;hui.<\/p>\n<p>Nous montons dans la for\u00eat, seuls au monde.<\/p>\n<p><a href=\"https:\/\/www.flieg.fr\/wordpress\/wp-content\/uploads\/2025\/09\/IMG-20250925-WA0003-1.jpg\"><img loading=\"lazy\" decoding=\"async\" class=\"alignnone size-large wp-image-3611\" src=\"https:\/\/www.flieg.fr\/wordpress\/wp-content\/uploads\/2025\/09\/IMG-20250925-WA0003-1-1024x473.jpg\" alt=\"\" width=\"625\" height=\"289\" srcset=\"https:\/\/www.flieg.fr\/wordpress\/wp-content\/uploads\/2025\/09\/IMG-20250925-WA0003-1-1024x473.jpg 1024w, https:\/\/www.flieg.fr\/wordpress\/wp-content\/uploads\/2025\/09\/IMG-20250925-WA0003-1-300x139.jpg 300w, https:\/\/www.flieg.fr\/wordpress\/wp-content\/uploads\/2025\/09\/IMG-20250925-WA0003-1-768x355.jpg 768w, https:\/\/www.flieg.fr\/wordpress\/wp-content\/uploads\/2025\/09\/IMG-20250925-WA0003-1-1536x709.jpg 1536w, https:\/\/www.flieg.fr\/wordpress\/wp-content\/uploads\/2025\/09\/IMG-20250925-WA0003-1-624x288.jpg 624w, https:\/\/www.flieg.fr\/wordpress\/wp-content\/uploads\/2025\/09\/IMG-20250925-WA0003-1.jpg 1600w\" sizes=\"auto, (max-width: 625px) 100vw, 625px\" \/><\/a> Sur la cr\u00eate nous d\u00e9couvrons de beaux paysages.<\/p>\n<p><a href=\"https:\/\/www.flieg.fr\/wordpress\/wp-content\/uploads\/2025\/09\/IMG-20250925-WA0002.jpg\"><img loading=\"lazy\" decoding=\"async\" class=\"alignnone size-large wp-image-3612\" src=\"https:\/\/www.flieg.fr\/wordpress\/wp-content\/uploads\/2025\/09\/IMG-20250925-WA0002-1024x473.jpg\" alt=\"\" width=\"625\" height=\"289\" srcset=\"https:\/\/www.flieg.fr\/wordpress\/wp-content\/uploads\/2025\/09\/IMG-20250925-WA0002-1024x473.jpg 1024w, https:\/\/www.flieg.fr\/wordpress\/wp-content\/uploads\/2025\/09\/IMG-20250925-WA0002-300x139.jpg 300w, https:\/\/www.flieg.fr\/wordpress\/wp-content\/uploads\/2025\/09\/IMG-20250925-WA0002-768x355.jpg 768w, https:\/\/www.flieg.fr\/wordpress\/wp-content\/uploads\/2025\/09\/IMG-20250925-WA0002-1536x709.jpg 1536w, https:\/\/www.flieg.fr\/wordpress\/wp-content\/uploads\/2025\/09\/IMG-20250925-WA0002-624x288.jpg 624w, https:\/\/www.flieg.fr\/wordpress\/wp-content\/uploads\/2025\/09\/IMG-20250925-WA0002.jpg 1600w\" sizes=\"auto, (max-width: 625px) 100vw, 625px\" \/><\/a><\/p>\n<p>La marche devient vraiment agr\u00e9able.<\/p>\n<p>Nous arrivons au col de Crie. \u00c0 la maison de la randonn\u00e9e, nous d\u00e9gustons quelques produits locaux.<\/p>\n<p><a href=\"https:\/\/www.flieg.fr\/wordpress\/wp-content\/uploads\/2025\/09\/IMG-20250925-WA0001.jpg\"><img loading=\"lazy\" decoding=\"async\" class=\"alignnone size-large wp-image-3614\" src=\"https:\/\/www.flieg.fr\/wordpress\/wp-content\/uploads\/2025\/09\/IMG-20250925-WA0001-1024x473.jpg\" alt=\"\" width=\"625\" height=\"289\" srcset=\"https:\/\/www.flieg.fr\/wordpress\/wp-content\/uploads\/2025\/09\/IMG-20250925-WA0001-1024x473.jpg 1024w, https:\/\/www.flieg.fr\/wordpress\/wp-content\/uploads\/2025\/09\/IMG-20250925-WA0001-300x139.jpg 300w, https:\/\/www.flieg.fr\/wordpress\/wp-content\/uploads\/2025\/09\/IMG-20250925-WA0001-768x355.jpg 768w, https:\/\/www.flieg.fr\/wordpress\/wp-content\/uploads\/2025\/09\/IMG-20250925-WA0001-1536x709.jpg 1536w, https:\/\/www.flieg.fr\/wordpress\/wp-content\/uploads\/2025\/09\/IMG-20250925-WA0001-624x288.jpg 624w, https:\/\/www.flieg.fr\/wordpress\/wp-content\/uploads\/2025\/09\/IMG-20250925-WA0001.jpg 1600w\" sizes=\"auto, (max-width: 625px) 100vw, 625px\" \/><\/a><\/p>\n<p>Il nous reste 1 heure facile \u00e0 marcher pour atteindre notre h\u00e9bergement du jour.<\/p>\n<p><a href=\"https:\/\/www.flieg.fr\/wordpress\/wp-content\/uploads\/2025\/09\/IMG-20250926-WA0000.jpg\"><img loading=\"lazy\" decoding=\"async\" class=\"alignnone size-large wp-image-3630\" src=\"https:\/\/www.flieg.fr\/wordpress\/wp-content\/uploads\/2025\/09\/IMG-20250926-WA0000-1024x473.jpg\" alt=\"\" width=\"625\" height=\"289\" srcset=\"https:\/\/www.flieg.fr\/wordpress\/wp-content\/uploads\/2025\/09\/IMG-20250926-WA0000-1024x473.jpg 1024w, https:\/\/www.flieg.fr\/wordpress\/wp-content\/uploads\/2025\/09\/IMG-20250926-WA0000-300x139.jpg 300w, https:\/\/www.flieg.fr\/wordpress\/wp-content\/uploads\/2025\/09\/IMG-20250926-WA0000-768x355.jpg 768w, https:\/\/www.flieg.fr\/wordpress\/wp-content\/uploads\/2025\/09\/IMG-20250926-WA0000-1536x709.jpg 1536w, https:\/\/www.flieg.fr\/wordpress\/wp-content\/uploads\/2025\/09\/IMG-20250926-WA0000-624x288.jpg 624w, https:\/\/www.flieg.fr\/wordpress\/wp-content\/uploads\/2025\/09\/IMG-20250926-WA0000.jpg 1600w\" sizes=\"auto, (max-width: 625px) 100vw, 625px\" \/><\/a><\/p>\n<p>C&rsquo;est notre chambre d&rsquo;h\u00f4te \u00ab\u00a0les louvetaux\u00a0\u00bb que nous avons ce soir, mais le d\u00eener n&rsquo;est pas pr\u00e9vu. Nous faisons quelques emplettes \u00e0 l&rsquo;\u00e9picerie du village, puis nous allons profiter de notre chambre bien coquette.<\/p>\n<p>Comme nous sommes d\u00e9j\u00e0 arriv\u00e9s \u00e0 14h, c&rsquo;est l&rsquo;occasion de faire un peu de lessive et retrouver des habits qui sentent bon le propre. Nous faisons une bonne sieste bien m\u00e9rit\u00e9e.<\/p>\n<p><a href=\"https:\/\/www.flieg.fr\/wordpress\/wp-content\/uploads\/2025\/09\/IMG-20250926-WA0001.jpg\"><img loading=\"lazy\" decoding=\"async\" class=\"alignnone size-large wp-image-3629\" src=\"https:\/\/www.flieg.fr\/wordpress\/wp-content\/uploads\/2025\/09\/IMG-20250926-WA0001-1024x473.jpg\" alt=\"\" width=\"625\" height=\"289\" srcset=\"https:\/\/www.flieg.fr\/wordpress\/wp-content\/uploads\/2025\/09\/IMG-20250926-WA0001-1024x473.jpg 1024w, https:\/\/www.flieg.fr\/wordpress\/wp-content\/uploads\/2025\/09\/IMG-20250926-WA0001-300x139.jpg 300w, https:\/\/www.flieg.fr\/wordpress\/wp-content\/uploads\/2025\/09\/IMG-20250926-WA0001-768x355.jpg 768w, https:\/\/www.flieg.fr\/wordpress\/wp-content\/uploads\/2025\/09\/IMG-20250926-WA0001-1536x709.jpg 1536w, https:\/\/www.flieg.fr\/wordpress\/wp-content\/uploads\/2025\/09\/IMG-20250926-WA0001-624x288.jpg 624w, https:\/\/www.flieg.fr\/wordpress\/wp-content\/uploads\/2025\/09\/IMG-20250926-WA0001.jpg 1600w\" sizes=\"auto, (max-width: 625px) 100vw, 625px\" \/><\/a><\/p>\n<p>Pour notre repas de ce soir, nous avons du pain et du fromage de ch\u00e8vre, de la panacota \u00e0 la framboise et un kiwi jaune.<\/p>\n<p>Vendredi 27 septembre 2025<\/p>\n<p>Etape 5 : de Monsols \u00e0 la Musardi\u00e8re<\/p>\n<p>5h10\u00a0 \/ 14 km soit 2,8 km\/h<\/p>\n<p>d+ 476m d- 579m<\/p>\n<p>D\u00e9part sous la pluie ce matin. Notre h\u00e9bergement \u00e9tant situ\u00e9 hors chemin, il nous faut rattraper le chemin de Compostelle par de petits sentiers. Dans ces cas-l\u00e0 le GPS s&rsquo;av\u00e8re fort utile. Nous nous enfon\u00e7ons dans la for\u00eat bien sombre et la pluie tombe en permanence.<\/p>\n<p><a href=\"https:\/\/www.flieg.fr\/wordpress\/wp-content\/uploads\/2025\/09\/IMG-20250926-WA0003.jpg\"><img loading=\"lazy\" decoding=\"async\" class=\"alignnone size-large wp-image-3626\" src=\"https:\/\/www.flieg.fr\/wordpress\/wp-content\/uploads\/2025\/09\/IMG-20250926-WA0003-1024x473.jpg\" alt=\"\" width=\"625\" height=\"289\" srcset=\"https:\/\/www.flieg.fr\/wordpress\/wp-content\/uploads\/2025\/09\/IMG-20250926-WA0003-1024x473.jpg 1024w, https:\/\/www.flieg.fr\/wordpress\/wp-content\/uploads\/2025\/09\/IMG-20250926-WA0003-300x139.jpg 300w, https:\/\/www.flieg.fr\/wordpress\/wp-content\/uploads\/2025\/09\/IMG-20250926-WA0003-768x355.jpg 768w, https:\/\/www.flieg.fr\/wordpress\/wp-content\/uploads\/2025\/09\/IMG-20250926-WA0003-1536x709.jpg 1536w, https:\/\/www.flieg.fr\/wordpress\/wp-content\/uploads\/2025\/09\/IMG-20250926-WA0003-624x288.jpg 624w, https:\/\/www.flieg.fr\/wordpress\/wp-content\/uploads\/2025\/09\/IMG-20250926-WA0003.jpg 1600w\" sizes=\"auto, (max-width: 625px) 100vw, 625px\" \/><\/a><\/p>\n<p>Une brume cotonneuse nous enveloppe. Aucune habitation pendant les 14 km de l&rsquo;\u00e9tape. \u00c9videmment pas de ravitaillement possible. Nous rencontrons juste un forestier au travail.<\/p>\n<p>La mont\u00e9e est rude pour atteindre le mont Rigaud \u00e0 mille neuf m\u00e8tres d&rsquo;altitude.<\/p>\n<p><a href=\"https:\/\/www.flieg.fr\/wordpress\/wp-content\/uploads\/2025\/09\/IMG-20250926-WA0002.jpg\"><img loading=\"lazy\" decoding=\"async\" class=\"alignnone size-large wp-image-3628\" src=\"https:\/\/www.flieg.fr\/wordpress\/wp-content\/uploads\/2025\/09\/IMG-20250926-WA0002-1024x473.jpg\" alt=\"\" width=\"625\" height=\"289\" srcset=\"https:\/\/www.flieg.fr\/wordpress\/wp-content\/uploads\/2025\/09\/IMG-20250926-WA0002-1024x473.jpg 1024w, https:\/\/www.flieg.fr\/wordpress\/wp-content\/uploads\/2025\/09\/IMG-20250926-WA0002-300x139.jpg 300w, https:\/\/www.flieg.fr\/wordpress\/wp-content\/uploads\/2025\/09\/IMG-20250926-WA0002-768x355.jpg 768w, https:\/\/www.flieg.fr\/wordpress\/wp-content\/uploads\/2025\/09\/IMG-20250926-WA0002-1536x709.jpg 1536w, https:\/\/www.flieg.fr\/wordpress\/wp-content\/uploads\/2025\/09\/IMG-20250926-WA0002-624x288.jpg 624w, https:\/\/www.flieg.fr\/wordpress\/wp-content\/uploads\/2025\/09\/IMG-20250926-WA0002.jpg 1600w\" sizes=\"auto, (max-width: 625px) 100vw, 625px\" \/><\/a><\/p>\n<p>Il fait tr\u00e8s froid. Le point de vue annonc\u00e9 sur le puy de D\u00f4me, le mont blanc et la cha\u00eene alpine n&rsquo;est pas au rendez-vous. Apr\u00e8s une descente \u00e9prouvante sur un chemin pierreux nous arrivons pr\u00e8s de Propi\u00e8res.<\/p>\n<p><a href=\"https:\/\/www.flieg.fr\/wordpress\/wp-content\/uploads\/2025\/09\/IMG-20250926-WA0006.jpg\"><img loading=\"lazy\" decoding=\"async\" class=\"alignnone size-large wp-image-3623\" src=\"https:\/\/www.flieg.fr\/wordpress\/wp-content\/uploads\/2025\/09\/IMG-20250926-WA0006-1024x473.jpg\" alt=\"\" width=\"625\" height=\"289\" srcset=\"https:\/\/www.flieg.fr\/wordpress\/wp-content\/uploads\/2025\/09\/IMG-20250926-WA0006-1024x473.jpg 1024w, https:\/\/www.flieg.fr\/wordpress\/wp-content\/uploads\/2025\/09\/IMG-20250926-WA0006-300x139.jpg 300w, https:\/\/www.flieg.fr\/wordpress\/wp-content\/uploads\/2025\/09\/IMG-20250926-WA0006-768x355.jpg 768w, https:\/\/www.flieg.fr\/wordpress\/wp-content\/uploads\/2025\/09\/IMG-20250926-WA0006-1536x709.jpg 1536w, https:\/\/www.flieg.fr\/wordpress\/wp-content\/uploads\/2025\/09\/IMG-20250926-WA0006-624x288.jpg 624w, https:\/\/www.flieg.fr\/wordpress\/wp-content\/uploads\/2025\/09\/IMG-20250926-WA0006.jpg 1600w\" sizes=\"auto, (max-width: 625px) 100vw, 625px\" \/><\/a><\/p>\n<p>La vue se d\u00e9gage enfin.<\/p>\n<p>Christine et Severine nous attendent et nous re\u00e7oivent chaleureusement dans leur halte vers Compostelle appel\u00e9e \u00ab\u00a0La Musardi\u00e8re\u00a0\u00bb.<\/p>\n<p>Christine et S\u00e9verine nous oit pr\u00e9par\u00e9 un excellent poulet brais\u00e9 et un gratin de pommes de terre avec des courgettes.<\/p>\n<p>Apr\u00e8s une bonne nuit, nous avons la bonne surprise de voir arriver le soleil.<\/p>\n<p><a href=\"https:\/\/www.flieg.fr\/wordpress\/wp-content\/uploads\/2025\/09\/20250927_080946-scaled.jpg\"><img loading=\"lazy\" decoding=\"async\" class=\"alignnone size-large wp-image-3652\" src=\"https:\/\/www.flieg.fr\/wordpress\/wp-content\/uploads\/2025\/09\/20250927_080946-1024x576.jpg\" alt=\"\" width=\"625\" height=\"352\" srcset=\"https:\/\/www.flieg.fr\/wordpress\/wp-content\/uploads\/2025\/09\/20250927_080946-1024x576.jpg 1024w, https:\/\/www.flieg.fr\/wordpress\/wp-content\/uploads\/2025\/09\/20250927_080946-300x169.jpg 300w, https:\/\/www.flieg.fr\/wordpress\/wp-content\/uploads\/2025\/09\/20250927_080946-768x432.jpg 768w, https:\/\/www.flieg.fr\/wordpress\/wp-content\/uploads\/2025\/09\/20250927_080946-1536x864.jpg 1536w, https:\/\/www.flieg.fr\/wordpress\/wp-content\/uploads\/2025\/09\/20250927_080946-2048x1152.jpg 2048w, https:\/\/www.flieg.fr\/wordpress\/wp-content\/uploads\/2025\/09\/20250927_080946-624x351.jpg 624w\" sizes=\"auto, (max-width: 625px) 100vw, 625px\" \/><\/a><\/p>\n<p>Voici r\u00e9unis les 4 h\u00e9bergeurs des Haltes vers Compostelle d&rsquo;Alsace et des Haltes vers Compostelle du Rh\u00f4ne.<\/p>\n<p><a href=\"https:\/\/www.flieg.fr\/wordpress\/wp-content\/uploads\/2025\/09\/IMG-20250927-WA0002.jpg\"><img loading=\"lazy\" decoding=\"async\" class=\"alignnone size-large wp-image-3645\" src=\"https:\/\/www.flieg.fr\/wordpress\/wp-content\/uploads\/2025\/09\/IMG-20250927-WA0002-1024x473.jpg\" alt=\"\" width=\"625\" height=\"289\" srcset=\"https:\/\/www.flieg.fr\/wordpress\/wp-content\/uploads\/2025\/09\/IMG-20250927-WA0002-1024x473.jpg 1024w, https:\/\/www.flieg.fr\/wordpress\/wp-content\/uploads\/2025\/09\/IMG-20250927-WA0002-300x139.jpg 300w, https:\/\/www.flieg.fr\/wordpress\/wp-content\/uploads\/2025\/09\/IMG-20250927-WA0002-768x355.jpg 768w, https:\/\/www.flieg.fr\/wordpress\/wp-content\/uploads\/2025\/09\/IMG-20250927-WA0002-1536x709.jpg 1536w, https:\/\/www.flieg.fr\/wordpress\/wp-content\/uploads\/2025\/09\/IMG-20250927-WA0002-624x288.jpg 624w, https:\/\/www.flieg.fr\/wordpress\/wp-content\/uploads\/2025\/09\/IMG-20250927-WA0002.jpg 1600w\" sizes=\"auto, (max-width: 625px) 100vw, 625px\" \/><\/a><\/p>\n<p>La musardi\u00e8re<\/p>\n<p>Samedi le 27 septembre 2025<\/p>\n<p>du col des Echarmeaux au Cergne<\/p>\n<p>5h52 \/ 17,06 km soit 2,9 km\/h de moyenne<\/p>\n<p>d+ 422 m d- 480 m<\/p>\n<p>Aujourd&rsquo;ui, nous avons 4 cols \u00e0 passer.<\/p>\n<p>le col des Echarmeaux \u00e0 710 m<\/p>\n<p>le col des Aillers \u00e0 715 m<\/p>\n<p>le col des Escorbans \u00e0 825 m<\/p>\n<p>le col de la buche \u00e0 882 m<\/p>\n<p><a href=\"https:\/\/www.flieg.fr\/wordpress\/wp-content\/uploads\/2025\/09\/IMG-20250927-WA0001.jpg\"><img loading=\"lazy\" decoding=\"async\" class=\"alignnone size-large wp-image-3644\" src=\"https:\/\/www.flieg.fr\/wordpress\/wp-content\/uploads\/2025\/09\/IMG-20250927-WA0001-1024x473.jpg\" alt=\"\" width=\"625\" height=\"289\" srcset=\"https:\/\/www.flieg.fr\/wordpress\/wp-content\/uploads\/2025\/09\/IMG-20250927-WA0001-1024x473.jpg 1024w, https:\/\/www.flieg.fr\/wordpress\/wp-content\/uploads\/2025\/09\/IMG-20250927-WA0001-300x139.jpg 300w, https:\/\/www.flieg.fr\/wordpress\/wp-content\/uploads\/2025\/09\/IMG-20250927-WA0001-768x355.jpg 768w, https:\/\/www.flieg.fr\/wordpress\/wp-content\/uploads\/2025\/09\/IMG-20250927-WA0001-1536x709.jpg 1536w, https:\/\/www.flieg.fr\/wordpress\/wp-content\/uploads\/2025\/09\/IMG-20250927-WA0001-624x288.jpg 624w, https:\/\/www.flieg.fr\/wordpress\/wp-content\/uploads\/2025\/09\/IMG-20250927-WA0001.jpg 1600w\" sizes=\"auto, (max-width: 625px) 100vw, 625px\" \/><\/a><\/p>\n<p>Il fait frais, mais le soleil prend vite le dessus.<\/p>\n<p>&nbsp;<\/p>\n<p><a href=\"https:\/\/www.flieg.fr\/wordpress\/wp-content\/uploads\/2025\/09\/IMG-20250927-WA0003.jpg\"><img loading=\"lazy\" decoding=\"async\" class=\"alignnone size-large wp-image-3643\" src=\"https:\/\/www.flieg.fr\/wordpress\/wp-content\/uploads\/2025\/09\/IMG-20250927-WA0003-1024x473.jpg\" alt=\"\" width=\"625\" height=\"289\" srcset=\"https:\/\/www.flieg.fr\/wordpress\/wp-content\/uploads\/2025\/09\/IMG-20250927-WA0003-1024x473.jpg 1024w, https:\/\/www.flieg.fr\/wordpress\/wp-content\/uploads\/2025\/09\/IMG-20250927-WA0003-300x139.jpg 300w, https:\/\/www.flieg.fr\/wordpress\/wp-content\/uploads\/2025\/09\/IMG-20250927-WA0003-768x355.jpg 768w, https:\/\/www.flieg.fr\/wordpress\/wp-content\/uploads\/2025\/09\/IMG-20250927-WA0003-1536x709.jpg 1536w, https:\/\/www.flieg.fr\/wordpress\/wp-content\/uploads\/2025\/09\/IMG-20250927-WA0003-624x288.jpg 624w, https:\/\/www.flieg.fr\/wordpress\/wp-content\/uploads\/2025\/09\/IMG-20250927-WA0003.jpg 1600w\" sizes=\"auto, (max-width: 625px) 100vw, 625px\" \/><\/a><\/p>\n<p>Il inonde la for\u00eat.<\/p>\n<p><a href=\"https:\/\/www.flieg.fr\/wordpress\/wp-content\/uploads\/2025\/09\/IMG-20250927-WA0005.jpg\"><img loading=\"lazy\" decoding=\"async\" class=\"alignnone size-large wp-image-3641\" src=\"https:\/\/www.flieg.fr\/wordpress\/wp-content\/uploads\/2025\/09\/IMG-20250927-WA0005-1024x473.jpg\" alt=\"\" width=\"625\" height=\"289\" srcset=\"https:\/\/www.flieg.fr\/wordpress\/wp-content\/uploads\/2025\/09\/IMG-20250927-WA0005-1024x473.jpg 1024w, https:\/\/www.flieg.fr\/wordpress\/wp-content\/uploads\/2025\/09\/IMG-20250927-WA0005-300x139.jpg 300w, https:\/\/www.flieg.fr\/wordpress\/wp-content\/uploads\/2025\/09\/IMG-20250927-WA0005-768x355.jpg 768w, https:\/\/www.flieg.fr\/wordpress\/wp-content\/uploads\/2025\/09\/IMG-20250927-WA0005-1536x709.jpg 1536w, https:\/\/www.flieg.fr\/wordpress\/wp-content\/uploads\/2025\/09\/IMG-20250927-WA0005-624x288.jpg 624w, https:\/\/www.flieg.fr\/wordpress\/wp-content\/uploads\/2025\/09\/IMG-20250927-WA0005.jpg 1600w\" sizes=\"auto, (max-width: 625px) 100vw, 625px\" \/><\/a><\/p>\n<p>Une belle journ\u00e9e en perspective.<\/p>\n<p><a href=\"https:\/\/www.flieg.fr\/wordpress\/wp-content\/uploads\/2025\/09\/IMG-20250927-WA0008.jpg\"><img loading=\"lazy\" decoding=\"async\" class=\"alignnone size-large wp-image-3638\" src=\"https:\/\/www.flieg.fr\/wordpress\/wp-content\/uploads\/2025\/09\/IMG-20250927-WA0008-1024x473.jpg\" alt=\"\" width=\"625\" height=\"289\" srcset=\"https:\/\/www.flieg.fr\/wordpress\/wp-content\/uploads\/2025\/09\/IMG-20250927-WA0008-1024x473.jpg 1024w, https:\/\/www.flieg.fr\/wordpress\/wp-content\/uploads\/2025\/09\/IMG-20250927-WA0008-300x139.jpg 300w, https:\/\/www.flieg.fr\/wordpress\/wp-content\/uploads\/2025\/09\/IMG-20250927-WA0008-768x355.jpg 768w, https:\/\/www.flieg.fr\/wordpress\/wp-content\/uploads\/2025\/09\/IMG-20250927-WA0008-1536x709.jpg 1536w, https:\/\/www.flieg.fr\/wordpress\/wp-content\/uploads\/2025\/09\/IMG-20250927-WA0008-624x288.jpg 624w, https:\/\/www.flieg.fr\/wordpress\/wp-content\/uploads\/2025\/09\/IMG-20250927-WA0008.jpg 1600w\" sizes=\"auto, (max-width: 625px) 100vw, 625px\" \/><\/a><\/p>\n<p>Le premier banc depuis Cluny tombe \u00e0 pic pour prendre un mini repas.<\/p>\n<p><a href=\"https:\/\/www.flieg.fr\/wordpress\/wp-content\/uploads\/2025\/09\/IMG-20250927-WA0007.jpg\"><img loading=\"lazy\" decoding=\"async\" class=\"alignnone size-large wp-image-3639\" src=\"https:\/\/www.flieg.fr\/wordpress\/wp-content\/uploads\/2025\/09\/IMG-20250927-WA0007-1024x473.jpg\" alt=\"\" width=\"625\" height=\"289\" srcset=\"https:\/\/www.flieg.fr\/wordpress\/wp-content\/uploads\/2025\/09\/IMG-20250927-WA0007-1024x473.jpg 1024w, https:\/\/www.flieg.fr\/wordpress\/wp-content\/uploads\/2025\/09\/IMG-20250927-WA0007-300x139.jpg 300w, https:\/\/www.flieg.fr\/wordpress\/wp-content\/uploads\/2025\/09\/IMG-20250927-WA0007-768x355.jpg 768w, https:\/\/www.flieg.fr\/wordpress\/wp-content\/uploads\/2025\/09\/IMG-20250927-WA0007-1536x709.jpg 1536w, https:\/\/www.flieg.fr\/wordpress\/wp-content\/uploads\/2025\/09\/IMG-20250927-WA0007-624x288.jpg 624w, https:\/\/www.flieg.fr\/wordpress\/wp-content\/uploads\/2025\/09\/IMG-20250927-WA0007.jpg 1600w\" sizes=\"auto, (max-width: 625px) 100vw, 625px\" \/><\/a><\/p>\n<p>Rassurez-vous. Ceux-l\u00e0 on ne les a m\u00eame pas touch\u00e9s.<\/p>\n<p><a href=\"https:\/\/www.flieg.fr\/wordpress\/wp-content\/uploads\/2025\/09\/IMG-20250927-WA0006.jpg\"><img loading=\"lazy\" decoding=\"async\" class=\"alignnone size-large wp-image-3640\" src=\"https:\/\/www.flieg.fr\/wordpress\/wp-content\/uploads\/2025\/09\/IMG-20250927-WA0006-473x1024.jpg\" alt=\"\" width=\"473\" height=\"1024\" srcset=\"https:\/\/www.flieg.fr\/wordpress\/wp-content\/uploads\/2025\/09\/IMG-20250927-WA0006-473x1024.jpg 473w, https:\/\/www.flieg.fr\/wordpress\/wp-content\/uploads\/2025\/09\/IMG-20250927-WA0006-139x300.jpg 139w, https:\/\/www.flieg.fr\/wordpress\/wp-content\/uploads\/2025\/09\/IMG-20250927-WA0006-709x1536.jpg 709w, https:\/\/www.flieg.fr\/wordpress\/wp-content\/uploads\/2025\/09\/IMG-20250927-WA0006-624x1351.jpg 624w, https:\/\/www.flieg.fr\/wordpress\/wp-content\/uploads\/2025\/09\/IMG-20250927-WA0006.jpg 739w\" sizes=\"auto, (max-width: 473px) 100vw, 473px\" \/><\/a><\/p>\n<p>Point d&rsquo;eau<\/p>\n<p><a href=\"https:\/\/www.flieg.fr\/wordpress\/wp-content\/uploads\/2025\/09\/IMG-20250927-WA0000.jpg\"><img loading=\"lazy\" decoding=\"async\" class=\"alignnone size-large wp-image-3654\" src=\"https:\/\/www.flieg.fr\/wordpress\/wp-content\/uploads\/2025\/09\/IMG-20250927-WA0000-1024x473.jpg\" alt=\"\" width=\"625\" height=\"289\" srcset=\"https:\/\/www.flieg.fr\/wordpress\/wp-content\/uploads\/2025\/09\/IMG-20250927-WA0000-1024x473.jpg 1024w, https:\/\/www.flieg.fr\/wordpress\/wp-content\/uploads\/2025\/09\/IMG-20250927-WA0000-300x139.jpg 300w, https:\/\/www.flieg.fr\/wordpress\/wp-content\/uploads\/2025\/09\/IMG-20250927-WA0000-768x355.jpg 768w, https:\/\/www.flieg.fr\/wordpress\/wp-content\/uploads\/2025\/09\/IMG-20250927-WA0000-1536x709.jpg 1536w, https:\/\/www.flieg.fr\/wordpress\/wp-content\/uploads\/2025\/09\/IMG-20250927-WA0000-624x288.jpg 624w, https:\/\/www.flieg.fr\/wordpress\/wp-content\/uploads\/2025\/09\/IMG-20250927-WA0000.jpg 1600w\" sizes=\"auto, (max-width: 625px) 100vw, 625px\" \/><\/a><\/p>\n<p>Ce soir, nous logeons dans un des quatre chalets mis a disposition par la municipalit\u00e9 du Cergne.<\/p>\n<p>Le caf\u00e9 restaurant bar \u00e9picerie nous a pr\u00e9par\u00e9 deux plars du soir que nous avons r\u00e9cup\u00e9r\u00e9s au passage.<\/p>\n<p><a href=\"https:\/\/www.flieg.fr\/wordpress\/wp-content\/uploads\/2025\/09\/20250927_185142-scaled.jpg\"><img loading=\"lazy\" decoding=\"async\" class=\"alignnone size-large wp-image-3650\" src=\"https:\/\/www.flieg.fr\/wordpress\/wp-content\/uploads\/2025\/09\/20250927_185142-1024x576.jpg\" alt=\"\" width=\"625\" height=\"352\" srcset=\"https:\/\/www.flieg.fr\/wordpress\/wp-content\/uploads\/2025\/09\/20250927_185142-1024x576.jpg 1024w, https:\/\/www.flieg.fr\/wordpress\/wp-content\/uploads\/2025\/09\/20250927_185142-300x169.jpg 300w, https:\/\/www.flieg.fr\/wordpress\/wp-content\/uploads\/2025\/09\/20250927_185142-768x432.jpg 768w, https:\/\/www.flieg.fr\/wordpress\/wp-content\/uploads\/2025\/09\/20250927_185142-1536x864.jpg 1536w, https:\/\/www.flieg.fr\/wordpress\/wp-content\/uploads\/2025\/09\/20250927_185142-2048x1152.jpg 2048w, https:\/\/www.flieg.fr\/wordpress\/wp-content\/uploads\/2025\/09\/20250927_185142-624x351.jpg 624w\" sizes=\"auto, (max-width: 625px) 100vw, 625px\" \/><\/a><\/p>\n<p>Coucher de soleil vu de notre chalet.<\/p>\n<p>Dimanche le 28 septembre 2025<\/p>\n<p>6h02 17,46 km soit une moyenne de 2,9 km\/h<\/p>\n<p>D+ 234 m et d- 650 m<\/p>\n<p><a href=\"https:\/\/www.flieg.fr\/wordpress\/wp-content\/uploads\/2025\/09\/IMG-20250928-WA0006.jpg\"><img loading=\"lazy\" decoding=\"async\" class=\"alignnone size-large wp-image-3659\" src=\"https:\/\/www.flieg.fr\/wordpress\/wp-content\/uploads\/2025\/09\/IMG-20250928-WA0006-473x1024.jpg\" alt=\"\" width=\"473\" height=\"1024\" srcset=\"https:\/\/www.flieg.fr\/wordpress\/wp-content\/uploads\/2025\/09\/IMG-20250928-WA0006-473x1024.jpg 473w, https:\/\/www.flieg.fr\/wordpress\/wp-content\/uploads\/2025\/09\/IMG-20250928-WA0006-139x300.jpg 139w, https:\/\/www.flieg.fr\/wordpress\/wp-content\/uploads\/2025\/09\/IMG-20250928-WA0006-709x1536.jpg 709w, https:\/\/www.flieg.fr\/wordpress\/wp-content\/uploads\/2025\/09\/IMG-20250928-WA0006-624x1351.jpg 624w, https:\/\/www.flieg.fr\/wordpress\/wp-content\/uploads\/2025\/09\/IMG-20250928-WA0006.jpg 739w\" sizes=\"auto, (max-width: 473px) 100vw, 473px\" \/><\/a><\/p>\n<p>Au petit matin nos ombres sont tr\u00e8s allong\u00e9es. Nous remontons dans le village jusqu&rsquo;\u00e0 l&rsquo;\u00e9picerie qui devait ouvrir \u00e0 8h30. Personne. Tant pis, nous partons sans r\u00e9approvisionnement tout en sachant qu&rsquo;il n&rsquo;y aura pas d&rsquo;autre possibilit\u00e9 d&rsquo;acheter quelque chose ce dimanche.<\/p>\n<p>Tr\u00e8s vite nous croisons quelques marcheurs qui suivent une marche organis\u00e9e. Ils seront plus de quatre cents \u00e0 nous dire bonjour en nous croisant ce matin. Certains plaisantent en disant que nous sommes \u00e0 contre-sens mais d&rsquo;autres nous interrogent sur le chemin de\u00a0 Compostelle.<\/p>\n<div style=\"width: 625px;\" class=\"wp-video\"><video class=\"wp-video-shortcode\" id=\"video-3491-1\" width=\"625\" height=\"352\" preload=\"metadata\" controls=\"controls\"><source type=\"video\/mp4\" src=\"https:\/\/www.flieg.fr\/wordpress\/wp-content\/uploads\/2025\/09\/20250928_100023.mp4?_=1\" \/><a href=\"https:\/\/www.flieg.fr\/wordpress\/wp-content\/uploads\/2025\/09\/20250928_100023.mp4\">https:\/\/www.flieg.fr\/wordpress\/wp-content\/uploads\/2025\/09\/20250928_100023.mp4<\/a><\/video><\/div>\n<p>A Arcinges, contre toute attente, l&rsquo;\u00e9glise est ouverte et nous d\u00e9couvrons une horloge qui nous sonne l&rsquo;heure.<\/p>\n<p>De nombreuses descentes caillouteuses et boueuses nous font souffrir plus que de raison.<\/p>\n<p><a href=\"https:\/\/www.flieg.fr\/wordpress\/wp-content\/uploads\/2025\/09\/IMG-20250928-WA0004.jpg\"><img loading=\"lazy\" decoding=\"async\" class=\"alignnone size-large wp-image-3661\" src=\"https:\/\/www.flieg.fr\/wordpress\/wp-content\/uploads\/2025\/09\/IMG-20250928-WA0004-473x1024.jpg\" alt=\"\" width=\"473\" height=\"1024\" srcset=\"https:\/\/www.flieg.fr\/wordpress\/wp-content\/uploads\/2025\/09\/IMG-20250928-WA0004-473x1024.jpg 473w, https:\/\/www.flieg.fr\/wordpress\/wp-content\/uploads\/2025\/09\/IMG-20250928-WA0004-139x300.jpg 139w, https:\/\/www.flieg.fr\/wordpress\/wp-content\/uploads\/2025\/09\/IMG-20250928-WA0004-709x1536.jpg 709w, https:\/\/www.flieg.fr\/wordpress\/wp-content\/uploads\/2025\/09\/IMG-20250928-WA0004-624x1351.jpg 624w, https:\/\/www.flieg.fr\/wordpress\/wp-content\/uploads\/2025\/09\/IMG-20250928-WA0004.jpg 739w\" sizes=\"auto, (max-width: 473px) 100vw, 473px\" \/><\/a><\/p>\n<p>A 13h on se contente de notre reste de pain avec quelques graines et des raisins secs.<\/p>\n<p><a href=\"https:\/\/www.flieg.fr\/wordpress\/wp-content\/uploads\/2025\/09\/IMG-20250928-WA0005.jpg\"><img loading=\"lazy\" decoding=\"async\" class=\"alignnone size-large wp-image-3660\" src=\"https:\/\/www.flieg.fr\/wordpress\/wp-content\/uploads\/2025\/09\/IMG-20250928-WA0005-1024x473.jpg\" alt=\"\" width=\"625\" height=\"289\" srcset=\"https:\/\/www.flieg.fr\/wordpress\/wp-content\/uploads\/2025\/09\/IMG-20250928-WA0005-1024x473.jpg 1024w, https:\/\/www.flieg.fr\/wordpress\/wp-content\/uploads\/2025\/09\/IMG-20250928-WA0005-300x139.jpg 300w, https:\/\/www.flieg.fr\/wordpress\/wp-content\/uploads\/2025\/09\/IMG-20250928-WA0005-768x355.jpg 768w, https:\/\/www.flieg.fr\/wordpress\/wp-content\/uploads\/2025\/09\/IMG-20250928-WA0005-1536x709.jpg 1536w, https:\/\/www.flieg.fr\/wordpress\/wp-content\/uploads\/2025\/09\/IMG-20250928-WA0005-624x288.jpg 624w, https:\/\/www.flieg.fr\/wordpress\/wp-content\/uploads\/2025\/09\/IMG-20250928-WA0005.jpg 1600w\" sizes=\"auto, (max-width: 625px) 100vw, 625px\" \/><\/a><\/p>\n<p>Apr\u00e8s de nombreuses mont\u00e9es et descentes, nous arrivons \u00e0 Charlieu en empruntant le pont de pierre.<\/p>\n<p>Nous sommes re\u00e7us par Alain et Evelyne avec lesquels nous passons une bonne soir\u00e9e.<\/p>\n<p><a href=\"https:\/\/www.flieg.fr\/wordpress\/wp-content\/uploads\/2025\/09\/IMG-20250928-WA00071.jpg\"><img loading=\"lazy\" decoding=\"async\" class=\"alignnone size-large wp-image-3664\" src=\"https:\/\/www.flieg.fr\/wordpress\/wp-content\/uploads\/2025\/09\/IMG-20250928-WA00071-1024x473.jpg\" alt=\"\" width=\"625\" height=\"289\" srcset=\"https:\/\/www.flieg.fr\/wordpress\/wp-content\/uploads\/2025\/09\/IMG-20250928-WA00071-1024x473.jpg 1024w, https:\/\/www.flieg.fr\/wordpress\/wp-content\/uploads\/2025\/09\/IMG-20250928-WA00071-300x139.jpg 300w, https:\/\/www.flieg.fr\/wordpress\/wp-content\/uploads\/2025\/09\/IMG-20250928-WA00071-768x355.jpg 768w, https:\/\/www.flieg.fr\/wordpress\/wp-content\/uploads\/2025\/09\/IMG-20250928-WA00071-1536x709.jpg 1536w, https:\/\/www.flieg.fr\/wordpress\/wp-content\/uploads\/2025\/09\/IMG-20250928-WA00071-624x288.jpg 624w, https:\/\/www.flieg.fr\/wordpress\/wp-content\/uploads\/2025\/09\/IMG-20250928-WA00071.jpg 1600w\" sizes=\"auto, (max-width: 625px) 100vw, 625px\" \/><\/a><\/p>\n<p>Nous admirons leur jardin fleuri.<\/p>\n<p>Etape 8 de Charlieu \u00e0 La Brosse<\/p>\n<p>4h30 et 14 km<\/p>\n<p>D+ 56 m et D- 64 m<\/p>\n<p>Nous d\u00e9cidons de prendre le temps de visiter Charlieu avec ses vieilles maisons pittoresques ainsi que son abbaye.<\/p>\n<p><a href=\"https:\/\/www.flieg.fr\/wordpress\/wp-content\/uploads\/2025\/09\/IMG-20250929-WA0006.jpg\"><img loading=\"lazy\" decoding=\"async\" class=\"alignnone size-large wp-image-3674\" src=\"https:\/\/www.flieg.fr\/wordpress\/wp-content\/uploads\/2025\/09\/IMG-20250929-WA0006-1024x473.jpg\" alt=\"\" width=\"625\" height=\"289\" srcset=\"https:\/\/www.flieg.fr\/wordpress\/wp-content\/uploads\/2025\/09\/IMG-20250929-WA0006-1024x473.jpg 1024w, https:\/\/www.flieg.fr\/wordpress\/wp-content\/uploads\/2025\/09\/IMG-20250929-WA0006-300x139.jpg 300w, https:\/\/www.flieg.fr\/wordpress\/wp-content\/uploads\/2025\/09\/IMG-20250929-WA0006-768x355.jpg 768w, https:\/\/www.flieg.fr\/wordpress\/wp-content\/uploads\/2025\/09\/IMG-20250929-WA0006-1536x710.jpg 1536w, https:\/\/www.flieg.fr\/wordpress\/wp-content\/uploads\/2025\/09\/IMG-20250929-WA0006-624x288.jpg 624w, https:\/\/www.flieg.fr\/wordpress\/wp-content\/uploads\/2025\/09\/IMG-20250929-WA0006.jpg 2000w\" sizes=\"auto, (max-width: 625px) 100vw, 625px\" \/><\/a><\/p>\n<p><a href=\"https:\/\/www.flieg.fr\/wordpress\/wp-content\/uploads\/2025\/09\/IMG-20250929-WA0005.jpg\"><img loading=\"lazy\" decoding=\"async\" class=\"alignnone size-large wp-image-3673\" src=\"https:\/\/www.flieg.fr\/wordpress\/wp-content\/uploads\/2025\/09\/IMG-20250929-WA0005-1024x473.jpg\" alt=\"\" width=\"625\" height=\"289\" srcset=\"https:\/\/www.flieg.fr\/wordpress\/wp-content\/uploads\/2025\/09\/IMG-20250929-WA0005-1024x473.jpg 1024w, https:\/\/www.flieg.fr\/wordpress\/wp-content\/uploads\/2025\/09\/IMG-20250929-WA0005-300x139.jpg 300w, https:\/\/www.flieg.fr\/wordpress\/wp-content\/uploads\/2025\/09\/IMG-20250929-WA0005-768x355.jpg 768w, https:\/\/www.flieg.fr\/wordpress\/wp-content\/uploads\/2025\/09\/IMG-20250929-WA0005-1536x710.jpg 1536w, https:\/\/www.flieg.fr\/wordpress\/wp-content\/uploads\/2025\/09\/IMG-20250929-WA0005-624x288.jpg 624w, https:\/\/www.flieg.fr\/wordpress\/wp-content\/uploads\/2025\/09\/IMG-20250929-WA0005.jpg 2000w\" sizes=\"auto, (max-width: 625px) 100vw, 625px\" \/><\/a><\/p>\n<p><a href=\"https:\/\/www.flieg.fr\/wordpress\/wp-content\/uploads\/2025\/09\/20250929_094134-scaled.jpg\"><img loading=\"lazy\" decoding=\"async\" class=\"alignnone size-large wp-image-3671\" src=\"https:\/\/www.flieg.fr\/wordpress\/wp-content\/uploads\/2025\/09\/20250929_094134-1024x576.jpg\" alt=\"\" width=\"625\" height=\"352\" srcset=\"https:\/\/www.flieg.fr\/wordpress\/wp-content\/uploads\/2025\/09\/20250929_094134-1024x576.jpg 1024w, https:\/\/www.flieg.fr\/wordpress\/wp-content\/uploads\/2025\/09\/20250929_094134-300x169.jpg 300w, https:\/\/www.flieg.fr\/wordpress\/wp-content\/uploads\/2025\/09\/20250929_094134-768x432.jpg 768w, https:\/\/www.flieg.fr\/wordpress\/wp-content\/uploads\/2025\/09\/20250929_094134-1536x864.jpg 1536w, https:\/\/www.flieg.fr\/wordpress\/wp-content\/uploads\/2025\/09\/20250929_094134-2048x1152.jpg 2048w, https:\/\/www.flieg.fr\/wordpress\/wp-content\/uploads\/2025\/09\/20250929_094134-624x351.jpg 624w\" sizes=\"auto, (max-width: 625px) 100vw, 625px\" \/><\/a><\/p>\n<p>Peu \u00e0 peu, la brume matinale se l\u00e8ve et d\u00e9voile l&rsquo;abbaye des b\u00e9n\u00e9dictines. Merveille de l&rsquo;art roman. elle est fond\u00e9e verse 872 et elle est construite en pierre jaune de la r\u00e9gion.<\/p>\n<p><a href=\"https:\/\/www.flieg.fr\/wordpress\/wp-content\/uploads\/2025\/09\/20250929_094345-scaled.jpg\"><img loading=\"lazy\" decoding=\"async\" class=\"alignnone size-large wp-image-3676\" src=\"https:\/\/www.flieg.fr\/wordpress\/wp-content\/uploads\/2025\/09\/20250929_094345-1024x576.jpg\" alt=\"\" width=\"625\" height=\"352\" srcset=\"https:\/\/www.flieg.fr\/wordpress\/wp-content\/uploads\/2025\/09\/20250929_094345-1024x576.jpg 1024w, https:\/\/www.flieg.fr\/wordpress\/wp-content\/uploads\/2025\/09\/20250929_094345-300x169.jpg 300w, https:\/\/www.flieg.fr\/wordpress\/wp-content\/uploads\/2025\/09\/20250929_094345-768x432.jpg 768w, https:\/\/www.flieg.fr\/wordpress\/wp-content\/uploads\/2025\/09\/20250929_094345-1536x864.jpg 1536w, https:\/\/www.flieg.fr\/wordpress\/wp-content\/uploads\/2025\/09\/20250929_094345-2048x1152.jpg 2048w, https:\/\/www.flieg.fr\/wordpress\/wp-content\/uploads\/2025\/09\/20250929_094345-624x351.jpg 624w\" sizes=\"auto, (max-width: 625px) 100vw, 625px\" \/><\/a><\/p>\n<p><a href=\"https:\/\/www.flieg.fr\/wordpress\/wp-content\/uploads\/2025\/09\/IMG-20250929-WA0004-1.jpg\"><img loading=\"lazy\" decoding=\"async\" class=\"alignnone size-large wp-image-3681\" src=\"https:\/\/www.flieg.fr\/wordpress\/wp-content\/uploads\/2025\/09\/IMG-20250929-WA0004-1-1024x473.jpg\" alt=\"\" width=\"625\" height=\"289\" srcset=\"https:\/\/www.flieg.fr\/wordpress\/wp-content\/uploads\/2025\/09\/IMG-20250929-WA0004-1-1024x473.jpg 1024w, https:\/\/www.flieg.fr\/wordpress\/wp-content\/uploads\/2025\/09\/IMG-20250929-WA0004-1-300x139.jpg 300w, https:\/\/www.flieg.fr\/wordpress\/wp-content\/uploads\/2025\/09\/IMG-20250929-WA0004-1-768x355.jpg 768w, https:\/\/www.flieg.fr\/wordpress\/wp-content\/uploads\/2025\/09\/IMG-20250929-WA0004-1-1536x710.jpg 1536w, https:\/\/www.flieg.fr\/wordpress\/wp-content\/uploads\/2025\/09\/IMG-20250929-WA0004-1-624x288.jpg 624w, https:\/\/www.flieg.fr\/wordpress\/wp-content\/uploads\/2025\/09\/IMG-20250929-WA0004-1.jpg 2000w\" sizes=\"auto, (max-width: 625px) 100vw, 625px\" \/><\/a><\/p>\n<p><a href=\"https:\/\/www.flieg.fr\/wordpress\/wp-content\/uploads\/2025\/09\/IMG-20250929-WA0002.jpg\"><img loading=\"lazy\" decoding=\"async\" class=\"alignnone size-large wp-image-3680\" src=\"https:\/\/www.flieg.fr\/wordpress\/wp-content\/uploads\/2025\/09\/IMG-20250929-WA0002-1024x473.jpg\" alt=\"\" width=\"625\" height=\"289\" srcset=\"https:\/\/www.flieg.fr\/wordpress\/wp-content\/uploads\/2025\/09\/IMG-20250929-WA0002-1024x473.jpg 1024w, https:\/\/www.flieg.fr\/wordpress\/wp-content\/uploads\/2025\/09\/IMG-20250929-WA0002-300x139.jpg 300w, https:\/\/www.flieg.fr\/wordpress\/wp-content\/uploads\/2025\/09\/IMG-20250929-WA0002-768x355.jpg 768w, https:\/\/www.flieg.fr\/wordpress\/wp-content\/uploads\/2025\/09\/IMG-20250929-WA0002-1536x710.jpg 1536w, https:\/\/www.flieg.fr\/wordpress\/wp-content\/uploads\/2025\/09\/IMG-20250929-WA0002-624x288.jpg 624w, https:\/\/www.flieg.fr\/wordpress\/wp-content\/uploads\/2025\/09\/IMG-20250929-WA0002.jpg 2000w\" sizes=\"auto, (max-width: 625px) 100vw, 625px\" \/><\/a><\/p>\n<p>Apr\u00e8s une heure et demie de visite nos h\u00e9bergeurs nous emm\u00e8nent jusqu&rsquo;\u00e0 l&rsquo;abbaye de la B\u00e9nisson-Dieu.<\/p>\n<p><a href=\"https:\/\/www.flieg.fr\/wordpress\/wp-content\/uploads\/2025\/09\/20250929_114553-scaled.jpg\"><img loading=\"lazy\" decoding=\"async\" class=\"alignnone size-large wp-image-3682\" src=\"https:\/\/www.flieg.fr\/wordpress\/wp-content\/uploads\/2025\/09\/20250929_114553-1024x576.jpg\" alt=\"\" width=\"625\" height=\"352\" srcset=\"https:\/\/www.flieg.fr\/wordpress\/wp-content\/uploads\/2025\/09\/20250929_114553-1024x576.jpg 1024w, https:\/\/www.flieg.fr\/wordpress\/wp-content\/uploads\/2025\/09\/20250929_114553-300x169.jpg 300w, https:\/\/www.flieg.fr\/wordpress\/wp-content\/uploads\/2025\/09\/20250929_114553-768x432.jpg 768w, https:\/\/www.flieg.fr\/wordpress\/wp-content\/uploads\/2025\/09\/20250929_114553-1536x864.jpg 1536w, https:\/\/www.flieg.fr\/wordpress\/wp-content\/uploads\/2025\/09\/20250929_114553-2048x1152.jpg 2048w, https:\/\/www.flieg.fr\/wordpress\/wp-content\/uploads\/2025\/09\/20250929_114553-624x351.jpg 624w\" sizes=\"auto, (max-width: 625px) 100vw, 625px\" \/><\/a><\/p>\n<p>Fond\u00e9e en 1138 elle est construite en style roman gothique. Remarquez le haut clocher et les toitures polychromes.<\/p>\n<p>Aujourd&rsquo;hui, la marche est facile et on avance vite.<\/p>\n<p><a href=\"https:\/\/www.flieg.fr\/wordpress\/wp-content\/uploads\/2025\/09\/IMG-20250929-WA0007.jpg\"><img loading=\"lazy\" decoding=\"async\" class=\"alignnone size-large wp-image-3700\" src=\"https:\/\/www.flieg.fr\/wordpress\/wp-content\/uploads\/2025\/09\/IMG-20250929-WA0007-1024x473.jpg\" alt=\"\" width=\"625\" height=\"289\" srcset=\"https:\/\/www.flieg.fr\/wordpress\/wp-content\/uploads\/2025\/09\/IMG-20250929-WA0007-1024x473.jpg 1024w, https:\/\/www.flieg.fr\/wordpress\/wp-content\/uploads\/2025\/09\/IMG-20250929-WA0007-300x139.jpg 300w, https:\/\/www.flieg.fr\/wordpress\/wp-content\/uploads\/2025\/09\/IMG-20250929-WA0007-768x355.jpg 768w, https:\/\/www.flieg.fr\/wordpress\/wp-content\/uploads\/2025\/09\/IMG-20250929-WA0007-1536x710.jpg 1536w, https:\/\/www.flieg.fr\/wordpress\/wp-content\/uploads\/2025\/09\/IMG-20250929-WA0007-624x288.jpg 624w, https:\/\/www.flieg.fr\/wordpress\/wp-content\/uploads\/2025\/09\/IMG-20250929-WA0007.jpg 2000w\" sizes=\"auto, (max-width: 625px) 100vw, 625px\" \/><\/a><\/p>\n<p>Pont sur la Teyssonne<\/p>\n<p><a href=\"https:\/\/www.flieg.fr\/wordpress\/wp-content\/uploads\/2025\/09\/IMG-20250929-WA00131.jpg\"><img loading=\"lazy\" decoding=\"async\" class=\"alignnone size-large wp-image-3701\" src=\"https:\/\/www.flieg.fr\/wordpress\/wp-content\/uploads\/2025\/09\/IMG-20250929-WA00131-1024x473.jpg\" alt=\"\" width=\"625\" height=\"289\" srcset=\"https:\/\/www.flieg.fr\/wordpress\/wp-content\/uploads\/2025\/09\/IMG-20250929-WA00131-1024x473.jpg 1024w, https:\/\/www.flieg.fr\/wordpress\/wp-content\/uploads\/2025\/09\/IMG-20250929-WA00131-300x139.jpg 300w, https:\/\/www.flieg.fr\/wordpress\/wp-content\/uploads\/2025\/09\/IMG-20250929-WA00131-768x355.jpg 768w, https:\/\/www.flieg.fr\/wordpress\/wp-content\/uploads\/2025\/09\/IMG-20250929-WA00131-1536x710.jpg 1536w, https:\/\/www.flieg.fr\/wordpress\/wp-content\/uploads\/2025\/09\/IMG-20250929-WA00131-624x288.jpg 624w, https:\/\/www.flieg.fr\/wordpress\/wp-content\/uploads\/2025\/09\/IMG-20250929-WA00131.jpg 2000w\" sizes=\"auto, (max-width: 625px) 100vw, 625px\" \/><\/a><\/p>\n<p>Petit signe sympathique sur le chemin.<\/p>\n<p><strong><a href=\"https:\/\/www.flieg.fr\/wordpress\/wp-content\/uploads\/2025\/09\/20250929_094949-scaled.jpg\"><img loading=\"lazy\" decoding=\"async\" class=\"alignnone size-large wp-image-3688\" src=\"https:\/\/www.flieg.fr\/wordpress\/wp-content\/uploads\/2025\/09\/20250929_094949-1024x576.jpg\" alt=\"\" width=\"625\" height=\"352\" srcset=\"https:\/\/www.flieg.fr\/wordpress\/wp-content\/uploads\/2025\/09\/20250929_094949-1024x576.jpg 1024w, https:\/\/www.flieg.fr\/wordpress\/wp-content\/uploads\/2025\/09\/20250929_094949-300x169.jpg 300w, https:\/\/www.flieg.fr\/wordpress\/wp-content\/uploads\/2025\/09\/20250929_094949-768x432.jpg 768w, https:\/\/www.flieg.fr\/wordpress\/wp-content\/uploads\/2025\/09\/20250929_094949-1536x864.jpg 1536w, https:\/\/www.flieg.fr\/wordpress\/wp-content\/uploads\/2025\/09\/20250929_094949-2048x1152.jpg 2048w, https:\/\/www.flieg.fr\/wordpress\/wp-content\/uploads\/2025\/09\/20250929_094949-624x351.jpg 624w\" sizes=\"auto, (max-width: 625px) 100vw, 625px\" \/><\/a><\/strong><\/p>\n<p>Goutelettes sur toile.<\/p>\n<p><a href=\"https:\/\/www.flieg.fr\/wordpress\/wp-content\/uploads\/2025\/09\/IMG-20250929-WA0010.jpg\"><img loading=\"lazy\" decoding=\"async\" class=\"alignnone size-large wp-image-3702\" src=\"https:\/\/www.flieg.fr\/wordpress\/wp-content\/uploads\/2025\/09\/IMG-20250929-WA0010-1024x473.jpg\" alt=\"\" width=\"625\" height=\"289\" srcset=\"https:\/\/www.flieg.fr\/wordpress\/wp-content\/uploads\/2025\/09\/IMG-20250929-WA0010-1024x473.jpg 1024w, https:\/\/www.flieg.fr\/wordpress\/wp-content\/uploads\/2025\/09\/IMG-20250929-WA0010-300x139.jpg 300w, https:\/\/www.flieg.fr\/wordpress\/wp-content\/uploads\/2025\/09\/IMG-20250929-WA0010-768x355.jpg 768w, https:\/\/www.flieg.fr\/wordpress\/wp-content\/uploads\/2025\/09\/IMG-20250929-WA0010-1536x710.jpg 1536w, https:\/\/www.flieg.fr\/wordpress\/wp-content\/uploads\/2025\/09\/IMG-20250929-WA0010-624x288.jpg 624w, https:\/\/www.flieg.fr\/wordpress\/wp-content\/uploads\/2025\/09\/IMG-20250929-WA0010.jpg 2000w\" sizes=\"auto, (max-width: 625px) 100vw, 625px\" \/><\/a><\/p>\n<p>VArriv\u00e9e \u00e0 quinze heures au pavillon d&rsquo;Aymar. Beau domaine avec un ch\u00e2teau et des pavillons dans lesquels nous avons notre chambre.<\/p>\n<p><a href=\"https:\/\/www.flieg.fr\/wordpress\/wp-content\/uploads\/2025\/09\/IMG-20250929-WA00111.jpg\"><img loading=\"lazy\" decoding=\"async\" class=\"alignnone size-large wp-image-3704\" src=\"https:\/\/www.flieg.fr\/wordpress\/wp-content\/uploads\/2025\/09\/IMG-20250929-WA00111-1024x473.jpg\" alt=\"\" width=\"625\" height=\"289\" srcset=\"https:\/\/www.flieg.fr\/wordpress\/wp-content\/uploads\/2025\/09\/IMG-20250929-WA00111-1024x473.jpg 1024w, https:\/\/www.flieg.fr\/wordpress\/wp-content\/uploads\/2025\/09\/IMG-20250929-WA00111-300x139.jpg 300w, https:\/\/www.flieg.fr\/wordpress\/wp-content\/uploads\/2025\/09\/IMG-20250929-WA00111-768x355.jpg 768w, https:\/\/www.flieg.fr\/wordpress\/wp-content\/uploads\/2025\/09\/IMG-20250929-WA00111-1536x710.jpg 1536w, https:\/\/www.flieg.fr\/wordpress\/wp-content\/uploads\/2025\/09\/IMG-20250929-WA00111-624x288.jpg 624w, https:\/\/www.flieg.fr\/wordpress\/wp-content\/uploads\/2025\/09\/IMG-20250929-WA00111.jpg 2000w\" sizes=\"auto, (max-width: 625px) 100vw, 625px\" \/><\/a><\/p>\n<p><a href=\"https:\/\/www.flieg.fr\/wordpress\/wp-content\/uploads\/2025\/09\/IMG-20250929-WA0009-1.jpg\"><img loading=\"lazy\" decoding=\"async\" class=\"alignnone size-large wp-image-3706\" src=\"https:\/\/www.flieg.fr\/wordpress\/wp-content\/uploads\/2025\/09\/IMG-20250929-WA0009-1-1024x473.jpg\" alt=\"\" width=\"625\" height=\"289\" srcset=\"https:\/\/www.flieg.fr\/wordpress\/wp-content\/uploads\/2025\/09\/IMG-20250929-WA0009-1-1024x473.jpg 1024w, https:\/\/www.flieg.fr\/wordpress\/wp-content\/uploads\/2025\/09\/IMG-20250929-WA0009-1-300x139.jpg 300w, https:\/\/www.flieg.fr\/wordpress\/wp-content\/uploads\/2025\/09\/IMG-20250929-WA0009-1-768x355.jpg 768w, https:\/\/www.flieg.fr\/wordpress\/wp-content\/uploads\/2025\/09\/IMG-20250929-WA0009-1-1536x710.jpg 1536w, https:\/\/www.flieg.fr\/wordpress\/wp-content\/uploads\/2025\/09\/IMG-20250929-WA0009-1-624x288.jpg 624w, https:\/\/www.flieg.fr\/wordpress\/wp-content\/uploads\/2025\/09\/IMG-20250929-WA0009-1.jpg 2000w\" sizes=\"auto, (max-width: 625px) 100vw, 625px\" \/><\/a><\/p>\n<p>C&rsquo;est notre f\u00eate. Surprise : une piscine bien chauff\u00e9e.<\/p>\n<p>Mardi 30 septembre 2025<\/p>\n<p>Etape 9 de La Brosse \u00e0 Saint-Andr\u00e9 d&rsquo;Apchon<\/p>\n<p>5h52 et 18,38 km soit une moyenne de 3,1 km\/h de moyenne.<\/p>\n<p>D+ 219 m et D-178 m<\/p>\n<p><a href=\"https:\/\/www.flieg.fr\/wordpress\/wp-content\/uploads\/2025\/09\/IMG-20250930-WA0004.jpg\"><img loading=\"lazy\" decoding=\"async\" class=\"alignnone size-large wp-image-3712\" src=\"https:\/\/www.flieg.fr\/wordpress\/wp-content\/uploads\/2025\/09\/IMG-20250930-WA0004-1024x473.jpg\" alt=\"\" width=\"625\" height=\"289\" srcset=\"https:\/\/www.flieg.fr\/wordpress\/wp-content\/uploads\/2025\/09\/IMG-20250930-WA0004-1024x473.jpg 1024w, https:\/\/www.flieg.fr\/wordpress\/wp-content\/uploads\/2025\/09\/IMG-20250930-WA0004-300x139.jpg 300w, https:\/\/www.flieg.fr\/wordpress\/wp-content\/uploads\/2025\/09\/IMG-20250930-WA0004-768x355.jpg 768w, https:\/\/www.flieg.fr\/wordpress\/wp-content\/uploads\/2025\/09\/IMG-20250930-WA0004-1536x709.jpg 1536w, https:\/\/www.flieg.fr\/wordpress\/wp-content\/uploads\/2025\/09\/IMG-20250930-WA0004-624x288.jpg 624w, https:\/\/www.flieg.fr\/wordpress\/wp-content\/uploads\/2025\/09\/IMG-20250930-WA0004.jpg 1600w\" sizes=\"auto, (max-width: 625px) 100vw, 625px\" \/><\/a><\/p>\n<p>Nous quittons les pavillions d&rsquo;Aymar sous la brume.<\/p>\n<p><a href=\"https:\/\/www.flieg.fr\/wordpress\/wp-content\/uploads\/2025\/09\/20250930_100225-scaled.jpg\"><img loading=\"lazy\" decoding=\"async\" class=\"alignnone size-large wp-image-3713\" src=\"https:\/\/www.flieg.fr\/wordpress\/wp-content\/uploads\/2025\/09\/20250930_100225-576x1024.jpg\" alt=\"\" width=\"576\" height=\"1024\" srcset=\"https:\/\/www.flieg.fr\/wordpress\/wp-content\/uploads\/2025\/09\/20250930_100225-576x1024.jpg 576w, https:\/\/www.flieg.fr\/wordpress\/wp-content\/uploads\/2025\/09\/20250930_100225-169x300.jpg 169w, https:\/\/www.flieg.fr\/wordpress\/wp-content\/uploads\/2025\/09\/20250930_100225-768x1365.jpg 768w, https:\/\/www.flieg.fr\/wordpress\/wp-content\/uploads\/2025\/09\/20250930_100225-864x1536.jpg 864w, https:\/\/www.flieg.fr\/wordpress\/wp-content\/uploads\/2025\/09\/20250930_100225-1152x2048.jpg 1152w, https:\/\/www.flieg.fr\/wordpress\/wp-content\/uploads\/2025\/09\/20250930_100225-624x1109.jpg 624w, https:\/\/www.flieg.fr\/wordpress\/wp-content\/uploads\/2025\/09\/20250930_100225-scaled.jpg 1440w\" sizes=\"auto, (max-width: 576px) 100vw, 576px\" \/><\/a><\/p>\n<p>Tr\u00e8s vite nous arrivons \u00e0 Saint-Romain-la Motte o\u00f9 notre couple de p\u00e9lerin d&rsquo;hier a pass\u00e9 la nuit dans le clocher. Il est 10h. Ils sont d\u00e9j\u00e0 loin.<\/p>\n<p>Depuis Cluny, c&rsquo;est notre premi\u00e8re boulangerie. Nous achetons une brioche \u00e0 la praline rose (sp\u00e9cialit\u00e9 locale) et un croissant fourr\u00e9. Il y a aussi un mini-market. Michelle a besoin de mouchoirs. Il y en a dans les rayons, mais disponibles\u00a0 seulement en grosse quantit\u00e9.<\/p>\n<p>En plus de nos petits achats, Michelle lui demande 2 feuilles d&rsquo;essuie-tout.<\/p>\n<p>Perplexe, l&rsquo;\u00e9picier s&rsquo;ex\u00e9cute.<\/p>\n<p><a href=\"https:\/\/www.flieg.fr\/wordpress\/wp-content\/uploads\/2025\/09\/IMG-20250930-WA0000.jpg\"><img loading=\"lazy\" decoding=\"async\" class=\"alignnone size-large wp-image-3714\" src=\"https:\/\/www.flieg.fr\/wordpress\/wp-content\/uploads\/2025\/09\/IMG-20250930-WA0000-1024x473.jpg\" alt=\"\" width=\"625\" height=\"289\" srcset=\"https:\/\/www.flieg.fr\/wordpress\/wp-content\/uploads\/2025\/09\/IMG-20250930-WA0000-1024x473.jpg 1024w, https:\/\/www.flieg.fr\/wordpress\/wp-content\/uploads\/2025\/09\/IMG-20250930-WA0000-300x139.jpg 300w, https:\/\/www.flieg.fr\/wordpress\/wp-content\/uploads\/2025\/09\/IMG-20250930-WA0000-768x355.jpg 768w, https:\/\/www.flieg.fr\/wordpress\/wp-content\/uploads\/2025\/09\/IMG-20250930-WA0000-1536x709.jpg 1536w, https:\/\/www.flieg.fr\/wordpress\/wp-content\/uploads\/2025\/09\/IMG-20250930-WA0000-624x288.jpg 624w, https:\/\/www.flieg.fr\/wordpress\/wp-content\/uploads\/2025\/09\/IMG-20250930-WA0000.jpg 1600w\" sizes=\"auto, (max-width: 625px) 100vw, 625px\" \/><\/a><\/p>\n<p>Tout au long du chemin de nombreux signes jacquaires s&rsquo;\u00e9gr\u00e8nent \u00e7a et l\u00e0. Comme par exemple cette coquille pos\u00e9e par des alsaciens.<\/p>\n<p><a href=\"https:\/\/www.flieg.fr\/wordpress\/wp-content\/uploads\/2025\/09\/IMG-20250930-WA0005.jpg\"><img loading=\"lazy\" decoding=\"async\" class=\"alignnone size-large wp-image-3716\" src=\"https:\/\/www.flieg.fr\/wordpress\/wp-content\/uploads\/2025\/09\/IMG-20250930-WA0005-1024x473.jpg\" alt=\"\" width=\"625\" height=\"289\" srcset=\"https:\/\/www.flieg.fr\/wordpress\/wp-content\/uploads\/2025\/09\/IMG-20250930-WA0005-1024x473.jpg 1024w, https:\/\/www.flieg.fr\/wordpress\/wp-content\/uploads\/2025\/09\/IMG-20250930-WA0005-300x139.jpg 300w, https:\/\/www.flieg.fr\/wordpress\/wp-content\/uploads\/2025\/09\/IMG-20250930-WA0005-768x355.jpg 768w, https:\/\/www.flieg.fr\/wordpress\/wp-content\/uploads\/2025\/09\/IMG-20250930-WA0005-1536x709.jpg 1536w, https:\/\/www.flieg.fr\/wordpress\/wp-content\/uploads\/2025\/09\/IMG-20250930-WA0005-624x288.jpg 624w, https:\/\/www.flieg.fr\/wordpress\/wp-content\/uploads\/2025\/09\/IMG-20250930-WA0005.jpg 1600w\" sizes=\"auto, (max-width: 625px) 100vw, 625px\" \/><\/a><\/p>\n<p><a href=\"https:\/\/www.flieg.fr\/wordpress\/wp-content\/uploads\/2025\/09\/IMG-20250930-WA0006.jpg\"><img loading=\"lazy\" decoding=\"async\" class=\"alignnone size-large wp-image-3717\" src=\"https:\/\/www.flieg.fr\/wordpress\/wp-content\/uploads\/2025\/09\/IMG-20250930-WA0006-473x1024.jpg\" alt=\"\" width=\"473\" height=\"1024\" srcset=\"https:\/\/www.flieg.fr\/wordpress\/wp-content\/uploads\/2025\/09\/IMG-20250930-WA0006-473x1024.jpg 473w, https:\/\/www.flieg.fr\/wordpress\/wp-content\/uploads\/2025\/09\/IMG-20250930-WA0006-139x300.jpg 139w, https:\/\/www.flieg.fr\/wordpress\/wp-content\/uploads\/2025\/09\/IMG-20250930-WA0006-709x1536.jpg 709w, https:\/\/www.flieg.fr\/wordpress\/wp-content\/uploads\/2025\/09\/IMG-20250930-WA0006-624x1351.jpg 624w, https:\/\/www.flieg.fr\/wordpress\/wp-content\/uploads\/2025\/09\/IMG-20250930-WA0006.jpg 739w\" sizes=\"auto, (max-width: 473px) 100vw, 473px\" \/><\/a><\/p>\n<p><a href=\"https:\/\/www.flieg.fr\/wordpress\/wp-content\/uploads\/2025\/09\/IMG-20250930-WA0003.jpg\"><img loading=\"lazy\" decoding=\"async\" class=\"alignnone size-large wp-image-3718\" src=\"https:\/\/www.flieg.fr\/wordpress\/wp-content\/uploads\/2025\/09\/IMG-20250930-WA0003-1024x473.jpg\" alt=\"\" width=\"625\" height=\"289\" srcset=\"https:\/\/www.flieg.fr\/wordpress\/wp-content\/uploads\/2025\/09\/IMG-20250930-WA0003-1024x473.jpg 1024w, https:\/\/www.flieg.fr\/wordpress\/wp-content\/uploads\/2025\/09\/IMG-20250930-WA0003-300x139.jpg 300w, https:\/\/www.flieg.fr\/wordpress\/wp-content\/uploads\/2025\/09\/IMG-20250930-WA0003-768x355.jpg 768w, https:\/\/www.flieg.fr\/wordpress\/wp-content\/uploads\/2025\/09\/IMG-20250930-WA0003-1536x709.jpg 1536w, https:\/\/www.flieg.fr\/wordpress\/wp-content\/uploads\/2025\/09\/IMG-20250930-WA0003-624x288.jpg 624w, https:\/\/www.flieg.fr\/wordpress\/wp-content\/uploads\/2025\/09\/IMG-20250930-WA0003.jpg 1600w\" sizes=\"auto, (max-width: 625px) 100vw, 625px\" \/><\/a><\/p>\n<p>Maison pitoresque \u00e0\u00a0Saint-Haon-le-Chatel<\/p>\n<p><a href=\"https:\/\/www.flieg.fr\/wordpress\/wp-content\/uploads\/2025\/09\/IMG-20250930-WA0002.jpg\"><img loading=\"lazy\" decoding=\"async\" class=\"alignnone size-large wp-image-3719\" src=\"https:\/\/www.flieg.fr\/wordpress\/wp-content\/uploads\/2025\/09\/IMG-20250930-WA0002-1024x473.jpg\" alt=\"\" width=\"625\" height=\"289\" srcset=\"https:\/\/www.flieg.fr\/wordpress\/wp-content\/uploads\/2025\/09\/IMG-20250930-WA0002-1024x473.jpg 1024w, https:\/\/www.flieg.fr\/wordpress\/wp-content\/uploads\/2025\/09\/IMG-20250930-WA0002-300x139.jpg 300w, https:\/\/www.flieg.fr\/wordpress\/wp-content\/uploads\/2025\/09\/IMG-20250930-WA0002-768x355.jpg 768w, https:\/\/www.flieg.fr\/wordpress\/wp-content\/uploads\/2025\/09\/IMG-20250930-WA0002-1536x709.jpg 1536w, https:\/\/www.flieg.fr\/wordpress\/wp-content\/uploads\/2025\/09\/IMG-20250930-WA0002-624x288.jpg 624w, https:\/\/www.flieg.fr\/wordpress\/wp-content\/uploads\/2025\/09\/IMG-20250930-WA0002.jpg 1600w\" sizes=\"auto, (max-width: 625px) 100vw, 625px\" \/><\/a><\/p>\n<p>Eglise de Saint-Haon-le-Chatel fresque<\/p>\n<p>Les for\u00eats sont derri\u00e9re nous. Les paysages changent.<\/p>\n<p><a href=\"https:\/\/www.flieg.fr\/wordpress\/wp-content\/uploads\/2025\/09\/IMG-20250930-WA0001.jpg\"><img loading=\"lazy\" decoding=\"async\" class=\"alignnone size-large wp-image-3722\" src=\"https:\/\/www.flieg.fr\/wordpress\/wp-content\/uploads\/2025\/09\/IMG-20250930-WA0001-1024x473.jpg\" alt=\"\" width=\"625\" height=\"289\" srcset=\"https:\/\/www.flieg.fr\/wordpress\/wp-content\/uploads\/2025\/09\/IMG-20250930-WA0001-1024x473.jpg 1024w, https:\/\/www.flieg.fr\/wordpress\/wp-content\/uploads\/2025\/09\/IMG-20250930-WA0001-300x139.jpg 300w, https:\/\/www.flieg.fr\/wordpress\/wp-content\/uploads\/2025\/09\/IMG-20250930-WA0001-768x355.jpg 768w, https:\/\/www.flieg.fr\/wordpress\/wp-content\/uploads\/2025\/09\/IMG-20250930-WA0001-1536x709.jpg 1536w, https:\/\/www.flieg.fr\/wordpress\/wp-content\/uploads\/2025\/09\/IMG-20250930-WA0001-624x288.jpg 624w, https:\/\/www.flieg.fr\/wordpress\/wp-content\/uploads\/2025\/09\/IMG-20250930-WA0001.jpg 1600w\" sizes=\"auto, (max-width: 625px) 100vw, 625px\" \/><\/a><\/p>\n<p>Les prairies \u00e0 vaches disparaissent au profit de vignes de vin de Loire.<\/p>\n<p>Ce soir, c&rsquo;est \u00e0 Saint-Andr\u00e9 d&rsquo;Apchon chez Chantal que se termine la journ\u00e9e.<\/p>\n<p>Mercredi 1er octobre 2025<\/p>\n<p>Etape 10 de Saint-Andr\u00e9 d&rsquo;Apchon \u00e0 Saint-Jean-Saint-Maurice<\/p>\n<p>5h45 pour 16,96 km soit 2,8 km\/h<\/p>\n<p>D+ 321 m et D- 372 m<\/p>\n<p>Aujourd&rsquo;hui 147 km au compteur. Tout va bien pour nous. Nous prenons bien soin de nous : granules d&rsquo;arnica tous les matins et soir pour \u00e9viter les courbatures, friction de voltar\u00e8ne sur les \u00e9paules et huile de d&rsquo;arnica sur les genoux pour notre bien-\u00eatre. Sans oublier la sieste \u00e0 l&rsquo;arriv\u00e9e. Chaque matin nous repartons d&rsquo;un pied ferme. Mais qu&rsquo;est ce qui nous pousse \u00e0 avancer comme \u00e7a ?<\/p>\n<p><a href=\"https:\/\/www.flieg.fr\/wordpress\/wp-content\/uploads\/2025\/10\/IMG-20251001-WA0005.jpg\"><img loading=\"lazy\" decoding=\"async\" class=\"alignnone size-large wp-image-3727\" src=\"https:\/\/www.flieg.fr\/wordpress\/wp-content\/uploads\/2025\/10\/IMG-20251001-WA0005-1024x473.jpg\" alt=\"\" width=\"625\" height=\"289\" srcset=\"https:\/\/www.flieg.fr\/wordpress\/wp-content\/uploads\/2025\/10\/IMG-20251001-WA0005-1024x473.jpg 1024w, https:\/\/www.flieg.fr\/wordpress\/wp-content\/uploads\/2025\/10\/IMG-20251001-WA0005-300x139.jpg 300w, https:\/\/www.flieg.fr\/wordpress\/wp-content\/uploads\/2025\/10\/IMG-20251001-WA0005-768x355.jpg 768w, https:\/\/www.flieg.fr\/wordpress\/wp-content\/uploads\/2025\/10\/IMG-20251001-WA0005-1536x709.jpg 1536w, https:\/\/www.flieg.fr\/wordpress\/wp-content\/uploads\/2025\/10\/IMG-20251001-WA0005-624x288.jpg 624w, https:\/\/www.flieg.fr\/wordpress\/wp-content\/uploads\/2025\/10\/IMG-20251001-WA0005.jpg 1600w\" sizes=\"auto, (max-width: 625px) 100vw, 625px\" \/><\/a><\/p>\n<p>Les paysages sont \u00e9tonnament verts en couleurs printani\u00e8res. Les arbres n&rsquo;ont pas leur feuillage automnal.<\/p>\n<p><a href=\"https:\/\/www.flieg.fr\/wordpress\/wp-content\/uploads\/2025\/10\/IMG-20251001-WA0004.jpg\"><img loading=\"lazy\" decoding=\"async\" class=\"alignnone size-large wp-image-3728\" src=\"https:\/\/www.flieg.fr\/wordpress\/wp-content\/uploads\/2025\/10\/IMG-20251001-WA0004-1024x473.jpg\" alt=\"\" width=\"625\" height=\"289\" srcset=\"https:\/\/www.flieg.fr\/wordpress\/wp-content\/uploads\/2025\/10\/IMG-20251001-WA0004-1024x473.jpg 1024w, https:\/\/www.flieg.fr\/wordpress\/wp-content\/uploads\/2025\/10\/IMG-20251001-WA0004-300x139.jpg 300w, https:\/\/www.flieg.fr\/wordpress\/wp-content\/uploads\/2025\/10\/IMG-20251001-WA0004-768x355.jpg 768w, https:\/\/www.flieg.fr\/wordpress\/wp-content\/uploads\/2025\/10\/IMG-20251001-WA0004-1536x709.jpg 1536w, https:\/\/www.flieg.fr\/wordpress\/wp-content\/uploads\/2025\/10\/IMG-20251001-WA0004-624x288.jpg 624w, https:\/\/www.flieg.fr\/wordpress\/wp-content\/uploads\/2025\/10\/IMG-20251001-WA0004.jpg 1600w\" sizes=\"auto, (max-width: 625px) 100vw, 625px\" \/><\/a><\/p>\n<p>Nous traversons Saint-Alban-les-eaux, c\u00e9l\u00e8bres pour leurs eaux thermales.<\/p>\n<p><a href=\"https:\/\/www.flieg.fr\/wordpress\/wp-content\/uploads\/2025\/10\/IMG-20251001-WA0001.jpg\"><img loading=\"lazy\" decoding=\"async\" class=\"alignnone size-large wp-image-3731\" src=\"https:\/\/www.flieg.fr\/wordpress\/wp-content\/uploads\/2025\/10\/IMG-20251001-WA0001-1024x473.jpg\" alt=\"\" width=\"625\" height=\"289\" srcset=\"https:\/\/www.flieg.fr\/wordpress\/wp-content\/uploads\/2025\/10\/IMG-20251001-WA0001-1024x473.jpg 1024w, https:\/\/www.flieg.fr\/wordpress\/wp-content\/uploads\/2025\/10\/IMG-20251001-WA0001-300x139.jpg 300w, https:\/\/www.flieg.fr\/wordpress\/wp-content\/uploads\/2025\/10\/IMG-20251001-WA0001-768x355.jpg 768w, https:\/\/www.flieg.fr\/wordpress\/wp-content\/uploads\/2025\/10\/IMG-20251001-WA0001-1536x709.jpg 1536w, https:\/\/www.flieg.fr\/wordpress\/wp-content\/uploads\/2025\/10\/IMG-20251001-WA0001-624x288.jpg 624w, https:\/\/www.flieg.fr\/wordpress\/wp-content\/uploads\/2025\/10\/IMG-20251001-WA0001.jpg 1600w\" sizes=\"auto, (max-width: 625px) 100vw, 625px\" \/><\/a>Ici, c&rsquo;est le canard qui indique de quel coin vient le vent. Coin coin.<\/p>\n<p><a href=\"https:\/\/www.flieg.fr\/wordpress\/wp-content\/uploads\/2025\/10\/IMG-20251001-WA0000.jpg\"><img loading=\"lazy\" decoding=\"async\" class=\"alignnone size-large wp-image-3733\" src=\"https:\/\/www.flieg.fr\/wordpress\/wp-content\/uploads\/2025\/10\/IMG-20251001-WA0000-1024x473.jpg\" alt=\"\" width=\"625\" height=\"289\" srcset=\"https:\/\/www.flieg.fr\/wordpress\/wp-content\/uploads\/2025\/10\/IMG-20251001-WA0000-1024x473.jpg 1024w, https:\/\/www.flieg.fr\/wordpress\/wp-content\/uploads\/2025\/10\/IMG-20251001-WA0000-300x139.jpg 300w, https:\/\/www.flieg.fr\/wordpress\/wp-content\/uploads\/2025\/10\/IMG-20251001-WA0000-768x355.jpg 768w, https:\/\/www.flieg.fr\/wordpress\/wp-content\/uploads\/2025\/10\/IMG-20251001-WA0000-1536x709.jpg 1536w, https:\/\/www.flieg.fr\/wordpress\/wp-content\/uploads\/2025\/10\/IMG-20251001-WA0000-624x288.jpg 624w, https:\/\/www.flieg.fr\/wordpress\/wp-content\/uploads\/2025\/10\/IMG-20251001-WA0000.jpg 1600w\" sizes=\"auto, (max-width: 625px) 100vw, 625px\" \/><\/a><\/p>\n<p>L&rsquo;\u00e9glise de Lentigny.<\/p>\n<p>A proximit\u00e9, il y a un Intermarch\u00e9 qui nous fournit en vivres pour ce midi et ce soir.<\/p>\n<p><a href=\"https:\/\/www.flieg.fr\/wordpress\/wp-content\/uploads\/2025\/10\/IMG-20251001-WA0006.jpg\"><img loading=\"lazy\" decoding=\"async\" class=\"alignnone size-large wp-image-3734\" src=\"https:\/\/www.flieg.fr\/wordpress\/wp-content\/uploads\/2025\/10\/IMG-20251001-WA0006-1024x473.jpg\" alt=\"\" width=\"625\" height=\"289\" srcset=\"https:\/\/www.flieg.fr\/wordpress\/wp-content\/uploads\/2025\/10\/IMG-20251001-WA0006-1024x473.jpg 1024w, https:\/\/www.flieg.fr\/wordpress\/wp-content\/uploads\/2025\/10\/IMG-20251001-WA0006-300x139.jpg 300w, https:\/\/www.flieg.fr\/wordpress\/wp-content\/uploads\/2025\/10\/IMG-20251001-WA0006-768x355.jpg 768w, https:\/\/www.flieg.fr\/wordpress\/wp-content\/uploads\/2025\/10\/IMG-20251001-WA0006-1536x709.jpg 1536w, https:\/\/www.flieg.fr\/wordpress\/wp-content\/uploads\/2025\/10\/IMG-20251001-WA0006-624x288.jpg 624w, https:\/\/www.flieg.fr\/wordpress\/wp-content\/uploads\/2025\/10\/IMG-20251001-WA0006.jpg 1600w\" sizes=\"auto, (max-width: 625px) 100vw, 625px\" \/><\/a><\/p>\n<p>Depuis quelques temps les chevaux remplacent les vaches dans les prairies.<\/p>\n<p>Ce soir nous sommes en chambre d&rsquo;h\u00f4tes, ce qui signifie que seul le petit d\u00e9jeuner est pr\u00e9vu.<\/p>\n<p><a href=\"https:\/\/www.flieg.fr\/wordpress\/wp-content\/uploads\/2025\/10\/IMG-20251001-WA0003-1.jpg\"><img loading=\"lazy\" decoding=\"async\" class=\"alignnone size-large wp-image-3739\" src=\"https:\/\/www.flieg.fr\/wordpress\/wp-content\/uploads\/2025\/10\/IMG-20251001-WA0003-1-1024x473.jpg\" alt=\"\" width=\"625\" height=\"289\" srcset=\"https:\/\/www.flieg.fr\/wordpress\/wp-content\/uploads\/2025\/10\/IMG-20251001-WA0003-1-1024x473.jpg 1024w, https:\/\/www.flieg.fr\/wordpress\/wp-content\/uploads\/2025\/10\/IMG-20251001-WA0003-1-300x139.jpg 300w, https:\/\/www.flieg.fr\/wordpress\/wp-content\/uploads\/2025\/10\/IMG-20251001-WA0003-1-768x355.jpg 768w, https:\/\/www.flieg.fr\/wordpress\/wp-content\/uploads\/2025\/10\/IMG-20251001-WA0003-1-1536x709.jpg 1536w, https:\/\/www.flieg.fr\/wordpress\/wp-content\/uploads\/2025\/10\/IMG-20251001-WA0003-1-624x288.jpg 624w, https:\/\/www.flieg.fr\/wordpress\/wp-content\/uploads\/2025\/10\/IMG-20251001-WA0003-1.jpg 1600w\" sizes=\"auto, (max-width: 625px) 100vw, 625px\" \/><\/a><\/p>\n<p>Les r\u00eaveries de l&rsquo;escargot nous propose une chambre magnifique avec salle de bains baln\u00e9o.<\/p>\n<p><a href=\"https:\/\/www.flieg.fr\/wordpress\/wp-content\/uploads\/2025\/10\/IMG-20251001-WA0002.jpg\"><img loading=\"lazy\" decoding=\"async\" class=\"alignnone size-large wp-image-3738\" src=\"https:\/\/www.flieg.fr\/wordpress\/wp-content\/uploads\/2025\/10\/IMG-20251001-WA0002-1024x473.jpg\" alt=\"\" width=\"625\" height=\"289\" srcset=\"https:\/\/www.flieg.fr\/wordpress\/wp-content\/uploads\/2025\/10\/IMG-20251001-WA0002-1024x473.jpg 1024w, https:\/\/www.flieg.fr\/wordpress\/wp-content\/uploads\/2025\/10\/IMG-20251001-WA0002-300x139.jpg 300w, https:\/\/www.flieg.fr\/wordpress\/wp-content\/uploads\/2025\/10\/IMG-20251001-WA0002-768x355.jpg 768w, https:\/\/www.flieg.fr\/wordpress\/wp-content\/uploads\/2025\/10\/IMG-20251001-WA0002-1536x709.jpg 1536w, https:\/\/www.flieg.fr\/wordpress\/wp-content\/uploads\/2025\/10\/IMG-20251001-WA0002-624x288.jpg 624w, https:\/\/www.flieg.fr\/wordpress\/wp-content\/uploads\/2025\/10\/IMG-20251001-WA0002.jpg 1600w\" sizes=\"auto, (max-width: 625px) 100vw, 625px\" \/><\/a><\/p>\n<div style=\"width: 625px;\" class=\"wp-video\"><video class=\"wp-video-shortcode\" id=\"video-3491-2\" width=\"625\" height=\"352\" preload=\"metadata\" controls=\"controls\"><source type=\"video\/mp4\" src=\"https:\/\/www.flieg.fr\/wordpress\/wp-content\/uploads\/2025\/10\/VID-20251001-WA0007.mp4?_=2\" \/><a href=\"https:\/\/www.flieg.fr\/wordpress\/wp-content\/uploads\/2025\/10\/VID-20251001-WA0007.mp4\">https:\/\/www.flieg.fr\/wordpress\/wp-content\/uploads\/2025\/10\/VID-20251001-WA0007.mp4<\/a><\/video><\/div>\n<p>Encore une belle \u00e9tape paisible.<\/p>\n<p><strong><a href=\"https:\/\/www.flieg.fr\/wordpress\/wp-content\/uploads\/2025\/10\/IMG-20251002-WA0000.jpg\"><img loading=\"lazy\" decoding=\"async\" class=\"alignnone size-large wp-image-3746\" src=\"https:\/\/www.flieg.fr\/wordpress\/wp-content\/uploads\/2025\/10\/IMG-20251002-WA0000-1024x473.jpg\" alt=\"\" width=\"625\" height=\"289\" srcset=\"https:\/\/www.flieg.fr\/wordpress\/wp-content\/uploads\/2025\/10\/IMG-20251002-WA0000-1024x473.jpg 1024w, https:\/\/www.flieg.fr\/wordpress\/wp-content\/uploads\/2025\/10\/IMG-20251002-WA0000-300x139.jpg 300w, https:\/\/www.flieg.fr\/wordpress\/wp-content\/uploads\/2025\/10\/IMG-20251002-WA0000-768x355.jpg 768w, https:\/\/www.flieg.fr\/wordpress\/wp-content\/uploads\/2025\/10\/IMG-20251002-WA0000-1536x709.jpg 1536w, https:\/\/www.flieg.fr\/wordpress\/wp-content\/uploads\/2025\/10\/IMG-20251002-WA0000-624x288.jpg 624w, https:\/\/www.flieg.fr\/wordpress\/wp-content\/uploads\/2025\/10\/IMG-20251002-WA0000.jpg 1600w\" sizes=\"auto, (max-width: 625px) 100vw, 625px\" \/><\/a><\/strong><\/p>\n<p>Jeudi 2 octobre 2025<\/p>\n<p>Etape 11 de Saint-Jean-Saint-Maurice \u00e0 Pommiers<\/p>\n<p>6h25 et 20,30 km soit 3,1 km<\/p>\n<p>D+ 260 m et D-297 m<\/p>\n<p><a href=\"https:\/\/www.flieg.fr\/wordpress\/wp-content\/uploads\/2025\/10\/IMG-20251002-WA0008.jpg\"><img loading=\"lazy\" decoding=\"async\" class=\"alignnone size-large wp-image-3755\" src=\"https:\/\/www.flieg.fr\/wordpress\/wp-content\/uploads\/2025\/10\/IMG-20251002-WA0008-1024x473.jpg\" alt=\"\" width=\"625\" height=\"289\" srcset=\"https:\/\/www.flieg.fr\/wordpress\/wp-content\/uploads\/2025\/10\/IMG-20251002-WA0008-1024x473.jpg 1024w, https:\/\/www.flieg.fr\/wordpress\/wp-content\/uploads\/2025\/10\/IMG-20251002-WA0008-300x139.jpg 300w, https:\/\/www.flieg.fr\/wordpress\/wp-content\/uploads\/2025\/10\/IMG-20251002-WA0008-768x355.jpg 768w, https:\/\/www.flieg.fr\/wordpress\/wp-content\/uploads\/2025\/10\/IMG-20251002-WA0008-1536x710.jpg 1536w, https:\/\/www.flieg.fr\/wordpress\/wp-content\/uploads\/2025\/10\/IMG-20251002-WA0008-624x288.jpg 624w, https:\/\/www.flieg.fr\/wordpress\/wp-content\/uploads\/2025\/10\/IMG-20251002-WA0008.jpg 2000w\" sizes=\"auto, (max-width: 625px) 100vw, 625px\" \/><\/a><\/p>\n<p>Nous commen\u00e7ons la journ\u00e9e par un petit d\u00e9jeuner royal.<\/p>\n<p>Ce matin, je cherche mon chapeau et je me rends compte que je l&rsquo;ai sans doute oubli\u00e9 dans l&rsquo;\u00e9glise avant de venir \u00e0 l&rsquo;h\u00e9bergement.\u00a0 Je suis retourn\u00e9 \u00e0 l&rsquo;\u00e9glise mais je l&rsquo;ai trouv\u00e9e ferm\u00e9e. Mon beau chapeau !. Snif&#8230;<\/p>\n<p>C&rsquo;est le jour des rencontres : une randonneuse en sens contraire s&rsquo;arr\u00eate pour discuter. Elle a habit\u00e9 \u00e0 Lutterbach et conna\u00eet Cernay. mais elle ignorait qu&rsquo;un chemin de compostelle conduit \u00e0 Cluny. Plus loin une autre randonneuse nous questionne et nous apprend qu&rsquo;elle a un g\u00eete \u00e0 Amions. Elle nous tranquillise aussi sur le peu de d\u00e9nivel\u00e9 qu&rsquo;il y a jusqu&rsquo;\u00e0 Pommiers. Il fait chaud aujourd&rsquo;hui mais on avance d&rsquo;un bon pas.<\/p>\n<p><a href=\"https:\/\/www.flieg.fr\/wordpress\/wp-content\/uploads\/2025\/10\/IMG-20251002-WA0004.jpg\"><img loading=\"lazy\" decoding=\"async\" class=\"alignnone size-large wp-image-3759\" src=\"https:\/\/www.flieg.fr\/wordpress\/wp-content\/uploads\/2025\/10\/IMG-20251002-WA0004-1024x473.jpg\" alt=\"\" width=\"625\" height=\"289\" srcset=\"https:\/\/www.flieg.fr\/wordpress\/wp-content\/uploads\/2025\/10\/IMG-20251002-WA0004-1024x473.jpg 1024w, https:\/\/www.flieg.fr\/wordpress\/wp-content\/uploads\/2025\/10\/IMG-20251002-WA0004-300x139.jpg 300w, https:\/\/www.flieg.fr\/wordpress\/wp-content\/uploads\/2025\/10\/IMG-20251002-WA0004-768x355.jpg 768w, https:\/\/www.flieg.fr\/wordpress\/wp-content\/uploads\/2025\/10\/IMG-20251002-WA0004-1536x710.jpg 1536w, https:\/\/www.flieg.fr\/wordpress\/wp-content\/uploads\/2025\/10\/IMG-20251002-WA0004-624x288.jpg 624w, https:\/\/www.flieg.fr\/wordpress\/wp-content\/uploads\/2025\/10\/IMG-20251002-WA0004.jpg 2000w\" sizes=\"auto, (max-width: 625px) 100vw, 625px\" \/><\/a><\/p>\n<p>Attention zone de mise \u00e0 l&rsquo;eau de voitures amphibies.<\/p>\n<p><a href=\"https:\/\/www.flieg.fr\/wordpress\/wp-content\/uploads\/2025\/10\/IMG-20251002-WA0006.jpg\"><img loading=\"lazy\" decoding=\"async\" class=\"alignnone size-large wp-image-3756\" src=\"https:\/\/www.flieg.fr\/wordpress\/wp-content\/uploads\/2025\/10\/IMG-20251002-WA0006-1024x473.jpg\" alt=\"\" width=\"625\" height=\"289\" srcset=\"https:\/\/www.flieg.fr\/wordpress\/wp-content\/uploads\/2025\/10\/IMG-20251002-WA0006-1024x473.jpg 1024w, https:\/\/www.flieg.fr\/wordpress\/wp-content\/uploads\/2025\/10\/IMG-20251002-WA0006-300x139.jpg 300w, https:\/\/www.flieg.fr\/wordpress\/wp-content\/uploads\/2025\/10\/IMG-20251002-WA0006-768x355.jpg 768w, https:\/\/www.flieg.fr\/wordpress\/wp-content\/uploads\/2025\/10\/IMG-20251002-WA0006-1536x710.jpg 1536w, https:\/\/www.flieg.fr\/wordpress\/wp-content\/uploads\/2025\/10\/IMG-20251002-WA0006-624x288.jpg 624w, https:\/\/www.flieg.fr\/wordpress\/wp-content\/uploads\/2025\/10\/IMG-20251002-WA0006.jpg 2000w\" sizes=\"auto, (max-width: 625px) 100vw, 625px\" \/><\/a><\/p>\n<p>Les chevaux bien curieux viennent nous voir passer. A 13h, arr\u00eat casse-cro\u00fbte sur le 1er banc rencontr\u00e9 au cimeti\u00e8re d&rsquo;Amions.<\/p>\n<p><a href=\"https:\/\/www.flieg.fr\/wordpress\/wp-content\/uploads\/2025\/10\/IMG-20251002-WA0001.jpg\"><img loading=\"lazy\" decoding=\"async\" class=\"alignnone size-large wp-image-3760\" src=\"https:\/\/www.flieg.fr\/wordpress\/wp-content\/uploads\/2025\/10\/IMG-20251002-WA0001-1024x473.jpg\" alt=\"\" width=\"625\" height=\"289\" srcset=\"https:\/\/www.flieg.fr\/wordpress\/wp-content\/uploads\/2025\/10\/IMG-20251002-WA0001-1024x473.jpg 1024w, https:\/\/www.flieg.fr\/wordpress\/wp-content\/uploads\/2025\/10\/IMG-20251002-WA0001-300x139.jpg 300w, https:\/\/www.flieg.fr\/wordpress\/wp-content\/uploads\/2025\/10\/IMG-20251002-WA0001-768x355.jpg 768w, https:\/\/www.flieg.fr\/wordpress\/wp-content\/uploads\/2025\/10\/IMG-20251002-WA0001-1536x710.jpg 1536w, https:\/\/www.flieg.fr\/wordpress\/wp-content\/uploads\/2025\/10\/IMG-20251002-WA0001-624x288.jpg 624w, https:\/\/www.flieg.fr\/wordpress\/wp-content\/uploads\/2025\/10\/IMG-20251002-WA0001.jpg 2000w\" sizes=\"auto, (max-width: 625px) 100vw, 625px\" \/><\/a><\/p>\n<p>Un chouette graphe dans un tunnel que nous empreintons pour passer sous l&rsquo;autoroute.<\/p>\n<p>On fait ensuite nos 20 km jusqu&rsquo;\u00e0 Pommiers.<\/p>\n<p><a href=\"https:\/\/www.flieg.fr\/wordpress\/wp-content\/uploads\/2025\/10\/IMG-20251002-WA0005.jpg\"><img loading=\"lazy\" decoding=\"async\" class=\"alignnone size-large wp-image-3757\" src=\"https:\/\/www.flieg.fr\/wordpress\/wp-content\/uploads\/2025\/10\/IMG-20251002-WA0005-1024x473.jpg\" alt=\"\" width=\"625\" height=\"289\" srcset=\"https:\/\/www.flieg.fr\/wordpress\/wp-content\/uploads\/2025\/10\/IMG-20251002-WA0005-1024x473.jpg 1024w, https:\/\/www.flieg.fr\/wordpress\/wp-content\/uploads\/2025\/10\/IMG-20251002-WA0005-300x139.jpg 300w, https:\/\/www.flieg.fr\/wordpress\/wp-content\/uploads\/2025\/10\/IMG-20251002-WA0005-768x355.jpg 768w, https:\/\/www.flieg.fr\/wordpress\/wp-content\/uploads\/2025\/10\/IMG-20251002-WA0005-1536x710.jpg 1536w, https:\/\/www.flieg.fr\/wordpress\/wp-content\/uploads\/2025\/10\/IMG-20251002-WA0005-624x288.jpg 624w, https:\/\/www.flieg.fr\/wordpress\/wp-content\/uploads\/2025\/10\/IMG-20251002-WA0005.jpg 2000w\" sizes=\"auto, (max-width: 625px) 100vw, 625px\" \/><\/a><\/p>\n<p>On visite encore le prieur\u00e9.<\/p>\n<p>Notre h\u00e9bergement est hors chemin et notre h\u00e9bergeuse vient nous chercher en voiture. Un bon caf\u00e9 nous est servi. D&rsquo;un accueil chaleureux Danielle et Raymond forment un couple \u00e9tonnant\u00a0 :\u00a0 lui, ancien facteur et aussi agriculteur, il a des tonnes d&rsquo;anecdotes \u00e0 raconter. Elle a toujours eu 3 chambres d&rsquo;h\u00f4tes dans une autre maison. Ils ont emm\u00e9nag\u00e9 il y a peu dans la b\u00e2tisse actuelle.<\/p>\n<p>Vendredi 3 octobre 2025<\/p>\n<p>Etape 12 de Pommiers \u00e0 Saint-Etienne- Le-Molard<\/p>\n<p>4h04 et 14,75 km soit une moyenne de 3,6 km.<\/p>\n<p>D+ 107 m et D- 99m<\/p>\n<p><a href=\"https:\/\/www.flieg.fr\/wordpress\/wp-content\/uploads\/2025\/10\/IMG-20251003-WA0006.jpg\"><img loading=\"lazy\" decoding=\"async\" class=\"alignnone size-large wp-image-3763\" src=\"https:\/\/www.flieg.fr\/wordpress\/wp-content\/uploads\/2025\/10\/IMG-20251003-WA0006-1024x473.jpg\" alt=\"\" width=\"625\" height=\"289\" srcset=\"https:\/\/www.flieg.fr\/wordpress\/wp-content\/uploads\/2025\/10\/IMG-20251003-WA0006-1024x473.jpg 1024w, https:\/\/www.flieg.fr\/wordpress\/wp-content\/uploads\/2025\/10\/IMG-20251003-WA0006-300x139.jpg 300w, https:\/\/www.flieg.fr\/wordpress\/wp-content\/uploads\/2025\/10\/IMG-20251003-WA0006-768x355.jpg 768w, https:\/\/www.flieg.fr\/wordpress\/wp-content\/uploads\/2025\/10\/IMG-20251003-WA0006-1536x709.jpg 1536w, https:\/\/www.flieg.fr\/wordpress\/wp-content\/uploads\/2025\/10\/IMG-20251003-WA0006-624x288.jpg 624w, https:\/\/www.flieg.fr\/wordpress\/wp-content\/uploads\/2025\/10\/IMG-20251003-WA0006.jpg 1600w\" sizes=\"auto, (max-width: 625px) 100vw, 625px\" \/><\/a><\/p>\n<p>En quittant Pommiers, nous apercevons le monast\u00e8re et ses trois tours de fortification.<\/p>\n<p>En reprenant le Chemin \u00e0 Bussy-Albieux, nous rencontrons les p\u00e8lerins de l&rsquo;autre jour. Ce sont Agn\u00e8s et Herv\u00e9, fr\u00e8re et s\u0153ur, qui marchent ensemble.<\/p>\n<p><a href=\"https:\/\/www.flieg.fr\/wordpress\/wp-content\/uploads\/2025\/10\/IMG-20251003-WA0009.jpg\"><img loading=\"lazy\" decoding=\"async\" class=\"alignnone size-large wp-image-3766\" src=\"https:\/\/www.flieg.fr\/wordpress\/wp-content\/uploads\/2025\/10\/IMG-20251003-WA0009-1024x473.jpg\" alt=\"\" width=\"625\" height=\"289\" srcset=\"https:\/\/www.flieg.fr\/wordpress\/wp-content\/uploads\/2025\/10\/IMG-20251003-WA0009-1024x473.jpg 1024w, https:\/\/www.flieg.fr\/wordpress\/wp-content\/uploads\/2025\/10\/IMG-20251003-WA0009-300x139.jpg 300w, https:\/\/www.flieg.fr\/wordpress\/wp-content\/uploads\/2025\/10\/IMG-20251003-WA0009-768x355.jpg 768w, https:\/\/www.flieg.fr\/wordpress\/wp-content\/uploads\/2025\/10\/IMG-20251003-WA0009-1536x709.jpg 1536w, https:\/\/www.flieg.fr\/wordpress\/wp-content\/uploads\/2025\/10\/IMG-20251003-WA0009-624x288.jpg 624w, https:\/\/www.flieg.fr\/wordpress\/wp-content\/uploads\/2025\/10\/IMG-20251003-WA0009.jpg 1600w\" sizes=\"auto, (max-width: 625px) 100vw, 625px\" \/><\/a><\/p>\n<p>Faut pas qu&rsquo;on aille trop vite&#8230;<\/p>\n<p><a href=\"https:\/\/www.flieg.fr\/wordpress\/wp-content\/uploads\/2025\/10\/IMG-20251003-WA0008.jpg\"><img loading=\"lazy\" decoding=\"async\" class=\"alignnone size-large wp-image-3768\" src=\"https:\/\/www.flieg.fr\/wordpress\/wp-content\/uploads\/2025\/10\/IMG-20251003-WA0008-1024x473.jpg\" alt=\"\" width=\"625\" height=\"289\" srcset=\"https:\/\/www.flieg.fr\/wordpress\/wp-content\/uploads\/2025\/10\/IMG-20251003-WA0008-1024x473.jpg 1024w, https:\/\/www.flieg.fr\/wordpress\/wp-content\/uploads\/2025\/10\/IMG-20251003-WA0008-300x139.jpg 300w, https:\/\/www.flieg.fr\/wordpress\/wp-content\/uploads\/2025\/10\/IMG-20251003-WA0008-768x355.jpg 768w, https:\/\/www.flieg.fr\/wordpress\/wp-content\/uploads\/2025\/10\/IMG-20251003-WA0008-1536x709.jpg 1536w, https:\/\/www.flieg.fr\/wordpress\/wp-content\/uploads\/2025\/10\/IMG-20251003-WA0008-624x288.jpg 624w, https:\/\/www.flieg.fr\/wordpress\/wp-content\/uploads\/2025\/10\/IMG-20251003-WA0008.jpg 1600w\" sizes=\"auto, (max-width: 625px) 100vw, 625px\" \/><\/a><\/p>\n<p>\u00c0 la sortie d&rsquo;Arthun, nous avons une vision sur le ch\u00e2teau de Beauvoir tout volets clos.<\/p>\n<p>Avec un terrain plat comme celui-l\u00e0 nous avan\u00e7ons plus vite.<\/p>\n<p><a href=\"https:\/\/www.flieg.fr\/wordpress\/wp-content\/uploads\/2025\/10\/IMG-20251003-WA0010-1.jpg\"><img loading=\"lazy\" decoding=\"async\" class=\"alignnone size-large wp-image-3770\" src=\"https:\/\/www.flieg.fr\/wordpress\/wp-content\/uploads\/2025\/10\/IMG-20251003-WA0010-1-1024x473.jpg\" alt=\"\" width=\"625\" height=\"289\" srcset=\"https:\/\/www.flieg.fr\/wordpress\/wp-content\/uploads\/2025\/10\/IMG-20251003-WA0010-1-1024x473.jpg 1024w, https:\/\/www.flieg.fr\/wordpress\/wp-content\/uploads\/2025\/10\/IMG-20251003-WA0010-1-300x139.jpg 300w, https:\/\/www.flieg.fr\/wordpress\/wp-content\/uploads\/2025\/10\/IMG-20251003-WA0010-1-768x355.jpg 768w, https:\/\/www.flieg.fr\/wordpress\/wp-content\/uploads\/2025\/10\/IMG-20251003-WA0010-1-1536x709.jpg 1536w, https:\/\/www.flieg.fr\/wordpress\/wp-content\/uploads\/2025\/10\/IMG-20251003-WA0010-1-624x288.jpg 624w, https:\/\/www.flieg.fr\/wordpress\/wp-content\/uploads\/2025\/10\/IMG-20251003-WA0010-1.jpg 1600w\" sizes=\"auto, (max-width: 625px) 100vw, 625px\" \/><\/a><\/p>\n<p>Nous faisons une halte au ch\u00e2teau de la B\u00e2tie d&rsquo;Urf\u00e9. Cette demeure insolite en plein c\u0153ur du Forez appartenait \u00e0 un gentilhomme \u00e9crivain et diplomate proche de Fran\u00e7ois 1er.<\/p>\n<p style=\"padding-left: 40px;\"><a href=\"https:\/\/www.flieg.fr\/wordpress\/wp-content\/uploads\/2025\/10\/IMG-20251003-WA0012.jpg\"><img loading=\"lazy\" decoding=\"async\" class=\"alignnone size-large wp-image-3772\" src=\"https:\/\/www.flieg.fr\/wordpress\/wp-content\/uploads\/2025\/10\/IMG-20251003-WA0012-1024x473.jpg\" alt=\"\" width=\"625\" height=\"289\" srcset=\"https:\/\/www.flieg.fr\/wordpress\/wp-content\/uploads\/2025\/10\/IMG-20251003-WA0012-1024x473.jpg 1024w, https:\/\/www.flieg.fr\/wordpress\/wp-content\/uploads\/2025\/10\/IMG-20251003-WA0012-300x139.jpg 300w, https:\/\/www.flieg.fr\/wordpress\/wp-content\/uploads\/2025\/10\/IMG-20251003-WA0012-768x355.jpg 768w, https:\/\/www.flieg.fr\/wordpress\/wp-content\/uploads\/2025\/10\/IMG-20251003-WA0012-1536x709.jpg 1536w, https:\/\/www.flieg.fr\/wordpress\/wp-content\/uploads\/2025\/10\/IMG-20251003-WA0012-624x288.jpg 624w, https:\/\/www.flieg.fr\/wordpress\/wp-content\/uploads\/2025\/10\/IMG-20251003-WA0012.jpg 1600w\" sizes=\"auto, (max-width: 625px) 100vw, 625px\" \/><\/a> <a href=\"https:\/\/www.flieg.fr\/wordpress\/wp-content\/uploads\/2025\/10\/IMG-20251003-WA0007.jpg\"><img loading=\"lazy\" decoding=\"async\" class=\"alignnone size-large wp-image-3773\" src=\"https:\/\/www.flieg.fr\/wordpress\/wp-content\/uploads\/2025\/10\/IMG-20251003-WA0007-1024x473.jpg\" alt=\"\" width=\"625\" height=\"289\" srcset=\"https:\/\/www.flieg.fr\/wordpress\/wp-content\/uploads\/2025\/10\/IMG-20251003-WA0007-1024x473.jpg 1024w, https:\/\/www.flieg.fr\/wordpress\/wp-content\/uploads\/2025\/10\/IMG-20251003-WA0007-300x139.jpg 300w, https:\/\/www.flieg.fr\/wordpress\/wp-content\/uploads\/2025\/10\/IMG-20251003-WA0007-768x355.jpg 768w, https:\/\/www.flieg.fr\/wordpress\/wp-content\/uploads\/2025\/10\/IMG-20251003-WA0007-1536x709.jpg 1536w, https:\/\/www.flieg.fr\/wordpress\/wp-content\/uploads\/2025\/10\/IMG-20251003-WA0007-624x288.jpg 624w, https:\/\/www.flieg.fr\/wordpress\/wp-content\/uploads\/2025\/10\/IMG-20251003-WA0007.jpg 1600w\" sizes=\"auto, (max-width: 625px) 100vw, 625px\" \/><\/a><\/p>\n<p>Michel r\u00e9pond \u00e0 tous les messages re\u00e7us pour son anniversaire en mettant \u00e0 profit le calme des jardins du ch\u00e2teau.<\/p>\n<p><a href=\"https:\/\/www.flieg.fr\/wordpress\/wp-content\/uploads\/2025\/10\/IMG-20251003-WA0011.jpg\"><img loading=\"lazy\" decoding=\"async\" class=\"alignnone size-large wp-image-3775\" src=\"https:\/\/www.flieg.fr\/wordpress\/wp-content\/uploads\/2025\/10\/IMG-20251003-WA0011-1024x473.jpg\" alt=\"\" width=\"625\" height=\"289\" srcset=\"https:\/\/www.flieg.fr\/wordpress\/wp-content\/uploads\/2025\/10\/IMG-20251003-WA0011-1024x473.jpg 1024w, https:\/\/www.flieg.fr\/wordpress\/wp-content\/uploads\/2025\/10\/IMG-20251003-WA0011-300x139.jpg 300w, https:\/\/www.flieg.fr\/wordpress\/wp-content\/uploads\/2025\/10\/IMG-20251003-WA0011-768x355.jpg 768w, https:\/\/www.flieg.fr\/wordpress\/wp-content\/uploads\/2025\/10\/IMG-20251003-WA0011-1536x709.jpg 1536w, https:\/\/www.flieg.fr\/wordpress\/wp-content\/uploads\/2025\/10\/IMG-20251003-WA0011-624x288.jpg 624w, https:\/\/www.flieg.fr\/wordpress\/wp-content\/uploads\/2025\/10\/IMG-20251003-WA0011.jpg 1600w\" sizes=\"auto, (max-width: 625px) 100vw, 625px\" \/><\/a><\/p>\n<p>D\u00e9cors exceptionnels de la grotte de la B\u00e2tie.<\/p>\n<p><a href=\"https:\/\/www.flieg.fr\/wordpress\/wp-content\/uploads\/2025\/10\/IMG-20251003-WA0014-1.jpg\"><img loading=\"lazy\" decoding=\"async\" class=\"alignnone size-large wp-image-3778\" src=\"https:\/\/www.flieg.fr\/wordpress\/wp-content\/uploads\/2025\/10\/IMG-20251003-WA0014-1-1024x768.jpg\" alt=\"\" width=\"625\" height=\"469\" srcset=\"https:\/\/www.flieg.fr\/wordpress\/wp-content\/uploads\/2025\/10\/IMG-20251003-WA0014-1-1024x768.jpg 1024w, https:\/\/www.flieg.fr\/wordpress\/wp-content\/uploads\/2025\/10\/IMG-20251003-WA0014-1-300x225.jpg 300w, https:\/\/www.flieg.fr\/wordpress\/wp-content\/uploads\/2025\/10\/IMG-20251003-WA0014-1-768x576.jpg 768w, https:\/\/www.flieg.fr\/wordpress\/wp-content\/uploads\/2025\/10\/IMG-20251003-WA0014-1-1536x1152.jpg 1536w, https:\/\/www.flieg.fr\/wordpress\/wp-content\/uploads\/2025\/10\/IMG-20251003-WA0014-1-624x468.jpg 624w, https:\/\/www.flieg.fr\/wordpress\/wp-content\/uploads\/2025\/10\/IMG-20251003-WA0014-1.jpg 1600w\" sizes=\"auto, (max-width: 625px) 100vw, 625px\" \/><\/a><\/p>\n<p>Tout va bien. Voir nos mines r\u00e9jouies.<\/p>\n<p><a href=\"https:\/\/www.flieg.fr\/wordpress\/wp-content\/uploads\/2025\/10\/IMG-20251003-WA0013.jpg\"><img loading=\"lazy\" decoding=\"async\" class=\"alignnone size-large wp-image-3781\" src=\"https:\/\/www.flieg.fr\/wordpress\/wp-content\/uploads\/2025\/10\/IMG-20251003-WA0013-1024x473.jpg\" alt=\"\" width=\"625\" height=\"289\" srcset=\"https:\/\/www.flieg.fr\/wordpress\/wp-content\/uploads\/2025\/10\/IMG-20251003-WA0013-1024x473.jpg 1024w, https:\/\/www.flieg.fr\/wordpress\/wp-content\/uploads\/2025\/10\/IMG-20251003-WA0013-300x139.jpg 300w, https:\/\/www.flieg.fr\/wordpress\/wp-content\/uploads\/2025\/10\/IMG-20251003-WA0013-768x355.jpg 768w, https:\/\/www.flieg.fr\/wordpress\/wp-content\/uploads\/2025\/10\/IMG-20251003-WA0013-1536x709.jpg 1536w, https:\/\/www.flieg.fr\/wordpress\/wp-content\/uploads\/2025\/10\/IMG-20251003-WA0013-624x288.jpg 624w, https:\/\/www.flieg.fr\/wordpress\/wp-content\/uploads\/2025\/10\/IMG-20251003-WA0013.jpg 1600w\" sizes=\"auto, (max-width: 625px) 100vw, 625px\" \/><\/a> <a href=\"https:\/\/www.flieg.fr\/wordpress\/wp-content\/uploads\/2025\/10\/IMG-20251004-WA0000.jpg\"><img loading=\"lazy\" decoding=\"async\" class=\"alignnone size-large wp-image-3782\" src=\"https:\/\/www.flieg.fr\/wordpress\/wp-content\/uploads\/2025\/10\/IMG-20251004-WA0000-1024x473.jpg\" alt=\"\" width=\"625\" height=\"289\" srcset=\"https:\/\/www.flieg.fr\/wordpress\/wp-content\/uploads\/2025\/10\/IMG-20251004-WA0000-1024x473.jpg 1024w, https:\/\/www.flieg.fr\/wordpress\/wp-content\/uploads\/2025\/10\/IMG-20251004-WA0000-300x139.jpg 300w, https:\/\/www.flieg.fr\/wordpress\/wp-content\/uploads\/2025\/10\/IMG-20251004-WA0000-768x355.jpg 768w, https:\/\/www.flieg.fr\/wordpress\/wp-content\/uploads\/2025\/10\/IMG-20251004-WA0000-1536x709.jpg 1536w, https:\/\/www.flieg.fr\/wordpress\/wp-content\/uploads\/2025\/10\/IMG-20251004-WA0000-624x288.jpg 624w, https:\/\/www.flieg.fr\/wordpress\/wp-content\/uploads\/2025\/10\/IMG-20251004-WA0000.jpg 1600w\" sizes=\"auto, (max-width: 625px) 100vw, 625px\" \/><\/a><\/p>\n<p>Bernard et Ren\u00e9 nous ont re\u00e7us de mani\u00e8re conviviale dans leur grande maison. Michel a m\u00eame eu droit \u00e0 un g\u00e2teau d&rsquo;anniversaire.<\/p>\n<p>Etape 13 de Saint-Etienne-le-Molard \u00e0 Montbrison<\/p>\n<p>6h17 et 21,96 km soit une moyenne de 3.4 km\/h<\/p>\n<p>D+ 305 m et D- 280<\/p>\n<p><a href=\"https:\/\/www.flieg.fr\/wordpress\/wp-content\/uploads\/2025\/10\/IMG-20251004-WA0008.jpg\"><img loading=\"lazy\" decoding=\"async\" class=\"alignnone size-large wp-image-3785\" src=\"https:\/\/www.flieg.fr\/wordpress\/wp-content\/uploads\/2025\/10\/IMG-20251004-WA0008-1024x473.jpg\" alt=\"\" width=\"625\" height=\"289\" srcset=\"https:\/\/www.flieg.fr\/wordpress\/wp-content\/uploads\/2025\/10\/IMG-20251004-WA0008-1024x473.jpg 1024w, https:\/\/www.flieg.fr\/wordpress\/wp-content\/uploads\/2025\/10\/IMG-20251004-WA0008-300x139.jpg 300w, https:\/\/www.flieg.fr\/wordpress\/wp-content\/uploads\/2025\/10\/IMG-20251004-WA0008-768x355.jpg 768w, https:\/\/www.flieg.fr\/wordpress\/wp-content\/uploads\/2025\/10\/IMG-20251004-WA0008-1536x709.jpg 1536w, https:\/\/www.flieg.fr\/wordpress\/wp-content\/uploads\/2025\/10\/IMG-20251004-WA0008-624x288.jpg 624w, https:\/\/www.flieg.fr\/wordpress\/wp-content\/uploads\/2025\/10\/IMG-20251004-WA0008.jpg 1600w\" sizes=\"auto, (max-width: 625px) 100vw, 625px\" \/><\/a><\/p>\n<p>Passerelle au-dessus du Lignon.<\/p>\n<p><a href=\"https:\/\/www.flieg.fr\/wordpress\/wp-content\/uploads\/2025\/10\/IMG-20251004-WA0002.jpg\"><img loading=\"lazy\" decoding=\"async\" class=\"alignnone size-large wp-image-3787\" src=\"https:\/\/www.flieg.fr\/wordpress\/wp-content\/uploads\/2025\/10\/IMG-20251004-WA0002-1024x473.jpg\" alt=\"\" width=\"625\" height=\"289\" srcset=\"https:\/\/www.flieg.fr\/wordpress\/wp-content\/uploads\/2025\/10\/IMG-20251004-WA0002-1024x473.jpg 1024w, https:\/\/www.flieg.fr\/wordpress\/wp-content\/uploads\/2025\/10\/IMG-20251004-WA0002-300x139.jpg 300w, https:\/\/www.flieg.fr\/wordpress\/wp-content\/uploads\/2025\/10\/IMG-20251004-WA0002-768x355.jpg 768w, https:\/\/www.flieg.fr\/wordpress\/wp-content\/uploads\/2025\/10\/IMG-20251004-WA0002-1536x709.jpg 1536w, https:\/\/www.flieg.fr\/wordpress\/wp-content\/uploads\/2025\/10\/IMG-20251004-WA0002-624x288.jpg 624w, https:\/\/www.flieg.fr\/wordpress\/wp-content\/uploads\/2025\/10\/IMG-20251004-WA0002.jpg 1600w\" sizes=\"auto, (max-width: 625px) 100vw, 625px\" \/><\/a><\/p>\n<p>Le temps est au beau fixe. Nous montons au prieur\u00e9 de Montverdun. Les deux nuages lenticulaires sont du plus bel effet mais ils laissent pr\u00e9sager du mauvais temps dans quelques heures.<\/p>\n<p><a href=\"https:\/\/www.flieg.fr\/wordpress\/wp-content\/uploads\/2025\/10\/20251004_094523-scaled.jpg\"><img loading=\"lazy\" decoding=\"async\" class=\"alignnone size-large wp-image-3788\" src=\"https:\/\/www.flieg.fr\/wordpress\/wp-content\/uploads\/2025\/10\/20251004_094523-1024x576.jpg\" alt=\"\" width=\"625\" height=\"352\" srcset=\"https:\/\/www.flieg.fr\/wordpress\/wp-content\/uploads\/2025\/10\/20251004_094523-1024x576.jpg 1024w, https:\/\/www.flieg.fr\/wordpress\/wp-content\/uploads\/2025\/10\/20251004_094523-300x169.jpg 300w, https:\/\/www.flieg.fr\/wordpress\/wp-content\/uploads\/2025\/10\/20251004_094523-768x432.jpg 768w, https:\/\/www.flieg.fr\/wordpress\/wp-content\/uploads\/2025\/10\/20251004_094523-1536x864.jpg 1536w, https:\/\/www.flieg.fr\/wordpress\/wp-content\/uploads\/2025\/10\/20251004_094523-2048x1152.jpg 2048w, https:\/\/www.flieg.fr\/wordpress\/wp-content\/uploads\/2025\/10\/20251004_094523-624x351.jpg 624w\" sizes=\"auto, (max-width: 625px) 100vw, 625px\" \/><\/a><\/p>\n<p>La mont\u00e9e s&rsquo;annonce rude.<\/p>\n<p><a href=\"https:\/\/www.flieg.fr\/wordpress\/wp-content\/uploads\/2025\/10\/IMG-20251004-WA0007.jpg\"><img loading=\"lazy\" decoding=\"async\" class=\"alignnone size-large wp-image-3791\" src=\"https:\/\/www.flieg.fr\/wordpress\/wp-content\/uploads\/2025\/10\/IMG-20251004-WA0007-1024x473.jpg\" alt=\"\" width=\"625\" height=\"289\" srcset=\"https:\/\/www.flieg.fr\/wordpress\/wp-content\/uploads\/2025\/10\/IMG-20251004-WA0007-1024x473.jpg 1024w, https:\/\/www.flieg.fr\/wordpress\/wp-content\/uploads\/2025\/10\/IMG-20251004-WA0007-300x139.jpg 300w, https:\/\/www.flieg.fr\/wordpress\/wp-content\/uploads\/2025\/10\/IMG-20251004-WA0007-768x355.jpg 768w, https:\/\/www.flieg.fr\/wordpress\/wp-content\/uploads\/2025\/10\/IMG-20251004-WA0007-1536x709.jpg 1536w, https:\/\/www.flieg.fr\/wordpress\/wp-content\/uploads\/2025\/10\/IMG-20251004-WA0007-624x288.jpg 624w, https:\/\/www.flieg.fr\/wordpress\/wp-content\/uploads\/2025\/10\/IMG-20251004-WA0007.jpg 1600w\" sizes=\"auto, (max-width: 625px) 100vw, 625px\" \/><\/a><\/p>\n<p>Au bout de 30mn d&rsquo;une mont\u00e9e harassante l.\u00e9glise forteresse se laisse enfin approcher.<\/p>\n<p><a href=\"https:\/\/www.flieg.fr\/wordpress\/wp-content\/uploads\/2025\/10\/IMG-20251004-WA0005.jpg\"><img loading=\"lazy\" decoding=\"async\" class=\"alignnone size-large wp-image-3793\" src=\"https:\/\/www.flieg.fr\/wordpress\/wp-content\/uploads\/2025\/10\/IMG-20251004-WA0005-1024x473.jpg\" alt=\"\" width=\"625\" height=\"289\" srcset=\"https:\/\/www.flieg.fr\/wordpress\/wp-content\/uploads\/2025\/10\/IMG-20251004-WA0005-1024x473.jpg 1024w, https:\/\/www.flieg.fr\/wordpress\/wp-content\/uploads\/2025\/10\/IMG-20251004-WA0005-300x139.jpg 300w, https:\/\/www.flieg.fr\/wordpress\/wp-content\/uploads\/2025\/10\/IMG-20251004-WA0005-768x355.jpg 768w, https:\/\/www.flieg.fr\/wordpress\/wp-content\/uploads\/2025\/10\/IMG-20251004-WA0005-1536x709.jpg 1536w, https:\/\/www.flieg.fr\/wordpress\/wp-content\/uploads\/2025\/10\/IMG-20251004-WA0005-624x288.jpg 624w, https:\/\/www.flieg.fr\/wordpress\/wp-content\/uploads\/2025\/10\/IMG-20251004-WA0005.jpg 1600w\" sizes=\"auto, (max-width: 625px) 100vw, 625px\" \/><\/a><\/p>\n<p>Vue sur les \u00e9tangs de la plaine du Forez et les monts du Lyonnais.<\/p>\n<p><a href=\"https:\/\/www.flieg.fr\/wordpress\/wp-content\/uploads\/2025\/10\/IMG-20251004-WA0001.jpg\"><img loading=\"lazy\" decoding=\"async\" class=\"alignnone size-large wp-image-3794\" src=\"https:\/\/www.flieg.fr\/wordpress\/wp-content\/uploads\/2025\/10\/IMG-20251004-WA0001-1024x473.jpg\" alt=\"\" width=\"625\" height=\"289\" srcset=\"https:\/\/www.flieg.fr\/wordpress\/wp-content\/uploads\/2025\/10\/IMG-20251004-WA0001-1024x473.jpg 1024w, https:\/\/www.flieg.fr\/wordpress\/wp-content\/uploads\/2025\/10\/IMG-20251004-WA0001-300x139.jpg 300w, https:\/\/www.flieg.fr\/wordpress\/wp-content\/uploads\/2025\/10\/IMG-20251004-WA0001-768x355.jpg 768w, https:\/\/www.flieg.fr\/wordpress\/wp-content\/uploads\/2025\/10\/IMG-20251004-WA0001-1536x709.jpg 1536w, https:\/\/www.flieg.fr\/wordpress\/wp-content\/uploads\/2025\/10\/IMG-20251004-WA0001-624x288.jpg 624w, https:\/\/www.flieg.fr\/wordpress\/wp-content\/uploads\/2025\/10\/IMG-20251004-WA0001.jpg 1600w\" sizes=\"auto, (max-width: 625px) 100vw, 625px\" \/><\/a><\/p>\n<p>L&rsquo;\u00e9glise romane de Champdieu se d\u00e9tache sur un ciel d&rsquo;encre et un vent mauvais se l\u00e8ve. Nous r\u00e9fugions dans l&rsquo;\u00e9glise le temps que le calme revienne<\/p>\n<p><a href=\"https:\/\/www.flieg.fr\/wordpress\/wp-content\/uploads\/2025\/10\/IMG-20251004-WA0003.jpg\"><img loading=\"lazy\" decoding=\"async\" class=\"alignnone size-large wp-image-3796\" src=\"https:\/\/www.flieg.fr\/wordpress\/wp-content\/uploads\/2025\/10\/IMG-20251004-WA0003-1024x473.jpg\" alt=\"\" width=\"625\" height=\"289\" srcset=\"https:\/\/www.flieg.fr\/wordpress\/wp-content\/uploads\/2025\/10\/IMG-20251004-WA0003-1024x473.jpg 1024w, https:\/\/www.flieg.fr\/wordpress\/wp-content\/uploads\/2025\/10\/IMG-20251004-WA0003-300x139.jpg 300w, https:\/\/www.flieg.fr\/wordpress\/wp-content\/uploads\/2025\/10\/IMG-20251004-WA0003-768x355.jpg 768w, https:\/\/www.flieg.fr\/wordpress\/wp-content\/uploads\/2025\/10\/IMG-20251004-WA0003-1536x709.jpg 1536w, https:\/\/www.flieg.fr\/wordpress\/wp-content\/uploads\/2025\/10\/IMG-20251004-WA0003-624x288.jpg 624w, https:\/\/www.flieg.fr\/wordpress\/wp-content\/uploads\/2025\/10\/IMG-20251004-WA0003.jpg 1600w\" sizes=\"auto, (max-width: 625px) 100vw, 625px\" \/><\/a><\/p>\n<p>Avec un bel arc en ciel qui signe le retour \u00e0 la fermeture des vannes c\u00e9lestes, nous affrontons encore une mont\u00e9e tr\u00e8s rude. On d\u00e9passe les 20 km. Montbrison se laisse enfin atteindre. Il y r\u00e8gne une atmosph\u00e8re festive. Cest la f\u00eate de la fourme, le fromage local.<\/p>\n<p>Nous arrivons chez Marie Martine qui nous re\u00e7oit chaleureusement.<\/p>\n<p>Etape 14 : de Montbrison \u00e0 Marjerie Chantagret<\/p>\n<p>5h30 pour 15,5 km, soit une moyenne de 2,8 km\/h.<\/p>\n<p>D+ 347 m et D- 186 m<\/p>\n<p><a href=\"https:\/\/www.flieg.fr\/wordpress\/wp-content\/uploads\/2025\/10\/IMG-20251005-WA0002.jpg\"><img loading=\"lazy\" decoding=\"async\" class=\"alignnone size-large wp-image-3799\" src=\"https:\/\/www.flieg.fr\/wordpress\/wp-content\/uploads\/2025\/10\/IMG-20251005-WA0002-473x1024.jpg\" alt=\"\" width=\"473\" height=\"1024\" srcset=\"https:\/\/www.flieg.fr\/wordpress\/wp-content\/uploads\/2025\/10\/IMG-20251005-WA0002-473x1024.jpg 473w, https:\/\/www.flieg.fr\/wordpress\/wp-content\/uploads\/2025\/10\/IMG-20251005-WA0002-139x300.jpg 139w, https:\/\/www.flieg.fr\/wordpress\/wp-content\/uploads\/2025\/10\/IMG-20251005-WA0002-709x1536.jpg 709w, https:\/\/www.flieg.fr\/wordpress\/wp-content\/uploads\/2025\/10\/IMG-20251005-WA0002-624x1351.jpg 624w, https:\/\/www.flieg.fr\/wordpress\/wp-content\/uploads\/2025\/10\/IMG-20251005-WA0002.jpg 739w\" sizes=\"auto, (max-width: 473px) 100vw, 473px\" \/><\/a><\/p>\n<p>Saint Jacques a bien veill\u00e9 sur nous. Mais \u00e0 8h30 du matin, nous avons fermement \u00e9t\u00e9 remis sans retard sur le Chemin par notre logeuse.<\/p>\n<p>&nbsp;<\/p>\n<p><a href=\"https:\/\/www.flieg.fr\/wordpress\/wp-content\/uploads\/2025\/10\/IMG-20251005-WA0003.jpg\"><img loading=\"lazy\" decoding=\"async\" class=\"alignnone size-large wp-image-3800\" src=\"https:\/\/www.flieg.fr\/wordpress\/wp-content\/uploads\/2025\/10\/IMG-20251005-WA0003-473x1024.jpg\" alt=\"\" width=\"473\" height=\"1024\" srcset=\"https:\/\/www.flieg.fr\/wordpress\/wp-content\/uploads\/2025\/10\/IMG-20251005-WA0003-473x1024.jpg 473w, https:\/\/www.flieg.fr\/wordpress\/wp-content\/uploads\/2025\/10\/IMG-20251005-WA0003-139x300.jpg 139w, https:\/\/www.flieg.fr\/wordpress\/wp-content\/uploads\/2025\/10\/IMG-20251005-WA0003-709x1536.jpg 709w, https:\/\/www.flieg.fr\/wordpress\/wp-content\/uploads\/2025\/10\/IMG-20251005-WA0003-624x1351.jpg 624w, https:\/\/www.flieg.fr\/wordpress\/wp-content\/uploads\/2025\/10\/IMG-20251005-WA0003.jpg 739w\" sizes=\"auto, (max-width: 473px) 100vw, 473px\" \/><\/a>Nous d\u00e9passons le mur d&rsquo;enceinte de Montbrison, o\u00f9 plut\u00f4t ce qu&rsquo;en reste, \u00e0 savoir une mignone \u00e9chauguette.<\/p>\n<p><a href=\"https:\/\/www.flieg.fr\/wordpress\/wp-content\/uploads\/2025\/10\/IMG-20251005-WA0005-1.jpg\"><img loading=\"lazy\" decoding=\"async\" class=\"alignnone size-large wp-image-3803\" src=\"https:\/\/www.flieg.fr\/wordpress\/wp-content\/uploads\/2025\/10\/IMG-20251005-WA0005-1-1024x473.jpg\" alt=\"\" width=\"625\" height=\"289\" srcset=\"https:\/\/www.flieg.fr\/wordpress\/wp-content\/uploads\/2025\/10\/IMG-20251005-WA0005-1-1024x473.jpg 1024w, https:\/\/www.flieg.fr\/wordpress\/wp-content\/uploads\/2025\/10\/IMG-20251005-WA0005-1-300x139.jpg 300w, https:\/\/www.flieg.fr\/wordpress\/wp-content\/uploads\/2025\/10\/IMG-20251005-WA0005-1-768x355.jpg 768w, https:\/\/www.flieg.fr\/wordpress\/wp-content\/uploads\/2025\/10\/IMG-20251005-WA0005-1-1536x709.jpg 1536w, https:\/\/www.flieg.fr\/wordpress\/wp-content\/uploads\/2025\/10\/IMG-20251005-WA0005-1-624x288.jpg 624w, https:\/\/www.flieg.fr\/wordpress\/wp-content\/uploads\/2025\/10\/IMG-20251005-WA0005-1.jpg 1600w\" sizes=\"auto, (max-width: 625px) 100vw, 625px\" \/><\/a><\/p>\n<p>Nous sommes dans la campagne. Un troupeau de vaches rang\u00e9es comme des sardines beugle d\u00e9sesp\u00e9r\u00e9ment pour qu&rsquo;on les laisse aller aux pr\u00e9s. On a entendu leurs plainte pendant au moins 1 km.<\/p>\n<p><a href=\"https:\/\/www.flieg.fr\/wordpress\/wp-content\/uploads\/2025\/10\/IMG-20251005-WA0006.jpg\"><img loading=\"lazy\" decoding=\"async\" class=\"alignnone size-large wp-image-3805\" src=\"https:\/\/www.flieg.fr\/wordpress\/wp-content\/uploads\/2025\/10\/IMG-20251005-WA0006-1024x473.jpg\" alt=\"\" width=\"625\" height=\"289\" srcset=\"https:\/\/www.flieg.fr\/wordpress\/wp-content\/uploads\/2025\/10\/IMG-20251005-WA0006-1024x473.jpg 1024w, https:\/\/www.flieg.fr\/wordpress\/wp-content\/uploads\/2025\/10\/IMG-20251005-WA0006-300x139.jpg 300w, https:\/\/www.flieg.fr\/wordpress\/wp-content\/uploads\/2025\/10\/IMG-20251005-WA0006-768x355.jpg 768w, https:\/\/www.flieg.fr\/wordpress\/wp-content\/uploads\/2025\/10\/IMG-20251005-WA0006-1536x709.jpg 1536w, https:\/\/www.flieg.fr\/wordpress\/wp-content\/uploads\/2025\/10\/IMG-20251005-WA0006-624x288.jpg 624w, https:\/\/www.flieg.fr\/wordpress\/wp-content\/uploads\/2025\/10\/IMG-20251005-WA0006.jpg 1600w\" sizes=\"auto, (max-width: 625px) 100vw, 625px\" \/><\/a><\/p>\n<p>Apr\u00e8s une petite balade dans les vignes, le chemin nous am\u00e8ne \u00e0 Saint-Thomas la Garde. Par chance, nous sommes arriv\u00e9s au moment o\u00f9 un historien local expliquait \u00e0 deux touristes les caract\u00e9ristiques int\u00e9rieures de l&rsquo;\u00e9glise et chance suppl\u00e9mentaires il avait la clef de la sacristie pour sortir le tampon \u00e0 mettre sur nos cr\u00e9anciales.<\/p>\n<p><a href=\"https:\/\/www.flieg.fr\/wordpress\/wp-content\/uploads\/2025\/10\/IMG-20251005-WA0008.jpg\"><img loading=\"lazy\" decoding=\"async\" class=\"alignnone size-large wp-image-3807\" src=\"https:\/\/www.flieg.fr\/wordpress\/wp-content\/uploads\/2025\/10\/IMG-20251005-WA0008-473x1024.jpg\" alt=\"\" width=\"473\" height=\"1024\" srcset=\"https:\/\/www.flieg.fr\/wordpress\/wp-content\/uploads\/2025\/10\/IMG-20251005-WA0008-473x1024.jpg 473w, https:\/\/www.flieg.fr\/wordpress\/wp-content\/uploads\/2025\/10\/IMG-20251005-WA0008-139x300.jpg 139w, https:\/\/www.flieg.fr\/wordpress\/wp-content\/uploads\/2025\/10\/IMG-20251005-WA0008-709x1536.jpg 709w, https:\/\/www.flieg.fr\/wordpress\/wp-content\/uploads\/2025\/10\/IMG-20251005-WA0008-624x1351.jpg 624w, https:\/\/www.flieg.fr\/wordpress\/wp-content\/uploads\/2025\/10\/IMG-20251005-WA0008.jpg 739w\" sizes=\"auto, (max-width: 473px) 100vw, 473px\" \/><\/a><\/p>\n<p>Cette \u00e9glise contient aussi une statue de Saint-Jacques habill\u00e9 en ap\u00f4tre mais avec sa coquille et son bourdon.<\/p>\n<p><a href=\"https:\/\/www.flieg.fr\/wordpress\/wp-content\/uploads\/2025\/10\/IMG-20251005-WA0009.jpg\"><img loading=\"lazy\" decoding=\"async\" class=\"alignnone size-large wp-image-3808\" src=\"https:\/\/www.flieg.fr\/wordpress\/wp-content\/uploads\/2025\/10\/IMG-20251005-WA0009-1024x473.jpg\" alt=\"\" width=\"625\" height=\"289\" srcset=\"https:\/\/www.flieg.fr\/wordpress\/wp-content\/uploads\/2025\/10\/IMG-20251005-WA0009-1024x473.jpg 1024w, https:\/\/www.flieg.fr\/wordpress\/wp-content\/uploads\/2025\/10\/IMG-20251005-WA0009-300x139.jpg 300w, https:\/\/www.flieg.fr\/wordpress\/wp-content\/uploads\/2025\/10\/IMG-20251005-WA0009-768x355.jpg 768w, https:\/\/www.flieg.fr\/wordpress\/wp-content\/uploads\/2025\/10\/IMG-20251005-WA0009-1536x709.jpg 1536w, https:\/\/www.flieg.fr\/wordpress\/wp-content\/uploads\/2025\/10\/IMG-20251005-WA0009-624x288.jpg 624w, https:\/\/www.flieg.fr\/wordpress\/wp-content\/uploads\/2025\/10\/IMG-20251005-WA0009.jpg 1600w\" sizes=\"auto, (max-width: 625px) 100vw, 625px\" \/><\/a><\/p>\n<p>Le chemin du petit bois nous m\u00e8ne tout droit \u00e0 l&rsquo;\u00e9tang de Vidrieux o\u00f9 nous faisons une pause.<\/p>\n<p><a href=\"https:\/\/www.flieg.fr\/wordpress\/wp-content\/uploads\/2025\/10\/IMG-20251005-WA0010.jpg\"><img loading=\"lazy\" decoding=\"async\" class=\"alignnone size-large wp-image-3810\" src=\"https:\/\/www.flieg.fr\/wordpress\/wp-content\/uploads\/2025\/10\/IMG-20251005-WA0010-1024x473.jpg\" alt=\"\" width=\"625\" height=\"289\" srcset=\"https:\/\/www.flieg.fr\/wordpress\/wp-content\/uploads\/2025\/10\/IMG-20251005-WA0010-1024x473.jpg 1024w, https:\/\/www.flieg.fr\/wordpress\/wp-content\/uploads\/2025\/10\/IMG-20251005-WA0010-300x139.jpg 300w, https:\/\/www.flieg.fr\/wordpress\/wp-content\/uploads\/2025\/10\/IMG-20251005-WA0010-768x355.jpg 768w, https:\/\/www.flieg.fr\/wordpress\/wp-content\/uploads\/2025\/10\/IMG-20251005-WA0010-1536x710.jpg 1536w, https:\/\/www.flieg.fr\/wordpress\/wp-content\/uploads\/2025\/10\/IMG-20251005-WA0010-624x288.jpg 624w, https:\/\/www.flieg.fr\/wordpress\/wp-content\/uploads\/2025\/10\/IMG-20251005-WA0010.jpg 2000w\" sizes=\"auto, (max-width: 625px) 100vw, 625px\" \/><\/a><\/p>\n<p>Celles-ci ont eu le droit de sortir et batifolent gaiement dans l&rsquo;herbe fra\u00eeche avec leurs petits veaux.<\/p>\n<p><a href=\"https:\/\/www.flieg.fr\/wordpress\/wp-content\/uploads\/2025\/10\/IMG-20251005-WA0011.jpg\"><img loading=\"lazy\" decoding=\"async\" class=\"alignnone size-large wp-image-3811\" src=\"https:\/\/www.flieg.fr\/wordpress\/wp-content\/uploads\/2025\/10\/IMG-20251005-WA0011-1024x473.jpg\" alt=\"\" width=\"625\" height=\"289\" srcset=\"https:\/\/www.flieg.fr\/wordpress\/wp-content\/uploads\/2025\/10\/IMG-20251005-WA0011-1024x473.jpg 1024w, https:\/\/www.flieg.fr\/wordpress\/wp-content\/uploads\/2025\/10\/IMG-20251005-WA0011-300x139.jpg 300w, https:\/\/www.flieg.fr\/wordpress\/wp-content\/uploads\/2025\/10\/IMG-20251005-WA0011-768x355.jpg 768w, https:\/\/www.flieg.fr\/wordpress\/wp-content\/uploads\/2025\/10\/IMG-20251005-WA0011-1536x710.jpg 1536w, https:\/\/www.flieg.fr\/wordpress\/wp-content\/uploads\/2025\/10\/IMG-20251005-WA0011-624x288.jpg 624w, https:\/\/www.flieg.fr\/wordpress\/wp-content\/uploads\/2025\/10\/IMG-20251005-WA0011.jpg 2000w\" sizes=\"auto, (max-width: 625px) 100vw, 625px\" \/><\/a><\/p>\n<p>Au loin nous voyons la chapelle Saint-Roch construite au dix-septi\u00e8me si\u00e8cle alors que la peste s\u00e9vissais dans la r\u00e9gion.<\/p>\n<p><a href=\"https:\/\/www.flieg.fr\/wordpress\/wp-content\/uploads\/2025\/10\/IMG-20251005-WA0013.jpg\"><img loading=\"lazy\" decoding=\"async\" class=\"alignnone size-large wp-image-3812\" src=\"https:\/\/www.flieg.fr\/wordpress\/wp-content\/uploads\/2025\/10\/IMG-20251005-WA0013-1024x473.jpg\" alt=\"\" width=\"625\" height=\"289\" srcset=\"https:\/\/www.flieg.fr\/wordpress\/wp-content\/uploads\/2025\/10\/IMG-20251005-WA0013-1024x473.jpg 1024w, https:\/\/www.flieg.fr\/wordpress\/wp-content\/uploads\/2025\/10\/IMG-20251005-WA0013-300x139.jpg 300w, https:\/\/www.flieg.fr\/wordpress\/wp-content\/uploads\/2025\/10\/IMG-20251005-WA0013-768x355.jpg 768w, https:\/\/www.flieg.fr\/wordpress\/wp-content\/uploads\/2025\/10\/IMG-20251005-WA0013-1536x710.jpg 1536w, https:\/\/www.flieg.fr\/wordpress\/wp-content\/uploads\/2025\/10\/IMG-20251005-WA0013-624x288.jpg 624w, https:\/\/www.flieg.fr\/wordpress\/wp-content\/uploads\/2025\/10\/IMG-20251005-WA0013.jpg 2000w\" sizes=\"auto, (max-width: 625px) 100vw, 625px\" \/><\/a><\/p>\n<p>Devant nous se dresse le c\u00f4ne volcanique de Monsupt. Il va falloir grimper au sommet \u00e0 six cent quarante-trois m\u00e8tres d&rsquo;altitude.<\/p>\n<p><a href=\"https:\/\/www.flieg.fr\/wordpress\/wp-content\/uploads\/2025\/10\/IMG-20251005-WA0014.jpg\"><img loading=\"lazy\" decoding=\"async\" class=\"alignnone size-large wp-image-3813\" src=\"https:\/\/www.flieg.fr\/wordpress\/wp-content\/uploads\/2025\/10\/IMG-20251005-WA0014-1024x473.jpg\" alt=\"\" width=\"625\" height=\"289\" srcset=\"https:\/\/www.flieg.fr\/wordpress\/wp-content\/uploads\/2025\/10\/IMG-20251005-WA0014-1024x473.jpg 1024w, https:\/\/www.flieg.fr\/wordpress\/wp-content\/uploads\/2025\/10\/IMG-20251005-WA0014-300x139.jpg 300w, https:\/\/www.flieg.fr\/wordpress\/wp-content\/uploads\/2025\/10\/IMG-20251005-WA0014-768x355.jpg 768w, https:\/\/www.flieg.fr\/wordpress\/wp-content\/uploads\/2025\/10\/IMG-20251005-WA0014-1536x710.jpg 1536w, https:\/\/www.flieg.fr\/wordpress\/wp-content\/uploads\/2025\/10\/IMG-20251005-WA0014-624x288.jpg 624w, https:\/\/www.flieg.fr\/wordpress\/wp-content\/uploads\/2025\/10\/IMG-20251005-WA0014.jpg 2000w\" sizes=\"auto, (max-width: 625px) 100vw, 625px\" \/><\/a><\/p>\n<p>Au sommet du pic se dresse une chapelle romane ainsi que les vestiges du ch\u00e2teau de 1451.<\/p>\n<p><a href=\"https:\/\/www.flieg.fr\/wordpress\/wp-content\/uploads\/2025\/10\/IMG-20251005-WA0015.jpg\"><img loading=\"lazy\" decoding=\"async\" class=\"alignnone size-large wp-image-3816\" src=\"https:\/\/www.flieg.fr\/wordpress\/wp-content\/uploads\/2025\/10\/IMG-20251005-WA0015-1024x473.jpg\" alt=\"\" width=\"625\" height=\"289\" srcset=\"https:\/\/www.flieg.fr\/wordpress\/wp-content\/uploads\/2025\/10\/IMG-20251005-WA0015-1024x473.jpg 1024w, https:\/\/www.flieg.fr\/wordpress\/wp-content\/uploads\/2025\/10\/IMG-20251005-WA0015-300x139.jpg 300w, https:\/\/www.flieg.fr\/wordpress\/wp-content\/uploads\/2025\/10\/IMG-20251005-WA0015-768x355.jpg 768w, https:\/\/www.flieg.fr\/wordpress\/wp-content\/uploads\/2025\/10\/IMG-20251005-WA0015-1536x710.jpg 1536w, https:\/\/www.flieg.fr\/wordpress\/wp-content\/uploads\/2025\/10\/IMG-20251005-WA0015-624x288.jpg 624w, https:\/\/www.flieg.fr\/wordpress\/wp-content\/uploads\/2025\/10\/IMG-20251005-WA0015.jpg 2000w\" sizes=\"auto, (max-width: 625px) 100vw, 625px\" \/><\/a><\/p>\n<p>Nous surplombons le village de Margerie Chantagret o\u00f9 se trouve notre gite de ce soir : Broc&rsquo;n Gite (comprenez brocante and Gite).<\/p>\n<p><a href=\"https:\/\/www.flieg.fr\/wordpress\/wp-content\/uploads\/2025\/10\/IMG-20251005-WA0016.jpg\"><img loading=\"lazy\" decoding=\"async\" class=\"alignnone size-large wp-image-3818\" src=\"https:\/\/www.flieg.fr\/wordpress\/wp-content\/uploads\/2025\/10\/IMG-20251005-WA0016-473x1024.jpg\" alt=\"\" width=\"473\" height=\"1024\" srcset=\"https:\/\/www.flieg.fr\/wordpress\/wp-content\/uploads\/2025\/10\/IMG-20251005-WA0016-473x1024.jpg 473w, https:\/\/www.flieg.fr\/wordpress\/wp-content\/uploads\/2025\/10\/IMG-20251005-WA0016-139x300.jpg 139w, https:\/\/www.flieg.fr\/wordpress\/wp-content\/uploads\/2025\/10\/IMG-20251005-WA0016-768x1662.jpg 768w, https:\/\/www.flieg.fr\/wordpress\/wp-content\/uploads\/2025\/10\/IMG-20251005-WA0016-710x1536.jpg 710w, https:\/\/www.flieg.fr\/wordpress\/wp-content\/uploads\/2025\/10\/IMG-20251005-WA0016-624x1351.jpg 624w, https:\/\/www.flieg.fr\/wordpress\/wp-content\/uploads\/2025\/10\/IMG-20251005-WA0016.jpg 924w\" sizes=\"auto, (max-width: 473px) 100vw, 473px\" \/><\/a><\/p>\n<p><a href=\"https:\/\/www.flieg.fr\/wordpress\/wp-content\/uploads\/2025\/10\/IMG-20251005-WA0017.jpg\"><img loading=\"lazy\" decoding=\"async\" class=\"alignnone size-large wp-image-3820\" src=\"https:\/\/www.flieg.fr\/wordpress\/wp-content\/uploads\/2025\/10\/IMG-20251005-WA0017-1024x473.jpg\" alt=\"\" width=\"625\" height=\"289\" srcset=\"https:\/\/www.flieg.fr\/wordpress\/wp-content\/uploads\/2025\/10\/IMG-20251005-WA0017-1024x473.jpg 1024w, https:\/\/www.flieg.fr\/wordpress\/wp-content\/uploads\/2025\/10\/IMG-20251005-WA0017-300x139.jpg 300w, https:\/\/www.flieg.fr\/wordpress\/wp-content\/uploads\/2025\/10\/IMG-20251005-WA0017-768x355.jpg 768w, https:\/\/www.flieg.fr\/wordpress\/wp-content\/uploads\/2025\/10\/IMG-20251005-WA0017-1536x710.jpg 1536w, https:\/\/www.flieg.fr\/wordpress\/wp-content\/uploads\/2025\/10\/IMG-20251005-WA0017-624x288.jpg 624w, https:\/\/www.flieg.fr\/wordpress\/wp-content\/uploads\/2025\/10\/IMG-20251005-WA0017.jpg 2000w\" sizes=\"auto, (max-width: 625px) 100vw, 625px\" \/><\/a><\/p>\n<p>Christophe nous a donn\u00e9 le code de la boite \u00e0 cl\u00e9s pour que nous puissions entrer dans les lieux.\u00a0 Tout l&rsquo;int\u00e9rieur est meubl\u00e9 en style brocante. On y trouve de tout, du vieux flytox \u00e0 la balance d&rsquo;\u00e9picerie en passant par une guitare injouable.<\/p>\n<p><a href=\"https:\/\/www.flieg.fr\/wordpress\/wp-content\/uploads\/2025\/10\/IMG-20251006-WA0000.jpg\"><img loading=\"lazy\" decoding=\"async\" class=\"alignnone size-large wp-image-3823\" src=\"https:\/\/www.flieg.fr\/wordpress\/wp-content\/uploads\/2025\/10\/IMG-20251006-WA0000-1024x473.jpg\" alt=\"\" width=\"625\" height=\"289\" srcset=\"https:\/\/www.flieg.fr\/wordpress\/wp-content\/uploads\/2025\/10\/IMG-20251006-WA0000-1024x473.jpg 1024w, https:\/\/www.flieg.fr\/wordpress\/wp-content\/uploads\/2025\/10\/IMG-20251006-WA0000-300x139.jpg 300w, https:\/\/www.flieg.fr\/wordpress\/wp-content\/uploads\/2025\/10\/IMG-20251006-WA0000-768x355.jpg 768w, https:\/\/www.flieg.fr\/wordpress\/wp-content\/uploads\/2025\/10\/IMG-20251006-WA0000-1536x709.jpg 1536w, https:\/\/www.flieg.fr\/wordpress\/wp-content\/uploads\/2025\/10\/IMG-20251006-WA0000-624x288.jpg 624w, https:\/\/www.flieg.fr\/wordpress\/wp-content\/uploads\/2025\/10\/IMG-20251006-WA0000.jpg 1600w\" sizes=\"auto, (max-width: 625px) 100vw, 625px\" \/><\/a><\/p>\n<p>Mais, c\u00f4t\u00e9 \u00e9quipements, il n&rsquo;y a rien \u00e0 redire. Un jacuzzi avait \u00e9t\u00e9 pr\u00e9par\u00e9 et mis en temp\u00e9rature rien sur pour nous ; dans un d\u00e9cor brocante bien s\u00fbr.<\/p>\n<p>Lundi 6 octobre 2023<\/p>\n<p>de la Margeride Chantagret \u00e0 la Chapelle la Faye.<\/p>\n<p>6h15 et 15,72 km<\/p>\n<p>D+ 538 m D- 181 m<\/p>\n<p>On est partis \u00e0 620 m et mont\u00e9 jusqu&rsquo;\u00e0 1162 m. Autant dire qu&rsquo;il faisait froid, malgr\u00e9 le beau temps<\/p>\n<p><a href=\"https:\/\/www.flieg.fr\/wordpress\/wp-content\/uploads\/2025\/10\/IMG-20251006-WA0010.jpg\"><img loading=\"lazy\" decoding=\"async\" class=\"alignnone size-large wp-image-3825\" src=\"https:\/\/www.flieg.fr\/wordpress\/wp-content\/uploads\/2025\/10\/IMG-20251006-WA0010-1024x473.jpg\" alt=\"\" width=\"625\" height=\"289\" srcset=\"https:\/\/www.flieg.fr\/wordpress\/wp-content\/uploads\/2025\/10\/IMG-20251006-WA0010-1024x473.jpg 1024w, https:\/\/www.flieg.fr\/wordpress\/wp-content\/uploads\/2025\/10\/IMG-20251006-WA0010-300x139.jpg 300w, https:\/\/www.flieg.fr\/wordpress\/wp-content\/uploads\/2025\/10\/IMG-20251006-WA0010-768x355.jpg 768w, https:\/\/www.flieg.fr\/wordpress\/wp-content\/uploads\/2025\/10\/IMG-20251006-WA0010-1536x709.jpg 1536w, https:\/\/www.flieg.fr\/wordpress\/wp-content\/uploads\/2025\/10\/IMG-20251006-WA0010-624x288.jpg 624w, https:\/\/www.flieg.fr\/wordpress\/wp-content\/uploads\/2025\/10\/IMG-20251006-WA0010.jpg 1600w\" sizes=\"auto, (max-width: 625px) 100vw, 625px\" \/><\/a><\/p>\n<p>Un vieux couple de p\u00e8lerins et ses chaussures fleuries.<\/p>\n<p><a href=\"https:\/\/www.flieg.fr\/wordpress\/wp-content\/uploads\/2025\/10\/IMG-20251006-WA0009.jpg\"><img loading=\"lazy\" decoding=\"async\" class=\"alignnone size-large wp-image-3827\" src=\"https:\/\/www.flieg.fr\/wordpress\/wp-content\/uploads\/2025\/10\/IMG-20251006-WA0009-1024x473.jpg\" alt=\"\" width=\"625\" height=\"289\" srcset=\"https:\/\/www.flieg.fr\/wordpress\/wp-content\/uploads\/2025\/10\/IMG-20251006-WA0009-1024x473.jpg 1024w, https:\/\/www.flieg.fr\/wordpress\/wp-content\/uploads\/2025\/10\/IMG-20251006-WA0009-300x139.jpg 300w, https:\/\/www.flieg.fr\/wordpress\/wp-content\/uploads\/2025\/10\/IMG-20251006-WA0009-768x355.jpg 768w, https:\/\/www.flieg.fr\/wordpress\/wp-content\/uploads\/2025\/10\/IMG-20251006-WA0009-1536x709.jpg 1536w, https:\/\/www.flieg.fr\/wordpress\/wp-content\/uploads\/2025\/10\/IMG-20251006-WA0009-624x288.jpg 624w, https:\/\/www.flieg.fr\/wordpress\/wp-content\/uploads\/2025\/10\/IMG-20251006-WA0009.jpg 1600w\" sizes=\"auto, (max-width: 625px) 100vw, 625px\" \/><\/a><\/p>\n<p>Un escargot<\/p>\n<p><a href=\"https:\/\/www.flieg.fr\/wordpress\/wp-content\/uploads\/2025\/10\/IMG-20251006-WA0007.jpg\"><img loading=\"lazy\" decoding=\"async\" class=\"alignnone size-large wp-image-3831\" src=\"https:\/\/www.flieg.fr\/wordpress\/wp-content\/uploads\/2025\/10\/IMG-20251006-WA0007-1024x473.jpg\" alt=\"\" width=\"625\" height=\"289\" srcset=\"https:\/\/www.flieg.fr\/wordpress\/wp-content\/uploads\/2025\/10\/IMG-20251006-WA0007-1024x473.jpg 1024w, https:\/\/www.flieg.fr\/wordpress\/wp-content\/uploads\/2025\/10\/IMG-20251006-WA0007-300x139.jpg 300w, https:\/\/www.flieg.fr\/wordpress\/wp-content\/uploads\/2025\/10\/IMG-20251006-WA0007-768x355.jpg 768w, https:\/\/www.flieg.fr\/wordpress\/wp-content\/uploads\/2025\/10\/IMG-20251006-WA0007-1536x709.jpg 1536w, https:\/\/www.flieg.fr\/wordpress\/wp-content\/uploads\/2025\/10\/IMG-20251006-WA0007-624x288.jpg 624w, https:\/\/www.flieg.fr\/wordpress\/wp-content\/uploads\/2025\/10\/IMG-20251006-WA0007.jpg 1600w\" sizes=\"auto, (max-width: 625px) 100vw, 625px\" \/><\/a><\/p>\n<p>Encore un p\u00e8lerin&#8230;<\/p>\n<p><a href=\"https:\/\/www.flieg.fr\/wordpress\/wp-content\/uploads\/2025\/10\/IMG-20251006-WA0008.jpg\"><img loading=\"lazy\" decoding=\"async\" class=\"alignnone size-large wp-image-3833\" src=\"https:\/\/www.flieg.fr\/wordpress\/wp-content\/uploads\/2025\/10\/IMG-20251006-WA0008-1024x473.jpg\" alt=\"\" width=\"625\" height=\"289\" srcset=\"https:\/\/www.flieg.fr\/wordpress\/wp-content\/uploads\/2025\/10\/IMG-20251006-WA0008-1024x473.jpg 1024w, https:\/\/www.flieg.fr\/wordpress\/wp-content\/uploads\/2025\/10\/IMG-20251006-WA0008-300x139.jpg 300w, https:\/\/www.flieg.fr\/wordpress\/wp-content\/uploads\/2025\/10\/IMG-20251006-WA0008-768x355.jpg 768w, https:\/\/www.flieg.fr\/wordpress\/wp-content\/uploads\/2025\/10\/IMG-20251006-WA0008-1536x709.jpg 1536w, https:\/\/www.flieg.fr\/wordpress\/wp-content\/uploads\/2025\/10\/IMG-20251006-WA0008-624x288.jpg 624w, https:\/\/www.flieg.fr\/wordpress\/wp-content\/uploads\/2025\/10\/IMG-20251006-WA0008.jpg 1600w\" sizes=\"auto, (max-width: 625px) 100vw, 625px\" \/><\/a><\/p>\n<p>Belles poubelles&#8230;<\/p>\n<p><a href=\"https:\/\/www.flieg.fr\/wordpress\/wp-content\/uploads\/2025\/10\/IMG-20251006-WA0002.jpg\"><img loading=\"lazy\" decoding=\"async\" class=\"alignnone size-large wp-image-3834\" src=\"https:\/\/www.flieg.fr\/wordpress\/wp-content\/uploads\/2025\/10\/IMG-20251006-WA0002-1024x473.jpg\" alt=\"\" width=\"625\" height=\"289\" srcset=\"https:\/\/www.flieg.fr\/wordpress\/wp-content\/uploads\/2025\/10\/IMG-20251006-WA0002-1024x473.jpg 1024w, https:\/\/www.flieg.fr\/wordpress\/wp-content\/uploads\/2025\/10\/IMG-20251006-WA0002-300x139.jpg 300w, https:\/\/www.flieg.fr\/wordpress\/wp-content\/uploads\/2025\/10\/IMG-20251006-WA0002-768x355.jpg 768w, https:\/\/www.flieg.fr\/wordpress\/wp-content\/uploads\/2025\/10\/IMG-20251006-WA0002-1536x709.jpg 1536w, https:\/\/www.flieg.fr\/wordpress\/wp-content\/uploads\/2025\/10\/IMG-20251006-WA0002-624x288.jpg 624w, https:\/\/www.flieg.fr\/wordpress\/wp-content\/uploads\/2025\/10\/IMG-20251006-WA0002.jpg 1600w\" sizes=\"auto, (max-width: 625px) 100vw, 625px\" \/><\/a><\/p>\n<p>le pont romain, au lieu-dit \u00ab\u00a0le pont\u00a0\u00bb \u00e9videmment<\/p>\n<p><a href=\"https:\/\/www.flieg.fr\/wordpress\/wp-content\/uploads\/2025\/10\/IMG-20251006-WA0001.jpg\"><img loading=\"lazy\" decoding=\"async\" class=\"alignnone size-large wp-image-3835\" src=\"https:\/\/www.flieg.fr\/wordpress\/wp-content\/uploads\/2025\/10\/IMG-20251006-WA0001-1024x473.jpg\" alt=\"\" width=\"625\" height=\"289\" srcset=\"https:\/\/www.flieg.fr\/wordpress\/wp-content\/uploads\/2025\/10\/IMG-20251006-WA0001-1024x473.jpg 1024w, https:\/\/www.flieg.fr\/wordpress\/wp-content\/uploads\/2025\/10\/IMG-20251006-WA0001-300x139.jpg 300w, https:\/\/www.flieg.fr\/wordpress\/wp-content\/uploads\/2025\/10\/IMG-20251006-WA0001-768x355.jpg 768w, https:\/\/www.flieg.fr\/wordpress\/wp-content\/uploads\/2025\/10\/IMG-20251006-WA0001-1536x709.jpg 1536w, https:\/\/www.flieg.fr\/wordpress\/wp-content\/uploads\/2025\/10\/IMG-20251006-WA0001-624x288.jpg 624w, https:\/\/www.flieg.fr\/wordpress\/wp-content\/uploads\/2025\/10\/IMG-20251006-WA0001.jpg 1600w\" sizes=\"auto, (max-width: 625px) 100vw, 625px\" \/><\/a><\/p>\n<p>Il fait beau, la vue est d\u00e9gag\u00e9e.<\/p>\n<p><a href=\"https:\/\/www.flieg.fr\/wordpress\/wp-content\/uploads\/2025\/10\/IMG-20251006-WA0011.jpg\"><img loading=\"lazy\" decoding=\"async\" class=\"alignnone size-large wp-image-3836\" src=\"https:\/\/www.flieg.fr\/wordpress\/wp-content\/uploads\/2025\/10\/IMG-20251006-WA0011-1024x473.jpg\" alt=\"\" width=\"625\" height=\"289\" srcset=\"https:\/\/www.flieg.fr\/wordpress\/wp-content\/uploads\/2025\/10\/IMG-20251006-WA0011-1024x473.jpg 1024w, https:\/\/www.flieg.fr\/wordpress\/wp-content\/uploads\/2025\/10\/IMG-20251006-WA0011-300x139.jpg 300w, https:\/\/www.flieg.fr\/wordpress\/wp-content\/uploads\/2025\/10\/IMG-20251006-WA0011-768x355.jpg 768w, https:\/\/www.flieg.fr\/wordpress\/wp-content\/uploads\/2025\/10\/IMG-20251006-WA0011-1536x709.jpg 1536w, https:\/\/www.flieg.fr\/wordpress\/wp-content\/uploads\/2025\/10\/IMG-20251006-WA0011-624x288.jpg 624w, https:\/\/www.flieg.fr\/wordpress\/wp-content\/uploads\/2025\/10\/IMG-20251006-WA0011.jpg 1600w\" sizes=\"auto, (max-width: 625px) 100vw, 625px\" \/><\/a><\/p>\n<p>Nous grimpons all\u00e8grement. C&rsquo;est conforme aux pr\u00e9visions. Ce sera l&rsquo;\u00e9tape la plus dure avec des d\u00e9nivel\u00e9s importants et des pentes tr\u00e8s raides.<\/p>\n<p><a href=\"https:\/\/www.flieg.fr\/wordpress\/wp-content\/uploads\/2025\/10\/IMG-20251006-WA0003.jpg\"><img loading=\"lazy\" decoding=\"async\" class=\"alignnone size-large wp-image-3838\" src=\"https:\/\/www.flieg.fr\/wordpress\/wp-content\/uploads\/2025\/10\/IMG-20251006-WA0003-1024x473.jpg\" alt=\"\" width=\"625\" height=\"289\" srcset=\"https:\/\/www.flieg.fr\/wordpress\/wp-content\/uploads\/2025\/10\/IMG-20251006-WA0003-1024x473.jpg 1024w, https:\/\/www.flieg.fr\/wordpress\/wp-content\/uploads\/2025\/10\/IMG-20251006-WA0003-300x139.jpg 300w, https:\/\/www.flieg.fr\/wordpress\/wp-content\/uploads\/2025\/10\/IMG-20251006-WA0003-768x355.jpg 768w, https:\/\/www.flieg.fr\/wordpress\/wp-content\/uploads\/2025\/10\/IMG-20251006-WA0003-1536x709.jpg 1536w, https:\/\/www.flieg.fr\/wordpress\/wp-content\/uploads\/2025\/10\/IMG-20251006-WA0003-624x288.jpg 624w, https:\/\/www.flieg.fr\/wordpress\/wp-content\/uploads\/2025\/10\/IMG-20251006-WA0003.jpg 1600w\" sizes=\"auto, (max-width: 625px) 100vw, 625px\" \/><\/a><\/p>\n<p>Presque arriv\u00e9s. Il reste 2,8 km. Nous sommes \u00e0 1162 m d&rsquo;altitude. Avant d&rsquo;arriver \u00e0 notre h\u00e9bergement nous passons \u00e0 l&rsquo;auberge du village chercher notre panier repas command\u00e9 pour ce soir.<\/p>\n<p><a href=\"https:\/\/www.flieg.fr\/wordpress\/wp-content\/uploads\/2025\/10\/IMG-20251007-WA0000.jpg\"><img loading=\"lazy\" decoding=\"async\" class=\"alignnone size-large wp-image-3840\" src=\"https:\/\/www.flieg.fr\/wordpress\/wp-content\/uploads\/2025\/10\/IMG-20251007-WA0000-1024x473.jpg\" alt=\"\" width=\"625\" height=\"289\" srcset=\"https:\/\/www.flieg.fr\/wordpress\/wp-content\/uploads\/2025\/10\/IMG-20251007-WA0000-1024x473.jpg 1024w, https:\/\/www.flieg.fr\/wordpress\/wp-content\/uploads\/2025\/10\/IMG-20251007-WA0000-300x139.jpg 300w, https:\/\/www.flieg.fr\/wordpress\/wp-content\/uploads\/2025\/10\/IMG-20251007-WA0000-768x355.jpg 768w, https:\/\/www.flieg.fr\/wordpress\/wp-content\/uploads\/2025\/10\/IMG-20251007-WA0000-1536x710.jpg 1536w, https:\/\/www.flieg.fr\/wordpress\/wp-content\/uploads\/2025\/10\/IMG-20251007-WA0000-624x288.jpg 624w, https:\/\/www.flieg.fr\/wordpress\/wp-content\/uploads\/2025\/10\/IMG-20251007-WA0000.jpg 2000w\" sizes=\"auto, (max-width: 625px) 100vw, 625px\" \/><\/a><\/p>\n<p>Le restaurateur a bien fait les choses : aum\u00f4ni\u00e8res de ch\u00e8vre chaud et sa salade compos\u00e9e en entr\u00e9e, terrine de poissons et riz fa\u00e7on pa\u00eblla, pain et fromage et pour terminer une tarte Tatin avec sa cr\u00e8me anglaise. Quel r\u00e9gal !<\/p>\n<p><a href=\"https:\/\/www.flieg.fr\/wordpress\/wp-content\/uploads\/2025\/10\/IMG-20251007-WA0001.jpg\"><img loading=\"lazy\" decoding=\"async\" class=\"alignnone size-large wp-image-3842\" src=\"https:\/\/www.flieg.fr\/wordpress\/wp-content\/uploads\/2025\/10\/IMG-20251007-WA0001-1024x473.jpg\" alt=\"\" width=\"625\" height=\"289\" srcset=\"https:\/\/www.flieg.fr\/wordpress\/wp-content\/uploads\/2025\/10\/IMG-20251007-WA0001-1024x473.jpg 1024w, https:\/\/www.flieg.fr\/wordpress\/wp-content\/uploads\/2025\/10\/IMG-20251007-WA0001-300x139.jpg 300w, https:\/\/www.flieg.fr\/wordpress\/wp-content\/uploads\/2025\/10\/IMG-20251007-WA0001-768x355.jpg 768w, https:\/\/www.flieg.fr\/wordpress\/wp-content\/uploads\/2025\/10\/IMG-20251007-WA0001-1536x710.jpg 1536w, https:\/\/www.flieg.fr\/wordpress\/wp-content\/uploads\/2025\/10\/IMG-20251007-WA0001-624x288.jpg 624w, https:\/\/www.flieg.fr\/wordpress\/wp-content\/uploads\/2025\/10\/IMG-20251007-WA0001.jpg 2000w\" sizes=\"auto, (max-width: 625px) 100vw, 625px\" \/><\/a><\/p>\n<p>Voici notre g\u00eete la digitale. C&rsquo;est un g\u00eete g\u00e9r\u00e9 par la commune. Nous y trouvons un petit mot laiss\u00e9 par Agn\u00e8s et son fr\u00e8re qui ont s\u00e9journ\u00e9 la nuit pr\u00e9c\u00e9dente. Ils ont une \u00e9tape d&rsquo;avance sur nous.<\/p>\n<p>Etape 16 de la Chapelle en Lafaye \u00e0 Jouanzeck<\/p>\n<p>6h14 et 17.94 km soit 2,9 km\/h<\/p>\n<p>D+ 326 m et D- 478 m<\/p>\n<p><a href=\"https:\/\/www.flieg.fr\/wordpress\/wp-content\/uploads\/2025\/10\/IMG-20251007-WA0002.jpg\"><img loading=\"lazy\" decoding=\"async\" class=\"alignnone size-large wp-image-3844\" src=\"https:\/\/www.flieg.fr\/wordpress\/wp-content\/uploads\/2025\/10\/IMG-20251007-WA0002-1024x473.jpg\" alt=\"\" width=\"625\" height=\"289\" srcset=\"https:\/\/www.flieg.fr\/wordpress\/wp-content\/uploads\/2025\/10\/IMG-20251007-WA0002-1024x473.jpg 1024w, https:\/\/www.flieg.fr\/wordpress\/wp-content\/uploads\/2025\/10\/IMG-20251007-WA0002-300x139.jpg 300w, https:\/\/www.flieg.fr\/wordpress\/wp-content\/uploads\/2025\/10\/IMG-20251007-WA0002-768x355.jpg 768w, https:\/\/www.flieg.fr\/wordpress\/wp-content\/uploads\/2025\/10\/IMG-20251007-WA0002-1536x710.jpg 1536w, https:\/\/www.flieg.fr\/wordpress\/wp-content\/uploads\/2025\/10\/IMG-20251007-WA0002-624x288.jpg 624w, https:\/\/www.flieg.fr\/wordpress\/wp-content\/uploads\/2025\/10\/IMG-20251007-WA0002.jpg 2000w\" sizes=\"auto, (max-width: 625px) 100vw, 625px\" \/><\/a><\/p>\n<p>Il fait froid ce matin ,mais la rude mont\u00e9e pour arriver \u00e0 Montarcher nous r\u00e9chauffe tr\u00e8s vite.<\/p>\n<div style=\"width: 625px;\" class=\"wp-video\"><video class=\"wp-video-shortcode\" id=\"video-3491-3\" width=\"625\" height=\"352\" preload=\"metadata\" controls=\"controls\"><source type=\"video\/mp4\" src=\"https:\/\/www.flieg.fr\/wordpress\/wp-content\/uploads\/2025\/10\/VID-20251007-WA0003.mp4?_=3\" \/><a href=\"https:\/\/www.flieg.fr\/wordpress\/wp-content\/uploads\/2025\/10\/VID-20251007-WA0003.mp4\">https:\/\/www.flieg.fr\/wordpress\/wp-content\/uploads\/2025\/10\/VID-20251007-WA0003.mp4<\/a><\/video><\/div>\n<p>A neuf heure du matin , nous arrivons au toit du Forez. Une vue panoramique d&rsquo;une rare beat\u00e9 s&rsquo;offre \u00e0 nous. La vue porte loin. Le massif de la Vanoise&#8230;<\/p>\n<p><a href=\"https:\/\/www.flieg.fr\/wordpress\/wp-content\/uploads\/2025\/10\/IMG-20251007-WA0004.jpg\"><img loading=\"lazy\" decoding=\"async\" class=\"alignnone size-large wp-image-3847\" src=\"https:\/\/www.flieg.fr\/wordpress\/wp-content\/uploads\/2025\/10\/IMG-20251007-WA0004-1024x473.jpg\" alt=\"\" width=\"625\" height=\"289\" srcset=\"https:\/\/www.flieg.fr\/wordpress\/wp-content\/uploads\/2025\/10\/IMG-20251007-WA0004-1024x473.jpg 1024w, https:\/\/www.flieg.fr\/wordpress\/wp-content\/uploads\/2025\/10\/IMG-20251007-WA0004-300x139.jpg 300w, https:\/\/www.flieg.fr\/wordpress\/wp-content\/uploads\/2025\/10\/IMG-20251007-WA0004-768x355.jpg 768w, https:\/\/www.flieg.fr\/wordpress\/wp-content\/uploads\/2025\/10\/IMG-20251007-WA0004-1536x710.jpg 1536w, https:\/\/www.flieg.fr\/wordpress\/wp-content\/uploads\/2025\/10\/IMG-20251007-WA0004-624x288.jpg 624w, https:\/\/www.flieg.fr\/wordpress\/wp-content\/uploads\/2025\/10\/IMG-20251007-WA0004.jpg 2000w\" sizes=\"auto, (max-width: 625px) 100vw, 625px\" \/><\/a><\/p>\n<p>P\u00e8lerin il y a un choix \u00e0 faire. Devinez quelle est la voie que nous avons choisie pour aller au Puy en Velay : ce sera la plus courte et la plus facile. Il reste 64 km.<\/p>\n<p><a href=\"https:\/\/www.flieg.fr\/wordpress\/wp-content\/uploads\/2025\/10\/IMG-20251007-WA0005.jpg\"><img loading=\"lazy\" decoding=\"async\" class=\"alignnone size-large wp-image-3848\" src=\"https:\/\/www.flieg.fr\/wordpress\/wp-content\/uploads\/2025\/10\/IMG-20251007-WA0005-1024x473.jpg\" alt=\"\" width=\"625\" height=\"289\" srcset=\"https:\/\/www.flieg.fr\/wordpress\/wp-content\/uploads\/2025\/10\/IMG-20251007-WA0005-1024x473.jpg 1024w, https:\/\/www.flieg.fr\/wordpress\/wp-content\/uploads\/2025\/10\/IMG-20251007-WA0005-300x139.jpg 300w, https:\/\/www.flieg.fr\/wordpress\/wp-content\/uploads\/2025\/10\/IMG-20251007-WA0005-768x355.jpg 768w, https:\/\/www.flieg.fr\/wordpress\/wp-content\/uploads\/2025\/10\/IMG-20251007-WA0005-1536x710.jpg 1536w, https:\/\/www.flieg.fr\/wordpress\/wp-content\/uploads\/2025\/10\/IMG-20251007-WA0005-624x288.jpg 624w, https:\/\/www.flieg.fr\/wordpress\/wp-content\/uploads\/2025\/10\/IMG-20251007-WA0005.jpg 2000w\" sizes=\"auto, (max-width: 625px) 100vw, 625px\" \/><\/a><\/p>\n<p>Dans les pr\u00e9s les vaches bronzent au soleil. Le r\u00e9sultat est spectaculaire.<\/p>\n<p><a href=\"https:\/\/www.flieg.fr\/wordpress\/wp-content\/uploads\/2025\/10\/IMG-20251007-WA0006.jpg\"><img loading=\"lazy\" decoding=\"async\" class=\"alignnone size-large wp-image-3850\" src=\"https:\/\/www.flieg.fr\/wordpress\/wp-content\/uploads\/2025\/10\/IMG-20251007-WA0006-1024x473.jpg\" alt=\"\" width=\"625\" height=\"289\" srcset=\"https:\/\/www.flieg.fr\/wordpress\/wp-content\/uploads\/2025\/10\/IMG-20251007-WA0006-1024x473.jpg 1024w, https:\/\/www.flieg.fr\/wordpress\/wp-content\/uploads\/2025\/10\/IMG-20251007-WA0006-300x139.jpg 300w, https:\/\/www.flieg.fr\/wordpress\/wp-content\/uploads\/2025\/10\/IMG-20251007-WA0006-768x355.jpg 768w, https:\/\/www.flieg.fr\/wordpress\/wp-content\/uploads\/2025\/10\/IMG-20251007-WA0006-1536x710.jpg 1536w, https:\/\/www.flieg.fr\/wordpress\/wp-content\/uploads\/2025\/10\/IMG-20251007-WA0006-624x288.jpg 624w, https:\/\/www.flieg.fr\/wordpress\/wp-content\/uploads\/2025\/10\/IMG-20251007-WA0006.jpg 2000w\" sizes=\"auto, (max-width: 625px) 100vw, 625px\" \/><\/a><\/p>\n<p>Paysage&#8230;<\/p>\n<p><a href=\"https:\/\/www.flieg.fr\/wordpress\/wp-content\/uploads\/2025\/10\/IMG-20251007-WA0007.jpg\"><img loading=\"lazy\" decoding=\"async\" class=\"alignnone size-large wp-image-3851\" src=\"https:\/\/www.flieg.fr\/wordpress\/wp-content\/uploads\/2025\/10\/IMG-20251007-WA0007-1024x473.jpg\" alt=\"\" width=\"625\" height=\"289\" srcset=\"https:\/\/www.flieg.fr\/wordpress\/wp-content\/uploads\/2025\/10\/IMG-20251007-WA0007-1024x473.jpg 1024w, https:\/\/www.flieg.fr\/wordpress\/wp-content\/uploads\/2025\/10\/IMG-20251007-WA0007-300x139.jpg 300w, https:\/\/www.flieg.fr\/wordpress\/wp-content\/uploads\/2025\/10\/IMG-20251007-WA0007-768x355.jpg 768w, https:\/\/www.flieg.fr\/wordpress\/wp-content\/uploads\/2025\/10\/IMG-20251007-WA0007-1536x710.jpg 1536w, https:\/\/www.flieg.fr\/wordpress\/wp-content\/uploads\/2025\/10\/IMG-20251007-WA0007-624x288.jpg 624w, https:\/\/www.flieg.fr\/wordpress\/wp-content\/uploads\/2025\/10\/IMG-20251007-WA0007.jpg 2000w\" sizes=\"auto, (max-width: 625px) 100vw, 625px\" \/><\/a><\/p>\n<p>For\u00eat au tapis vert&#8230;<\/p>\n<p><a href=\"https:\/\/www.flieg.fr\/wordpress\/wp-content\/uploads\/2025\/10\/IMG-20251007-WA0008.jpg\"><img loading=\"lazy\" decoding=\"async\" class=\"alignnone size-large wp-image-3852\" src=\"https:\/\/www.flieg.fr\/wordpress\/wp-content\/uploads\/2025\/10\/IMG-20251007-WA0008-1024x473.jpg\" alt=\"\" width=\"625\" height=\"289\" srcset=\"https:\/\/www.flieg.fr\/wordpress\/wp-content\/uploads\/2025\/10\/IMG-20251007-WA0008-1024x473.jpg 1024w, https:\/\/www.flieg.fr\/wordpress\/wp-content\/uploads\/2025\/10\/IMG-20251007-WA0008-300x139.jpg 300w, https:\/\/www.flieg.fr\/wordpress\/wp-content\/uploads\/2025\/10\/IMG-20251007-WA0008-768x355.jpg 768w, https:\/\/www.flieg.fr\/wordpress\/wp-content\/uploads\/2025\/10\/IMG-20251007-WA0008-1536x710.jpg 1536w, https:\/\/www.flieg.fr\/wordpress\/wp-content\/uploads\/2025\/10\/IMG-20251007-WA0008-624x288.jpg 624w, https:\/\/www.flieg.fr\/wordpress\/wp-content\/uploads\/2025\/10\/IMG-20251007-WA0008.jpg 2000w\" sizes=\"auto, (max-width: 625px) 100vw, 625px\" \/><\/a><\/p>\n<p>Cheval coiff\u00e9 \u00e0 la Sylvie Vartan&#8230;<\/p>\n<p>On avance d&rsquo;un pas l\u00e9ger et d&rsquo;un m\u00eame \u00e9lan, on enl\u00e8ve ou on remet les bouchons sur nos b\u00e2tons en fonction de l&rsquo;\u00e9tat du sol des chemins forestiers ou de la route goudronn\u00e9e.<\/p>\n<p><a href=\"https:\/\/www.flieg.fr\/wordpress\/wp-content\/uploads\/2025\/10\/IMG-20251007-WA0009.jpg\"><img loading=\"lazy\" decoding=\"async\" class=\"alignnone size-large wp-image-3853\" src=\"https:\/\/www.flieg.fr\/wordpress\/wp-content\/uploads\/2025\/10\/IMG-20251007-WA0009-1024x473.jpg\" alt=\"\" width=\"625\" height=\"289\" srcset=\"https:\/\/www.flieg.fr\/wordpress\/wp-content\/uploads\/2025\/10\/IMG-20251007-WA0009-1024x473.jpg 1024w, https:\/\/www.flieg.fr\/wordpress\/wp-content\/uploads\/2025\/10\/IMG-20251007-WA0009-300x139.jpg 300w, https:\/\/www.flieg.fr\/wordpress\/wp-content\/uploads\/2025\/10\/IMG-20251007-WA0009-768x355.jpg 768w, https:\/\/www.flieg.fr\/wordpress\/wp-content\/uploads\/2025\/10\/IMG-20251007-WA0009-1536x710.jpg 1536w, https:\/\/www.flieg.fr\/wordpress\/wp-content\/uploads\/2025\/10\/IMG-20251007-WA0009-624x288.jpg 624w, https:\/\/www.flieg.fr\/wordpress\/wp-content\/uploads\/2025\/10\/IMG-20251007-WA0009.jpg 2000w\" sizes=\"auto, (max-width: 625px) 100vw, 625px\" \/><\/a><\/p>\n<p>Ici la for\u00eat a d\u00e9j\u00e0 rev\u00eatu son manteau automnal.<\/p>\n<p><a href=\"https:\/\/www.flieg.fr\/wordpress\/wp-content\/uploads\/2025\/10\/20251007_135346-scaled.jpg\"><img loading=\"lazy\" decoding=\"async\" class=\"alignnone size-large wp-image-3855\" src=\"https:\/\/www.flieg.fr\/wordpress\/wp-content\/uploads\/2025\/10\/20251007_135346-1024x576.jpg\" alt=\"\" width=\"625\" height=\"352\" srcset=\"https:\/\/www.flieg.fr\/wordpress\/wp-content\/uploads\/2025\/10\/20251007_135346-1024x576.jpg 1024w, https:\/\/www.flieg.fr\/wordpress\/wp-content\/uploads\/2025\/10\/20251007_135346-300x169.jpg 300w, https:\/\/www.flieg.fr\/wordpress\/wp-content\/uploads\/2025\/10\/20251007_135346-768x432.jpg 768w, https:\/\/www.flieg.fr\/wordpress\/wp-content\/uploads\/2025\/10\/20251007_135346-1536x864.jpg 1536w, https:\/\/www.flieg.fr\/wordpress\/wp-content\/uploads\/2025\/10\/20251007_135346-2048x1152.jpg 2048w, https:\/\/www.flieg.fr\/wordpress\/wp-content\/uploads\/2025\/10\/20251007_135346-624x351.jpg 624w\" sizes=\"auto, (max-width: 625px) 100vw, 625px\" \/><\/a><\/p>\n<p>Nous quittons la r\u00e9gion du Forez pour rentrer dans celle du Velay.<\/p>\n<p><a href=\"https:\/\/www.flieg.fr\/wordpress\/wp-content\/uploads\/2025\/10\/IMG-20251007-WA0010.jpg\"><img loading=\"lazy\" decoding=\"async\" class=\"alignnone size-large wp-image-3856\" src=\"https:\/\/www.flieg.fr\/wordpress\/wp-content\/uploads\/2025\/10\/IMG-20251007-WA0010-1024x473.jpg\" alt=\"\" width=\"625\" height=\"289\" srcset=\"https:\/\/www.flieg.fr\/wordpress\/wp-content\/uploads\/2025\/10\/IMG-20251007-WA0010-1024x473.jpg 1024w, https:\/\/www.flieg.fr\/wordpress\/wp-content\/uploads\/2025\/10\/IMG-20251007-WA0010-300x139.jpg 300w, https:\/\/www.flieg.fr\/wordpress\/wp-content\/uploads\/2025\/10\/IMG-20251007-WA0010-768x355.jpg 768w, https:\/\/www.flieg.fr\/wordpress\/wp-content\/uploads\/2025\/10\/IMG-20251007-WA0010-1536x710.jpg 1536w, https:\/\/www.flieg.fr\/wordpress\/wp-content\/uploads\/2025\/10\/IMG-20251007-WA0010-624x288.jpg 624w, https:\/\/www.flieg.fr\/wordpress\/wp-content\/uploads\/2025\/10\/IMG-20251007-WA0010.jpg 2000w\" sizes=\"auto, (max-width: 625px) 100vw, 625px\" \/><\/a>Au Tr\u00e9molet. nous faisons notre pause d\u00e9jeuner \u00e0 proximit\u00e9 du lavoir-abreuvoir- ancien four \u00e0 poix restaur\u00e9 r\u00e9cemment.<\/p>\n<p><a href=\"https:\/\/www.flieg.fr\/wordpress\/wp-content\/uploads\/2025\/10\/IMG-20251007-WA0013.jpg\"><img loading=\"lazy\" decoding=\"async\" class=\"alignnone size-large wp-image-3857\" src=\"https:\/\/www.flieg.fr\/wordpress\/wp-content\/uploads\/2025\/10\/IMG-20251007-WA0013-1024x473.jpg\" alt=\"\" width=\"625\" height=\"289\" srcset=\"https:\/\/www.flieg.fr\/wordpress\/wp-content\/uploads\/2025\/10\/IMG-20251007-WA0013-1024x473.jpg 1024w, https:\/\/www.flieg.fr\/wordpress\/wp-content\/uploads\/2025\/10\/IMG-20251007-WA0013-300x139.jpg 300w, https:\/\/www.flieg.fr\/wordpress\/wp-content\/uploads\/2025\/10\/IMG-20251007-WA0013-768x355.jpg 768w, https:\/\/www.flieg.fr\/wordpress\/wp-content\/uploads\/2025\/10\/IMG-20251007-WA0013-1536x710.jpg 1536w, https:\/\/www.flieg.fr\/wordpress\/wp-content\/uploads\/2025\/10\/IMG-20251007-WA0013-624x288.jpg 624w, https:\/\/www.flieg.fr\/wordpress\/wp-content\/uploads\/2025\/10\/IMG-20251007-WA0013.jpg 2000w\" sizes=\"auto, (max-width: 625px) 100vw, 625px\" \/><\/a><\/p>\n<p>Notre chambre d&rsquo;h\u00f4tes de ce soir, s&rsquo;appelle \u00ab\u00a0Myrtille\u00a0\u00bb. Nous y rencontrons trois p\u00e8lerines qui font des \u00e9tapes plus grandes que les n\u00f4tres.<\/p>\n<p><a href=\"https:\/\/www.flieg.fr\/wordpress\/wp-content\/uploads\/2025\/10\/20251007_201306-scaled.jpg\"><img loading=\"lazy\" decoding=\"async\" class=\"alignnone size-large wp-image-3860\" src=\"https:\/\/www.flieg.fr\/wordpress\/wp-content\/uploads\/2025\/10\/20251007_201306-1024x576.jpg\" alt=\"\" width=\"625\" height=\"352\" srcset=\"https:\/\/www.flieg.fr\/wordpress\/wp-content\/uploads\/2025\/10\/20251007_201306-1024x576.jpg 1024w, https:\/\/www.flieg.fr\/wordpress\/wp-content\/uploads\/2025\/10\/20251007_201306-300x169.jpg 300w, https:\/\/www.flieg.fr\/wordpress\/wp-content\/uploads\/2025\/10\/20251007_201306-768x432.jpg 768w, https:\/\/www.flieg.fr\/wordpress\/wp-content\/uploads\/2025\/10\/20251007_201306-1536x864.jpg 1536w, https:\/\/www.flieg.fr\/wordpress\/wp-content\/uploads\/2025\/10\/20251007_201306-2048x1152.jpg 2048w, https:\/\/www.flieg.fr\/wordpress\/wp-content\/uploads\/2025\/10\/20251007_201306-624x351.jpg 624w\" sizes=\"auto, (max-width: 625px) 100vw, 625px\" \/><\/a><\/p>\n<p>Trois soeurs lyonnaises font le Chemin. On \u00e9change nos exp\u00e9riences et rions de nos m\u00e9saventures lors de la soir\u00e9e fort sympathique.<\/p>\n<p>Le mercredi 8 octobre 2025<\/p>\n<p>Etape 17 de Jouanzeck \u00e0 Chomelix<\/p>\n<p>5h22 et 15.77 km soit 2.9\u00a0km\/h<\/p>\n<p>D+ 233 m et D- 257 m<\/p>\n<p><a href=\"https:\/\/www.flieg.fr\/wordpress\/wp-content\/uploads\/2025\/10\/IMG-20251008-WA0000.jpg\"><img loading=\"lazy\" decoding=\"async\" class=\"alignnone size-large wp-image-3862\" src=\"https:\/\/www.flieg.fr\/wordpress\/wp-content\/uploads\/2025\/10\/IMG-20251008-WA0000-1024x473.jpg\" alt=\"\" width=\"625\" height=\"289\" srcset=\"https:\/\/www.flieg.fr\/wordpress\/wp-content\/uploads\/2025\/10\/IMG-20251008-WA0000-1024x473.jpg 1024w, https:\/\/www.flieg.fr\/wordpress\/wp-content\/uploads\/2025\/10\/IMG-20251008-WA0000-300x139.jpg 300w, https:\/\/www.flieg.fr\/wordpress\/wp-content\/uploads\/2025\/10\/IMG-20251008-WA0000-768x355.jpg 768w, https:\/\/www.flieg.fr\/wordpress\/wp-content\/uploads\/2025\/10\/IMG-20251008-WA0000-1536x709.jpg 1536w, https:\/\/www.flieg.fr\/wordpress\/wp-content\/uploads\/2025\/10\/IMG-20251008-WA0000-624x288.jpg 624w, https:\/\/www.flieg.fr\/wordpress\/wp-content\/uploads\/2025\/10\/IMG-20251008-WA0000.jpg 1600w\" sizes=\"auto, (max-width: 625px) 100vw, 625px\" \/><\/a>Le soleil se l\u00e8ve, nous sommes pr\u00eats \u00e0 repartir. Pour les trois soeurs, il n&rsquo;en est pas de m\u00eame. Il y en a une qui a d\u00e9clar\u00e9 forfait suite aux vingt-neuf kilom\u00e8tres de la veille.<\/p>\n<p><a href=\"https:\/\/www.flieg.fr\/wordpress\/wp-content\/uploads\/2025\/10\/20251008_084940-scaled.jpg\"><img loading=\"lazy\" decoding=\"async\" class=\"alignnone size-large wp-image-3867\" src=\"https:\/\/www.flieg.fr\/wordpress\/wp-content\/uploads\/2025\/10\/20251008_084940-576x1024.jpg\" alt=\"\" width=\"576\" height=\"1024\" srcset=\"https:\/\/www.flieg.fr\/wordpress\/wp-content\/uploads\/2025\/10\/20251008_084940-576x1024.jpg 576w, https:\/\/www.flieg.fr\/wordpress\/wp-content\/uploads\/2025\/10\/20251008_084940-169x300.jpg 169w, https:\/\/www.flieg.fr\/wordpress\/wp-content\/uploads\/2025\/10\/20251008_084940-768x1365.jpg 768w, https:\/\/www.flieg.fr\/wordpress\/wp-content\/uploads\/2025\/10\/20251008_084940-864x1536.jpg 864w, https:\/\/www.flieg.fr\/wordpress\/wp-content\/uploads\/2025\/10\/20251008_084940-1152x2048.jpg 1152w, https:\/\/www.flieg.fr\/wordpress\/wp-content\/uploads\/2025\/10\/20251008_084940-624x1109.jpg 624w, https:\/\/www.flieg.fr\/wordpress\/wp-content\/uploads\/2025\/10\/20251008_084940-scaled.jpg 1440w\" sizes=\"auto, (max-width: 576px) 100vw, 576px\" \/><\/a><\/p>\n<p>Pascale g\u00e8re aussi un mini- mus\u00e9e avec un m\u00e9tier Jacquard de 1850 en \u00e9tat de marche.<\/p>\n<p><a href=\"https:\/\/www.flieg.fr\/wordpress\/wp-content\/uploads\/2025\/10\/20251008_085141-scaled.jpg\"><img loading=\"lazy\" decoding=\"async\" class=\"alignnone size-large wp-image-3868\" src=\"https:\/\/www.flieg.fr\/wordpress\/wp-content\/uploads\/2025\/10\/20251008_085141-1024x576.jpg\" alt=\"\" width=\"625\" height=\"352\" srcset=\"https:\/\/www.flieg.fr\/wordpress\/wp-content\/uploads\/2025\/10\/20251008_085141-1024x576.jpg 1024w, https:\/\/www.flieg.fr\/wordpress\/wp-content\/uploads\/2025\/10\/20251008_085141-300x169.jpg 300w, https:\/\/www.flieg.fr\/wordpress\/wp-content\/uploads\/2025\/10\/20251008_085141-768x432.jpg 768w, https:\/\/www.flieg.fr\/wordpress\/wp-content\/uploads\/2025\/10\/20251008_085141-1536x864.jpg 1536w, https:\/\/www.flieg.fr\/wordpress\/wp-content\/uploads\/2025\/10\/20251008_085141-2048x1152.jpg 2048w, https:\/\/www.flieg.fr\/wordpress\/wp-content\/uploads\/2025\/10\/20251008_085141-624x351.jpg 624w\" sizes=\"auto, (max-width: 625px) 100vw, 625px\" \/><\/a><\/p>\n<p><a href=\"https:\/\/www.flieg.fr\/wordpress\/wp-content\/uploads\/2025\/10\/20251008_085012-scaled.jpg\"><img loading=\"lazy\" decoding=\"async\" class=\"alignnone size-large wp-image-3869\" src=\"https:\/\/www.flieg.fr\/wordpress\/wp-content\/uploads\/2025\/10\/20251008_085012-1024x576.jpg\" alt=\"\" width=\"625\" height=\"352\" srcset=\"https:\/\/www.flieg.fr\/wordpress\/wp-content\/uploads\/2025\/10\/20251008_085012-1024x576.jpg 1024w, https:\/\/www.flieg.fr\/wordpress\/wp-content\/uploads\/2025\/10\/20251008_085012-300x169.jpg 300w, https:\/\/www.flieg.fr\/wordpress\/wp-content\/uploads\/2025\/10\/20251008_085012-768x432.jpg 768w, https:\/\/www.flieg.fr\/wordpress\/wp-content\/uploads\/2025\/10\/20251008_085012-1536x864.jpg 1536w, https:\/\/www.flieg.fr\/wordpress\/wp-content\/uploads\/2025\/10\/20251008_085012-2048x1152.jpg 2048w, https:\/\/www.flieg.fr\/wordpress\/wp-content\/uploads\/2025\/10\/20251008_085012-624x351.jpg 624w\" sizes=\"auto, (max-width: 625px) 100vw, 625px\" \/><\/a><\/p>\n<p>&nbsp;<\/p>\n<p><a href=\"https:\/\/www.flieg.fr\/wordpress\/wp-content\/uploads\/2025\/10\/IMG-20251008-WA0001.jpg\"><img loading=\"lazy\" decoding=\"async\" class=\"alignnone size-large wp-image-3864\" src=\"https:\/\/www.flieg.fr\/wordpress\/wp-content\/uploads\/2025\/10\/IMG-20251008-WA0001-1024x473.jpg\" alt=\"\" width=\"625\" height=\"289\" srcset=\"https:\/\/www.flieg.fr\/wordpress\/wp-content\/uploads\/2025\/10\/IMG-20251008-WA0001-1024x473.jpg 1024w, https:\/\/www.flieg.fr\/wordpress\/wp-content\/uploads\/2025\/10\/IMG-20251008-WA0001-300x139.jpg 300w, https:\/\/www.flieg.fr\/wordpress\/wp-content\/uploads\/2025\/10\/IMG-20251008-WA0001-768x355.jpg 768w, https:\/\/www.flieg.fr\/wordpress\/wp-content\/uploads\/2025\/10\/IMG-20251008-WA0001-1536x709.jpg 1536w, https:\/\/www.flieg.fr\/wordpress\/wp-content\/uploads\/2025\/10\/IMG-20251008-WA0001-624x288.jpg 624w, https:\/\/www.flieg.fr\/wordpress\/wp-content\/uploads\/2025\/10\/IMG-20251008-WA0001.jpg 1600w\" sizes=\"auto, (max-width: 625px) 100vw, 625px\" \/><\/a><\/p>\n<p>La brume se l\u00e8ve et une montgolfi\u00e8re s&rsquo;\u00e9l\u00e8ve. La centrale nucl\u00e9aire de Belleville se remarque par son panache.<\/p>\n<p>Aujourd&rsquo;hui l&rsquo;\u00e9tape est facile. Le paysage est ordinaire. Pas de rencontre, pas de troupeaux de vaches, pas de chevaux. Les pr\u00e9s, les prairies et les for\u00eats d\u00e9filent au long des pas.<\/p>\n<p><a href=\"https:\/\/www.flieg.fr\/wordpress\/wp-content\/uploads\/2025\/10\/IMG-20251008-WA00021.jpg\"><img loading=\"lazy\" decoding=\"async\" class=\"alignnone size-large wp-image-3866\" src=\"https:\/\/www.flieg.fr\/wordpress\/wp-content\/uploads\/2025\/10\/IMG-20251008-WA00021-1024x473.jpg\" alt=\"\" width=\"625\" height=\"289\" srcset=\"https:\/\/www.flieg.fr\/wordpress\/wp-content\/uploads\/2025\/10\/IMG-20251008-WA00021-1024x473.jpg 1024w, https:\/\/www.flieg.fr\/wordpress\/wp-content\/uploads\/2025\/10\/IMG-20251008-WA00021-300x139.jpg 300w, https:\/\/www.flieg.fr\/wordpress\/wp-content\/uploads\/2025\/10\/IMG-20251008-WA00021-768x355.jpg 768w, https:\/\/www.flieg.fr\/wordpress\/wp-content\/uploads\/2025\/10\/IMG-20251008-WA00021-1536x709.jpg 1536w, https:\/\/www.flieg.fr\/wordpress\/wp-content\/uploads\/2025\/10\/IMG-20251008-WA00021-624x288.jpg 624w, https:\/\/www.flieg.fr\/wordpress\/wp-content\/uploads\/2025\/10\/IMG-20251008-WA00021.jpg 1600w\" sizes=\"auto, (max-width: 625px) 100vw, 625px\" \/><\/a><\/p>\n<p>Le soleil nous accompagne. Il fait bon bien que nous soyons toujours aux alentours de neuf cents m\u00e8tres d&rsquo;altitude.<\/p>\n<p><a href=\"https:\/\/www.flieg.fr\/wordpress\/wp-content\/uploads\/2025\/10\/IMG-20251008-WA0003.jpg\"><img loading=\"lazy\" decoding=\"async\" class=\"alignnone size-large wp-image-3871\" src=\"https:\/\/www.flieg.fr\/wordpress\/wp-content\/uploads\/2025\/10\/IMG-20251008-WA0003-1024x473.jpg\" alt=\"\" width=\"625\" height=\"289\" srcset=\"https:\/\/www.flieg.fr\/wordpress\/wp-content\/uploads\/2025\/10\/IMG-20251008-WA0003-1024x473.jpg 1024w, https:\/\/www.flieg.fr\/wordpress\/wp-content\/uploads\/2025\/10\/IMG-20251008-WA0003-300x139.jpg 300w, https:\/\/www.flieg.fr\/wordpress\/wp-content\/uploads\/2025\/10\/IMG-20251008-WA0003-768x355.jpg 768w, https:\/\/www.flieg.fr\/wordpress\/wp-content\/uploads\/2025\/10\/IMG-20251008-WA0003-1536x710.jpg 1536w, https:\/\/www.flieg.fr\/wordpress\/wp-content\/uploads\/2025\/10\/IMG-20251008-WA0003-624x288.jpg 624w, https:\/\/www.flieg.fr\/wordpress\/wp-content\/uploads\/2025\/10\/IMG-20251008-WA0003.jpg 2000w\" sizes=\"auto, (max-width: 625px) 100vw, 625px\" \/><\/a><\/p>\n<p>La passerelle sur l&rsquo;Arzon nous permet de remonter vers Chomelix, notre destination.<\/p>\n<p>Le village semble d\u00e9sert, les commerces annonc\u00e9s sont tous ferm\u00e9s. Paradoxalement seule l&rsquo;\u00e9glise est ouverte.<\/p>\n<p><a href=\"https:\/\/www.flieg.fr\/wordpress\/wp-content\/uploads\/2025\/10\/IMG-20251008-WA0006.jpg\"><img loading=\"lazy\" decoding=\"async\" class=\"alignnone size-large wp-image-3872\" src=\"https:\/\/www.flieg.fr\/wordpress\/wp-content\/uploads\/2025\/10\/IMG-20251008-WA0006-688x1024.jpg\" alt=\"\" width=\"625\" height=\"930\" srcset=\"https:\/\/www.flieg.fr\/wordpress\/wp-content\/uploads\/2025\/10\/IMG-20251008-WA0006-688x1024.jpg 688w, https:\/\/www.flieg.fr\/wordpress\/wp-content\/uploads\/2025\/10\/IMG-20251008-WA0006-201x300.jpg 201w, https:\/\/www.flieg.fr\/wordpress\/wp-content\/uploads\/2025\/10\/IMG-20251008-WA0006-768x1144.jpg 768w, https:\/\/www.flieg.fr\/wordpress\/wp-content\/uploads\/2025\/10\/IMG-20251008-WA0006-1031x1536.jpg 1031w, https:\/\/www.flieg.fr\/wordpress\/wp-content\/uploads\/2025\/10\/IMG-20251008-WA0006-624x929.jpg 624w, https:\/\/www.flieg.fr\/wordpress\/wp-content\/uploads\/2025\/10\/IMG-20251008-WA0006.jpg 1375w\" sizes=\"auto, (max-width: 625px) 100vw, 625px\" \/><\/a><\/p>\n<p>A l&rsquo;entr\u00e9e une sculpture de Saint-Jacques en bois et une coquille marqu\u00e9e de la croix de Saint Jacques, comme il est de coutume en Espagne.<\/p>\n<p><a href=\"https:\/\/www.flieg.fr\/wordpress\/wp-content\/uploads\/2025\/10\/IMG-20251008-WA0004.jpg\"><img loading=\"lazy\" decoding=\"async\" class=\"alignnone size-large wp-image-3873\" src=\"https:\/\/www.flieg.fr\/wordpress\/wp-content\/uploads\/2025\/10\/IMG-20251008-WA0004-1024x473.jpg\" alt=\"\" width=\"625\" height=\"289\" srcset=\"https:\/\/www.flieg.fr\/wordpress\/wp-content\/uploads\/2025\/10\/IMG-20251008-WA0004-1024x473.jpg 1024w, https:\/\/www.flieg.fr\/wordpress\/wp-content\/uploads\/2025\/10\/IMG-20251008-WA0004-300x139.jpg 300w, https:\/\/www.flieg.fr\/wordpress\/wp-content\/uploads\/2025\/10\/IMG-20251008-WA0004-768x355.jpg 768w, https:\/\/www.flieg.fr\/wordpress\/wp-content\/uploads\/2025\/10\/IMG-20251008-WA0004-1536x710.jpg 1536w, https:\/\/www.flieg.fr\/wordpress\/wp-content\/uploads\/2025\/10\/IMG-20251008-WA0004-624x288.jpg 624w, https:\/\/www.flieg.fr\/wordpress\/wp-content\/uploads\/2025\/10\/IMG-20251008-WA0004.jpg 2000w\" sizes=\"auto, (max-width: 625px) 100vw, 625px\" \/><\/a><\/p>\n<p>La place de l&rsquo;\u00e9glise aux couleurs automnales.<\/p>\n<p>Nous arrivons \u00e0 notre accueil jacquaire du jour, chez Serge et Martine, tout \u00e9tonn\u00e9s de nous voir d\u00e9j\u00e0 arriver \u00e0 15h. L&rsquo;accueil jacquaire signifie que l&rsquo;h\u00f4te fournit une chambre de sa maison et que tr\u00e8s souvent les sanitaires sont partag\u00e9s. Le repas du soir est pris en commun et le petit d\u00e9jeuner de m\u00eame. En \u00e9change, le syst\u00e8me du donativo consiste \u00e0 donner ce que l&rsquo;on veut ou ce que l&rsquo;on peut.<\/p>\n<p><a href=\"https:\/\/www.flieg.fr\/wordpress\/wp-content\/uploads\/2025\/10\/IMG-20251009-WA0004.jpg\"><img loading=\"lazy\" decoding=\"async\" class=\"alignnone size-large wp-image-3876\" src=\"https:\/\/www.flieg.fr\/wordpress\/wp-content\/uploads\/2025\/10\/IMG-20251009-WA0004-1024x473.jpg\" alt=\"\" width=\"625\" height=\"289\" srcset=\"https:\/\/www.flieg.fr\/wordpress\/wp-content\/uploads\/2025\/10\/IMG-20251009-WA0004-1024x473.jpg 1024w, https:\/\/www.flieg.fr\/wordpress\/wp-content\/uploads\/2025\/10\/IMG-20251009-WA0004-300x139.jpg 300w, https:\/\/www.flieg.fr\/wordpress\/wp-content\/uploads\/2025\/10\/IMG-20251009-WA0004-768x355.jpg 768w, https:\/\/www.flieg.fr\/wordpress\/wp-content\/uploads\/2025\/10\/IMG-20251009-WA0004-1536x709.jpg 1536w, https:\/\/www.flieg.fr\/wordpress\/wp-content\/uploads\/2025\/10\/IMG-20251009-WA0004-624x288.jpg 624w, https:\/\/www.flieg.fr\/wordpress\/wp-content\/uploads\/2025\/10\/IMG-20251009-WA0004.jpg 1600w\" sizes=\"auto, (max-width: 625px) 100vw, 625px\" \/><\/a><\/p>\n<p>C&rsquo;est l&rsquo;ancienne ferme paternelle que Serge a r\u00e9nov\u00e9 avec beaucoup d&rsquo;ing\u00e9niosit\u00e9.<\/p>\n<p>Jeudi, 9 octobre 2025<\/p>\n<p>Etape 18 de Chomelix au Cros<\/p>\n<p>4h06 et 12,73 km soit 3,1 km.<\/p>\n<p>D+ 78m et D- 240m\u0135<\/p>\n<p><a href=\"https:\/\/www.flieg.fr\/wordpress\/wp-content\/uploads\/2025\/10\/IMG-20251009-WA0005.jpg\"><img loading=\"lazy\" decoding=\"async\" class=\"alignnone size-large wp-image-3877\" src=\"https:\/\/www.flieg.fr\/wordpress\/wp-content\/uploads\/2025\/10\/IMG-20251009-WA0005-1024x473.jpg\" alt=\"\" width=\"625\" height=\"289\" srcset=\"https:\/\/www.flieg.fr\/wordpress\/wp-content\/uploads\/2025\/10\/IMG-20251009-WA0005-1024x473.jpg 1024w, https:\/\/www.flieg.fr\/wordpress\/wp-content\/uploads\/2025\/10\/IMG-20251009-WA0005-300x139.jpg 300w, https:\/\/www.flieg.fr\/wordpress\/wp-content\/uploads\/2025\/10\/IMG-20251009-WA0005-768x355.jpg 768w, https:\/\/www.flieg.fr\/wordpress\/wp-content\/uploads\/2025\/10\/IMG-20251009-WA0005-1536x709.jpg 1536w, https:\/\/www.flieg.fr\/wordpress\/wp-content\/uploads\/2025\/10\/IMG-20251009-WA0005-624x288.jpg 624w, https:\/\/www.flieg.fr\/wordpress\/wp-content\/uploads\/2025\/10\/IMG-20251009-WA0005.jpg 1600w\" sizes=\"auto, (max-width: 625px) 100vw, 625px\" \/><\/a><\/p>\n<p>Nous sommes sur le d\u00e9part. Il fait gris aujourd&rsquo;hui, mais la nature va d\u00e9ployer pour nous sa palette de couleur.<\/p>\n<p>On va d&rsquo;abord vous compter fleurette.<\/p>\n<p><a href=\"https:\/\/www.flieg.fr\/wordpress\/wp-content\/uploads\/2025\/10\/IMG-20251009-WA0010.jpg\"><img loading=\"lazy\" decoding=\"async\" class=\"alignnone size-large wp-image-3878\" src=\"https:\/\/www.flieg.fr\/wordpress\/wp-content\/uploads\/2025\/10\/IMG-20251009-WA0010-1024x473.jpg\" alt=\"\" width=\"625\" height=\"289\" srcset=\"https:\/\/www.flieg.fr\/wordpress\/wp-content\/uploads\/2025\/10\/IMG-20251009-WA0010-1024x473.jpg 1024w, https:\/\/www.flieg.fr\/wordpress\/wp-content\/uploads\/2025\/10\/IMG-20251009-WA0010-300x139.jpg 300w, https:\/\/www.flieg.fr\/wordpress\/wp-content\/uploads\/2025\/10\/IMG-20251009-WA0010-768x355.jpg 768w, https:\/\/www.flieg.fr\/wordpress\/wp-content\/uploads\/2025\/10\/IMG-20251009-WA0010-1536x709.jpg 1536w, https:\/\/www.flieg.fr\/wordpress\/wp-content\/uploads\/2025\/10\/IMG-20251009-WA0010-624x288.jpg 624w, https:\/\/www.flieg.fr\/wordpress\/wp-content\/uploads\/2025\/10\/IMG-20251009-WA0010.jpg 1600w\" sizes=\"auto, (max-width: 625px) 100vw, 625px\" \/><\/a><\/p>\n<p>C&rsquo;est mon amie la rose&#8230;<\/p>\n<p><a href=\"https:\/\/www.flieg.fr\/wordpress\/wp-content\/uploads\/2025\/10\/IMG-20251009-WA0001.jpg\"><img loading=\"lazy\" decoding=\"async\" class=\"alignnone size-large wp-image-3879\" src=\"https:\/\/www.flieg.fr\/wordpress\/wp-content\/uploads\/2025\/10\/IMG-20251009-WA0001-1024x473.jpg\" alt=\"\" width=\"625\" height=\"289\" srcset=\"https:\/\/www.flieg.fr\/wordpress\/wp-content\/uploads\/2025\/10\/IMG-20251009-WA0001-1024x473.jpg 1024w, https:\/\/www.flieg.fr\/wordpress\/wp-content\/uploads\/2025\/10\/IMG-20251009-WA0001-300x139.jpg 300w, https:\/\/www.flieg.fr\/wordpress\/wp-content\/uploads\/2025\/10\/IMG-20251009-WA0001-768x355.jpg 768w, https:\/\/www.flieg.fr\/wordpress\/wp-content\/uploads\/2025\/10\/IMG-20251009-WA0001-1536x709.jpg 1536w, https:\/\/www.flieg.fr\/wordpress\/wp-content\/uploads\/2025\/10\/IMG-20251009-WA0001-624x288.jpg 624w, https:\/\/www.flieg.fr\/wordpress\/wp-content\/uploads\/2025\/10\/IMG-20251009-WA0001.jpg 1600w\" sizes=\"auto, (max-width: 625px) 100vw, 625px\" \/><\/a><\/p>\n<p><a href=\"https:\/\/www.flieg.fr\/wordpress\/wp-content\/uploads\/2025\/10\/IMG-20251009-WA0009.jpg\"><img loading=\"lazy\" decoding=\"async\" class=\"alignnone size-large wp-image-3880\" src=\"https:\/\/www.flieg.fr\/wordpress\/wp-content\/uploads\/2025\/10\/IMG-20251009-WA0009-1024x473.jpg\" alt=\"\" width=\"625\" height=\"289\" srcset=\"https:\/\/www.flieg.fr\/wordpress\/wp-content\/uploads\/2025\/10\/IMG-20251009-WA0009-1024x473.jpg 1024w, https:\/\/www.flieg.fr\/wordpress\/wp-content\/uploads\/2025\/10\/IMG-20251009-WA0009-300x139.jpg 300w, https:\/\/www.flieg.fr\/wordpress\/wp-content\/uploads\/2025\/10\/IMG-20251009-WA0009-768x355.jpg 768w, https:\/\/www.flieg.fr\/wordpress\/wp-content\/uploads\/2025\/10\/IMG-20251009-WA0009-1536x709.jpg 1536w, https:\/\/www.flieg.fr\/wordpress\/wp-content\/uploads\/2025\/10\/IMG-20251009-WA0009-624x288.jpg 624w, https:\/\/www.flieg.fr\/wordpress\/wp-content\/uploads\/2025\/10\/IMG-20251009-WA0009.jpg 1600w\" sizes=\"auto, (max-width: 625px) 100vw, 625px\" \/><\/a><\/p>\n<p>&nbsp;<\/p>\n<p><a href=\"https:\/\/www.flieg.fr\/wordpress\/wp-content\/uploads\/2025\/10\/IMG-20251009-WA0006.jpg\"><img loading=\"lazy\" decoding=\"async\" class=\"alignnone size-large wp-image-3881\" src=\"https:\/\/www.flieg.fr\/wordpress\/wp-content\/uploads\/2025\/10\/IMG-20251009-WA0006-473x1024.jpg\" alt=\"\" width=\"473\" height=\"1024\" srcset=\"https:\/\/www.flieg.fr\/wordpress\/wp-content\/uploads\/2025\/10\/IMG-20251009-WA0006-473x1024.jpg 473w, https:\/\/www.flieg.fr\/wordpress\/wp-content\/uploads\/2025\/10\/IMG-20251009-WA0006-139x300.jpg 139w, https:\/\/www.flieg.fr\/wordpress\/wp-content\/uploads\/2025\/10\/IMG-20251009-WA0006-709x1536.jpg 709w, https:\/\/www.flieg.fr\/wordpress\/wp-content\/uploads\/2025\/10\/IMG-20251009-WA0006-624x1351.jpg 624w, https:\/\/www.flieg.fr\/wordpress\/wp-content\/uploads\/2025\/10\/IMG-20251009-WA0006.jpg 739w\" sizes=\"auto, (max-width: 473px) 100vw, 473px\" \/><\/a> <a href=\"https:\/\/www.flieg.fr\/wordpress\/wp-content\/uploads\/2025\/10\/IMG-20251009-WA0008.jpg\"><img loading=\"lazy\" decoding=\"async\" class=\"alignnone size-large wp-image-3883\" src=\"https:\/\/www.flieg.fr\/wordpress\/wp-content\/uploads\/2025\/10\/IMG-20251009-WA0008-1024x473.jpg\" alt=\"\" width=\"625\" height=\"289\" srcset=\"https:\/\/www.flieg.fr\/wordpress\/wp-content\/uploads\/2025\/10\/IMG-20251009-WA0008-1024x473.jpg 1024w, https:\/\/www.flieg.fr\/wordpress\/wp-content\/uploads\/2025\/10\/IMG-20251009-WA0008-300x139.jpg 300w, https:\/\/www.flieg.fr\/wordpress\/wp-content\/uploads\/2025\/10\/IMG-20251009-WA0008-768x355.jpg 768w, https:\/\/www.flieg.fr\/wordpress\/wp-content\/uploads\/2025\/10\/IMG-20251009-WA0008-1536x709.jpg 1536w, https:\/\/www.flieg.fr\/wordpress\/wp-content\/uploads\/2025\/10\/IMG-20251009-WA0008-624x288.jpg 624w, https:\/\/www.flieg.fr\/wordpress\/wp-content\/uploads\/2025\/10\/IMG-20251009-WA0008.jpg 1600w\" sizes=\"auto, (max-width: 625px) 100vw, 625px\" \/><\/a><\/p>\n<p><!--more--><a href=\"https:\/\/www.flieg.fr\/wordpress\/wp-content\/uploads\/2025\/10\/IMG-20251009-WA0013.jpg\"><img loading=\"lazy\" decoding=\"async\" class=\"alignnone size-large wp-image-3885\" src=\"https:\/\/www.flieg.fr\/wordpress\/wp-content\/uploads\/2025\/10\/IMG-20251009-WA0013-1024x473.jpg\" alt=\"\" width=\"625\" height=\"289\" srcset=\"https:\/\/www.flieg.fr\/wordpress\/wp-content\/uploads\/2025\/10\/IMG-20251009-WA0013-1024x473.jpg 1024w, https:\/\/www.flieg.fr\/wordpress\/wp-content\/uploads\/2025\/10\/IMG-20251009-WA0013-300x139.jpg 300w, https:\/\/www.flieg.fr\/wordpress\/wp-content\/uploads\/2025\/10\/IMG-20251009-WA0013-768x355.jpg 768w, https:\/\/www.flieg.fr\/wordpress\/wp-content\/uploads\/2025\/10\/IMG-20251009-WA0013-1536x709.jpg 1536w, https:\/\/www.flieg.fr\/wordpress\/wp-content\/uploads\/2025\/10\/IMG-20251009-WA0013-624x288.jpg 624w, https:\/\/www.flieg.fr\/wordpress\/wp-content\/uploads\/2025\/10\/IMG-20251009-WA0013.jpg 1600w\" sizes=\"auto, (max-width: 625px) 100vw, 625px\" \/><\/a><\/p>\n<p>. Aujourd&rsquo;hui la marche est facile. Il n&rsquo;y a presque pas de d\u00e9nivel\u00e9 et l&rsquo;\u00e9tape est assez courte<\/p>\n<p><a href=\"https:\/\/www.flieg.fr\/wordpress\/wp-content\/uploads\/2025\/10\/IMG-20251009-WA0002.jpg\"><img loading=\"lazy\" decoding=\"async\" class=\"alignnone size-large wp-image-3886\" src=\"https:\/\/www.flieg.fr\/wordpress\/wp-content\/uploads\/2025\/10\/IMG-20251009-WA0002-1024x473.jpg\" alt=\"\" width=\"625\" height=\"289\" srcset=\"https:\/\/www.flieg.fr\/wordpress\/wp-content\/uploads\/2025\/10\/IMG-20251009-WA0002-1024x473.jpg 1024w, https:\/\/www.flieg.fr\/wordpress\/wp-content\/uploads\/2025\/10\/IMG-20251009-WA0002-300x139.jpg 300w, https:\/\/www.flieg.fr\/wordpress\/wp-content\/uploads\/2025\/10\/IMG-20251009-WA0002-768x355.jpg 768w, https:\/\/www.flieg.fr\/wordpress\/wp-content\/uploads\/2025\/10\/IMG-20251009-WA0002-1536x709.jpg 1536w, https:\/\/www.flieg.fr\/wordpress\/wp-content\/uploads\/2025\/10\/IMG-20251009-WA0002-624x288.jpg 624w, https:\/\/www.flieg.fr\/wordpress\/wp-content\/uploads\/2025\/10\/IMG-20251009-WA0002.jpg 1600w\" sizes=\"auto, (max-width: 625px) 100vw, 625px\" \/><\/a><\/p>\n<p>Une petite halte s&rsquo;impose pour v\u00e9rifier si nous sommes sur le bon chemin.<\/p>\n<p><a href=\"https:\/\/www.flieg.fr\/wordpress\/wp-content\/uploads\/2025\/10\/IMG-20251009-WA0007.jpg\"><img loading=\"lazy\" decoding=\"async\" class=\"alignnone size-large wp-image-3882\" src=\"https:\/\/www.flieg.fr\/wordpress\/wp-content\/uploads\/2025\/10\/IMG-20251009-WA0007-1024x473.jpg\" alt=\"\" width=\"625\" height=\"289\" srcset=\"https:\/\/www.flieg.fr\/wordpress\/wp-content\/uploads\/2025\/10\/IMG-20251009-WA0007-1024x473.jpg 1024w, https:\/\/www.flieg.fr\/wordpress\/wp-content\/uploads\/2025\/10\/IMG-20251009-WA0007-300x139.jpg 300w, https:\/\/www.flieg.fr\/wordpress\/wp-content\/uploads\/2025\/10\/IMG-20251009-WA0007-768x355.jpg 768w, https:\/\/www.flieg.fr\/wordpress\/wp-content\/uploads\/2025\/10\/IMG-20251009-WA0007-1536x709.jpg 1536w, https:\/\/www.flieg.fr\/wordpress\/wp-content\/uploads\/2025\/10\/IMG-20251009-WA0007-624x288.jpg 624w, https:\/\/www.flieg.fr\/wordpress\/wp-content\/uploads\/2025\/10\/IMG-20251009-WA0007.jpg 1600w\" sizes=\"auto, (max-width: 625px) 100vw, 625px\" \/><\/a><\/p>\n<p>Nous arrivons \u00e0 la bergerie du Cros. C&rsquo;est l\u00e0 notre \u00e9tape du soir.<\/p>\n<p>Au g\u00eete nous sommes les seuls ce soir. Il y a une chambre individuelle et quelques lits en dortoir \u00e0 l&rsquo;\u00e9tage. Dans la grande salle, nous nous reposons. \u00d1ous faisons notre blog et nous profitons du poste de t\u00e9l\u00e9vision pour suivre en direct la c\u00e9r\u00e9monie de panth\u00e9onisation de Robert Badinter. Quel grand homme !<\/p>\n<p>Aujourd&rsquo;hui nous n&rsquo;avons rencontr\u00e9 personne, pas de possibilit\u00e9 de ravitaillement, pas de banc non plus. Petit repas frugal \u00e0 midi, il nous reste deux barres de c\u00e9r\u00e9ales et deux poires du verger de Serge. Comme tous les soirs nous avons le g\u00eete et le couvert. Ce soir, on nous propose un potage aux pommes de terre et un bon plat de lentilles vertes du Puy avec une saucisse. On avait tellement faim qu&rsquo;on a oubli\u00e9 de faire la photo.<\/p>\n<p><a href=\"https:\/\/www.flieg.fr\/wordpress\/wp-content\/uploads\/2025\/10\/IMG-20251010-WA0006.jpg\"><img loading=\"lazy\" decoding=\"async\" class=\"alignnone size-large wp-image-3904\" src=\"https:\/\/www.flieg.fr\/wordpress\/wp-content\/uploads\/2025\/10\/IMG-20251010-WA0006-1024x473.jpg\" alt=\"\" width=\"625\" height=\"289\" srcset=\"https:\/\/www.flieg.fr\/wordpress\/wp-content\/uploads\/2025\/10\/IMG-20251010-WA0006-1024x473.jpg 1024w, https:\/\/www.flieg.fr\/wordpress\/wp-content\/uploads\/2025\/10\/IMG-20251010-WA0006-300x139.jpg 300w, https:\/\/www.flieg.fr\/wordpress\/wp-content\/uploads\/2025\/10\/IMG-20251010-WA0006-768x355.jpg 768w, https:\/\/www.flieg.fr\/wordpress\/wp-content\/uploads\/2025\/10\/IMG-20251010-WA0006-1536x709.jpg 1536w, https:\/\/www.flieg.fr\/wordpress\/wp-content\/uploads\/2025\/10\/IMG-20251010-WA0006-624x288.jpg 624w, https:\/\/www.flieg.fr\/wordpress\/wp-content\/uploads\/2025\/10\/IMG-20251010-WA0006.jpg 1600w\" sizes=\"auto, (max-width: 625px) 100vw, 625px\" \/><\/a><\/p>\n<p>Le g\u00eete la bergerie du Cros<\/p>\n<p>Vendredi 10 octobre 2025 Etape 19 du Cros \u00e0 Polignac<\/p>\n<p>6h30 et 19,73 km cumul 301,94 km<\/p>\n<p>D+ 262 m et D- 325 m<\/p>\n<p>Un semblant de grasse matin\u00e9e aujourd&rsquo;hui. Petit d\u00e9jeuner \u00e0 huit heures et demie, d\u00e9part neuf heures trente, notre h\u00e9bergement de ce soir n&rsquo;\u00e9tant disponible qu&rsquo;\u00e0 dix-sept heures.<\/p>\n<p><a href=\"https:\/\/www.flieg.fr\/wordpress\/wp-content\/uploads\/2025\/10\/IMG-20251010-WA0003.jpg\"><img loading=\"lazy\" decoding=\"async\" class=\"alignnone size-large wp-image-3891\" src=\"https:\/\/www.flieg.fr\/wordpress\/wp-content\/uploads\/2025\/10\/IMG-20251010-WA0003-1024x473.jpg\" alt=\"\" width=\"625\" height=\"289\" srcset=\"https:\/\/www.flieg.fr\/wordpress\/wp-content\/uploads\/2025\/10\/IMG-20251010-WA0003-1024x473.jpg 1024w, https:\/\/www.flieg.fr\/wordpress\/wp-content\/uploads\/2025\/10\/IMG-20251010-WA0003-300x139.jpg 300w, https:\/\/www.flieg.fr\/wordpress\/wp-content\/uploads\/2025\/10\/IMG-20251010-WA0003-768x355.jpg 768w, https:\/\/www.flieg.fr\/wordpress\/wp-content\/uploads\/2025\/10\/IMG-20251010-WA0003-1536x710.jpg 1536w, https:\/\/www.flieg.fr\/wordpress\/wp-content\/uploads\/2025\/10\/IMG-20251010-WA0003-624x288.jpg 624w, https:\/\/www.flieg.fr\/wordpress\/wp-content\/uploads\/2025\/10\/IMG-20251010-WA0003.jpg 2000w\" sizes=\"auto, (max-width: 625px) 100vw, 625px\" \/><\/a><\/p>\n<p>Comme nous avons du temps nous d\u00e9cidons de faire un petit d\u00e9tour de 2km pour aller voir l&rsquo;\u00e9glise Saint-Geneys pr\u00e8s Saint-Paulien.<\/p>\n<p>&nbsp;<\/p>\n<p>&nbsp;<\/p>\n<p><a href=\"https:\/\/www.flieg.fr\/wordpress\/wp-content\/uploads\/2025\/10\/20251010_155033-scaled.jpg\"><img loading=\"lazy\" decoding=\"async\" class=\"alignnone size-large wp-image-3898\" src=\"https:\/\/www.flieg.fr\/wordpress\/wp-content\/uploads\/2025\/10\/20251010_155033-1024x576.jpg\" alt=\"\" width=\"625\" height=\"352\" srcset=\"https:\/\/www.flieg.fr\/wordpress\/wp-content\/uploads\/2025\/10\/20251010_155033-1024x576.jpg 1024w, https:\/\/www.flieg.fr\/wordpress\/wp-content\/uploads\/2025\/10\/20251010_155033-300x169.jpg 300w, https:\/\/www.flieg.fr\/wordpress\/wp-content\/uploads\/2025\/10\/20251010_155033-768x432.jpg 768w, https:\/\/www.flieg.fr\/wordpress\/wp-content\/uploads\/2025\/10\/20251010_155033-1536x864.jpg 1536w, https:\/\/www.flieg.fr\/wordpress\/wp-content\/uploads\/2025\/10\/20251010_155033-2048x1152.jpg 2048w, https:\/\/www.flieg.fr\/wordpress\/wp-content\/uploads\/2025\/10\/20251010_155033-624x351.jpg 624w\" sizes=\"auto, (max-width: 625px) 100vw, 625px\" \/><\/a><\/p>\n<p>La plupart des habitations sont construites avec des pierres volcaniques avec des effets de couleurs.<\/p>\n<p><a href=\"https:\/\/www.flieg.fr\/wordpress\/wp-content\/uploads\/2025\/10\/IMG-20251010-WA0005.jpg\"><img loading=\"lazy\" decoding=\"async\" class=\"alignnone size-large wp-image-3902\" src=\"https:\/\/www.flieg.fr\/wordpress\/wp-content\/uploads\/2025\/10\/IMG-20251010-WA0005-1024x473.jpg\" alt=\"\" width=\"625\" height=\"289\" srcset=\"https:\/\/www.flieg.fr\/wordpress\/wp-content\/uploads\/2025\/10\/IMG-20251010-WA0005-1024x473.jpg 1024w, https:\/\/www.flieg.fr\/wordpress\/wp-content\/uploads\/2025\/10\/IMG-20251010-WA0005-300x139.jpg 300w, https:\/\/www.flieg.fr\/wordpress\/wp-content\/uploads\/2025\/10\/IMG-20251010-WA0005-768x355.jpg 768w, https:\/\/www.flieg.fr\/wordpress\/wp-content\/uploads\/2025\/10\/IMG-20251010-WA0005-1536x710.jpg 1536w, https:\/\/www.flieg.fr\/wordpress\/wp-content\/uploads\/2025\/10\/IMG-20251010-WA0005-624x288.jpg 624w, https:\/\/www.flieg.fr\/wordpress\/wp-content\/uploads\/2025\/10\/IMG-20251010-WA0005.jpg 2000w\" sizes=\"auto, (max-width: 625px) 100vw, 625px\" \/><\/a><\/p>\n<p>A l&rsquo;\u00e9glise Saint-Georges de Saint-Paulien, il y a deux personnes qui font le m\u00e9nage. Nous demandons si nous pouvons faire tamponner nos cr\u00e9anciales. Bingo. Un joli tampon vient compl\u00e9ter notre collection.<\/p>\n<p><a href=\"https:\/\/www.flieg.fr\/wordpress\/wp-content\/uploads\/2025\/10\/IMG-20251010-WA0002.jpg\"><img loading=\"lazy\" decoding=\"async\" class=\"alignnone size-large wp-image-3892\" src=\"https:\/\/www.flieg.fr\/wordpress\/wp-content\/uploads\/2025\/10\/IMG-20251010-WA0002-1024x473.jpg\" alt=\"\" width=\"625\" height=\"289\" srcset=\"https:\/\/www.flieg.fr\/wordpress\/wp-content\/uploads\/2025\/10\/IMG-20251010-WA0002-1024x473.jpg 1024w, https:\/\/www.flieg.fr\/wordpress\/wp-content\/uploads\/2025\/10\/IMG-20251010-WA0002-300x139.jpg 300w, https:\/\/www.flieg.fr\/wordpress\/wp-content\/uploads\/2025\/10\/IMG-20251010-WA0002-768x355.jpg 768w, https:\/\/www.flieg.fr\/wordpress\/wp-content\/uploads\/2025\/10\/IMG-20251010-WA0002-1536x710.jpg 1536w, https:\/\/www.flieg.fr\/wordpress\/wp-content\/uploads\/2025\/10\/IMG-20251010-WA0002-624x288.jpg 624w, https:\/\/www.flieg.fr\/wordpress\/wp-content\/uploads\/2025\/10\/IMG-20251010-WA0002.jpg 2000w\" sizes=\"auto, (max-width: 625px) 100vw, 625px\" \/><\/a><\/p>\n<p>De jolies couleurs \u00e7a et l\u00e0<\/p>\n<p><a href=\"https:\/\/www.flieg.fr\/wordpress\/wp-content\/uploads\/2025\/10\/IMG-20251010-WA0001.jpg\"><img loading=\"lazy\" decoding=\"async\" class=\"alignnone size-large wp-image-3893\" src=\"https:\/\/www.flieg.fr\/wordpress\/wp-content\/uploads\/2025\/10\/IMG-20251010-WA0001-1024x473.jpg\" alt=\"\" width=\"625\" height=\"289\" srcset=\"https:\/\/www.flieg.fr\/wordpress\/wp-content\/uploads\/2025\/10\/IMG-20251010-WA0001-1024x473.jpg 1024w, https:\/\/www.flieg.fr\/wordpress\/wp-content\/uploads\/2025\/10\/IMG-20251010-WA0001-300x139.jpg 300w, https:\/\/www.flieg.fr\/wordpress\/wp-content\/uploads\/2025\/10\/IMG-20251010-WA0001-768x355.jpg 768w, https:\/\/www.flieg.fr\/wordpress\/wp-content\/uploads\/2025\/10\/IMG-20251010-WA0001-1536x710.jpg 1536w, https:\/\/www.flieg.fr\/wordpress\/wp-content\/uploads\/2025\/10\/IMG-20251010-WA0001-624x288.jpg 624w, https:\/\/www.flieg.fr\/wordpress\/wp-content\/uploads\/2025\/10\/IMG-20251010-WA0001.jpg 2000w\" sizes=\"auto, (max-width: 625px) 100vw, 625px\" \/><\/a><\/p>\n<p>Champs de tournesols, un peu pass\u00e9s mais toujours aussi color\u00e9s de jaune.<\/p>\n<p><a href=\"https:\/\/www.flieg.fr\/wordpress\/wp-content\/uploads\/2025\/10\/20251010_162842-1-scaled.jpg\"><img loading=\"lazy\" decoding=\"async\" class=\"alignnone size-large wp-image-3905\" src=\"https:\/\/www.flieg.fr\/wordpress\/wp-content\/uploads\/2025\/10\/20251010_162842-1-1024x576.jpg\" alt=\"\" width=\"625\" height=\"352\" srcset=\"https:\/\/www.flieg.fr\/wordpress\/wp-content\/uploads\/2025\/10\/20251010_162842-1-1024x576.jpg 1024w, https:\/\/www.flieg.fr\/wordpress\/wp-content\/uploads\/2025\/10\/20251010_162842-1-300x169.jpg 300w, https:\/\/www.flieg.fr\/wordpress\/wp-content\/uploads\/2025\/10\/20251010_162842-1-768x432.jpg 768w, https:\/\/www.flieg.fr\/wordpress\/wp-content\/uploads\/2025\/10\/20251010_162842-1-1536x864.jpg 1536w, https:\/\/www.flieg.fr\/wordpress\/wp-content\/uploads\/2025\/10\/20251010_162842-1-2048x1152.jpg 2048w, https:\/\/www.flieg.fr\/wordpress\/wp-content\/uploads\/2025\/10\/20251010_162842-1-624x351.jpg 624w\" sizes=\"auto, (max-width: 625px) 100vw, 625px\" \/><\/a><\/p>\n<p>Le ch\u00e2teau de Polignac se dresse devant nous et nous comprenons qu&rsquo;il va falloir escalader cette forteresse haut-perch\u00e9e en jetant nos derni\u00e8res forces dans la bataille.<\/p>\n<p><a href=\"https:\/\/www.flieg.fr\/wordpress\/wp-content\/uploads\/2025\/10\/IMG-20251010-WA0007.jpg\"><img loading=\"lazy\" decoding=\"async\" class=\"alignnone size-large wp-image-3907\" src=\"https:\/\/www.flieg.fr\/wordpress\/wp-content\/uploads\/2025\/10\/IMG-20251010-WA0007-473x1024.jpg\" alt=\"\" width=\"473\" height=\"1024\" srcset=\"https:\/\/www.flieg.fr\/wordpress\/wp-content\/uploads\/2025\/10\/IMG-20251010-WA0007-473x1024.jpg 473w, https:\/\/www.flieg.fr\/wordpress\/wp-content\/uploads\/2025\/10\/IMG-20251010-WA0007-139x300.jpg 139w, https:\/\/www.flieg.fr\/wordpress\/wp-content\/uploads\/2025\/10\/IMG-20251010-WA0007-709x1536.jpg 709w, https:\/\/www.flieg.fr\/wordpress\/wp-content\/uploads\/2025\/10\/IMG-20251010-WA0007-624x1351.jpg 624w, https:\/\/www.flieg.fr\/wordpress\/wp-content\/uploads\/2025\/10\/IMG-20251010-WA0007.jpg 739w\" sizes=\"auto, (max-width: 473px) 100vw, 473px\" \/><\/a><\/p>\n<p>A la d\u00e9couverte de l&rsquo;\u00e9glise de Polignac<\/p>\n<p style=\"padding-left: 80px;\"><a href=\"https:\/\/www.flieg.fr\/wordpress\/wp-content\/uploads\/2025\/10\/IMG-20251010-WA0000-1.jpg\"><img loading=\"lazy\" decoding=\"async\" class=\"alignnone size-large wp-image-3908\" src=\"https:\/\/www.flieg.fr\/wordpress\/wp-content\/uploads\/2025\/10\/IMG-20251010-WA0000-1-1024x473.jpg\" alt=\"\" width=\"625\" height=\"289\" srcset=\"https:\/\/www.flieg.fr\/wordpress\/wp-content\/uploads\/2025\/10\/IMG-20251010-WA0000-1-1024x473.jpg 1024w, https:\/\/www.flieg.fr\/wordpress\/wp-content\/uploads\/2025\/10\/IMG-20251010-WA0000-1-300x139.jpg 300w, https:\/\/www.flieg.fr\/wordpress\/wp-content\/uploads\/2025\/10\/IMG-20251010-WA0000-1-768x355.jpg 768w, https:\/\/www.flieg.fr\/wordpress\/wp-content\/uploads\/2025\/10\/IMG-20251010-WA0000-1-1536x710.jpg 1536w, https:\/\/www.flieg.fr\/wordpress\/wp-content\/uploads\/2025\/10\/IMG-20251010-WA0000-1-624x288.jpg 624w, https:\/\/www.flieg.fr\/wordpress\/wp-content\/uploads\/2025\/10\/IMG-20251010-WA0000-1.jpg 2000w\" sizes=\"auto, (max-width: 625px) 100vw, 625px\" \/><\/a><\/p>\n<p>La place centrale de Polignac, ville touristique avec un restaurant sur 2 ferm\u00e9s, son chocolatier ferm\u00e9, sa boulangerie patisserie ferm\u00e9e, son \u00e9picerie disparue&#8230;on a vraiment du mal \u00e0 se ravitailler. Dans les villages, \u00e0 50 km \u00e0 la ronde il n&rsquo;y a plus rien. Un vrai d\u00e9sert.<\/p>\n<p><a href=\"https:\/\/www.flieg.fr\/wordpress\/wp-content\/uploads\/2025\/10\/IMG-20251011-WA0000.jpg\"><img loading=\"lazy\" decoding=\"async\" class=\"alignnone size-large wp-image-3910\" src=\"https:\/\/www.flieg.fr\/wordpress\/wp-content\/uploads\/2025\/10\/IMG-20251011-WA0000-1024x473.jpg\" alt=\"\" width=\"625\" height=\"289\" srcset=\"https:\/\/www.flieg.fr\/wordpress\/wp-content\/uploads\/2025\/10\/IMG-20251011-WA0000-1024x473.jpg 1024w, https:\/\/www.flieg.fr\/wordpress\/wp-content\/uploads\/2025\/10\/IMG-20251011-WA0000-300x139.jpg 300w, https:\/\/www.flieg.fr\/wordpress\/wp-content\/uploads\/2025\/10\/IMG-20251011-WA0000-768x355.jpg 768w, https:\/\/www.flieg.fr\/wordpress\/wp-content\/uploads\/2025\/10\/IMG-20251011-WA0000-1536x709.jpg 1536w, https:\/\/www.flieg.fr\/wordpress\/wp-content\/uploads\/2025\/10\/IMG-20251011-WA0000-624x288.jpg 624w, https:\/\/www.flieg.fr\/wordpress\/wp-content\/uploads\/2025\/10\/IMG-20251011-WA0000.jpg 1600w\" sizes=\"auto, (max-width: 625px) 100vw, 625px\" \/><\/a><\/p>\n<p>Notre chambre s&rsquo;appelle la Gourmantine. Elle se trouve juste sous la forteresse.<\/p>\n<p><a href=\"https:\/\/www.flieg.fr\/wordpress\/wp-content\/uploads\/2025\/10\/IMG-20251011-WA0001.jpg\"><img loading=\"lazy\" decoding=\"async\" class=\"alignnone size-large wp-image-3911\" src=\"https:\/\/www.flieg.fr\/wordpress\/wp-content\/uploads\/2025\/10\/IMG-20251011-WA0001-1024x473.jpg\" alt=\"\" width=\"625\" height=\"289\" srcset=\"https:\/\/www.flieg.fr\/wordpress\/wp-content\/uploads\/2025\/10\/IMG-20251011-WA0001-1024x473.jpg 1024w, https:\/\/www.flieg.fr\/wordpress\/wp-content\/uploads\/2025\/10\/IMG-20251011-WA0001-300x139.jpg 300w, https:\/\/www.flieg.fr\/wordpress\/wp-content\/uploads\/2025\/10\/IMG-20251011-WA0001-768x355.jpg 768w, https:\/\/www.flieg.fr\/wordpress\/wp-content\/uploads\/2025\/10\/IMG-20251011-WA0001-1536x709.jpg 1536w, https:\/\/www.flieg.fr\/wordpress\/wp-content\/uploads\/2025\/10\/IMG-20251011-WA0001-624x288.jpg 624w, https:\/\/www.flieg.fr\/wordpress\/wp-content\/uploads\/2025\/10\/IMG-20251011-WA0001.jpg 1600w\" sizes=\"auto, (max-width: 625px) 100vw, 625px\" \/><\/a><\/p>\n<p>Etal\u00e9s sur le lit. Tout le contenu de nos sacs \u00e0 dos en pochettes de rangement.<\/p>\n<p>Ce soir, nous mangeons au seul restaurant encore ouvert. Nous sommes les seuls clients en salle&#8230;<\/p>\n<p>Samedi 11 octobre 2025<\/p>\n<p>Etape 20 de Polignac au Puy en Velay.<\/p>\n<p>4h24 et 8,94 km cumul 310,87 km<\/p>\n<p>D+ 229 m et D- 380 m<\/p>\n<p>Dernier jour de marche. Nous partons sous un ciel gris alors que la m\u00e9t\u00e9o annon\u00e7ait grand beau temps.<\/p>\n<p><a href=\"https:\/\/www.flieg.fr\/wordpress\/wp-content\/uploads\/2025\/10\/IMG-20251011-WA0008.jpg\"><img loading=\"lazy\" decoding=\"async\" class=\"alignnone size-large wp-image-3913\" src=\"https:\/\/www.flieg.fr\/wordpress\/wp-content\/uploads\/2025\/10\/IMG-20251011-WA0008-1024x473.jpg\" alt=\"\" width=\"625\" height=\"289\" srcset=\"https:\/\/www.flieg.fr\/wordpress\/wp-content\/uploads\/2025\/10\/IMG-20251011-WA0008-1024x473.jpg 1024w, https:\/\/www.flieg.fr\/wordpress\/wp-content\/uploads\/2025\/10\/IMG-20251011-WA0008-300x139.jpg 300w, https:\/\/www.flieg.fr\/wordpress\/wp-content\/uploads\/2025\/10\/IMG-20251011-WA0008-768x355.jpg 768w, https:\/\/www.flieg.fr\/wordpress\/wp-content\/uploads\/2025\/10\/IMG-20251011-WA0008-1536x709.jpg 1536w, https:\/\/www.flieg.fr\/wordpress\/wp-content\/uploads\/2025\/10\/IMG-20251011-WA0008-624x288.jpg 624w, https:\/\/www.flieg.fr\/wordpress\/wp-content\/uploads\/2025\/10\/IMG-20251011-WA0008.jpg 1600w\" sizes=\"auto, (max-width: 625px) 100vw, 625px\" \/><\/a><\/p>\n<p>Le crat\u00e8re de l&rsquo;ancien volcan de Cheyrac (2,2 millions d&rsquo;ann\u00e9es).<\/p>\n<p><a href=\"https:\/\/www.flieg.fr\/wordpress\/wp-content\/uploads\/2025\/10\/IMG-20251011-WA0004.jpg\"><img loading=\"lazy\" decoding=\"async\" class=\"alignnone size-large wp-image-3914\" src=\"https:\/\/www.flieg.fr\/wordpress\/wp-content\/uploads\/2025\/10\/IMG-20251011-WA0004-1024x473.jpg\" alt=\"\" width=\"625\" height=\"289\" srcset=\"https:\/\/www.flieg.fr\/wordpress\/wp-content\/uploads\/2025\/10\/IMG-20251011-WA0004-1024x473.jpg 1024w, https:\/\/www.flieg.fr\/wordpress\/wp-content\/uploads\/2025\/10\/IMG-20251011-WA0004-300x139.jpg 300w, https:\/\/www.flieg.fr\/wordpress\/wp-content\/uploads\/2025\/10\/IMG-20251011-WA0004-768x355.jpg 768w, https:\/\/www.flieg.fr\/wordpress\/wp-content\/uploads\/2025\/10\/IMG-20251011-WA0004-1536x709.jpg 1536w, https:\/\/www.flieg.fr\/wordpress\/wp-content\/uploads\/2025\/10\/IMG-20251011-WA0004-624x288.jpg 624w, https:\/\/www.flieg.fr\/wordpress\/wp-content\/uploads\/2025\/10\/IMG-20251011-WA0004.jpg 1600w\" sizes=\"auto, (max-width: 625px) 100vw, 625px\" \/><\/a><\/p>\n<p>Perspective du rocher de Notre Dame, du mont Aiguilhe avec la chapelle Saint-Michel et au loin la cth\u00e9drale du Puy.<\/p>\n<p style=\"padding-left: 40px;\"><a href=\"https:\/\/www.flieg.fr\/wordpress\/wp-content\/uploads\/2025\/10\/IMG-20251011-WA00161.jpg\"><img loading=\"lazy\" decoding=\"async\" class=\"alignnone size-large wp-image-3916\" src=\"https:\/\/www.flieg.fr\/wordpress\/wp-content\/uploads\/2025\/10\/IMG-20251011-WA00161-1024x473.jpg\" alt=\"\" width=\"625\" height=\"289\" srcset=\"https:\/\/www.flieg.fr\/wordpress\/wp-content\/uploads\/2025\/10\/IMG-20251011-WA00161-1024x473.jpg 1024w, https:\/\/www.flieg.fr\/wordpress\/wp-content\/uploads\/2025\/10\/IMG-20251011-WA00161-300x139.jpg 300w, https:\/\/www.flieg.fr\/wordpress\/wp-content\/uploads\/2025\/10\/IMG-20251011-WA00161-768x355.jpg 768w, https:\/\/www.flieg.fr\/wordpress\/wp-content\/uploads\/2025\/10\/IMG-20251011-WA00161-1536x709.jpg 1536w, https:\/\/www.flieg.fr\/wordpress\/wp-content\/uploads\/2025\/10\/IMG-20251011-WA00161-624x288.jpg 624w, https:\/\/www.flieg.fr\/wordpress\/wp-content\/uploads\/2025\/10\/IMG-20251011-WA00161.jpg 1600w\" sizes=\"auto, (max-width: 625px) 100vw, 625px\" \/><\/a><\/p>\n<p>Nous voil\u00e0 au pied du mont Aiguilhe. Il va falloir monter les 300 marches qui conduisent au sommet.<\/p>\n<p><a href=\"https:\/\/www.flieg.fr\/wordpress\/wp-content\/uploads\/2025\/10\/IMG-20251011-WA0015.jpg\"><img loading=\"lazy\" decoding=\"async\" class=\"alignnone size-large wp-image-3917\" src=\"https:\/\/www.flieg.fr\/wordpress\/wp-content\/uploads\/2025\/10\/IMG-20251011-WA0015-473x1024.jpg\" alt=\"\" width=\"473\" height=\"1024\" srcset=\"https:\/\/www.flieg.fr\/wordpress\/wp-content\/uploads\/2025\/10\/IMG-20251011-WA0015-473x1024.jpg 473w, https:\/\/www.flieg.fr\/wordpress\/wp-content\/uploads\/2025\/10\/IMG-20251011-WA0015-139x300.jpg 139w, https:\/\/www.flieg.fr\/wordpress\/wp-content\/uploads\/2025\/10\/IMG-20251011-WA0015-709x1536.jpg 709w, https:\/\/www.flieg.fr\/wordpress\/wp-content\/uploads\/2025\/10\/IMG-20251011-WA0015-624x1351.jpg 624w, https:\/\/www.flieg.fr\/wordpress\/wp-content\/uploads\/2025\/10\/IMG-20251011-WA0015.jpg 739w\" sizes=\"auto, (max-width: 473px) 100vw, 473px\" \/><\/a><\/p>\n<p>de plus les marches sont ir\u00e9guli\u00e8res.<\/p>\n<p><a href=\"https:\/\/www.flieg.fr\/wordpress\/wp-content\/uploads\/2025\/10\/IMG-20251011-WA0013.jpg\"><img loading=\"lazy\" decoding=\"async\" class=\"alignnone size-large wp-image-3918\" src=\"https:\/\/www.flieg.fr\/wordpress\/wp-content\/uploads\/2025\/10\/IMG-20251011-WA0013-1024x473.jpg\" alt=\"\" width=\"625\" height=\"289\" srcset=\"https:\/\/www.flieg.fr\/wordpress\/wp-content\/uploads\/2025\/10\/IMG-20251011-WA0013-1024x473.jpg 1024w, https:\/\/www.flieg.fr\/wordpress\/wp-content\/uploads\/2025\/10\/IMG-20251011-WA0013-300x139.jpg 300w, https:\/\/www.flieg.fr\/wordpress\/wp-content\/uploads\/2025\/10\/IMG-20251011-WA0013-768x355.jpg 768w, https:\/\/www.flieg.fr\/wordpress\/wp-content\/uploads\/2025\/10\/IMG-20251011-WA0013-1536x709.jpg 1536w, https:\/\/www.flieg.fr\/wordpress\/wp-content\/uploads\/2025\/10\/IMG-20251011-WA0013-624x288.jpg 624w, https:\/\/www.flieg.fr\/wordpress\/wp-content\/uploads\/2025\/10\/IMG-20251011-WA0013.jpg 1600w\" sizes=\"auto, (max-width: 625px) 100vw, 625px\" \/><\/a><\/p>\n<p>arriv\u00e9s \u00e0 la chapelle Saint-Michel<\/p>\n<div style=\"width: 625px;\" class=\"wp-video\"><video class=\"wp-video-shortcode\" id=\"video-3491-4\" width=\"625\" height=\"352\" preload=\"metadata\" controls=\"controls\"><source type=\"video\/mp4\" src=\"https:\/\/www.flieg.fr\/wordpress\/wp-content\/uploads\/2025\/10\/VID-20251011-WA00071.mp4?_=4\" \/><a href=\"https:\/\/www.flieg.fr\/wordpress\/wp-content\/uploads\/2025\/10\/VID-20251011-WA00071.mp4\">https:\/\/www.flieg.fr\/wordpress\/wp-content\/uploads\/2025\/10\/VID-20251011-WA00071.mp4<\/a><\/video><\/div>\n<p>Nous avons ainsi men\u00e9 \u00e0 bien notre projet initi\u00e9 en 2012. Nous aurons foul\u00e9 le Chemin de Wissembourg \u00e0 Saint-Jacques-de-Compostelle sur environ 2500 km en 130 jours.<\/p>\n<p><a href=\"https:\/\/www.flieg.fr\/wordpress\/wp-content\/uploads\/2025\/10\/IMG-20251011-WA0010.jpg\"><img loading=\"lazy\" decoding=\"async\" class=\"alignnone size-large wp-image-3922\" src=\"https:\/\/www.flieg.fr\/wordpress\/wp-content\/uploads\/2025\/10\/IMG-20251011-WA0010-473x1024.jpg\" alt=\"\" width=\"473\" height=\"1024\" srcset=\"https:\/\/www.flieg.fr\/wordpress\/wp-content\/uploads\/2025\/10\/IMG-20251011-WA0010-473x1024.jpg 473w, https:\/\/www.flieg.fr\/wordpress\/wp-content\/uploads\/2025\/10\/IMG-20251011-WA0010-139x300.jpg 139w, https:\/\/www.flieg.fr\/wordpress\/wp-content\/uploads\/2025\/10\/IMG-20251011-WA0010-709x1536.jpg 709w, https:\/\/www.flieg.fr\/wordpress\/wp-content\/uploads\/2025\/10\/IMG-20251011-WA0010-624x1351.jpg 624w, https:\/\/www.flieg.fr\/wordpress\/wp-content\/uploads\/2025\/10\/IMG-20251011-WA0010.jpg 739w\" sizes=\"auto, (max-width: 473px) 100vw, 473px\" \/><\/a><\/p>\n<p>La cath\u00e9drale est d\u00e9dicac\u00e9e \u00e0 Notre Dame de l&rsquo;Annonciation.<\/p>\n<p><a href=\"https:\/\/www.flieg.fr\/wordpress\/wp-content\/uploads\/2025\/10\/IMG-20251011-WA0012.jpg\"><img loading=\"lazy\" decoding=\"async\" class=\"alignnone size-large wp-image-3923\" src=\"https:\/\/www.flieg.fr\/wordpress\/wp-content\/uploads\/2025\/10\/IMG-20251011-WA0012-1024x473.jpg\" alt=\"\" width=\"625\" height=\"289\" srcset=\"https:\/\/www.flieg.fr\/wordpress\/wp-content\/uploads\/2025\/10\/IMG-20251011-WA0012-1024x473.jpg 1024w, https:\/\/www.flieg.fr\/wordpress\/wp-content\/uploads\/2025\/10\/IMG-20251011-WA0012-300x139.jpg 300w, https:\/\/www.flieg.fr\/wordpress\/wp-content\/uploads\/2025\/10\/IMG-20251011-WA0012-768x355.jpg 768w, https:\/\/www.flieg.fr\/wordpress\/wp-content\/uploads\/2025\/10\/IMG-20251011-WA0012-1536x709.jpg 1536w, https:\/\/www.flieg.fr\/wordpress\/wp-content\/uploads\/2025\/10\/IMG-20251011-WA0012-624x288.jpg 624w, https:\/\/www.flieg.fr\/wordpress\/wp-content\/uploads\/2025\/10\/IMG-20251011-WA0012.jpg 1600w\" sizes=\"auto, (max-width: 625px) 100vw, 625px\" \/><\/a><\/p>\n<p>La Vierge noire du Puy<\/p>\n<p><a href=\"https:\/\/www.flieg.fr\/wordpress\/wp-content\/uploads\/2025\/10\/IMG-20251011-WA0005.jpg\"><img loading=\"lazy\" decoding=\"async\" class=\"alignnone size-large wp-image-3924\" src=\"https:\/\/www.flieg.fr\/wordpress\/wp-content\/uploads\/2025\/10\/IMG-20251011-WA0005-1024x473.jpg\" alt=\"\" width=\"625\" height=\"289\" srcset=\"https:\/\/www.flieg.fr\/wordpress\/wp-content\/uploads\/2025\/10\/IMG-20251011-WA0005-1024x473.jpg 1024w, https:\/\/www.flieg.fr\/wordpress\/wp-content\/uploads\/2025\/10\/IMG-20251011-WA0005-300x139.jpg 300w, https:\/\/www.flieg.fr\/wordpress\/wp-content\/uploads\/2025\/10\/IMG-20251011-WA0005-768x355.jpg 768w, https:\/\/www.flieg.fr\/wordpress\/wp-content\/uploads\/2025\/10\/IMG-20251011-WA0005-1536x709.jpg 1536w, https:\/\/www.flieg.fr\/wordpress\/wp-content\/uploads\/2025\/10\/IMG-20251011-WA0005-624x288.jpg 624w, https:\/\/www.flieg.fr\/wordpress\/wp-content\/uploads\/2025\/10\/IMG-20251011-WA0005.jpg 1600w\" sizes=\"auto, (max-width: 625px) 100vw, 625px\" \/><\/a><\/p>\n<p>Ambiance<\/p>\n<p style=\"padding-left: 40px;\"><a href=\"https:\/\/www.flieg.fr\/wordpress\/wp-content\/uploads\/2025\/10\/IMG-20251011-WA00171.jpg\"><img loading=\"lazy\" decoding=\"async\" class=\"alignnone size-large wp-image-3925\" src=\"https:\/\/www.flieg.fr\/wordpress\/wp-content\/uploads\/2025\/10\/IMG-20251011-WA00171-1024x473.jpg\" alt=\"\" width=\"625\" height=\"289\" srcset=\"https:\/\/www.flieg.fr\/wordpress\/wp-content\/uploads\/2025\/10\/IMG-20251011-WA00171-1024x473.jpg 1024w, https:\/\/www.flieg.fr\/wordpress\/wp-content\/uploads\/2025\/10\/IMG-20251011-WA00171-300x139.jpg 300w, https:\/\/www.flieg.fr\/wordpress\/wp-content\/uploads\/2025\/10\/IMG-20251011-WA00171-768x355.jpg 768w, https:\/\/www.flieg.fr\/wordpress\/wp-content\/uploads\/2025\/10\/IMG-20251011-WA00171-1536x709.jpg 1536w, https:\/\/www.flieg.fr\/wordpress\/wp-content\/uploads\/2025\/10\/IMG-20251011-WA00171-624x288.jpg 624w, https:\/\/www.flieg.fr\/wordpress\/wp-content\/uploads\/2025\/10\/IMG-20251011-WA00171.jpg 1600w\" sizes=\"auto, (max-width: 625px) 100vw, 625px\" \/><\/a><\/p>\n<p>Devant Saint-Jacques comme il y a 13 ans.<\/p>\n<p><a href=\"https:\/\/www.flieg.fr\/wordpress\/wp-content\/uploads\/2025\/10\/20251011_122005-scaled.jpg\"><img loading=\"lazy\" decoding=\"async\" class=\"alignnone size-large wp-image-3926\" src=\"https:\/\/www.flieg.fr\/wordpress\/wp-content\/uploads\/2025\/10\/20251011_122005-1024x576.jpg\" alt=\"\" width=\"625\" height=\"352\" srcset=\"https:\/\/www.flieg.fr\/wordpress\/wp-content\/uploads\/2025\/10\/20251011_122005-1024x576.jpg 1024w, https:\/\/www.flieg.fr\/wordpress\/wp-content\/uploads\/2025\/10\/20251011_122005-300x169.jpg 300w, https:\/\/www.flieg.fr\/wordpress\/wp-content\/uploads\/2025\/10\/20251011_122005-768x432.jpg 768w, https:\/\/www.flieg.fr\/wordpress\/wp-content\/uploads\/2025\/10\/20251011_122005-1536x864.jpg 1536w, https:\/\/www.flieg.fr\/wordpress\/wp-content\/uploads\/2025\/10\/20251011_122005-2048x1152.jpg 2048w, https:\/\/www.flieg.fr\/wordpress\/wp-content\/uploads\/2025\/10\/20251011_122005-624x351.jpg 624w\" sizes=\"auto, (max-width: 625px) 100vw, 625px\" \/><\/a><\/p>\n<p><a href=\"https:\/\/www.flieg.fr\/wordpress\/wp-content\/uploads\/2025\/10\/IMG-20251011-WA0019.jpg\"><img loading=\"lazy\" decoding=\"async\" class=\"alignnone size-large wp-image-3927\" src=\"https:\/\/www.flieg.fr\/wordpress\/wp-content\/uploads\/2025\/10\/IMG-20251011-WA0019-473x1024.jpg\" alt=\"\" width=\"473\" height=\"1024\" srcset=\"https:\/\/www.flieg.fr\/wordpress\/wp-content\/uploads\/2025\/10\/IMG-20251011-WA0019-473x1024.jpg 473w, https:\/\/www.flieg.fr\/wordpress\/wp-content\/uploads\/2025\/10\/IMG-20251011-WA0019-139x300.jpg 139w, https:\/\/www.flieg.fr\/wordpress\/wp-content\/uploads\/2025\/10\/IMG-20251011-WA0019-709x1536.jpg 709w, https:\/\/www.flieg.fr\/wordpress\/wp-content\/uploads\/2025\/10\/IMG-20251011-WA0019-624x1351.jpg 624w, https:\/\/www.flieg.fr\/wordpress\/wp-content\/uploads\/2025\/10\/IMG-20251011-WA0019.jpg 739w\" sizes=\"auto, (max-width: 473px) 100vw, 473px\" \/><\/a><\/p>\n<p>Porte du d\u00e9part des p\u00e8lerins.<\/p>\n<p><a href=\"https:\/\/www.flieg.fr\/wordpress\/wp-content\/uploads\/2025\/10\/IMG-20251011-WA0009.jpg\"><img loading=\"lazy\" decoding=\"async\" class=\"alignnone size-large wp-image-3928\" src=\"https:\/\/www.flieg.fr\/wordpress\/wp-content\/uploads\/2025\/10\/IMG-20251011-WA0009-473x1024.jpg\" alt=\"\" width=\"473\" height=\"1024\" srcset=\"https:\/\/www.flieg.fr\/wordpress\/wp-content\/uploads\/2025\/10\/IMG-20251011-WA0009-473x1024.jpg 473w, https:\/\/www.flieg.fr\/wordpress\/wp-content\/uploads\/2025\/10\/IMG-20251011-WA0009-139x300.jpg 139w, https:\/\/www.flieg.fr\/wordpress\/wp-content\/uploads\/2025\/10\/IMG-20251011-WA0009-709x1536.jpg 709w, https:\/\/www.flieg.fr\/wordpress\/wp-content\/uploads\/2025\/10\/IMG-20251011-WA0009-624x1351.jpg 624w, https:\/\/www.flieg.fr\/wordpress\/wp-content\/uploads\/2025\/10\/IMG-20251011-WA0009.jpg 739w\" sizes=\"auto, (max-width: 473px) 100vw, 473px\" \/><\/a><\/p>\n<p>Le soleil est revenu.<\/p>\n<p><a href=\"https:\/\/www.flieg.fr\/wordpress\/wp-content\/uploads\/2025\/10\/IMG-20251011-WA0002.jpg\"><img loading=\"lazy\" decoding=\"async\" class=\"alignnone size-large wp-image-3929\" src=\"https:\/\/www.flieg.fr\/wordpress\/wp-content\/uploads\/2025\/10\/IMG-20251011-WA0002-1024x473.jpg\" alt=\"\" width=\"625\" height=\"289\" srcset=\"https:\/\/www.flieg.fr\/wordpress\/wp-content\/uploads\/2025\/10\/IMG-20251011-WA0002-1024x473.jpg 1024w, https:\/\/www.flieg.fr\/wordpress\/wp-content\/uploads\/2025\/10\/IMG-20251011-WA0002-300x139.jpg 300w, https:\/\/www.flieg.fr\/wordpress\/wp-content\/uploads\/2025\/10\/IMG-20251011-WA0002-768x355.jpg 768w, https:\/\/www.flieg.fr\/wordpress\/wp-content\/uploads\/2025\/10\/IMG-20251011-WA0002-1536x709.jpg 1536w, https:\/\/www.flieg.fr\/wordpress\/wp-content\/uploads\/2025\/10\/IMG-20251011-WA0002-624x288.jpg 624w, https:\/\/www.flieg.fr\/wordpress\/wp-content\/uploads\/2025\/10\/IMG-20251011-WA0002.jpg 1600w\" sizes=\"auto, (max-width: 625px) 100vw, 625px\" \/><\/a><\/p>\n<p>Le mont Aiguilhe et la chapelle Saint-Michel sont bien plus beaux au soleil.<\/p>\n<p>Dimanche 12 octobre 2025<\/p>\n<p>Visite du Puy en Velay. Qutre petits kilom\u00e8tre de d\u00e9ambulation sans les sacs, c&rsquo;est beaucoup plus facile. Dix heures : dernier tampon sur notre cr\u00e9anciale \u00e0 la cath\u00e9drale.<\/p>\n<p>&nbsp;<\/p>\n<p><a href=\"https:\/\/www.flieg.fr\/wordpress\/wp-content\/uploads\/2025\/10\/IMG-20251012-WA0002.jpg\"><img loading=\"lazy\" decoding=\"async\" class=\"alignnone size-large wp-image-3932\" src=\"https:\/\/www.flieg.fr\/wordpress\/wp-content\/uploads\/2025\/10\/IMG-20251012-WA0002-473x1024.jpg\" alt=\"\" width=\"473\" height=\"1024\" srcset=\"https:\/\/www.flieg.fr\/wordpress\/wp-content\/uploads\/2025\/10\/IMG-20251012-WA0002-473x1024.jpg 473w, https:\/\/www.flieg.fr\/wordpress\/wp-content\/uploads\/2025\/10\/IMG-20251012-WA0002-139x300.jpg 139w, https:\/\/www.flieg.fr\/wordpress\/wp-content\/uploads\/2025\/10\/IMG-20251012-WA0002-709x1536.jpg 709w, https:\/\/www.flieg.fr\/wordpress\/wp-content\/uploads\/2025\/10\/IMG-20251012-WA0002-624x1351.jpg 624w, https:\/\/www.flieg.fr\/wordpress\/wp-content\/uploads\/2025\/10\/IMG-20251012-WA0002.jpg 739w\" sizes=\"auto, (max-width: 473px) 100vw, 473px\" \/><\/a><\/p>\n<p>Sur les marches de la Cath\u00e9drale.<\/p>\n<p><a href=\"https:\/\/www.flieg.fr\/wordpress\/wp-content\/uploads\/2025\/10\/IMG-20251012-WA0001.jpg\"><img loading=\"lazy\" decoding=\"async\" class=\"alignnone size-large wp-image-3933\" src=\"https:\/\/www.flieg.fr\/wordpress\/wp-content\/uploads\/2025\/10\/IMG-20251012-WA0001-473x1024.jpg\" alt=\"\" width=\"473\" height=\"1024\" srcset=\"https:\/\/www.flieg.fr\/wordpress\/wp-content\/uploads\/2025\/10\/IMG-20251012-WA0001-473x1024.jpg 473w, https:\/\/www.flieg.fr\/wordpress\/wp-content\/uploads\/2025\/10\/IMG-20251012-WA0001-139x300.jpg 139w, https:\/\/www.flieg.fr\/wordpress\/wp-content\/uploads\/2025\/10\/IMG-20251012-WA0001-709x1536.jpg 709w, https:\/\/www.flieg.fr\/wordpress\/wp-content\/uploads\/2025\/10\/IMG-20251012-WA0001-624x1351.jpg 624w, https:\/\/www.flieg.fr\/wordpress\/wp-content\/uploads\/2025\/10\/IMG-20251012-WA0001.jpg 739w\" sizes=\"auto, (max-width: 473px) 100vw, 473px\" \/><\/a><\/p>\n<p>La statue Notre-Dame de France sur le rocher Corneille brille au soleil. \u00c9rig\u00e9e en mille-huit-cent-soixante elle a \u00e9t\u00e9 cr\u00e9\u00e9e avec le m\u00e9tal de deux-cents treize canons pris aux Russes lors de la guerre de Crim\u00e9e.<\/p>\n<p><a href=\"https:\/\/www.flieg.fr\/wordpress\/wp-content\/uploads\/2025\/10\/IMG-20251012-WA0004.jpg\"><img loading=\"lazy\" decoding=\"async\" class=\"alignnone size-large wp-image-3934\" src=\"https:\/\/www.flieg.fr\/wordpress\/wp-content\/uploads\/2025\/10\/IMG-20251012-WA0004-1024x473.jpg\" alt=\"\" width=\"625\" height=\"289\" srcset=\"https:\/\/www.flieg.fr\/wordpress\/wp-content\/uploads\/2025\/10\/IMG-20251012-WA0004-1024x473.jpg 1024w, https:\/\/www.flieg.fr\/wordpress\/wp-content\/uploads\/2025\/10\/IMG-20251012-WA0004-300x139.jpg 300w, https:\/\/www.flieg.fr\/wordpress\/wp-content\/uploads\/2025\/10\/IMG-20251012-WA0004-768x355.jpg 768w, https:\/\/www.flieg.fr\/wordpress\/wp-content\/uploads\/2025\/10\/IMG-20251012-WA0004-1536x709.jpg 1536w, https:\/\/www.flieg.fr\/wordpress\/wp-content\/uploads\/2025\/10\/IMG-20251012-WA0004-624x288.jpg 624w, https:\/\/www.flieg.fr\/wordpress\/wp-content\/uploads\/2025\/10\/IMG-20251012-WA0004.jpg 1600w\" sizes=\"auto, (max-width: 625px) 100vw, 625px\" \/><\/a><\/p>\n<p>De l\u00e0-haut, on domine la ville du Puy.<\/p>\n<p><a href=\"https:\/\/www.flieg.fr\/wordpress\/wp-content\/uploads\/2025\/10\/IMG-20251012-WA0005.jpg\"><img loading=\"lazy\" decoding=\"async\" class=\"alignnone size-large wp-image-3935\" src=\"https:\/\/www.flieg.fr\/wordpress\/wp-content\/uploads\/2025\/10\/IMG-20251012-WA0005-473x1024.jpg\" alt=\"\" width=\"473\" height=\"1024\" srcset=\"https:\/\/www.flieg.fr\/wordpress\/wp-content\/uploads\/2025\/10\/IMG-20251012-WA0005-473x1024.jpg 473w, https:\/\/www.flieg.fr\/wordpress\/wp-content\/uploads\/2025\/10\/IMG-20251012-WA0005-139x300.jpg 139w, https:\/\/www.flieg.fr\/wordpress\/wp-content\/uploads\/2025\/10\/IMG-20251012-WA0005-709x1536.jpg 709w, https:\/\/www.flieg.fr\/wordpress\/wp-content\/uploads\/2025\/10\/IMG-20251012-WA0005-624x1351.jpg 624w, https:\/\/www.flieg.fr\/wordpress\/wp-content\/uploads\/2025\/10\/IMG-20251012-WA0005.jpg 739w\" sizes=\"auto, (max-width: 473px) 100vw, 473px\" \/><\/a><\/p>\n<p>On aper\u00e7oit nettement la rampe d&rsquo;escalier qui m\u00e8ne en haut des quatre-vingts m\u00e8tres de ce neck volcanique de la chapelle Saint-Michel d&rsquo;Aiguilhe.<\/p>\n<p><a href=\"https:\/\/www.flieg.fr\/wordpress\/wp-content\/uploads\/2025\/10\/IMG-20251012-WA0003.jpg\"><img loading=\"lazy\" decoding=\"async\" class=\"alignnone size-large wp-image-3936\" src=\"https:\/\/www.flieg.fr\/wordpress\/wp-content\/uploads\/2025\/10\/IMG-20251012-WA0003-1024x473.jpg\" alt=\"\" width=\"625\" height=\"289\" srcset=\"https:\/\/www.flieg.fr\/wordpress\/wp-content\/uploads\/2025\/10\/IMG-20251012-WA0003-1024x473.jpg 1024w, https:\/\/www.flieg.fr\/wordpress\/wp-content\/uploads\/2025\/10\/IMG-20251012-WA0003-300x139.jpg 300w, https:\/\/www.flieg.fr\/wordpress\/wp-content\/uploads\/2025\/10\/IMG-20251012-WA0003-768x355.jpg 768w, https:\/\/www.flieg.fr\/wordpress\/wp-content\/uploads\/2025\/10\/IMG-20251012-WA0003-1536x709.jpg 1536w, https:\/\/www.flieg.fr\/wordpress\/wp-content\/uploads\/2025\/10\/IMG-20251012-WA0003-624x288.jpg 624w, https:\/\/www.flieg.fr\/wordpress\/wp-content\/uploads\/2025\/10\/IMG-20251012-WA0003.jpg 1600w\" sizes=\"auto, (max-width: 625px) 100vw, 625px\" \/><\/a><\/p>\n<p>Le clo\u00eetre roman.<\/p>\n<p><a href=\"https:\/\/www.flieg.fr\/wordpress\/wp-content\/uploads\/2025\/10\/IMG-20251012-WA0006.jpg\"><img loading=\"lazy\" decoding=\"async\" class=\"alignnone size-large wp-image-3938\" src=\"https:\/\/www.flieg.fr\/wordpress\/wp-content\/uploads\/2025\/10\/IMG-20251012-WA0006-1024x473.jpg\" alt=\"\" width=\"625\" height=\"289\" srcset=\"https:\/\/www.flieg.fr\/wordpress\/wp-content\/uploads\/2025\/10\/IMG-20251012-WA0006-1024x473.jpg 1024w, https:\/\/www.flieg.fr\/wordpress\/wp-content\/uploads\/2025\/10\/IMG-20251012-WA0006-300x139.jpg 300w, https:\/\/www.flieg.fr\/wordpress\/wp-content\/uploads\/2025\/10\/IMG-20251012-WA0006-768x355.jpg 768w, https:\/\/www.flieg.fr\/wordpress\/wp-content\/uploads\/2025\/10\/IMG-20251012-WA0006-1536x709.jpg 1536w, https:\/\/www.flieg.fr\/wordpress\/wp-content\/uploads\/2025\/10\/IMG-20251012-WA0006-624x288.jpg 624w, https:\/\/www.flieg.fr\/wordpress\/wp-content\/uploads\/2025\/10\/IMG-20251012-WA0006.jpg 1600w\" sizes=\"auto, (max-width: 625px) 100vw, 625px\" \/><\/a><\/p>\n<p>Subitement on tombe sur le panneau que nous avions photographi\u00e9 il y a 13 ans : Compostelle 1522km.<\/p>\n<p>Demain nous reviendront \u00e0 Mulhouse \u00e0 14h54.<\/p>\n<p>Ce soir nous regardons sur les chemins noirs sur France 2, histoire de nous cha.ger les id\u00e9es&#8230;<\/p>\n<p>&nbsp;<\/p>\n<p>&nbsp;<\/p>\n<p>&nbsp;<\/p>\n<p>&nbsp;<\/p>\n<p>&nbsp;<\/p>\n<p>&nbsp;<\/p>\n<p>&nbsp;<\/p>\n<p>&nbsp;<\/p>\n<p>&nbsp;<\/p>\n<p>&nbsp;<\/p>\n<p>&nbsp;<\/p>\n<p>&nbsp;<\/p>\n<p>&nbsp;<\/p>\n<p>&nbsp;<\/p>\n<p>&nbsp;<\/p>\n<p>&nbsp;<\/p>\n<p>&nbsp;<\/p>\n<p>&nbsp;<\/p>\n<p>&nbsp;<\/p>\n<p>&nbsp;<\/p>\n<p>&nbsp;<\/p>\n<p>&nbsp;<\/p>\n<p>&nbsp;<\/p>\n<p>&nbsp;<\/p>\n<p>&nbsp;<\/p>\n<p>&nbsp;<\/p>\n<p>&nbsp;<\/p>\n<p>&nbsp;<\/p>\n<p>&nbsp;<\/p>\n<p>&nbsp;<\/p>\n<p>&nbsp;<\/p>\n<p>&nbsp;<\/p>\n<p>&nbsp;<\/p>\n<p>&nbsp;<\/p>\n<p>&nbsp;<\/p>\n","protected":false},"excerpt":{"rendered":"<p>Lundi 22 septembre 2025 \u00c9tape 1 de Cluny \u00e0 Sainte-C\u00e9cile. 3h16 \/ 9 km82 d+ 213 m d- 164 m A l&rsquo;ouverture des volets, ce matin, nous d\u00e9couvrons un temps gris accompagn\u00e9 d&rsquo;un\u00a0 crachin continu. Apr\u00e8s avoir pris le petit d\u00e9jeuner, la situation est la m\u00eame. Nous devons nous r\u00e9soudre \u00e0 quitter la maison avec [&hellip;]<\/p>\n","protected":false},"author":3,"featured_media":0,"parent":0,"menu_order":0,"comment_status":"closed","ping_status":"closed","template":"","meta":{"footnotes":""},"class_list":["post-3491","page","type-page","status-publish","hentry"],"_links":{"self":[{"href":"https:\/\/www.flieg.fr\/index.php?rest_route=\/wp\/v2\/pages\/3491","targetHints":{"allow":["GET"]}}],"collection":[{"href":"https:\/\/www.flieg.fr\/index.php?rest_route=\/wp\/v2\/pages"}],"about":[{"href":"https:\/\/www.flieg.fr\/index.php?rest_route=\/wp\/v2\/types\/page"}],"author":[{"embeddable":true,"href":"https:\/\/www.flieg.fr\/index.php?rest_route=\/wp\/v2\/users\/3"}],"replies":[{"embeddable":true,"href":"https:\/\/www.flieg.fr\/index.php?rest_route=%2Fwp%2Fv2%2Fcomments&post=3491"}],"version-history":[{"count":148,"href":"https:\/\/www.flieg.fr\/index.php?rest_route=\/wp\/v2\/pages\/3491\/revisions"}],"predecessor-version":[{"id":3940,"href":"https:\/\/www.flieg.fr\/index.php?rest_route=\/wp\/v2\/pages\/3491\/revisions\/3940"}],"wp:attachment":[{"href":"https:\/\/www.flieg.fr\/index.php?rest_route=%2Fwp%2Fv2%2Fmedia&parent=3491"}],"curies":[{"name":"wp","href":"https:\/\/api.w.org\/{rel}","templated":true}]}}