{"id":3365,"date":"2024-06-13T20:48:10","date_gmt":"2024-06-13T19:48:10","guid":{"rendered":"https:\/\/www.flieg.fr\/?page_id=3365"},"modified":"2024-06-15T15:48:36","modified_gmt":"2024-06-15T14:48:36","slug":"etape-19-de-collonges-a-cluny","status":"publish","type":"page","link":"https:\/\/www.flieg.fr\/?page_id=3365","title":{"rendered":"Etape 19 : de Collonges \u00e0 Cluny"},"content":{"rendered":"<p>Vendredi 14 juin 2024<\/p>\n<p>6.38 km en 2h05 D\u00e9nivel\u00e9 : 57+ et 120- Cumul 335,49 km et moyenne journali\u00e8re de 17,65 km<\/p>\n<p>Surprise ! On n&rsquo;a m\u00eame plus regard\u00e9 la m\u00e9t\u00e9o, tant on \u00e9tait persuad\u00e9 d&rsquo;avoir le beau temps. Las, la pluie nous a rattrap\u00e9s.<a href=\"https:\/\/www.flieg.fr\/wordpress\/wp-content\/uploads\/2024\/06\/IMG-20240614-WA0000.jpg\"><img loading=\"lazy\" decoding=\"async\" class=\"alignnone size-large wp-image-3371\" src=\"https:\/\/www.flieg.fr\/wordpress\/wp-content\/uploads\/2024\/06\/IMG-20240614-WA0000-576x1024.jpg\" alt=\"\" width=\"576\" height=\"1024\" srcset=\"https:\/\/www.flieg.fr\/wordpress\/wp-content\/uploads\/2024\/06\/IMG-20240614-WA0000-576x1024.jpg 576w, https:\/\/www.flieg.fr\/wordpress\/wp-content\/uploads\/2024\/06\/IMG-20240614-WA0000-169x300.jpg 169w, https:\/\/www.flieg.fr\/wordpress\/wp-content\/uploads\/2024\/06\/IMG-20240614-WA0000-768x1365.jpg 768w, https:\/\/www.flieg.fr\/wordpress\/wp-content\/uploads\/2024\/06\/IMG-20240614-WA0000-864x1536.jpg 864w, https:\/\/www.flieg.fr\/wordpress\/wp-content\/uploads\/2024\/06\/IMG-20240614-WA0000-624x1109.jpg 624w, https:\/\/www.flieg.fr\/wordpress\/wp-content\/uploads\/2024\/06\/IMG-20240614-WA0000.jpg 900w\" sizes=\"auto, (max-width: 576px) 100vw, 576px\" \/><\/a><\/p>\n<p>D\u00e8s le d\u00e9part, \u00e7a monte<\/p>\n<p><a href=\"https:\/\/www.flieg.fr\/wordpress\/wp-content\/uploads\/2024\/06\/IMG-20240614-WA0001.jpg\"><img loading=\"lazy\" decoding=\"async\" class=\"alignnone size-large wp-image-3372\" src=\"https:\/\/www.flieg.fr\/wordpress\/wp-content\/uploads\/2024\/06\/IMG-20240614-WA0001-1024x576.jpg\" alt=\"\" width=\"625\" height=\"352\" srcset=\"https:\/\/www.flieg.fr\/wordpress\/wp-content\/uploads\/2024\/06\/IMG-20240614-WA0001-1024x576.jpg 1024w, https:\/\/www.flieg.fr\/wordpress\/wp-content\/uploads\/2024\/06\/IMG-20240614-WA0001-300x169.jpg 300w, https:\/\/www.flieg.fr\/wordpress\/wp-content\/uploads\/2024\/06\/IMG-20240614-WA0001-768x432.jpg 768w, https:\/\/www.flieg.fr\/wordpress\/wp-content\/uploads\/2024\/06\/IMG-20240614-WA0001-1536x864.jpg 1536w, https:\/\/www.flieg.fr\/wordpress\/wp-content\/uploads\/2024\/06\/IMG-20240614-WA0001-624x351.jpg 624w, https:\/\/www.flieg.fr\/wordpress\/wp-content\/uploads\/2024\/06\/IMG-20240614-WA0001.jpg 1600w\" sizes=\"auto, (max-width: 625px) 100vw, 625px\" \/><\/a><\/p>\n<p>\u00c7a descend<\/p>\n<p><a href=\"https:\/\/www.flieg.fr\/wordpress\/wp-content\/uploads\/2024\/06\/20240614_093612-scaled.jpg\"><img loading=\"lazy\" decoding=\"async\" class=\"alignnone size-large wp-image-3373\" src=\"https:\/\/www.flieg.fr\/wordpress\/wp-content\/uploads\/2024\/06\/20240614_093612-1024x576.jpg\" alt=\"\" width=\"625\" height=\"352\" srcset=\"https:\/\/www.flieg.fr\/wordpress\/wp-content\/uploads\/2024\/06\/20240614_093612-1024x576.jpg 1024w, https:\/\/www.flieg.fr\/wordpress\/wp-content\/uploads\/2024\/06\/20240614_093612-300x169.jpg 300w, https:\/\/www.flieg.fr\/wordpress\/wp-content\/uploads\/2024\/06\/20240614_093612-768x432.jpg 768w, https:\/\/www.flieg.fr\/wordpress\/wp-content\/uploads\/2024\/06\/20240614_093612-1536x864.jpg 1536w, https:\/\/www.flieg.fr\/wordpress\/wp-content\/uploads\/2024\/06\/20240614_093612-2048x1152.jpg 2048w, https:\/\/www.flieg.fr\/wordpress\/wp-content\/uploads\/2024\/06\/20240614_093612-624x351.jpg 624w\" sizes=\"auto, (max-width: 625px) 100vw, 625px\" \/><\/a><\/p>\n<p>\u00e9glise de Lournand et ch\u00e2teau de Lourdon<\/p>\n<p><a href=\"https:\/\/www.flieg.fr\/wordpress\/wp-content\/uploads\/2024\/06\/20240614_101249-scaled.jpg\"><img loading=\"lazy\" decoding=\"async\" class=\"alignnone size-large wp-image-3376\" src=\"https:\/\/www.flieg.fr\/wordpress\/wp-content\/uploads\/2024\/06\/20240614_101249-1024x576.jpg\" alt=\"\" width=\"625\" height=\"352\" srcset=\"https:\/\/www.flieg.fr\/wordpress\/wp-content\/uploads\/2024\/06\/20240614_101249-1024x576.jpg 1024w, https:\/\/www.flieg.fr\/wordpress\/wp-content\/uploads\/2024\/06\/20240614_101249-300x169.jpg 300w, https:\/\/www.flieg.fr\/wordpress\/wp-content\/uploads\/2024\/06\/20240614_101249-768x432.jpg 768w, https:\/\/www.flieg.fr\/wordpress\/wp-content\/uploads\/2024\/06\/20240614_101249-1536x864.jpg 1536w, https:\/\/www.flieg.fr\/wordpress\/wp-content\/uploads\/2024\/06\/20240614_101249-2048x1152.jpg 2048w, https:\/\/www.flieg.fr\/wordpress\/wp-content\/uploads\/2024\/06\/20240614_101249-624x351.jpg 624w\" sizes=\"auto, (max-width: 625px) 100vw, 625px\" \/><\/a><\/p>\n<p>Cluny au loin<\/p>\n<p><a href=\"https:\/\/www.flieg.fr\/wordpress\/wp-content\/uploads\/2024\/06\/20240614_103216-scaled.jpg\"><img loading=\"lazy\" decoding=\"async\" class=\"alignnone size-large wp-image-3377\" src=\"https:\/\/www.flieg.fr\/wordpress\/wp-content\/uploads\/2024\/06\/20240614_103216-576x1024.jpg\" alt=\"\" width=\"576\" height=\"1024\" srcset=\"https:\/\/www.flieg.fr\/wordpress\/wp-content\/uploads\/2024\/06\/20240614_103216-576x1024.jpg 576w, https:\/\/www.flieg.fr\/wordpress\/wp-content\/uploads\/2024\/06\/20240614_103216-169x300.jpg 169w, https:\/\/www.flieg.fr\/wordpress\/wp-content\/uploads\/2024\/06\/20240614_103216-768x1365.jpg 768w, https:\/\/www.flieg.fr\/wordpress\/wp-content\/uploads\/2024\/06\/20240614_103216-864x1536.jpg 864w, https:\/\/www.flieg.fr\/wordpress\/wp-content\/uploads\/2024\/06\/20240614_103216-1152x2048.jpg 1152w, https:\/\/www.flieg.fr\/wordpress\/wp-content\/uploads\/2024\/06\/20240614_103216-624x1109.jpg 624w, https:\/\/www.flieg.fr\/wordpress\/wp-content\/uploads\/2024\/06\/20240614_103216-scaled.jpg 1440w\" sizes=\"auto, (max-width: 576px) 100vw, 576px\" \/><\/a><\/p>\n<p><a href=\"https:\/\/www.flieg.fr\/wordpress\/wp-content\/uploads\/2024\/06\/20240614_110018-scaled.jpg\"><img loading=\"lazy\" decoding=\"async\" class=\"alignnone size-large wp-image-3378\" src=\"https:\/\/www.flieg.fr\/wordpress\/wp-content\/uploads\/2024\/06\/20240614_110018-576x1024.jpg\" alt=\"\" width=\"576\" height=\"1024\" srcset=\"https:\/\/www.flieg.fr\/wordpress\/wp-content\/uploads\/2024\/06\/20240614_110018-576x1024.jpg 576w, https:\/\/www.flieg.fr\/wordpress\/wp-content\/uploads\/2024\/06\/20240614_110018-169x300.jpg 169w, https:\/\/www.flieg.fr\/wordpress\/wp-content\/uploads\/2024\/06\/20240614_110018-768x1365.jpg 768w, https:\/\/www.flieg.fr\/wordpress\/wp-content\/uploads\/2024\/06\/20240614_110018-864x1536.jpg 864w, https:\/\/www.flieg.fr\/wordpress\/wp-content\/uploads\/2024\/06\/20240614_110018-1152x2048.jpg 1152w, https:\/\/www.flieg.fr\/wordpress\/wp-content\/uploads\/2024\/06\/20240614_110018-624x1109.jpg 624w, https:\/\/www.flieg.fr\/wordpress\/wp-content\/uploads\/2024\/06\/20240614_110018-scaled.jpg 1440w\" sizes=\"auto, (max-width: 576px) 100vw, 576px\" \/><\/a><\/p>\n<p>\u00c0 11 heures, on a d\u00e9j\u00e0 notre chambre \u00e0 Cluny.<\/p>\n<p>On met nos affaires \u00e0 s\u00e9cher, on teste un distributeur automatique de pizzas. 3mn chrono, la machine d\u00e9gzge des effluves app\u00e9tissantes et crache une bo\u00eete avec la pizza demand\u00e9e. Tr\u00e8s bonne au demeurant.<\/p>\n<p>A 14h, le soleil est revenu et nous partons suivre une visite guid\u00e9e de l&rsquo;abbaye.<\/p>\n<p><a href=\"https:\/\/www.flieg.fr\/wordpress\/wp-content\/uploads\/2024\/06\/20240614_155448-scaled.jpg\"><img loading=\"lazy\" decoding=\"async\" class=\"alignnone size-large wp-image-3382\" src=\"https:\/\/www.flieg.fr\/wordpress\/wp-content\/uploads\/2024\/06\/20240614_155448-1024x576.jpg\" alt=\"\" width=\"625\" height=\"352\" srcset=\"https:\/\/www.flieg.fr\/wordpress\/wp-content\/uploads\/2024\/06\/20240614_155448-1024x576.jpg 1024w, https:\/\/www.flieg.fr\/wordpress\/wp-content\/uploads\/2024\/06\/20240614_155448-300x169.jpg 300w, https:\/\/www.flieg.fr\/wordpress\/wp-content\/uploads\/2024\/06\/20240614_155448-768x432.jpg 768w, https:\/\/www.flieg.fr\/wordpress\/wp-content\/uploads\/2024\/06\/20240614_155448-1536x864.jpg 1536w, https:\/\/www.flieg.fr\/wordpress\/wp-content\/uploads\/2024\/06\/20240614_155448-2048x1152.jpg 2048w, https:\/\/www.flieg.fr\/wordpress\/wp-content\/uploads\/2024\/06\/20240614_155448-624x351.jpg 624w\" sizes=\"auto, (max-width: 625px) 100vw, 625px\" \/><\/a><\/p>\n<p><a href=\"https:\/\/www.flieg.fr\/wordpress\/wp-content\/uploads\/2024\/06\/20240614_150330-scaled.jpg\"><img loading=\"lazy\" decoding=\"async\" class=\"alignnone size-large wp-image-3383\" src=\"https:\/\/www.flieg.fr\/wordpress\/wp-content\/uploads\/2024\/06\/20240614_150330-1024x576.jpg\" alt=\"\" width=\"625\" height=\"352\" srcset=\"https:\/\/www.flieg.fr\/wordpress\/wp-content\/uploads\/2024\/06\/20240614_150330-1024x576.jpg 1024w, https:\/\/www.flieg.fr\/wordpress\/wp-content\/uploads\/2024\/06\/20240614_150330-300x169.jpg 300w, https:\/\/www.flieg.fr\/wordpress\/wp-content\/uploads\/2024\/06\/20240614_150330-768x432.jpg 768w, https:\/\/www.flieg.fr\/wordpress\/wp-content\/uploads\/2024\/06\/20240614_150330-1536x864.jpg 1536w, https:\/\/www.flieg.fr\/wordpress\/wp-content\/uploads\/2024\/06\/20240614_150330-2048x1152.jpg 2048w, https:\/\/www.flieg.fr\/wordpress\/wp-content\/uploads\/2024\/06\/20240614_150330-624x351.jpg 624w\" sizes=\"auto, (max-width: 625px) 100vw, 625px\" \/><\/a><\/p>\n<p><a href=\"https:\/\/www.flieg.fr\/wordpress\/wp-content\/uploads\/2024\/06\/20240614_142640-scaled.jpg\"><img loading=\"lazy\" decoding=\"async\" class=\"alignnone size-large wp-image-3384\" src=\"https:\/\/www.flieg.fr\/wordpress\/wp-content\/uploads\/2024\/06\/20240614_142640-576x1024.jpg\" alt=\"\" width=\"576\" height=\"1024\" srcset=\"https:\/\/www.flieg.fr\/wordpress\/wp-content\/uploads\/2024\/06\/20240614_142640-576x1024.jpg 576w, https:\/\/www.flieg.fr\/wordpress\/wp-content\/uploads\/2024\/06\/20240614_142640-169x300.jpg 169w, https:\/\/www.flieg.fr\/wordpress\/wp-content\/uploads\/2024\/06\/20240614_142640-768x1365.jpg 768w, https:\/\/www.flieg.fr\/wordpress\/wp-content\/uploads\/2024\/06\/20240614_142640-864x1536.jpg 864w, https:\/\/www.flieg.fr\/wordpress\/wp-content\/uploads\/2024\/06\/20240614_142640-1152x2048.jpg 1152w, https:\/\/www.flieg.fr\/wordpress\/wp-content\/uploads\/2024\/06\/20240614_142640-624x1109.jpg 624w, https:\/\/www.flieg.fr\/wordpress\/wp-content\/uploads\/2024\/06\/20240614_142640-scaled.jpg 1440w\" sizes=\"auto, (max-width: 576px) 100vw, 576px\" \/><\/a><\/p>\n<p>Voici une chapelle dite de Jean de Bourbon un des rares vestiges du XV\u00e9me seul encore debout apr\u00e8s la p\u00e9riode post r\u00e9volutionnaire o\u00f9 Cluny servit de carri\u00e8re de pierres.<\/p>\n<p><a href=\"https:\/\/www.flieg.fr\/wordpress\/wp-content\/uploads\/2024\/06\/IMG-20240615-WA0003.jpg\"><img loading=\"lazy\" decoding=\"async\" class=\"alignnone size-large wp-image-3387\" src=\"https:\/\/www.flieg.fr\/wordpress\/wp-content\/uploads\/2024\/06\/IMG-20240615-WA0003-1024x576.jpg\" alt=\"\" width=\"625\" height=\"352\" srcset=\"https:\/\/www.flieg.fr\/wordpress\/wp-content\/uploads\/2024\/06\/IMG-20240615-WA0003-1024x576.jpg 1024w, https:\/\/www.flieg.fr\/wordpress\/wp-content\/uploads\/2024\/06\/IMG-20240615-WA0003-300x169.jpg 300w, https:\/\/www.flieg.fr\/wordpress\/wp-content\/uploads\/2024\/06\/IMG-20240615-WA0003-768x432.jpg 768w, https:\/\/www.flieg.fr\/wordpress\/wp-content\/uploads\/2024\/06\/IMG-20240615-WA0003-1536x864.jpg 1536w, https:\/\/www.flieg.fr\/wordpress\/wp-content\/uploads\/2024\/06\/IMG-20240615-WA0003-624x351.jpg 624w, https:\/\/www.flieg.fr\/wordpress\/wp-content\/uploads\/2024\/06\/IMG-20240615-WA0003.jpg 1600w\" sizes=\"auto, (max-width: 625px) 100vw, 625px\" \/><\/a><\/p>\n<p>Les statues (disparues) des saints du nouveau testament \u00e9taient\u00a0 soutenues par des consoles repr\u00e9sentant des personnages de l&rsquo;ancien testament. Ici le roi David.<\/p>\n<p><a href=\"https:\/\/www.flieg.fr\/wordpress\/wp-content\/uploads\/2024\/06\/20240614_150304-scaled.jpg\"><img loading=\"lazy\" decoding=\"async\" class=\"alignnone size-large wp-image-3391\" src=\"https:\/\/www.flieg.fr\/wordpress\/wp-content\/uploads\/2024\/06\/20240614_150304-1024x576.jpg\" alt=\"\" width=\"625\" height=\"352\" srcset=\"https:\/\/www.flieg.fr\/wordpress\/wp-content\/uploads\/2024\/06\/20240614_150304-1024x576.jpg 1024w, https:\/\/www.flieg.fr\/wordpress\/wp-content\/uploads\/2024\/06\/20240614_150304-300x169.jpg 300w, https:\/\/www.flieg.fr\/wordpress\/wp-content\/uploads\/2024\/06\/20240614_150304-768x432.jpg 768w, https:\/\/www.flieg.fr\/wordpress\/wp-content\/uploads\/2024\/06\/20240614_150304-1536x864.jpg 1536w, https:\/\/www.flieg.fr\/wordpress\/wp-content\/uploads\/2024\/06\/20240614_150304-2048x1152.jpg 2048w, https:\/\/www.flieg.fr\/wordpress\/wp-content\/uploads\/2024\/06\/20240614_150304-624x351.jpg 624w\" sizes=\"auto, (max-width: 625px) 100vw, 625px\" \/><\/a><\/p>\n<p>La nef du farinier avec une charpente en ch\u00eane du Xll\u00e8me si\u00e8cle<\/p>\n<p><!--more--><a href=\"https:\/\/www.flieg.fr\/wordpress\/wp-content\/uploads\/2024\/06\/IMG-20240615-WA0004.jpg\"><img loading=\"lazy\" decoding=\"async\" class=\"alignnone size-large wp-image-3392\" src=\"https:\/\/www.flieg.fr\/wordpress\/wp-content\/uploads\/2024\/06\/IMG-20240615-WA0004-1024x576.jpg\" alt=\"\" width=\"625\" height=\"352\" srcset=\"https:\/\/www.flieg.fr\/wordpress\/wp-content\/uploads\/2024\/06\/IMG-20240615-WA0004-1024x576.jpg 1024w, https:\/\/www.flieg.fr\/wordpress\/wp-content\/uploads\/2024\/06\/IMG-20240615-WA0004-300x169.jpg 300w, https:\/\/www.flieg.fr\/wordpress\/wp-content\/uploads\/2024\/06\/IMG-20240615-WA0004-768x432.jpg 768w, https:\/\/www.flieg.fr\/wordpress\/wp-content\/uploads\/2024\/06\/IMG-20240615-WA0004-1536x864.jpg 1536w, https:\/\/www.flieg.fr\/wordpress\/wp-content\/uploads\/2024\/06\/IMG-20240615-WA0004-624x351.jpg 624w, https:\/\/www.flieg.fr\/wordpress\/wp-content\/uploads\/2024\/06\/IMG-20240615-WA0004.jpg 1600w\" sizes=\"auto, (max-width: 625px) 100vw, 625px\" \/><\/a><\/p>\n<p>D\u00e9tail un des 8 chapiteaux de l&rsquo;\u00e9glise majeure, du XIII\u00e8me si\u00e8cle aujourd&rsquo;hui disparue<\/p>\n<p><a href=\"https:\/\/www.flieg.fr\/wordpress\/wp-content\/uploads\/2024\/06\/IMG-20240615-WA0000.jpg\"><img loading=\"lazy\" decoding=\"async\" class=\"alignnone size-large wp-image-3394\" src=\"https:\/\/www.flieg.fr\/wordpress\/wp-content\/uploads\/2024\/06\/IMG-20240615-WA0000-1024x576.jpg\" alt=\"\" width=\"625\" height=\"352\" srcset=\"https:\/\/www.flieg.fr\/wordpress\/wp-content\/uploads\/2024\/06\/IMG-20240615-WA0000-1024x576.jpg 1024w, https:\/\/www.flieg.fr\/wordpress\/wp-content\/uploads\/2024\/06\/IMG-20240615-WA0000-300x169.jpg 300w, https:\/\/www.flieg.fr\/wordpress\/wp-content\/uploads\/2024\/06\/IMG-20240615-WA0000-768x432.jpg 768w, https:\/\/www.flieg.fr\/wordpress\/wp-content\/uploads\/2024\/06\/IMG-20240615-WA0000-1536x864.jpg 1536w, https:\/\/www.flieg.fr\/wordpress\/wp-content\/uploads\/2024\/06\/IMG-20240615-WA0000-624x351.jpg 624w, https:\/\/www.flieg.fr\/wordpress\/wp-content\/uploads\/2024\/06\/IMG-20240615-WA0000.jpg 1600w\" sizes=\"auto, (max-width: 625px) 100vw, 625px\" \/><\/a><\/p>\n<p>Vue c\u00f4t\u00e9 jardins<\/p>\n<p><a href=\"https:\/\/www.flieg.fr\/wordpress\/wp-content\/uploads\/2024\/06\/IMG-20240615-WA0007.jpg\"><img loading=\"lazy\" decoding=\"async\" class=\"alignnone size-large wp-image-3395\" src=\"https:\/\/www.flieg.fr\/wordpress\/wp-content\/uploads\/2024\/06\/IMG-20240615-WA0007-1024x576.jpg\" alt=\"\" width=\"625\" height=\"352\" srcset=\"https:\/\/www.flieg.fr\/wordpress\/wp-content\/uploads\/2024\/06\/IMG-20240615-WA0007-1024x576.jpg 1024w, https:\/\/www.flieg.fr\/wordpress\/wp-content\/uploads\/2024\/06\/IMG-20240615-WA0007-300x169.jpg 300w, https:\/\/www.flieg.fr\/wordpress\/wp-content\/uploads\/2024\/06\/IMG-20240615-WA0007-768x432.jpg 768w, https:\/\/www.flieg.fr\/wordpress\/wp-content\/uploads\/2024\/06\/IMG-20240615-WA0007-1536x864.jpg 1536w, https:\/\/www.flieg.fr\/wordpress\/wp-content\/uploads\/2024\/06\/IMG-20240615-WA0007-624x351.jpg 624w, https:\/\/www.flieg.fr\/wordpress\/wp-content\/uploads\/2024\/06\/IMG-20240615-WA0007.jpg 1600w\" sizes=\"auto, (max-width: 625px) 100vw, 625px\" \/><\/a><\/p>\n<p>Tour des fromages, tour d&rsquo;enceinte permettant de voir les choses de haut :<\/p>\n<p><a href=\"https:\/\/www.flieg.fr\/wordpress\/wp-content\/uploads\/2024\/06\/20240614_161357-scaled.jpg\"><img loading=\"lazy\" decoding=\"async\" class=\"alignnone size-large wp-image-3396\" src=\"https:\/\/www.flieg.fr\/wordpress\/wp-content\/uploads\/2024\/06\/20240614_161357-1024x576.jpg\" alt=\"\" width=\"625\" height=\"352\" srcset=\"https:\/\/www.flieg.fr\/wordpress\/wp-content\/uploads\/2024\/06\/20240614_161357-1024x576.jpg 1024w, https:\/\/www.flieg.fr\/wordpress\/wp-content\/uploads\/2024\/06\/20240614_161357-300x169.jpg 300w, https:\/\/www.flieg.fr\/wordpress\/wp-content\/uploads\/2024\/06\/20240614_161357-768x432.jpg 768w, https:\/\/www.flieg.fr\/wordpress\/wp-content\/uploads\/2024\/06\/20240614_161357-1536x864.jpg 1536w, https:\/\/www.flieg.fr\/wordpress\/wp-content\/uploads\/2024\/06\/20240614_161357-2048x1152.jpg 2048w, https:\/\/www.flieg.fr\/wordpress\/wp-content\/uploads\/2024\/06\/20240614_161357-624x351.jpg 624w\" sizes=\"auto, (max-width: 625px) 100vw, 625px\" \/><\/a><\/p>\n<p>Vue panoramique apr\u00e8s 120 marches<\/p>\n<p><a href=\"https:\/\/www.flieg.fr\/wordpress\/wp-content\/uploads\/2024\/06\/IMG-20240615-WA0008.jpg\"><img loading=\"lazy\" decoding=\"async\" class=\"alignnone size-large wp-image-3397\" src=\"https:\/\/www.flieg.fr\/wordpress\/wp-content\/uploads\/2024\/06\/IMG-20240615-WA0008-576x1024.jpg\" alt=\"\" width=\"576\" height=\"1024\" srcset=\"https:\/\/www.flieg.fr\/wordpress\/wp-content\/uploads\/2024\/06\/IMG-20240615-WA0008-576x1024.jpg 576w, https:\/\/www.flieg.fr\/wordpress\/wp-content\/uploads\/2024\/06\/IMG-20240615-WA0008-169x300.jpg 169w, https:\/\/www.flieg.fr\/wordpress\/wp-content\/uploads\/2024\/06\/IMG-20240615-WA0008-768x1365.jpg 768w, https:\/\/www.flieg.fr\/wordpress\/wp-content\/uploads\/2024\/06\/IMG-20240615-WA0008-864x1536.jpg 864w, https:\/\/www.flieg.fr\/wordpress\/wp-content\/uploads\/2024\/06\/IMG-20240615-WA0008-624x1109.jpg 624w, https:\/\/www.flieg.fr\/wordpress\/wp-content\/uploads\/2024\/06\/IMG-20240615-WA0008.jpg 1152w\" sizes=\"auto, (max-width: 576px) 100vw, 576px\" \/><\/a><\/p>\n<p>Pause royale<\/p>\n<p><a href=\"https:\/\/www.flieg.fr\/wordpress\/wp-content\/uploads\/2024\/06\/IMG-20240615-WA0001.jpg\"><img loading=\"lazy\" decoding=\"async\" class=\"alignnone size-large wp-image-3398\" src=\"https:\/\/www.flieg.fr\/wordpress\/wp-content\/uploads\/2024\/06\/IMG-20240615-WA0001-1024x576.jpg\" alt=\"\" width=\"625\" height=\"352\" srcset=\"https:\/\/www.flieg.fr\/wordpress\/wp-content\/uploads\/2024\/06\/IMG-20240615-WA0001-1024x576.jpg 1024w, https:\/\/www.flieg.fr\/wordpress\/wp-content\/uploads\/2024\/06\/IMG-20240615-WA0001-300x169.jpg 300w, https:\/\/www.flieg.fr\/wordpress\/wp-content\/uploads\/2024\/06\/IMG-20240615-WA0001-768x432.jpg 768w, https:\/\/www.flieg.fr\/wordpress\/wp-content\/uploads\/2024\/06\/IMG-20240615-WA0001-1536x864.jpg 1536w, https:\/\/www.flieg.fr\/wordpress\/wp-content\/uploads\/2024\/06\/IMG-20240615-WA0001-624x351.jpg 624w, https:\/\/www.flieg.fr\/wordpress\/wp-content\/uploads\/2024\/06\/IMG-20240615-WA0001.jpg 1600w\" sizes=\"auto, (max-width: 625px) 100vw, 625px\" \/><\/a><\/p>\n<p>Vue de l&rsquo;abbaye depuis les deux portes d&rsquo;honneur<\/p>\n<p>Et maintenant, notre p\u00e9riple se termine et il nous faut pr\u00e9parer le retour.<\/p>\n<p>Samedi 15 juin 2024 de 9h03 \u00e0 13h53<\/p>\n<p>Bus + TER\u00a0 + TGV + TER + marche 1,6 km en 21 mn sans d\u00e9nivel\u00e9.<\/p>\n<p>Cumul 2023 &#8211; 2024 Cernay Cluny\u00a0 : 378 km en 21 jours<\/p>\n<p><a href=\"https:\/\/www.flieg.fr\/wordpress\/wp-content\/uploads\/2024\/06\/IMG-20240615-WA0014.jpg\"><img loading=\"lazy\" decoding=\"async\" class=\"alignnone size-large wp-image-3399\" src=\"https:\/\/www.flieg.fr\/wordpress\/wp-content\/uploads\/2024\/06\/IMG-20240615-WA0014-1024x576.jpg\" alt=\"\" width=\"625\" height=\"352\" srcset=\"https:\/\/www.flieg.fr\/wordpress\/wp-content\/uploads\/2024\/06\/IMG-20240615-WA0014-1024x576.jpg 1024w, https:\/\/www.flieg.fr\/wordpress\/wp-content\/uploads\/2024\/06\/IMG-20240615-WA0014-300x169.jpg 300w, https:\/\/www.flieg.fr\/wordpress\/wp-content\/uploads\/2024\/06\/IMG-20240615-WA0014-768x432.jpg 768w, https:\/\/www.flieg.fr\/wordpress\/wp-content\/uploads\/2024\/06\/IMG-20240615-WA0014-1536x864.jpg 1536w, https:\/\/www.flieg.fr\/wordpress\/wp-content\/uploads\/2024\/06\/IMG-20240615-WA0014-624x351.jpg 624w, https:\/\/www.flieg.fr\/wordpress\/wp-content\/uploads\/2024\/06\/IMG-20240615-WA0014.jpg 2048w\" sizes=\"auto, (max-width: 625px) 100vw, 625px\" \/><\/a><\/p>\n<p><a href=\"https:\/\/www.flieg.fr\/wordpress\/wp-content\/uploads\/2024\/06\/IMG-20240615-WA0013.jpg\"><img loading=\"lazy\" decoding=\"async\" class=\"alignnone size-large wp-image-3400\" src=\"https:\/\/www.flieg.fr\/wordpress\/wp-content\/uploads\/2024\/06\/IMG-20240615-WA0013-1024x576.jpg\" alt=\"\" width=\"625\" height=\"352\" srcset=\"https:\/\/www.flieg.fr\/wordpress\/wp-content\/uploads\/2024\/06\/IMG-20240615-WA0013-1024x576.jpg 1024w, https:\/\/www.flieg.fr\/wordpress\/wp-content\/uploads\/2024\/06\/IMG-20240615-WA0013-300x169.jpg 300w, https:\/\/www.flieg.fr\/wordpress\/wp-content\/uploads\/2024\/06\/IMG-20240615-WA0013-768x432.jpg 768w, https:\/\/www.flieg.fr\/wordpress\/wp-content\/uploads\/2024\/06\/IMG-20240615-WA0013-1536x864.jpg 1536w, https:\/\/www.flieg.fr\/wordpress\/wp-content\/uploads\/2024\/06\/IMG-20240615-WA0013-624x351.jpg 624w, https:\/\/www.flieg.fr\/wordpress\/wp-content\/uploads\/2024\/06\/IMG-20240615-WA0013.jpg 2048w\" sizes=\"auto, (max-width: 625px) 100vw, 625px\" \/><\/a><\/p>\n<p>Retour \u00e0 la vie normale&#8230;<\/p>\n<p>Oui, on est habill\u00e9s pareils qu&rsquo;au d\u00e9part. Mais il ont \u00e9t\u00e9 lav\u00e9s plusieurs fois depuis&#8230;<\/p>\n<p>&nbsp;<\/p>\n<p>&nbsp;<\/p>\n","protected":false},"excerpt":{"rendered":"<p>Vendredi 14 juin 2024 6.38 km en 2h05 D\u00e9nivel\u00e9 : 57+ et 120- Cumul 335,49 km et moyenne journali\u00e8re de 17,65 km Surprise ! On n&rsquo;a m\u00eame plus regard\u00e9 la m\u00e9t\u00e9o, tant on \u00e9tait persuad\u00e9 d&rsquo;avoir le beau temps. Las, la pluie nous a rattrap\u00e9s. D\u00e8s le d\u00e9part, \u00e7a monte \u00c7a descend \u00e9glise de Lournand [&hellip;]<\/p>\n","protected":false},"author":3,"featured_media":0,"parent":0,"menu_order":0,"comment_status":"closed","ping_status":"closed","template":"","meta":{"footnotes":""},"class_list":["post-3365","page","type-page","status-publish","hentry"],"_links":{"self":[{"href":"https:\/\/www.flieg.fr\/index.php?rest_route=\/wp\/v2\/pages\/3365","targetHints":{"allow":["GET"]}}],"collection":[{"href":"https:\/\/www.flieg.fr\/index.php?rest_route=\/wp\/v2\/pages"}],"about":[{"href":"https:\/\/www.flieg.fr\/index.php?rest_route=\/wp\/v2\/types\/page"}],"author":[{"embeddable":true,"href":"https:\/\/www.flieg.fr\/index.php?rest_route=\/wp\/v2\/users\/3"}],"replies":[{"embeddable":true,"href":"https:\/\/www.flieg.fr\/index.php?rest_route=%2Fwp%2Fv2%2Fcomments&post=3365"}],"version-history":[{"count":14,"href":"https:\/\/www.flieg.fr\/index.php?rest_route=\/wp\/v2\/pages\/3365\/revisions"}],"predecessor-version":[{"id":3408,"href":"https:\/\/www.flieg.fr\/index.php?rest_route=\/wp\/v2\/pages\/3365\/revisions\/3408"}],"wp:attachment":[{"href":"https:\/\/www.flieg.fr\/index.php?rest_route=%2Fwp%2Fv2%2Fmedia&parent=3365"}],"curies":[{"name":"wp","href":"https:\/\/api.w.org\/{rel}","templated":true}]}}