{"id":3300,"date":"2024-06-10T16:40:45","date_gmt":"2024-06-10T15:40:45","guid":{"rendered":"https:\/\/www.flieg.fr\/?page_id=3300"},"modified":"2024-06-12T16:38:46","modified_gmt":"2024-06-12T15:38:46","slug":"etape-16-de-chagny-a-cercot","status":"publish","type":"page","link":"https:\/\/www.flieg.fr\/?page_id=3300","title":{"rendered":"Etape 16 : de Chagny \u00e0 Cercot"},"content":{"rendered":"<p style=\"text-align: left;\">Mardi, le 11 juin 2024<\/p>\n<p>La plus longue et la plus fatigante de nos \u00e9tapes.<\/p>\n<p>23 km en 7 heures de marche. D\u00e9nivel\u00e9 :\u00a0 480+ et 450-<\/p>\n<p>Cumul ; 285,82 km moyenne journali\u00e8re : 17,80 km<\/p>\n<p>&nbsp;<\/p>\n<p><a href=\"https:\/\/www.flieg.fr\/wordpress\/wp-content\/uploads\/2024\/06\/20240611_085317-scaled.jpg\"><img loading=\"lazy\" decoding=\"async\" class=\"alignnone size-large wp-image-3304\" src=\"https:\/\/www.flieg.fr\/wordpress\/wp-content\/uploads\/2024\/06\/20240611_085317-1024x576.jpg\" alt=\"\" width=\"625\" height=\"352\" srcset=\"https:\/\/www.flieg.fr\/wordpress\/wp-content\/uploads\/2024\/06\/20240611_085317-1024x576.jpg 1024w, https:\/\/www.flieg.fr\/wordpress\/wp-content\/uploads\/2024\/06\/20240611_085317-300x169.jpg 300w, https:\/\/www.flieg.fr\/wordpress\/wp-content\/uploads\/2024\/06\/20240611_085317-768x432.jpg 768w, https:\/\/www.flieg.fr\/wordpress\/wp-content\/uploads\/2024\/06\/20240611_085317-1536x864.jpg 1536w, https:\/\/www.flieg.fr\/wordpress\/wp-content\/uploads\/2024\/06\/20240611_085317-2048x1152.jpg 2048w, https:\/\/www.flieg.fr\/wordpress\/wp-content\/uploads\/2024\/06\/20240611_085317-624x351.jpg 624w\" sizes=\"auto, (max-width: 625px) 100vw, 625px\" \/><\/a>Pour quitter Chagny, nous suivons le canal du Centre sur quelques kilom\u00e8tres.<\/p>\n<p><a href=\"https:\/\/www.flieg.fr\/wordpress\/wp-content\/uploads\/2024\/06\/IMG-20240611-WA0000.jpg\"><img loading=\"lazy\" decoding=\"async\" class=\"alignnone size-large wp-image-3313\" src=\"https:\/\/www.flieg.fr\/wordpress\/wp-content\/uploads\/2024\/06\/IMG-20240611-WA0000-576x1024.jpg\" alt=\"\" width=\"576\" height=\"1024\" srcset=\"https:\/\/www.flieg.fr\/wordpress\/wp-content\/uploads\/2024\/06\/IMG-20240611-WA0000-576x1024.jpg 576w, https:\/\/www.flieg.fr\/wordpress\/wp-content\/uploads\/2024\/06\/IMG-20240611-WA0000-169x300.jpg 169w, https:\/\/www.flieg.fr\/wordpress\/wp-content\/uploads\/2024\/06\/IMG-20240611-WA0000-768x1365.jpg 768w, https:\/\/www.flieg.fr\/wordpress\/wp-content\/uploads\/2024\/06\/IMG-20240611-WA0000-864x1536.jpg 864w, https:\/\/www.flieg.fr\/wordpress\/wp-content\/uploads\/2024\/06\/IMG-20240611-WA0000-624x1109.jpg 624w, https:\/\/www.flieg.fr\/wordpress\/wp-content\/uploads\/2024\/06\/IMG-20240611-WA0000.jpg 1152w\" sizes=\"auto, (max-width: 576px) 100vw, 576px\" \/><\/a><\/p>\n<p>Le vendangeur inoxydable de Rully<\/p>\n<p><a href=\"https:\/\/www.flieg.fr\/wordpress\/wp-content\/uploads\/2024\/06\/20240611_104232-scaled.jpg\"><img loading=\"lazy\" decoding=\"async\" class=\"alignnone size-large wp-image-3306\" src=\"https:\/\/www.flieg.fr\/wordpress\/wp-content\/uploads\/2024\/06\/20240611_104232-1024x576.jpg\" alt=\"\" width=\"625\" height=\"352\" srcset=\"https:\/\/www.flieg.fr\/wordpress\/wp-content\/uploads\/2024\/06\/20240611_104232-1024x576.jpg 1024w, https:\/\/www.flieg.fr\/wordpress\/wp-content\/uploads\/2024\/06\/20240611_104232-300x169.jpg 300w, https:\/\/www.flieg.fr\/wordpress\/wp-content\/uploads\/2024\/06\/20240611_104232-768x432.jpg 768w, https:\/\/www.flieg.fr\/wordpress\/wp-content\/uploads\/2024\/06\/20240611_104232-1536x864.jpg 1536w, https:\/\/www.flieg.fr\/wordpress\/wp-content\/uploads\/2024\/06\/20240611_104232-2048x1152.jpg 2048w, https:\/\/www.flieg.fr\/wordpress\/wp-content\/uploads\/2024\/06\/20240611_104232-624x351.jpg 624w\" sizes=\"auto, (max-width: 625px) 100vw, 625px\" \/><\/a><\/p>\n<p>Comme ce ch\u00e2teau de Rully, il y a de nombreux ch\u00e2teaux qui ont fi\u00e8re allure, mais dont les propri\u00e9taires n&rsquo;ont plus les moyens d&rsquo;entretenir.<\/p>\n<p><a href=\"https:\/\/www.flieg.fr\/wordpress\/wp-content\/uploads\/2024\/06\/20240611_130619-1-scaled.jpg\"><img loading=\"lazy\" decoding=\"async\" class=\"alignnone size-large wp-image-3314\" src=\"https:\/\/www.flieg.fr\/wordpress\/wp-content\/uploads\/2024\/06\/20240611_130619-1-1024x576.jpg\" alt=\"\" width=\"625\" height=\"352\" srcset=\"https:\/\/www.flieg.fr\/wordpress\/wp-content\/uploads\/2024\/06\/20240611_130619-1-1024x576.jpg 1024w, https:\/\/www.flieg.fr\/wordpress\/wp-content\/uploads\/2024\/06\/20240611_130619-1-300x169.jpg 300w, https:\/\/www.flieg.fr\/wordpress\/wp-content\/uploads\/2024\/06\/20240611_130619-1-768x432.jpg 768w, https:\/\/www.flieg.fr\/wordpress\/wp-content\/uploads\/2024\/06\/20240611_130619-1-1536x864.jpg 1536w, https:\/\/www.flieg.fr\/wordpress\/wp-content\/uploads\/2024\/06\/20240611_130619-1-2048x1152.jpg 2048w, https:\/\/www.flieg.fr\/wordpress\/wp-content\/uploads\/2024\/06\/20240611_130619-1-624x351.jpg 624w\" sizes=\"auto, (max-width: 625px) 100vw, 625px\" \/><\/a><\/p>\n<p>Vue sur Mercurey<\/p>\n<p><a href=\"https:\/\/www.flieg.fr\/wordpress\/wp-content\/uploads\/2024\/06\/20240611_133359-scaled.jpg\"><img loading=\"lazy\" decoding=\"async\" class=\"alignnone size-large wp-image-3316\" src=\"https:\/\/www.flieg.fr\/wordpress\/wp-content\/uploads\/2024\/06\/20240611_133359-1024x576.jpg\" alt=\"\" width=\"625\" height=\"352\" srcset=\"https:\/\/www.flieg.fr\/wordpress\/wp-content\/uploads\/2024\/06\/20240611_133359-1024x576.jpg 1024w, https:\/\/www.flieg.fr\/wordpress\/wp-content\/uploads\/2024\/06\/20240611_133359-300x169.jpg 300w, https:\/\/www.flieg.fr\/wordpress\/wp-content\/uploads\/2024\/06\/20240611_133359-768x432.jpg 768w, https:\/\/www.flieg.fr\/wordpress\/wp-content\/uploads\/2024\/06\/20240611_133359-1536x864.jpg 1536w, https:\/\/www.flieg.fr\/wordpress\/wp-content\/uploads\/2024\/06\/20240611_133359-2048x1152.jpg 2048w, https:\/\/www.flieg.fr\/wordpress\/wp-content\/uploads\/2024\/06\/20240611_133359-624x351.jpg 624w\" sizes=\"auto, (max-width: 625px) 100vw, 625px\" \/><\/a><\/p>\n<p>Au premier plan : un vignoble productif. Au second plan : un vignoble tout juste replant\u00e9. A l&rsquo;arri\u00e8re plan : un vignoble \u00e2g\u00e9 d&rsquo;un an<\/p>\n<p><a href=\"https:\/\/www.flieg.fr\/wordpress\/wp-content\/uploads\/2024\/06\/20240611_134428-scaled.jpg\"><img loading=\"lazy\" decoding=\"async\" class=\"alignnone size-large wp-image-3308\" src=\"https:\/\/www.flieg.fr\/wordpress\/wp-content\/uploads\/2024\/06\/20240611_134428-1024x576.jpg\" alt=\"\" width=\"625\" height=\"352\" srcset=\"https:\/\/www.flieg.fr\/wordpress\/wp-content\/uploads\/2024\/06\/20240611_134428-1024x576.jpg 1024w, https:\/\/www.flieg.fr\/wordpress\/wp-content\/uploads\/2024\/06\/20240611_134428-300x169.jpg 300w, https:\/\/www.flieg.fr\/wordpress\/wp-content\/uploads\/2024\/06\/20240611_134428-768x432.jpg 768w, https:\/\/www.flieg.fr\/wordpress\/wp-content\/uploads\/2024\/06\/20240611_134428-1536x864.jpg 1536w, https:\/\/www.flieg.fr\/wordpress\/wp-content\/uploads\/2024\/06\/20240611_134428-2048x1152.jpg 2048w, https:\/\/www.flieg.fr\/wordpress\/wp-content\/uploads\/2024\/06\/20240611_134428-624x351.jpg 624w\" sizes=\"auto, (max-width: 625px) 100vw, 625px\" \/><\/a><\/p>\n<p>Tous les jours, on trouve des orchid\u00e9es par dizaines avec des couleurs intenses<\/p>\n<p><a href=\"https:\/\/www.flieg.fr\/wordpress\/wp-content\/uploads\/2024\/06\/20240611_171047-scaled.jpg\"><img loading=\"lazy\" decoding=\"async\" class=\"alignnone size-large wp-image-3325\" src=\"https:\/\/www.flieg.fr\/wordpress\/wp-content\/uploads\/2024\/06\/20240611_171047-1024x576.jpg\" alt=\"\" width=\"625\" height=\"352\" srcset=\"https:\/\/www.flieg.fr\/wordpress\/wp-content\/uploads\/2024\/06\/20240611_171047-1024x576.jpg 1024w, https:\/\/www.flieg.fr\/wordpress\/wp-content\/uploads\/2024\/06\/20240611_171047-300x169.jpg 300w, https:\/\/www.flieg.fr\/wordpress\/wp-content\/uploads\/2024\/06\/20240611_171047-768x432.jpg 768w, https:\/\/www.flieg.fr\/wordpress\/wp-content\/uploads\/2024\/06\/20240611_171047-1536x864.jpg 1536w, https:\/\/www.flieg.fr\/wordpress\/wp-content\/uploads\/2024\/06\/20240611_171047-2048x1152.jpg 2048w, https:\/\/www.flieg.fr\/wordpress\/wp-content\/uploads\/2024\/06\/20240611_171047-624x351.jpg 624w\" sizes=\"auto, (max-width: 625px) 100vw, 625px\" \/><\/a><\/p>\n<p>Nous avons gravi le mont avril qui culmine \u00e0 465m pendant plus d&rsquo;une heure d&rsquo;efforts et enfin, en r\u00e9compense, nous d\u00e9couvrons notre destination du jour\u00a0 : Cercot.<\/p>\n<p><a href=\"https:\/\/www.flieg.fr\/wordpress\/wp-content\/uploads\/2024\/06\/IMG-20240611-WA0002.jpg\"><img loading=\"lazy\" decoding=\"async\" class=\"alignnone size-large wp-image-3326\" src=\"https:\/\/www.flieg.fr\/wordpress\/wp-content\/uploads\/2024\/06\/IMG-20240611-WA0002-1024x576.jpg\" alt=\"\" width=\"625\" height=\"352\" srcset=\"https:\/\/www.flieg.fr\/wordpress\/wp-content\/uploads\/2024\/06\/IMG-20240611-WA0002-1024x576.jpg 1024w, https:\/\/www.flieg.fr\/wordpress\/wp-content\/uploads\/2024\/06\/IMG-20240611-WA0002-300x169.jpg 300w, https:\/\/www.flieg.fr\/wordpress\/wp-content\/uploads\/2024\/06\/IMG-20240611-WA0002-768x432.jpg 768w, https:\/\/www.flieg.fr\/wordpress\/wp-content\/uploads\/2024\/06\/IMG-20240611-WA0002-1536x864.jpg 1536w, https:\/\/www.flieg.fr\/wordpress\/wp-content\/uploads\/2024\/06\/IMG-20240611-WA0002-624x351.jpg 624w, https:\/\/www.flieg.fr\/wordpress\/wp-content\/uploads\/2024\/06\/IMG-20240611-WA0002.jpg 1600w\" sizes=\"auto, (max-width: 625px) 100vw, 625px\" \/><\/a><\/p>\n<p>Une chambre d&rsquo;h\u00f4tes sympatique nous y attend.<\/p>\n<p>Il y a m\u00eame un petit sauna infrarouge qui a soign\u00e9 nos muscles (si,si) endoloris<\/p>\n<p><a href=\"https:\/\/www.flieg.fr\/wordpress\/wp-content\/uploads\/2024\/06\/IMG-20240611-WA0001.jpg\"><img loading=\"lazy\" decoding=\"async\" class=\"alignnone size-large wp-image-3319\" src=\"https:\/\/www.flieg.fr\/wordpress\/wp-content\/uploads\/2024\/06\/IMG-20240611-WA0001-1024x576.jpg\" alt=\"\" width=\"625\" height=\"352\" srcset=\"https:\/\/www.flieg.fr\/wordpress\/wp-content\/uploads\/2024\/06\/IMG-20240611-WA0001-1024x576.jpg 1024w, https:\/\/www.flieg.fr\/wordpress\/wp-content\/uploads\/2024\/06\/IMG-20240611-WA0001-300x169.jpg 300w, https:\/\/www.flieg.fr\/wordpress\/wp-content\/uploads\/2024\/06\/IMG-20240611-WA0001-768x432.jpg 768w, https:\/\/www.flieg.fr\/wordpress\/wp-content\/uploads\/2024\/06\/IMG-20240611-WA0001-1536x864.jpg 1536w, https:\/\/www.flieg.fr\/wordpress\/wp-content\/uploads\/2024\/06\/IMG-20240611-WA0001-624x351.jpg 624w, https:\/\/www.flieg.fr\/wordpress\/wp-content\/uploads\/2024\/06\/IMG-20240611-WA0001.jpg 1600w\" sizes=\"auto, (max-width: 625px) 100vw, 625px\" \/><\/a><\/p>\n<p>Et voici le Webmestre en mezzanine, tellement fatigu\u00e9 qu&rsquo;il s&rsquo;est endormi sur sa t\u00e2che.<\/p>\n<p><a href=\"https:\/\/www.flieg.fr\/wordpress\/?page_id=3321\"><img loading=\"lazy\" decoding=\"async\" class=\"wp-image-2961 aligncenter\" src=\"https:\/\/www.flieg.fr\/wordpress\/wp-content\/uploads\/2024\/05\/md_5aeaff6fd71da.jpg\" alt=\"\" width=\"64\" height=\"64\" srcset=\"https:\/\/www.flieg.fr\/wordpress\/wp-content\/uploads\/2024\/05\/md_5aeaff6fd71da.jpg 640w, https:\/\/www.flieg.fr\/wordpress\/wp-content\/uploads\/2024\/05\/md_5aeaff6fd71da-300x300.jpg 300w, https:\/\/www.flieg.fr\/wordpress\/wp-content\/uploads\/2024\/05\/md_5aeaff6fd71da-150x150.jpg 150w, https:\/\/www.flieg.fr\/wordpress\/wp-content\/uploads\/2024\/05\/md_5aeaff6fd71da-624x624.jpg 624w\" sizes=\"auto, (max-width: 64px) 100vw, 64px\" \/><\/a><\/p>\n<p>&nbsp;<\/p>\n<p>&nbsp;<\/p>\n<p>&nbsp;<\/p>\n","protected":false},"excerpt":{"rendered":"<p>Mardi, le 11 juin 2024 La plus longue et la plus fatigante de nos \u00e9tapes. 23 km en 7 heures de marche. D\u00e9nivel\u00e9 :\u00a0 480+ et 450- Cumul ; 285,82 km moyenne journali\u00e8re : 17,80 km &nbsp; Pour quitter Chagny, nous suivons le canal du Centre sur quelques kilom\u00e8tres. Le vendangeur inoxydable de Rully Comme [&hellip;]<\/p>\n","protected":false},"author":3,"featured_media":0,"parent":0,"menu_order":0,"comment_status":"closed","ping_status":"closed","template":"","meta":{"footnotes":""},"class_list":["post-3300","page","type-page","status-publish","hentry"],"_links":{"self":[{"href":"https:\/\/www.flieg.fr\/index.php?rest_route=\/wp\/v2\/pages\/3300","targetHints":{"allow":["GET"]}}],"collection":[{"href":"https:\/\/www.flieg.fr\/index.php?rest_route=\/wp\/v2\/pages"}],"about":[{"href":"https:\/\/www.flieg.fr\/index.php?rest_route=\/wp\/v2\/types\/page"}],"author":[{"embeddable":true,"href":"https:\/\/www.flieg.fr\/index.php?rest_route=\/wp\/v2\/users\/3"}],"replies":[{"embeddable":true,"href":"https:\/\/www.flieg.fr\/index.php?rest_route=%2Fwp%2Fv2%2Fcomments&post=3300"}],"version-history":[{"count":11,"href":"https:\/\/www.flieg.fr\/index.php?rest_route=\/wp\/v2\/pages\/3300\/revisions"}],"predecessor-version":[{"id":3328,"href":"https:\/\/www.flieg.fr\/index.php?rest_route=\/wp\/v2\/pages\/3300\/revisions\/3328"}],"wp:attachment":[{"href":"https:\/\/www.flieg.fr\/index.php?rest_route=%2Fwp%2Fv2%2Fmedia&parent=3300"}],"curies":[{"name":"wp","href":"https:\/\/api.w.org\/{rel}","templated":true}]}}