{"id":3246,"date":"2024-06-08T13:37:09","date_gmt":"2024-06-08T12:37:09","guid":{"rendered":"https:\/\/www.flieg.fr\/?page_id=3246"},"modified":"2024-06-10T15:36:07","modified_gmt":"2024-06-10T14:36:07","slug":"etape-14-de-nuits-saint-georges-a-beaune","status":"publish","type":"page","link":"https:\/\/www.flieg.fr\/?page_id=3246","title":{"rendered":"Etape 14 : de Nuits-Saint-Georges \u00e0 Beaune"},"content":{"rendered":"<p>Dimanche 9 juin 2024<\/p>\n<p>22,35 km en 6h15 de marche. D\u00e9nivel\u00e9 : 56+ et 100-<\/p>\n<p>Cumul 243,12 km : moyenne 17,36 km\/jour<\/p>\n<p><a href=\"https:\/\/www.flieg.fr\/wordpress\/wp-content\/uploads\/2024\/06\/20240609_083450-scaled.jpg\"><img loading=\"lazy\" decoding=\"async\" class=\"alignnone size-large wp-image-3259\" src=\"https:\/\/www.flieg.fr\/wordpress\/wp-content\/uploads\/2024\/06\/20240609_083450-576x1024.jpg\" alt=\"\" width=\"576\" height=\"1024\" srcset=\"https:\/\/www.flieg.fr\/wordpress\/wp-content\/uploads\/2024\/06\/20240609_083450-576x1024.jpg 576w, https:\/\/www.flieg.fr\/wordpress\/wp-content\/uploads\/2024\/06\/20240609_083450-169x300.jpg 169w, https:\/\/www.flieg.fr\/wordpress\/wp-content\/uploads\/2024\/06\/20240609_083450-768x1365.jpg 768w, https:\/\/www.flieg.fr\/wordpress\/wp-content\/uploads\/2024\/06\/20240609_083450-864x1536.jpg 864w, https:\/\/www.flieg.fr\/wordpress\/wp-content\/uploads\/2024\/06\/20240609_083450-1152x2048.jpg 1152w, https:\/\/www.flieg.fr\/wordpress\/wp-content\/uploads\/2024\/06\/20240609_083450-624x1109.jpg 624w, https:\/\/www.flieg.fr\/wordpress\/wp-content\/uploads\/2024\/06\/20240609_083450-scaled.jpg 1440w\" sizes=\"auto, (max-width: 576px) 100vw, 576px\" \/><\/a><\/p>\n<p>Ce matin, le clocher de l&rsquo;\u00e9glise Saint Denis brille au soleil.<\/p>\n<p><a href=\"https:\/\/www.flieg.fr\/wordpress\/wp-content\/uploads\/2024\/06\/20240609_084034-scaled.jpg\"><img loading=\"lazy\" decoding=\"async\" class=\"alignnone size-large wp-image-3261\" src=\"https:\/\/www.flieg.fr\/wordpress\/wp-content\/uploads\/2024\/06\/20240609_084034-1024x576.jpg\" alt=\"\" width=\"625\" height=\"352\" srcset=\"https:\/\/www.flieg.fr\/wordpress\/wp-content\/uploads\/2024\/06\/20240609_084034-1024x576.jpg 1024w, https:\/\/www.flieg.fr\/wordpress\/wp-content\/uploads\/2024\/06\/20240609_084034-300x169.jpg 300w, https:\/\/www.flieg.fr\/wordpress\/wp-content\/uploads\/2024\/06\/20240609_084034-768x432.jpg 768w, https:\/\/www.flieg.fr\/wordpress\/wp-content\/uploads\/2024\/06\/20240609_084034-1536x864.jpg 1536w, https:\/\/www.flieg.fr\/wordpress\/wp-content\/uploads\/2024\/06\/20240609_084034-2048x1152.jpg 2048w, https:\/\/www.flieg.fr\/wordpress\/wp-content\/uploads\/2024\/06\/20240609_084034-624x351.jpg 624w\" sizes=\"auto, (max-width: 625px) 100vw, 625px\" \/><\/a><\/p>\n<p>Premiers regards sur les vignes de Nuits-Saint-Georges. Le ciel est bleu, mais il se ferme \u00e0 l&rsquo;horizon&#8230;<\/p>\n<p><a href=\"https:\/\/www.flieg.fr\/wordpress\/wp-content\/uploads\/2024\/06\/20240609_121730-scaled.jpg\"><img loading=\"lazy\" decoding=\"async\" class=\"alignnone size-large wp-image-3264\" src=\"https:\/\/www.flieg.fr\/wordpress\/wp-content\/uploads\/2024\/06\/20240609_121730-1024x576.jpg\" alt=\"\" width=\"625\" height=\"352\" srcset=\"https:\/\/www.flieg.fr\/wordpress\/wp-content\/uploads\/2024\/06\/20240609_121730-1024x576.jpg 1024w, https:\/\/www.flieg.fr\/wordpress\/wp-content\/uploads\/2024\/06\/20240609_121730-300x169.jpg 300w, https:\/\/www.flieg.fr\/wordpress\/wp-content\/uploads\/2024\/06\/20240609_121730-768x432.jpg 768w, https:\/\/www.flieg.fr\/wordpress\/wp-content\/uploads\/2024\/06\/20240609_121730-1536x864.jpg 1536w, https:\/\/www.flieg.fr\/wordpress\/wp-content\/uploads\/2024\/06\/20240609_121730-2048x1152.jpg 2048w, https:\/\/www.flieg.fr\/wordpress\/wp-content\/uploads\/2024\/06\/20240609_121730-624x351.jpg 624w\" sizes=\"auto, (max-width: 625px) 100vw, 625px\" \/><\/a><\/p>\n<p><a href=\"https:\/\/www.flieg.fr\/wordpress\/wp-content\/uploads\/2024\/06\/20240609_123304-scaled.jpg\"><img loading=\"lazy\" decoding=\"async\" class=\"alignnone size-large wp-image-3265\" src=\"https:\/\/www.flieg.fr\/wordpress\/wp-content\/uploads\/2024\/06\/20240609_123304-576x1024.jpg\" alt=\"\" width=\"576\" height=\"1024\" srcset=\"https:\/\/www.flieg.fr\/wordpress\/wp-content\/uploads\/2024\/06\/20240609_123304-576x1024.jpg 576w, https:\/\/www.flieg.fr\/wordpress\/wp-content\/uploads\/2024\/06\/20240609_123304-169x300.jpg 169w, https:\/\/www.flieg.fr\/wordpress\/wp-content\/uploads\/2024\/06\/20240609_123304-768x1365.jpg 768w, https:\/\/www.flieg.fr\/wordpress\/wp-content\/uploads\/2024\/06\/20240609_123304-864x1536.jpg 864w, https:\/\/www.flieg.fr\/wordpress\/wp-content\/uploads\/2024\/06\/20240609_123304-1152x2048.jpg 1152w, https:\/\/www.flieg.fr\/wordpress\/wp-content\/uploads\/2024\/06\/20240609_123304-624x1109.jpg 624w, https:\/\/www.flieg.fr\/wordpress\/wp-content\/uploads\/2024\/06\/20240609_123304-scaled.jpg 1440w\" sizes=\"auto, (max-width: 576px) 100vw, 576px\" \/><\/a><\/p>\n<p>Aloxe-Corton : les portes sont ouvertes, mais pas pour nous.<\/p>\n<p><a href=\"https:\/\/www.flieg.fr\/wordpress\/wp-content\/uploads\/2024\/06\/20240609_142809-scaled.jpg\"><img loading=\"lazy\" decoding=\"async\" class=\"alignnone size-large wp-image-3266\" src=\"https:\/\/www.flieg.fr\/wordpress\/wp-content\/uploads\/2024\/06\/20240609_142809-576x1024.jpg\" alt=\"\" width=\"576\" height=\"1024\" srcset=\"https:\/\/www.flieg.fr\/wordpress\/wp-content\/uploads\/2024\/06\/20240609_142809-576x1024.jpg 576w, https:\/\/www.flieg.fr\/wordpress\/wp-content\/uploads\/2024\/06\/20240609_142809-169x300.jpg 169w, https:\/\/www.flieg.fr\/wordpress\/wp-content\/uploads\/2024\/06\/20240609_142809-768x1365.jpg 768w, https:\/\/www.flieg.fr\/wordpress\/wp-content\/uploads\/2024\/06\/20240609_142809-864x1536.jpg 864w, https:\/\/www.flieg.fr\/wordpress\/wp-content\/uploads\/2024\/06\/20240609_142809-1152x2048.jpg 1152w, https:\/\/www.flieg.fr\/wordpress\/wp-content\/uploads\/2024\/06\/20240609_142809-624x1109.jpg 624w, https:\/\/www.flieg.fr\/wordpress\/wp-content\/uploads\/2024\/06\/20240609_142809-scaled.jpg 1440w\" sizes=\"auto, (max-width: 576px) 100vw, 576px\" \/><\/a><\/p>\n<p>Arriv\u00e9e \u00e0 Beaune avec de bonnes glaces comme r\u00e9compense<\/p>\n<p>\u00b7<a href=\"https:\/\/www.flieg.fr\/wordpress\/wp-content\/uploads\/2024\/06\/20240609_145542-scaled.jpg\"><img loading=\"lazy\" decoding=\"async\" class=\"alignnone size-large wp-image-3268\" src=\"https:\/\/www.flieg.fr\/wordpress\/wp-content\/uploads\/2024\/06\/20240609_145542-1024x576.jpg\" alt=\"\" width=\"625\" height=\"352\" srcset=\"https:\/\/www.flieg.fr\/wordpress\/wp-content\/uploads\/2024\/06\/20240609_145542-1024x576.jpg 1024w, https:\/\/www.flieg.fr\/wordpress\/wp-content\/uploads\/2024\/06\/20240609_145542-300x169.jpg 300w, https:\/\/www.flieg.fr\/wordpress\/wp-content\/uploads\/2024\/06\/20240609_145542-768x432.jpg 768w, https:\/\/www.flieg.fr\/wordpress\/wp-content\/uploads\/2024\/06\/20240609_145542-1536x864.jpg 1536w, https:\/\/www.flieg.fr\/wordpress\/wp-content\/uploads\/2024\/06\/20240609_145542-2048x1152.jpg 2048w, https:\/\/www.flieg.fr\/wordpress\/wp-content\/uploads\/2024\/06\/20240609_145542-624x351.jpg 624w\" sizes=\"auto, (max-width: 625px) 100vw, 625px\" \/><\/a><\/p>\n<p>Nous visitons les hospices de Beaune. Voici la cour<\/p>\n<p><a href=\"https:\/\/www.flieg.fr\/wordpress\/wp-content\/uploads\/2024\/06\/20240609_145654-scaled.jpg\"><img loading=\"lazy\" decoding=\"async\" class=\"alignnone size-large wp-image-3269\" src=\"https:\/\/www.flieg.fr\/wordpress\/wp-content\/uploads\/2024\/06\/20240609_145654-1024x576.jpg\" alt=\"\" width=\"625\" height=\"352\" srcset=\"https:\/\/www.flieg.fr\/wordpress\/wp-content\/uploads\/2024\/06\/20240609_145654-1024x576.jpg 1024w, https:\/\/www.flieg.fr\/wordpress\/wp-content\/uploads\/2024\/06\/20240609_145654-300x169.jpg 300w, https:\/\/www.flieg.fr\/wordpress\/wp-content\/uploads\/2024\/06\/20240609_145654-768x432.jpg 768w, https:\/\/www.flieg.fr\/wordpress\/wp-content\/uploads\/2024\/06\/20240609_145654-1536x864.jpg 1536w, https:\/\/www.flieg.fr\/wordpress\/wp-content\/uploads\/2024\/06\/20240609_145654-2048x1152.jpg 2048w, https:\/\/www.flieg.fr\/wordpress\/wp-content\/uploads\/2024\/06\/20240609_145654-624x351.jpg 624w\" sizes=\"auto, (max-width: 625px) 100vw, 625px\" \/><\/a><\/p>\n<p><a href=\"https:\/\/www.flieg.fr\/wordpress\/wp-content\/uploads\/2024\/06\/20240609_150154-scaled.jpg\"><img loading=\"lazy\" decoding=\"async\" class=\"alignnone size-large wp-image-3270\" src=\"https:\/\/www.flieg.fr\/wordpress\/wp-content\/uploads\/2024\/06\/20240609_150154-1024x576.jpg\" alt=\"\" width=\"625\" height=\"352\" srcset=\"https:\/\/www.flieg.fr\/wordpress\/wp-content\/uploads\/2024\/06\/20240609_150154-1024x576.jpg 1024w, https:\/\/www.flieg.fr\/wordpress\/wp-content\/uploads\/2024\/06\/20240609_150154-300x169.jpg 300w, https:\/\/www.flieg.fr\/wordpress\/wp-content\/uploads\/2024\/06\/20240609_150154-768x432.jpg 768w, https:\/\/www.flieg.fr\/wordpress\/wp-content\/uploads\/2024\/06\/20240609_150154-1536x864.jpg 1536w, https:\/\/www.flieg.fr\/wordpress\/wp-content\/uploads\/2024\/06\/20240609_150154-2048x1152.jpg 2048w, https:\/\/www.flieg.fr\/wordpress\/wp-content\/uploads\/2024\/06\/20240609_150154-624x351.jpg 624w\" sizes=\"auto, (max-width: 625px) 100vw, 625px\" \/><\/a><\/p>\n<p>Salle des patients<\/p>\n<p><a href=\"https:\/\/www.flieg.fr\/wordpress\/wp-content\/uploads\/2024\/06\/IMG-20240609-WA0001.jpg\"><img loading=\"lazy\" decoding=\"async\" class=\"alignnone size-large wp-image-3271\" src=\"https:\/\/www.flieg.fr\/wordpress\/wp-content\/uploads\/2024\/06\/IMG-20240609-WA0001-1024x576.jpg\" alt=\"\" width=\"625\" height=\"352\" srcset=\"https:\/\/www.flieg.fr\/wordpress\/wp-content\/uploads\/2024\/06\/IMG-20240609-WA0001-1024x576.jpg 1024w, https:\/\/www.flieg.fr\/wordpress\/wp-content\/uploads\/2024\/06\/IMG-20240609-WA0001-300x169.jpg 300w, https:\/\/www.flieg.fr\/wordpress\/wp-content\/uploads\/2024\/06\/IMG-20240609-WA0001-768x432.jpg 768w, https:\/\/www.flieg.fr\/wordpress\/wp-content\/uploads\/2024\/06\/IMG-20240609-WA0001-1536x864.jpg 1536w, https:\/\/www.flieg.fr\/wordpress\/wp-content\/uploads\/2024\/06\/IMG-20240609-WA0001-624x351.jpg 624w, https:\/\/www.flieg.fr\/wordpress\/wp-content\/uploads\/2024\/06\/IMG-20240609-WA0001.jpg 2048w\" sizes=\"auto, (max-width: 625px) 100vw, 625px\" \/><\/a><\/p>\n<p>On a bien tent\u00e9 de r\u00e9server pour ce soir, mais les hospices n&rsquo;ont pas voulu.<\/p>\n<p><a href=\"https:\/\/www.flieg.fr\/wordpress\/wp-content\/uploads\/2024\/06\/IMG-20240609-WA0000.jpg\"><img loading=\"lazy\" decoding=\"async\" class=\"alignnone size-large wp-image-3272\" src=\"https:\/\/www.flieg.fr\/wordpress\/wp-content\/uploads\/2024\/06\/IMG-20240609-WA0000-1024x576.jpg\" alt=\"\" width=\"625\" height=\"352\" srcset=\"https:\/\/www.flieg.fr\/wordpress\/wp-content\/uploads\/2024\/06\/IMG-20240609-WA0000-1024x576.jpg 1024w, https:\/\/www.flieg.fr\/wordpress\/wp-content\/uploads\/2024\/06\/IMG-20240609-WA0000-300x169.jpg 300w, https:\/\/www.flieg.fr\/wordpress\/wp-content\/uploads\/2024\/06\/IMG-20240609-WA0000-768x432.jpg 768w, https:\/\/www.flieg.fr\/wordpress\/wp-content\/uploads\/2024\/06\/IMG-20240609-WA0000-1536x864.jpg 1536w, https:\/\/www.flieg.fr\/wordpress\/wp-content\/uploads\/2024\/06\/IMG-20240609-WA0000-624x351.jpg 624w, https:\/\/www.flieg.fr\/wordpress\/wp-content\/uploads\/2024\/06\/IMG-20240609-WA0000.jpg 2048w\" sizes=\"auto, (max-width: 625px) 100vw, 625px\" \/><\/a><\/p>\n<p>Pause avant de rejoindre notre h\u00f4tel<\/p>\n<p><a href=\"https:\/\/www.flieg.fr\/wordpress\/?page_id=3274\"><img loading=\"lazy\" decoding=\"async\" class=\"wp-image-2961 aligncenter\" src=\"https:\/\/www.flieg.fr\/wordpress\/wp-content\/uploads\/2024\/05\/md_5aeaff6fd71da.jpg\" alt=\"\" width=\"64\" height=\"64\" srcset=\"https:\/\/www.flieg.fr\/wordpress\/wp-content\/uploads\/2024\/05\/md_5aeaff6fd71da.jpg 640w, https:\/\/www.flieg.fr\/wordpress\/wp-content\/uploads\/2024\/05\/md_5aeaff6fd71da-300x300.jpg 300w, https:\/\/www.flieg.fr\/wordpress\/wp-content\/uploads\/2024\/05\/md_5aeaff6fd71da-150x150.jpg 150w, https:\/\/www.flieg.fr\/wordpress\/wp-content\/uploads\/2024\/05\/md_5aeaff6fd71da-624x624.jpg 624w\" sizes=\"auto, (max-width: 64px) 100vw, 64px\" \/><\/a><\/p>\n<hr \/>\n<p>&nbsp;<\/p>\n","protected":false},"excerpt":{"rendered":"<p>Dimanche 9 juin 2024 22,35 km en 6h15 de marche. D\u00e9nivel\u00e9 : 56+ et 100- Cumul 243,12 km : moyenne 17,36 km\/jour Ce matin, le clocher de l&rsquo;\u00e9glise Saint Denis brille au soleil. Premiers regards sur les vignes de Nuits-Saint-Georges. Le ciel est bleu, mais il se ferme \u00e0 l&rsquo;horizon&#8230; Aloxe-Corton : les portes sont [&hellip;]<\/p>\n","protected":false},"author":3,"featured_media":0,"parent":0,"menu_order":0,"comment_status":"closed","ping_status":"closed","template":"","meta":{"footnotes":""},"class_list":["post-3246","page","type-page","status-publish","hentry"],"_links":{"self":[{"href":"https:\/\/www.flieg.fr\/index.php?rest_route=\/wp\/v2\/pages\/3246","targetHints":{"allow":["GET"]}}],"collection":[{"href":"https:\/\/www.flieg.fr\/index.php?rest_route=\/wp\/v2\/pages"}],"about":[{"href":"https:\/\/www.flieg.fr\/index.php?rest_route=\/wp\/v2\/types\/page"}],"author":[{"embeddable":true,"href":"https:\/\/www.flieg.fr\/index.php?rest_route=\/wp\/v2\/users\/3"}],"replies":[{"embeddable":true,"href":"https:\/\/www.flieg.fr\/index.php?rest_route=%2Fwp%2Fv2%2Fcomments&post=3246"}],"version-history":[{"count":9,"href":"https:\/\/www.flieg.fr\/index.php?rest_route=\/wp\/v2\/pages\/3246\/revisions"}],"predecessor-version":[{"id":3277,"href":"https:\/\/www.flieg.fr\/index.php?rest_route=\/wp\/v2\/pages\/3246\/revisions\/3277"}],"wp:attachment":[{"href":"https:\/\/www.flieg.fr\/index.php?rest_route=%2Fwp%2Fv2%2Fmedia&parent=3246"}],"curies":[{"name":"wp","href":"https:\/\/api.w.org\/{rel}","templated":true}]}}