{"id":3116,"date":"2024-06-02T17:58:02","date_gmt":"2024-06-02T16:58:02","guid":{"rendered":"https:\/\/www.flieg.fr\/?page_id=3116"},"modified":"2024-06-04T15:35:38","modified_gmt":"2024-06-04T14:35:38","slug":"etape-8-de-autoreille-a-vitraux","status":"publish","type":"page","link":"https:\/\/www.flieg.fr\/?page_id=3116","title":{"rendered":"Etape 8 : de Autoreille \u00e0 Vitreux"},"content":{"rendered":"<p>Lundi 3 juin 2024<\/p>\n<p>23 km en 6h30 de marche. D\u00e9nivel\u00e9 : 186+ et 293-<\/p>\n<p>&nbsp;<\/p>\n<p>Ce lundi, les conditions sont r\u00e9unies pour renvoyer les chaussures de Michelle par la Poste. Le pays Comtois est en train de perdre tous ses services publics locaux. Les bureaux de Poste ferment les uns apr\u00e8s les autres. Le bureau le plus proche est \u00e0 Marnay \u00e0 12km. Soit 3h30 de marche soutenue. A 8h pile nous nous lan\u00e7ons sur les chemins. <span style=\"font-size: 1rem;\">Et il faut arriver avant 12h00 au bureau! <a href=\"https:\/\/www.flieg.fr\/wordpress\/wp-content\/uploads\/2024\/06\/20240603_102913-scaled.jpg\"><img loading=\"lazy\" decoding=\"async\" class=\"alignnone size-large wp-image-3125\" src=\"https:\/\/www.flieg.fr\/wordpress\/wp-content\/uploads\/2024\/06\/20240603_102913-1024x576.jpg\" alt=\"\" width=\"625\" height=\"352\" srcset=\"https:\/\/www.flieg.fr\/wordpress\/wp-content\/uploads\/2024\/06\/20240603_102913-1024x576.jpg 1024w, https:\/\/www.flieg.fr\/wordpress\/wp-content\/uploads\/2024\/06\/20240603_102913-300x169.jpg 300w, https:\/\/www.flieg.fr\/wordpress\/wp-content\/uploads\/2024\/06\/20240603_102913-768x432.jpg 768w, https:\/\/www.flieg.fr\/wordpress\/wp-content\/uploads\/2024\/06\/20240603_102913-1536x864.jpg 1536w, https:\/\/www.flieg.fr\/wordpress\/wp-content\/uploads\/2024\/06\/20240603_102913-2048x1152.jpg 2048w, https:\/\/www.flieg.fr\/wordpress\/wp-content\/uploads\/2024\/06\/20240603_102913-624x351.jpg 624w\" sizes=\"auto, (max-width: 625px) 100vw, 625px\" \/><\/a>Dans la for\u00eat, nous prenons du retard \u00e0 cause de l&rsquo;\u00e9tat des chemins. Il y a des flaques de boue profondes sur des centaines de m\u00e8tres. Finalement, on arrive au bureau de poste \u00e0 11h40.<\/span><\/p>\n<p><a href=\"https:\/\/www.flieg.fr\/wordpress\/wp-content\/uploads\/2024\/06\/20240603_113943-scaled.jpg\"><img loading=\"lazy\" decoding=\"async\" class=\"alignnone size-large wp-image-3128\" src=\"https:\/\/www.flieg.fr\/wordpress\/wp-content\/uploads\/2024\/06\/20240603_113943-1024x576.jpg\" alt=\"\" width=\"625\" height=\"352\" srcset=\"https:\/\/www.flieg.fr\/wordpress\/wp-content\/uploads\/2024\/06\/20240603_113943-1024x576.jpg 1024w, https:\/\/www.flieg.fr\/wordpress\/wp-content\/uploads\/2024\/06\/20240603_113943-300x169.jpg 300w, https:\/\/www.flieg.fr\/wordpress\/wp-content\/uploads\/2024\/06\/20240603_113943-768x432.jpg 768w, https:\/\/www.flieg.fr\/wordpress\/wp-content\/uploads\/2024\/06\/20240603_113943-1536x864.jpg 1536w, https:\/\/www.flieg.fr\/wordpress\/wp-content\/uploads\/2024\/06\/20240603_113943-2048x1152.jpg 2048w, https:\/\/www.flieg.fr\/wordpress\/wp-content\/uploads\/2024\/06\/20240603_113943-624x351.jpg 624w\" sizes=\"auto, (max-width: 625px) 100vw, 625px\" \/><\/a><\/p>\n<p>On renvoie vite fait les chaussures et m\u00eame nos deux parapluies, finalement assez peu efficaces.<\/p>\n<p>Apr\u00e8s une longue pause casse-cro\u00fbte, nous passons devant l&rsquo;\u00e9glise en r\u00e9fection.<\/p>\n<p>A notre grande surprise, elle est ouverte.<\/p>\n<p><a href=\"https:\/\/www.flieg.fr\/wordpress\/wp-content\/uploads\/2024\/06\/20240603_123108-1-scaled.jpg\"><img loading=\"lazy\" decoding=\"async\" class=\"alignnone size-large wp-image-3130\" src=\"https:\/\/www.flieg.fr\/wordpress\/wp-content\/uploads\/2024\/06\/20240603_123108-1-1024x576.jpg\" alt=\"\" width=\"625\" height=\"352\" srcset=\"https:\/\/www.flieg.fr\/wordpress\/wp-content\/uploads\/2024\/06\/20240603_123108-1-1024x576.jpg 1024w, https:\/\/www.flieg.fr\/wordpress\/wp-content\/uploads\/2024\/06\/20240603_123108-1-300x169.jpg 300w, https:\/\/www.flieg.fr\/wordpress\/wp-content\/uploads\/2024\/06\/20240603_123108-1-768x432.jpg 768w, https:\/\/www.flieg.fr\/wordpress\/wp-content\/uploads\/2024\/06\/20240603_123108-1-1536x864.jpg 1536w, https:\/\/www.flieg.fr\/wordpress\/wp-content\/uploads\/2024\/06\/20240603_123108-1-2048x1152.jpg 2048w, https:\/\/www.flieg.fr\/wordpress\/wp-content\/uploads\/2024\/06\/20240603_123108-1-624x351.jpg 624w\" sizes=\"auto, (max-width: 625px) 100vw, 625px\" \/><\/a><\/p>\n<p><a href=\"https:\/\/www.flieg.fr\/wordpress\/wp-content\/uploads\/2024\/06\/IMG-20240603-WA0000.jpg\"><img loading=\"lazy\" decoding=\"async\" class=\"alignnone size-large wp-image-3132\" src=\"https:\/\/www.flieg.fr\/wordpress\/wp-content\/uploads\/2024\/06\/IMG-20240603-WA0000-576x1024.jpg\" alt=\"\" width=\"576\" height=\"1024\" srcset=\"https:\/\/www.flieg.fr\/wordpress\/wp-content\/uploads\/2024\/06\/IMG-20240603-WA0000-576x1024.jpg 576w, https:\/\/www.flieg.fr\/wordpress\/wp-content\/uploads\/2024\/06\/IMG-20240603-WA0000-169x300.jpg 169w, https:\/\/www.flieg.fr\/wordpress\/wp-content\/uploads\/2024\/06\/IMG-20240603-WA0000-768x1365.jpg 768w, https:\/\/www.flieg.fr\/wordpress\/wp-content\/uploads\/2024\/06\/IMG-20240603-WA0000-864x1536.jpg 864w, https:\/\/www.flieg.fr\/wordpress\/wp-content\/uploads\/2024\/06\/IMG-20240603-WA0000-624x1109.jpg 624w, https:\/\/www.flieg.fr\/wordpress\/wp-content\/uploads\/2024\/06\/IMG-20240603-WA0000.jpg 1152w\" sizes=\"auto, (max-width: 576px) 100vw, 576px\" \/><\/a><\/p>\n<p>Et un saint Jacques nous y accueille. Mais toujours pas\u00a0 de\u00a0 tampon pour nos cr\u00e9anciales.<\/p>\n<p>Le chemin de l&rsquo;apr\u00e8s midi est long. Arriv\u00e9 au pont de Banne&#8230;<\/p>\n<p><a href=\"https:\/\/www.flieg.fr\/wordpress\/wp-content\/uploads\/2024\/06\/20240603_144040-scaled.jpg\"><img loading=\"lazy\" decoding=\"async\" class=\"alignnone size-large wp-image-3134\" src=\"https:\/\/www.flieg.fr\/wordpress\/wp-content\/uploads\/2024\/06\/20240603_144040-1024x576.jpg\" alt=\"\" width=\"625\" height=\"352\" srcset=\"https:\/\/www.flieg.fr\/wordpress\/wp-content\/uploads\/2024\/06\/20240603_144040-1024x576.jpg 1024w, https:\/\/www.flieg.fr\/wordpress\/wp-content\/uploads\/2024\/06\/20240603_144040-300x169.jpg 300w, https:\/\/www.flieg.fr\/wordpress\/wp-content\/uploads\/2024\/06\/20240603_144040-768x432.jpg 768w, https:\/\/www.flieg.fr\/wordpress\/wp-content\/uploads\/2024\/06\/20240603_144040-1536x864.jpg 1536w, https:\/\/www.flieg.fr\/wordpress\/wp-content\/uploads\/2024\/06\/20240603_144040-2048x1152.jpg 2048w, https:\/\/www.flieg.fr\/wordpress\/wp-content\/uploads\/2024\/06\/20240603_144040-624x351.jpg 624w\" sizes=\"auto, (max-width: 625px) 100vw, 625px\" \/><\/a><\/p>\n<p>la rue est barr\u00e9e, et le pont impraticable pour nous aussi. Il faut prendre la d\u00e9viation. Au moins 10 km de plus soit 3h de marche en plus ! On n\u00e9gocie et on nous laisse passer. Gr\u00e2ce \u00e0 notre statut de pi\u00e9ton. Ouf !<\/p>\n<p>Le chemin, bien que balis\u00e9, n&rsquo;est pas toujours facile \u00e0 trouver.<\/p>\n<p><a href=\"https:\/\/www.flieg.fr\/wordpress\/wp-content\/uploads\/2024\/06\/20240603_153947-scaled.jpg\"><img loading=\"lazy\" decoding=\"async\" class=\"alignnone size-large wp-image-3138\" src=\"https:\/\/www.flieg.fr\/wordpress\/wp-content\/uploads\/2024\/06\/20240603_153947-1024x576.jpg\" alt=\"\" width=\"625\" height=\"352\" srcset=\"https:\/\/www.flieg.fr\/wordpress\/wp-content\/uploads\/2024\/06\/20240603_153947-1024x576.jpg 1024w, https:\/\/www.flieg.fr\/wordpress\/wp-content\/uploads\/2024\/06\/20240603_153947-300x169.jpg 300w, https:\/\/www.flieg.fr\/wordpress\/wp-content\/uploads\/2024\/06\/20240603_153947-768x432.jpg 768w, https:\/\/www.flieg.fr\/wordpress\/wp-content\/uploads\/2024\/06\/20240603_153947-1536x864.jpg 1536w, https:\/\/www.flieg.fr\/wordpress\/wp-content\/uploads\/2024\/06\/20240603_153947-2048x1152.jpg 2048w, https:\/\/www.flieg.fr\/wordpress\/wp-content\/uploads\/2024\/06\/20240603_153947-624x351.jpg 624w\" sizes=\"auto, (max-width: 625px) 100vw, 625px\" \/><\/a><\/p>\n<p>Qui trouve la balise ?<\/p>\n<p>Heureusement qu&rsquo;Iphig\u00e9nie notre gps nous sauve souvent la mise.<\/p>\n<p>Enfin , nous arrivons \u00e0 notre h\u00e9bergement du soir. Une amie de notre h\u00e9bergeuse nous re\u00e7oit et nous remet les cl\u00e9s de la maison. Un plat cuisin\u00e9 nous attend dans le congelateur et la machine \u00e0 laver est disponible. Nous sommes seuls ma\u00eetres \u00e0 bord en toute confiance.<\/p>\n<p>Tous nos hebergeurs sont diff\u00e9rents, mais sympathiques (sauf une !). Nous d\u00eenons ensemble et nos discussions sont chaque fois tr\u00e8s int\u00e9ressantes.<\/p>\n<p><a href=\"https:\/\/www.flieg.fr\/wordpress\/?page_id=3140\"><img loading=\"lazy\" decoding=\"async\" class=\"wp-image-2961 aligncenter\" src=\"https:\/\/www.flieg.fr\/wordpress\/wp-content\/uploads\/2024\/05\/md_5aeaff6fd71da.jpg\" alt=\"\" width=\"64\" height=\"64\" srcset=\"https:\/\/www.flieg.fr\/wordpress\/wp-content\/uploads\/2024\/05\/md_5aeaff6fd71da.jpg 640w, https:\/\/www.flieg.fr\/wordpress\/wp-content\/uploads\/2024\/05\/md_5aeaff6fd71da-300x300.jpg 300w, https:\/\/www.flieg.fr\/wordpress\/wp-content\/uploads\/2024\/05\/md_5aeaff6fd71da-150x150.jpg 150w, https:\/\/www.flieg.fr\/wordpress\/wp-content\/uploads\/2024\/05\/md_5aeaff6fd71da-624x624.jpg 624w\" sizes=\"auto, (max-width: 64px) 100vw, 64px\" \/><\/a><\/p>\n<p>&nbsp;<\/p>\n","protected":false},"excerpt":{"rendered":"<p>Lundi 3 juin 2024 23 km en 6h30 de marche. D\u00e9nivel\u00e9 : 186+ et 293- &nbsp; Ce lundi, les conditions sont r\u00e9unies pour renvoyer les chaussures de Michelle par la Poste. Le pays Comtois est en train de perdre tous ses services publics locaux. Les bureaux de Poste ferment les uns apr\u00e8s les autres. Le [&hellip;]<\/p>\n","protected":false},"author":3,"featured_media":0,"parent":0,"menu_order":0,"comment_status":"closed","ping_status":"closed","template":"","meta":{"footnotes":""},"class_list":["post-3116","page","type-page","status-publish","hentry"],"_links":{"self":[{"href":"https:\/\/www.flieg.fr\/index.php?rest_route=\/wp\/v2\/pages\/3116","targetHints":{"allow":["GET"]}}],"collection":[{"href":"https:\/\/www.flieg.fr\/index.php?rest_route=\/wp\/v2\/pages"}],"about":[{"href":"https:\/\/www.flieg.fr\/index.php?rest_route=\/wp\/v2\/types\/page"}],"author":[{"embeddable":true,"href":"https:\/\/www.flieg.fr\/index.php?rest_route=\/wp\/v2\/users\/3"}],"replies":[{"embeddable":true,"href":"https:\/\/www.flieg.fr\/index.php?rest_route=%2Fwp%2Fv2%2Fcomments&post=3116"}],"version-history":[{"count":13,"href":"https:\/\/www.flieg.fr\/index.php?rest_route=\/wp\/v2\/pages\/3116\/revisions"}],"predecessor-version":[{"id":3144,"href":"https:\/\/www.flieg.fr\/index.php?rest_route=\/wp\/v2\/pages\/3116\/revisions\/3144"}],"wp:attachment":[{"href":"https:\/\/www.flieg.fr\/index.php?rest_route=%2Fwp%2Fv2%2Fmedia&parent=3116"}],"curies":[{"name":"wp","href":"https:\/\/api.w.org\/{rel}","templated":true}]}}