{"id":2892,"date":"2024-05-24T17:28:38","date_gmt":"2024-05-24T16:28:38","guid":{"rendered":"https:\/\/www.flieg.fr\/?page_id=2892"},"modified":"2024-05-26T17:13:59","modified_gmt":"2024-05-26T16:13:59","slug":"preparatifs-du-periple-compostelle-2024","status":"publish","type":"page","link":"https:\/\/www.flieg.fr\/?page_id=2892","title":{"rendered":"2024 : de Belfort \u00e0 Cluny"},"content":{"rendered":"<p><strong>Belfort-Cluny : Derniers pr\u00e9paratifs avant le d\u00e9part lundi 27 mai 2024.<\/strong><\/p>\n<p>348 km en 19 jours<\/p>\n<p><a href=\"https:\/\/www.flieg.fr\/wordpress\/wp-content\/uploads\/2024\/05\/20240526_173934-scaled.jpg\"><img loading=\"lazy\" decoding=\"async\" class=\"alignnone size-large wp-image-2957\" src=\"https:\/\/www.flieg.fr\/wordpress\/wp-content\/uploads\/2024\/05\/20240526_173934-1024x576.jpg\" alt=\"\" width=\"625\" height=\"352\" srcset=\"https:\/\/www.flieg.fr\/wordpress\/wp-content\/uploads\/2024\/05\/20240526_173934-1024x576.jpg 1024w, https:\/\/www.flieg.fr\/wordpress\/wp-content\/uploads\/2024\/05\/20240526_173934-300x169.jpg 300w, https:\/\/www.flieg.fr\/wordpress\/wp-content\/uploads\/2024\/05\/20240526_173934-768x432.jpg 768w, https:\/\/www.flieg.fr\/wordpress\/wp-content\/uploads\/2024\/05\/20240526_173934-1536x864.jpg 1536w, https:\/\/www.flieg.fr\/wordpress\/wp-content\/uploads\/2024\/05\/20240526_173934-2048x1152.jpg 2048w, https:\/\/www.flieg.fr\/wordpress\/wp-content\/uploads\/2024\/05\/20240526_173934-624x351.jpg 624w\" sizes=\"auto, (max-width: 625px) 100vw, 625px\" \/><\/a><\/p>\n<p>&nbsp;<\/p>\n<p>Cette fois, nous avons repens\u00e9 le projet apr\u00e8s les d\u00e9boires de l&rsquo;an dernier.<br \/>\nTrop de poids emport\u00e9, trop de km par \u00e9tape.<br \/>\nPour le poids, nous all\u00e9geons au maximum le contenu des sacs \u00e0 dos. Nous nous limitons strictement \u00e0 une tenue de jour et une tenue du soir.<br \/>\nNous laissons la tablette d&rsquo;ordinateur \u00e0 la maison. Tout bien pes\u00e9, la tablette affichait quand m\u00eame 1,5 kg !<br \/>\nAu final mon sac p\u00e8se 6,5kg et celui de Michelle 6 kg.<\/p>\n<p>Il va aussi falloir reporter toute la communication sur le t\u00e9l\u00e9phone portable. Donc proc\u00e9der \u00e0 un nettoyage pr\u00e9alable de la m\u00e9moire du t\u00e9l\u00e9phone, passer sur un forfait avec data illimit\u00e9es, charger Office 365 avec toutes ses applications.<br \/>\nAu bout de 24h de travail acharn\u00e9 j&rsquo;ai enfin r\u00e9ussi \u00e0 atteindre l&rsquo;objectif. Par exemple, Je peux maintenant dicter du texte directement sur le site internet via le micro du t\u00e9l\u00e9phone.<br \/>\nC&rsquo;est magique !<a href=\"https:\/\/www.flieg.fr\/wordpress\/?page_id=2910\"><img loading=\"lazy\" decoding=\"async\" class=\"aligncenter wp-image-2961\" src=\"https:\/\/www.flieg.fr\/wordpress\/wp-content\/uploads\/2024\/05\/md_5aeaff6fd71da.jpg\" alt=\"\" width=\"83\" height=\"83\" srcset=\"https:\/\/www.flieg.fr\/wordpress\/wp-content\/uploads\/2024\/05\/md_5aeaff6fd71da.jpg 640w, https:\/\/www.flieg.fr\/wordpress\/wp-content\/uploads\/2024\/05\/md_5aeaff6fd71da-300x300.jpg 300w, https:\/\/www.flieg.fr\/wordpress\/wp-content\/uploads\/2024\/05\/md_5aeaff6fd71da-150x150.jpg 150w, https:\/\/www.flieg.fr\/wordpress\/wp-content\/uploads\/2024\/05\/md_5aeaff6fd71da-624x624.jpg 624w\" sizes=\"auto, (max-width: 83px) 100vw, 83px\" \/><\/a><\/p>\n","protected":false},"excerpt":{"rendered":"<p>Belfort-Cluny : Derniers pr\u00e9paratifs avant le d\u00e9part lundi 27 mai 2024. 348 km en 19 jours &nbsp; Cette fois, nous avons repens\u00e9 le projet apr\u00e8s les d\u00e9boires de l&rsquo;an dernier. Trop de poids emport\u00e9, trop de km par \u00e9tape. Pour le poids, nous all\u00e9geons au maximum le contenu des sacs \u00e0 dos. Nous nous limitons [&hellip;]<\/p>\n","protected":false},"author":3,"featured_media":0,"parent":0,"menu_order":0,"comment_status":"closed","ping_status":"closed","template":"page-templates\/full-width.php","meta":{"footnotes":""},"class_list":["post-2892","page","type-page","status-publish","hentry"],"_links":{"self":[{"href":"https:\/\/www.flieg.fr\/index.php?rest_route=\/wp\/v2\/pages\/2892","targetHints":{"allow":["GET"]}}],"collection":[{"href":"https:\/\/www.flieg.fr\/index.php?rest_route=\/wp\/v2\/pages"}],"about":[{"href":"https:\/\/www.flieg.fr\/index.php?rest_route=\/wp\/v2\/types\/page"}],"author":[{"embeddable":true,"href":"https:\/\/www.flieg.fr\/index.php?rest_route=\/wp\/v2\/users\/3"}],"replies":[{"embeddable":true,"href":"https:\/\/www.flieg.fr\/index.php?rest_route=%2Fwp%2Fv2%2Fcomments&post=2892"}],"version-history":[{"count":15,"href":"https:\/\/www.flieg.fr\/index.php?rest_route=\/wp\/v2\/pages\/2892\/revisions"}],"predecessor-version":[{"id":2899,"href":"https:\/\/www.flieg.fr\/index.php?rest_route=\/wp\/v2\/pages\/2892\/revisions\/2899"}],"wp:attachment":[{"href":"https:\/\/www.flieg.fr\/index.php?rest_route=%2Fwp%2Fv2%2Fmedia&parent=2892"}],"curies":[{"name":"wp","href":"https:\/\/api.w.org\/{rel}","templated":true}]}}