{"id":2537,"date":"2023-03-31T14:52:42","date_gmt":"2023-03-31T13:52:42","guid":{"rendered":"https:\/\/www.flieg.fr\/?page_id=2537"},"modified":"2023-03-31T14:52:42","modified_gmt":"2023-03-31T13:52:42","slug":"la-musique-municipale-de-riedisheim","status":"publish","type":"page","link":"https:\/\/www.flieg.fr\/?page_id=2537","title":{"rendered":"La musique municipale de Riedisheim"},"content":{"rendered":"\n<p><br>La fanfare de Riedisheim est n\u00e9e en 1878. Elle fut le berceau de la cr\u00e9ation en 1885 de la musique Union.<br>D\u00e8s le d\u00e9but des ann\u00e9es 1900, la soci\u00e9t\u00e9 Echo fait double jeu. Sous la pression de la municipalit\u00e9, les deux soci\u00e9t\u00e9s fusionnent sous le vocable Echo le 6 septembre 1908. Mais le 27 d\u00e9cembre de la m\u00eame ann\u00e9e, une nouvelle \u00a0\u00bb deuxi\u00e8me \u00a0\u00bb soci\u00e9t\u00e9 Unitas entre en lice jusqu&rsquo;\u00e0 ce que la guerre mette fin \u00e0 toute activit\u00e9.<br><br>Apr\u00e8s 1918, les bonnes volont\u00e9s se r\u00e9unissent sous la banni\u00e8re de la musique Union. Avant que la deuxi\u00e8me guerre ne vient mettre fin aux activit\u00e9s en 1940, la derni\u00e8re baguette est tenue par Alexandre Flieg.<\/p>\n\n\n\n<p>Le 8 mai 1945, la musique Union repart en fanfare sous la direction de M. Joseph Schwartz. Depuis les baguettes se succ\u00e8dent avec un r\u00e9pertoire sans cesse renouvel\u00e9.<br>C&rsquo;est Roger Flieg qui assure la direction de la musique Union dans les ann\u00e9es 90.<\/p>\n","protected":false},"excerpt":{"rendered":"<p>La fanfare de Riedisheim est n\u00e9e en 1878. Elle fut le berceau de la cr\u00e9ation en 1885 de la musique Union.D\u00e8s le d\u00e9but des ann\u00e9es 1900, la soci\u00e9t\u00e9 Echo fait double jeu. Sous la pression de la municipalit\u00e9, les deux soci\u00e9t\u00e9s fusionnent sous le vocable Echo le 6 septembre 1908. Mais le 27 d\u00e9cembre de [&hellip;]<\/p>\n","protected":false},"author":3,"featured_media":0,"parent":0,"menu_order":0,"comment_status":"closed","ping_status":"closed","template":"","meta":{"footnotes":""},"class_list":["post-2537","page","type-page","status-publish","hentry"],"_links":{"self":[{"href":"https:\/\/www.flieg.fr\/index.php?rest_route=\/wp\/v2\/pages\/2537","targetHints":{"allow":["GET"]}}],"collection":[{"href":"https:\/\/www.flieg.fr\/index.php?rest_route=\/wp\/v2\/pages"}],"about":[{"href":"https:\/\/www.flieg.fr\/index.php?rest_route=\/wp\/v2\/types\/page"}],"author":[{"embeddable":true,"href":"https:\/\/www.flieg.fr\/index.php?rest_route=\/wp\/v2\/users\/3"}],"replies":[{"embeddable":true,"href":"https:\/\/www.flieg.fr\/index.php?rest_route=%2Fwp%2Fv2%2Fcomments&post=2537"}],"version-history":[{"count":2,"href":"https:\/\/www.flieg.fr\/index.php?rest_route=\/wp\/v2\/pages\/2537\/revisions"}],"predecessor-version":[{"id":2693,"href":"https:\/\/www.flieg.fr\/index.php?rest_route=\/wp\/v2\/pages\/2537\/revisions\/2693"}],"wp:attachment":[{"href":"https:\/\/www.flieg.fr\/index.php?rest_route=%2Fwp%2Fv2%2Fmedia&parent=2537"}],"curies":[{"name":"wp","href":"https:\/\/api.w.org\/{rel}","templated":true}]}}