{"id":2483,"date":"2023-03-21T13:50:13","date_gmt":"2023-03-21T12:50:13","guid":{"rendered":"https:\/\/www.flieg.fr\/?page_id=2483"},"modified":"2023-05-08T08:24:29","modified_gmt":"2023-05-08T07:24:29","slug":"mentions-legales","status":"publish","type":"page","link":"https:\/\/www.flieg.fr\/?page_id=2483","title":{"rendered":"Mentions l\u00e9gales"},"content":{"rendered":"\r\n<p>Vous \u00eates sur le site officiel de Michel et Michelle Flieg<\/p>\r\n\r\n\r\n\r\n<p><strong>Support administratif :<\/strong><br \/>Michel et Michelle Flieg<br \/>6 rue des Travailleurs<br \/>68700 Cernay<\/p>\r\n\r\n\r\n\r\n<p><strong>Responsabilit\u00e9 \u00e9ditoriale<\/strong>\u00a0: Michel Flieg webmestre<\/p>\r\n\r\n\r\n\r\n<p><strong>R\u00e9dacteur en chef :\u00a0<\/strong>Michel Flieg<\/p>\r\n\r\n\r\n\r\n<p><strong>Webmestre :<\/strong>\u00a0webmaster@Flieg.fr<\/p>\r\n\r\n\r\n\r\n<p><strong>H\u00e9bergeur :<\/strong> O2SWITCH\u00a0 H\u00e9bergement, service fourni par o2switch, SARL au capital de 100 000\u20ac, RCS Clermont-Ferrand, 510 909 807 00024. <br \/>Chemin des Pardiaux, 63000 Clermont-Ferrand, France;<br \/>o2switch.fr<\/p>\r\n\r\n\r\n\r\n<p><strong>Traitement automatis\u00e9 d\u2019informations nominatives :<\/strong><br \/>Nous ne collectons sur les visiteurs du site aucune autre information nominative ou personnelle que celles qui nous sont ouvertement et volontairement fournies en particulier par l\u2019interm\u00e9diaire des adresses \u00e9lectroniques de nos correspondants.<\/p>\r\n\r\n\r\n\r\n<p><strong>Droit de modification des donn\u00e9es :<\/strong><br \/>Nous vous rappelons que vous disposez d\u2019un droit d\u2019acc\u00e8s, de modification, de rectification et de suppression des donn\u00e9es vous concernant (article 34 de la loi \u201cInformatique et Libert\u00e9s\u201d du 6 janvier 1978). Les photographies o\u00f9 vous estimez \u00eatre reconnaissable font partie de ces donn\u00e9es. Elles seront retir\u00e9es du site sur simple demande. Pour exercer ce droit, adressez-vous \u00e0 : webmaster@flieg.fr<br \/>Les donn\u00e9es de g\u00e9n\u00e9alogies qui mentionnent des donn\u00e9es personnelles vous concernant font \u00e9galement partie des donn\u00e9es vis\u00e9es par la loi \u201cInformatique et Libert\u00e9s\u201d. Aussi, si vous estimez que certaine donn\u00e9es doivent rester confidentielles elles seront retir\u00e9s du site sur simple demande.<\/p>\r\n\r\n\r\n\r\n<p><strong>D\u00e9claration CNIL :<\/strong><br \/>Le site https:\/\/flieg.fr, en ce qui concerne les pages accessibles \u00e0 tout public, est dispens\u00e9 d\u2019inscription \u00e0 la Commission Nationale de l\u2019Informatique et des Libert\u00e9s suivant la D\u00e9lib\u00e9ration n\u00b02006-138 du 9 mai 2006 d\u00e9cidant de la dispense de d\u00e9claration des traitements constitu\u00e9s \u00e0 des fins d\u2019information ou de communication externe (Dispense de n\u00b07)<br \/>Le site https:\/\/flieg.fr, en ce qui concerne les pages en acc\u00e8s r\u00e9serv\u00e9, accessibles par mot de passe, est dispens\u00e9 d\u2019inscription \u00e0 la Commission Nationale de l\u2019Informatique et des Libert\u00e9s en application de l\u2019article 22-II-2 de la loi du 6 janvier 1978 modifi\u00e9e.<\/p>\r\n\r\n\r\n\r\n<p><strong>Droits d\u2019auteur :<\/strong><br \/>Les noms cit\u00e9s sur ce site Internet sont des marques d\u00e9pos\u00e9es ou des marques commerciales appartenant \u00e0 leurs propri\u00e9taires respectifs.<br \/>Les photographies sont propri\u00e9t\u00e9 de leurs auteurs d\u00e9clar\u00e9s sur ce site; elles sont prot\u00e9g\u00e9es contre le t\u00e9l\u00e9chargement.<br \/>L\u2019auteur du site d\u00e9cline toute responsabilit\u00e9 pouvant provenir de l\u2019usage des donn\u00e9es ou programmes figurant dans ce site.<br \/>Les droits d\u2019auteur du site sont r\u00e9serv\u00e9s pour Michel et Michelle Flieg. Il est donc prot\u00e9g\u00e9 par les lois internationales sur le droit d\u2019auteur et la protection de la propri\u00e9t\u00e9 intellectuelle. Il est strictement interdit de le reproduire, dans sa forme ou son contenu, totalement ou partiellement, sans un accord \u00e9crit du responsable \u00e9ditorial .<\/p>\r\n\r\n\r\n\r\n<p>La loi du 11 Mars 1957, n\u2019autorisant, au terme des alin\u00e9as 2 et 3 de l\u2019article 4, d\u2019une part, que \u201d les copies ou reproductions strictement r\u00e9serv\u00e9es \u00e0 l\u2019usage priv\u00e9 du copiste et non destin\u00e9es \u00e0 une utilisation collective \u201d et, d\u2019autre part, que les analyses et les courtes citations dans un but d\u2019exemple et d\u2019illustration, \u201d toute repr\u00e9sentation ou reproduction, int\u00e9grale ou partielle, faite sans le consentement de l\u2019auteur ou de ses ayants droit ou ayants cause, est illicite \u201d (alin\u00e9a premier de l\u2019article 40). Cette repr\u00e9sentation ou reproduction, constituerait donc une contrefa\u00e7on sanctionn\u00e9e par les articles 425 et suivants du Code P\u00e9nal.<\/p>\r\n\r\n\r\n\r\n<p>Reproduction totale ou partielle interdite sur quelque support que ce soit sans l\u2019accord de l\u2019auteur.<\/p>\r\n\r\n\r\n\r\n<p>\u00a9 Copyright 2023 \u2013 Michel et Michelle Flieg<\/p>\r\n","protected":false},"excerpt":{"rendered":"<p>Vous \u00eates sur le site officiel de Michel et Michelle Flieg Support administratif :Michel et Michelle Flieg6 rue des Travailleurs68700 Cernay Responsabilit\u00e9 \u00e9ditoriale\u00a0: Michel Flieg webmestre R\u00e9dacteur en chef :\u00a0Michel Flieg Webmestre :\u00a0webmaster@Flieg.fr H\u00e9bergeur : O2SWITCH\u00a0 H\u00e9bergement, service fourni par o2switch, SARL au capital de 100 000\u20ac, RCS Clermont-Ferrand, 510 909 807 00024. Chemin des [&hellip;]<\/p>\n","protected":false},"author":3,"featured_media":0,"parent":0,"menu_order":0,"comment_status":"closed","ping_status":"closed","template":"","meta":{"footnotes":""},"class_list":["post-2483","page","type-page","status-publish","hentry"],"_links":{"self":[{"href":"https:\/\/www.flieg.fr\/index.php?rest_route=\/wp\/v2\/pages\/2483","targetHints":{"allow":["GET"]}}],"collection":[{"href":"https:\/\/www.flieg.fr\/index.php?rest_route=\/wp\/v2\/pages"}],"about":[{"href":"https:\/\/www.flieg.fr\/index.php?rest_route=\/wp\/v2\/types\/page"}],"author":[{"embeddable":true,"href":"https:\/\/www.flieg.fr\/index.php?rest_route=\/wp\/v2\/users\/3"}],"replies":[{"embeddable":true,"href":"https:\/\/www.flieg.fr\/index.php?rest_route=%2Fwp%2Fv2%2Fcomments&post=2483"}],"version-history":[{"count":2,"href":"https:\/\/www.flieg.fr\/index.php?rest_route=\/wp\/v2\/pages\/2483\/revisions"}],"predecessor-version":[{"id":2789,"href":"https:\/\/www.flieg.fr\/index.php?rest_route=\/wp\/v2\/pages\/2483\/revisions\/2789"}],"wp:attachment":[{"href":"https:\/\/www.flieg.fr\/index.php?rest_route=%2Fwp%2Fv2%2Fmedia&parent=2483"}],"curies":[{"name":"wp","href":"https:\/\/api.w.org\/{rel}","templated":true}]}}