{"id":2351,"date":"2023-03-20T18:57:19","date_gmt":"2023-03-20T17:57:19","guid":{"rendered":"https:\/\/www.flieg.fr\/?page_id=2351"},"modified":"2025-02-08T19:30:25","modified_gmt":"2025-02-08T18:30:25","slug":"willkommen-in-die-demeure-flieg","status":"publish","type":"page","link":"https:\/\/www.flieg.fr\/?page_id=2351","title":{"rendered":"Willkommen in die Demeure Flieg"},"content":{"rendered":"\r\n<div class=\"wp-block-columns is-layout-flex wp-container-core-columns-is-layout-9d6595d7 wp-block-columns-is-layout-flex\">\r\n<div class=\"wp-block-column is-layout-flow wp-block-column-is-layout-flow\" style=\"flex-basis: 66.66%;\">\r\n<p>&nbsp;<\/p>\r\n\r\n\r\n\r\n<figure class=\"wp-block-image size-large is-resized\">\r\n<p><a href=\"https:\/\/www.flieg.fr\/wordpress\/wp-content\/uploads\/2019\/01\/P8030007-Copie-1.jpg\"><img loading=\"lazy\" decoding=\"async\" class=\"wp-image-2064 size-full\" src=\"https:\/\/www.flieg.fr\/wordpress\/wp-content\/uploads\/2019\/01\/P8030007-Copie-1.jpg\" alt=\"\" width=\"3354\" height=\"1075\" srcset=\"https:\/\/www.flieg.fr\/wordpress\/wp-content\/uploads\/2019\/01\/P8030007-Copie-1.jpg 3354w, https:\/\/www.flieg.fr\/wordpress\/wp-content\/uploads\/2019\/01\/P8030007-Copie-1-300x96.jpg 300w, https:\/\/www.flieg.fr\/wordpress\/wp-content\/uploads\/2019\/01\/P8030007-Copie-1-768x246.jpg 768w, https:\/\/www.flieg.fr\/wordpress\/wp-content\/uploads\/2019\/01\/P8030007-Copie-1-1024x328.jpg 1024w\" sizes=\"auto, (max-width: 3354px) 100vw, 3354px\" \/><\/a><\/p>\r\n<\/figure>\r\n<\/div>\r\n\r\n\r\n\r\n<div class=\"wp-block-column is-layout-flow wp-block-column-is-layout-flow\" style=\"flex-basis: 33.33%;\">\r\n<p>&nbsp;<\/p>\r\n\r\n\r\n\r\n<figure class=\"wp-block-image size-full\"><a href=\"?page_id=2087\"><img loading=\"lazy\" decoding=\"async\" class=\"alignnone wp-image-1954\" src=\"https:\/\/www.flieg.fr\/wordpress\/wp-content\/uploads\/2019\/01\/drapeau-france-icone-7111-128.png\" alt=\"\" width=\"30\" height=\"30\" \/><\/a><\/figure>\r\n\r\n\r\n\r\n<p>auf Franz\u00f6sich<\/p>\r\n<\/div>\r\n<\/div>\r\n\r\n\r\n\r\n<div class=\"wp-block-columns is-layout-flex wp-container-core-columns-is-layout-9d6595d7 wp-block-columns-is-layout-flex\">\r\n<div class=\"wp-block-column is-layout-flow wp-block-column-is-layout-flow\" style=\"flex-basis: 33.33%;\"><\/div>\r\n\r\n\r\n\r\n<div class=\"wp-block-column is-layout-flow wp-block-column-is-layout-flow\" style=\"flex-basis: 66.66%;\"><\/div>\r\n<\/div>\r\n\r\n\r\n\r\n<p><em>In Cernay, Stadt der St\u00f6rche, in der N\u00e4he des Stadtzentrums, in einer angenehmen Umgebung.<\/em><br \/>La Demeure Flieg bietet sein Bed &amp; Breakfast \u00ab\u00a0Chambre Compostelle\u00a0\u00bb, ein komfortables Studio von 45 m\u00b2 Klimaanlage, im Obergeschoss, einschlie\u00dflich:<\/p>\r\n\r\n\r\n\r\n<ul class=\"wp-block-list\">\r\n<li>einen Loungebereich mit WLAN<\/li>\r\n\r\n\r\n\r\n<li>einen K\u00fcchenbereich<\/li>\r\n\r\n\r\n\r\n<li>ein Schlafbereich mit einem Doppelbett von 140 cm<\/li>\r\n\r\n\r\n\r\n<li>ein Badezimmer mit ebenerdiger Dusche<\/li>\r\n\r\n\r\n\r\n<li>eigener Eingang, Parkplatz im geschlossenen Innenhof (H\u00f6he&lt; 180 cm)<\/li>\r\n\r\n\r\n\r\n<li>geschlossene Fahrradgarage mit Ladestation f\u00fcr E-Bike<\/li>\r\n<\/ul>\r\n\r\n\r\n\r\n<p>Preis des Aufenthalts Steuern inbegriffen, mit Fr\u00fchst\u00fcck, Bettw\u00e4sche und Handt\u00fccher zur Verf\u00fcgung gestellt:<br \/>f\u00fcr zwei Personen 75 \u20ac pro Nacht<br \/>f\u00fcr eine Person 60 \u20ac pro Nacht<br \/>f\u00fcr einen Pilger nach Compostela (auf Vorlage Pilgerpass): 40 \u20ac<br \/>f\u00fcr ein paar Pilger nach Compostela (gegen Vorlage Pilgerpass): 55 \u20ac<br \/><span style=\"font-size: 1rem;\"><\/span><\/p>\r\n<div class=\"wp-block-columns\">\r\n\r\n\r\n<div class=\"wp-block-column is-layout-flow wp-block-column-is-layout-flow\">\r\n\r\n<\/div>\r\n\r\n\r\n\r\n<div class=\"wp-block-column is-layout-flow wp-block-column-is-layout-flow\">\u00a0<\/div>\r\n<\/div>\r\n<!-- \/wp:post-content -->\r\n\r\n<!-- wp:columns -->\r\n<div class=\"wp-block-columns\"><!-- wp:column {\"width\":\"100%\"} -->\r\n<div class=\"wp-block-column\" style=\"flex-basis: 100%;\"><!-- wp:paragraph -->\r\n<p>&nbsp;<\/p>\r\n<!-- \/wp:paragraph -->\r\n\r\n<!-- wp:paragraph -->\r\n<p>Nichtraucher-Unterkunft<br \/>Haustiere sind nicht erlaubt<br \/>Kreditkarten werden nicht akzeptiert<br \/>Zahlung in bar, per Scheck oder per Bank\u00fcberweisung<br \/>Check-in : 16:30 &#8211; 19:00<br \/>Fr\u00fchst\u00fcck zur Verf\u00fcgung gestellt<br \/>Check-out bis 10:00 Uhr<\/p>\r\n<!-- \/wp:paragraph -->\r\n\r\n<!-- wp:columns -->\r\n<div class=\"wp-block-columns\"><!-- wp:column {\"width\":\"33.33%\"} -->\r\n<div class=\"wp-block-column\" style=\"flex-basis: 33.33%;\"><!-- wp:image {\"id\":2305,\"sizeSlug\":\"full\",\"linkDestination\":\"media\"} -->\r\n<figure class=\"wp-block-image size-full\"><a href=\"https:\/\/www.flieg.fr\/wordpress\/wp-content\/uploads\/2023\/03\/logo-Saint-Jacques-Copie.jpg\"><img loading=\"lazy\" decoding=\"async\" width=\"73\" height=\"74\" class=\"wp-image-2305\" src=\"https:\/\/www.flieg.fr\/wordpress\/wp-content\/uploads\/2023\/03\/logo-Saint-Jacques-Copie.jpg\" alt=\"\" \/><\/a><\/figure>\r\n<!-- \/wp:image --><\/div>\r\n<!-- \/wp:column -->\r\n\r\n<!-- wp:column {\"width\":\"66.66%\"} -->\r\n<div class=\"wp-block-column\" style=\"flex-basis: 66.66%;\"><!-- wp:paragraph -->\r\n<p>\u21d0 Unser Bed &amp; Breakfast befindet sich in der Rue des Travailleurs 6 in Cernay, 450 Meter vom Jakobsweg von Freiburg und 950 Meter vom Weg von Wissembourg entfernt.<\/p>\r\n<!-- \/wp:paragraph --><\/div>\r\n<!-- \/wp:column --><\/div>\r\n<!-- \/wp:columns -->\r\n\r\n<!-- wp:columns -->\r\n<div class=\"wp-block-columns\"><!-- wp:column {\"width\":\"33.33%\"} -->\r\n<div class=\"wp-block-column\" style=\"flex-basis: 33.33%;\"><!-- wp:image {\"id\":1929,\"sizeSlug\":\"full\",\"linkDestination\":\"media\"} -->\r\n<figure class=\"wp-block-image size-full\"><a href=\"https:\/\/www.flieg.fr\/wordpress\/wp-content\/uploads\/2019\/01\/logohvc-e1547716479489.jpg\"><img loading=\"lazy\" decoding=\"async\" width=\"76\" height=\"74\" class=\"wp-image-1929\" src=\"https:\/\/www.flieg.fr\/wordpress\/wp-content\/uploads\/2019\/01\/logohvc-e1547716479489.jpg\" alt=\"\" \/><\/a><\/figure>\r\n<!-- \/wp:image --><\/div>\r\n<!-- \/wp:column -->\r\n\r\n<!-- wp:column {\"width\":\"66.66%\"} -->\r\n<div class=\"wp-block-column\" style=\"flex-basis: 66.66%;\"><!-- wp:paragraph -->\r\n<p>\u21d0 Unsere Unterkunft ist Mitglied des Vereinsgesetzes \u00ab\u00a0Haltes vers Compostelle\u00a0\u00bb von 1901, das darauf abzielt, den Pilgern einen Empfang zu bieten.<\/p>\r\n<!-- \/wp:paragraph --><\/div>\r\n<!-- \/wp:column --><\/div>\r\n<!-- \/wp:columns -->\r\n\r\n<!-- wp:columns -->\r\n<div class=\"wp-block-columns\"><!-- wp:column {\"width\":\"33.33%\"} -->\r\n<div class=\"wp-block-column\" style=\"flex-basis: 33.33%;\"><!-- wp:image {\"id\":1917,\"sizeSlug\":\"full\",\"linkDestination\":\"media\"} -->\r\n<figure class=\"wp-block-image size-full\"><a href=\"https:\/\/www.flieg.fr\/wordpress\/wp-content\/uploads\/2019\/01\/ASJA-e1547716609736.jpg\"><img loading=\"lazy\" decoding=\"async\" width=\"75\" height=\"75\" class=\"wp-image-1917\" src=\"https:\/\/www.flieg.fr\/wordpress\/wp-content\/uploads\/2019\/01\/ASJA-e1547716609736.jpg\" alt=\"\" \/><\/a><\/figure>\r\n<!-- \/wp:image --><\/div>\r\n<!-- \/wp:column -->\r\n\r\n<!-- wp:column {\"width\":\"66.66%\"} -->\r\n<div class=\"wp-block-column\" style=\"flex-basis: 66.66%;\"><!-- wp:paragraph -->\r\n<p>\u21d0 Wir sind Mitglied des Vereins \u00ab\u00a0Freunde vom Jakobsweg im Elsass\u00a0\u00bb des lokalen Rechts Elsass-Mosel, der sich zum Ziel gesetzt hat, den Weg im Elsass zu leben und zu erhalten.<\/p>\r\n<!-- \/wp:paragraph --><\/div>\r\n<!-- \/wp:column --><\/div>\r\n<!-- \/wp:columns -->\r\n\r\n<!-- wp:columns -->\r\n<div class=\"wp-block-columns\"><!-- wp:column {\"width\":\"66.66%\"} -->\r\n<div class=\"wp-block-column\" style=\"flex-basis: 66.66%;\">\u00a0<\/div>\r\n<!-- \/wp:column -->\r\n\r\n<!-- wp:column {\"width\":\"33.33%\"} -->\r\n<div class=\"wp-block-column\" style=\"flex-basis: 33.33%;\"><!-- wp:paragraph -->\r\n\r\n<!-- \/wp:paragraph --><\/div>\r\n<!-- \/wp:column --><\/div>\r\n<!-- \/wp:columns -->\r\n\r\n<!-- wp:paragraph -->\r\n<p><strong>Kontakt<\/strong><br \/><strong>La Demeure Flieg<\/strong><br \/><strong>6 rue des Travailleurs<\/strong><br \/><strong>68700 Cernay<\/strong><br \/><strong>+33 6 80 84 87 95<\/strong><br \/><strong>Lademeure@Flieg.fr<\/strong><\/p>\r\n<!-- \/wp:paragraph -->\r\n\r\n<!-- wp:paragraph -->\r\n<p>&nbsp;<\/p>\r\n<!-- \/wp:paragraph -->\r\n\r\n<!-- wp:paragraph -->\r\n<p>&nbsp;<\/p>\r\n<!-- \/wp:paragraph --><\/div>\r\n<!-- \/wp:column --><\/div>\r\n<!-- \/wp:columns -->","protected":false},"excerpt":{"rendered":"<p>&nbsp; &nbsp; auf Franz\u00f6sich In Cernay, Stadt der St\u00f6rche, in der N\u00e4he des Stadtzentrums, in einer angenehmen Umgebung.La Demeure Flieg bietet sein Bed &amp; Breakfast \u00ab\u00a0Chambre Compostelle\u00a0\u00bb, ein komfortables Studio von 45 m\u00b2 Klimaanlage, im Obergeschoss, einschlie\u00dflich: Preis des Aufenthalts Steuern inbegriffen, mit Fr\u00fchst\u00fcck, Bettw\u00e4sche und Handt\u00fccher zur Verf\u00fcgung gestellt:f\u00fcr zwei Personen 75 \u20ac pro [&hellip;]<\/p>\n","protected":false},"author":3,"featured_media":0,"parent":0,"menu_order":0,"comment_status":"closed","ping_status":"closed","template":"","meta":{"footnotes":""},"class_list":["post-2351","page","type-page","status-publish","hentry"],"_links":{"self":[{"href":"https:\/\/www.flieg.fr\/index.php?rest_route=\/wp\/v2\/pages\/2351","targetHints":{"allow":["GET"]}}],"collection":[{"href":"https:\/\/www.flieg.fr\/index.php?rest_route=\/wp\/v2\/pages"}],"about":[{"href":"https:\/\/www.flieg.fr\/index.php?rest_route=\/wp\/v2\/types\/page"}],"author":[{"embeddable":true,"href":"https:\/\/www.flieg.fr\/index.php?rest_route=\/wp\/v2\/users\/3"}],"replies":[{"embeddable":true,"href":"https:\/\/www.flieg.fr\/index.php?rest_route=%2Fwp%2Fv2%2Fcomments&post=2351"}],"version-history":[{"count":31,"href":"https:\/\/www.flieg.fr\/index.php?rest_route=\/wp\/v2\/pages\/2351\/revisions"}],"predecessor-version":[{"id":3476,"href":"https:\/\/www.flieg.fr\/index.php?rest_route=\/wp\/v2\/pages\/2351\/revisions\/3476"}],"wp:attachment":[{"href":"https:\/\/www.flieg.fr\/index.php?rest_route=%2Fwp%2Fv2%2Fmedia&parent=2351"}],"curies":[{"name":"wp","href":"https:\/\/api.w.org\/{rel}","templated":true}]}}