{"id":2087,"date":"2019-01-16T22:48:21","date_gmt":"2019-01-16T21:48:21","guid":{"rendered":"http:\/\/flieg.fr\/?page_id=2087"},"modified":"2025-02-08T19:26:27","modified_gmt":"2025-02-08T18:26:27","slug":"accueil","status":"publish","type":"page","link":"https:\/\/www.flieg.fr\/?page_id=2087","title":{"rendered":"Bienvenue \u00e0 la Demeure Flieg"},"content":{"rendered":"\r\n<div class=\"wp-block-columns is-layout-flex wp-container-core-columns-is-layout-9d6595d7 wp-block-columns-is-layout-flex\">\r\n<div class=\"wp-block-column is-layout-flow wp-block-column-is-layout-flow\" style=\"flex-basis: 66.66%;\">\r\n<p>&nbsp;<\/p>\r\n\r\n\r\n\r\n<figure class=\"wp-block-image size-large is-resized\">\r\n<p><a href=\"https:\/\/www.flieg.fr\/wordpress\/wp-content\/uploads\/2019\/01\/P8030007-Copie-1.jpg\"><img loading=\"lazy\" decoding=\"async\" class=\"wp-image-2064 size-full\" src=\"https:\/\/www.flieg.fr\/wordpress\/wp-content\/uploads\/2019\/01\/P8030007-Copie-1.jpg\" alt=\"\" width=\"3354\" height=\"1075\" srcset=\"https:\/\/www.flieg.fr\/wordpress\/wp-content\/uploads\/2019\/01\/P8030007-Copie-1.jpg 3354w, https:\/\/www.flieg.fr\/wordpress\/wp-content\/uploads\/2019\/01\/P8030007-Copie-1-300x96.jpg 300w, https:\/\/www.flieg.fr\/wordpress\/wp-content\/uploads\/2019\/01\/P8030007-Copie-1-768x246.jpg 768w, https:\/\/www.flieg.fr\/wordpress\/wp-content\/uploads\/2019\/01\/P8030007-Copie-1-1024x328.jpg 1024w\" sizes=\"auto, (max-width: 3354px) 100vw, 3354px\" \/><\/a><\/p>\r\n<\/figure>\r\n<\/div>\r\n\r\n\r\n\r\n<div class=\"wp-block-column is-layout-flow wp-block-column-is-layout-flow\" style=\"flex-basis: 33.33%;\">\r\n\r\n\r\n<figure class=\"wp-block-image size-full\"><a href=\"?page_id=2351\"><img loading=\"lazy\" decoding=\"async\" class=\"alignnone wp-image-1918\" src=\"https:\/\/www.flieg.fr\/wordpress\/wp-content\/uploads\/2019\/01\/drapeau-allemagne-icone-5136-128-e1547715218374.png\" alt=\"\" width=\"30\" height=\"30\" \/><\/a><\/figure>\r\n\r\n\r\n\r\n<p>auf Deutsch<\/p>\r\n<\/div>\r\n<\/div>\r\n\r\n\r\n\r\n<p><em>A Cernay, ville des cigognes, pr\u00e8s du centre-ville, dans un environnement agr\u00e9able.<\/em><br \/>La Demeure Flieg vous propose sa chambre d&rsquo;h\u00f4tes \u00ab\u00a0Chambre Compostelle\u00a0\u00bb, un studio confortable et climatis\u00e9 de 45 m\u00b2 situ\u00e9 \u00e0 l&rsquo;\u00e9tage, comprenant :<\/p>\r\n\r\n\r\n\r\n<ul class=\"wp-block-list\">\r\n<li>un espace salon avec WiFi<\/li>\r\n\r\n\r\n\r\n<li>un espace cuisine<\/li>\r\n\r\n\r\n\r\n<li>un espace nuit avec un lit de 140 cm<\/li>\r\n\r\n\r\n\r\n<li>une salle d&rsquo;eau avec douche \u00e0 l&rsquo;italienne<\/li>\r\n\r\n\r\n\r\n<li>une entr\u00e9e ind\u00e9pendante<\/li>\r\n<li>un stationnement pour voiture dans une cour ferm\u00e9e (hauteur maximum 2m)<\/li>\r\n\r\n\r\n\r\n<li>un garage \u00e0 v\u00e9los ferm\u00e9 avec possibilit\u00e9 de charge de batteries.<\/li>\r\n<\/ul>\r\n\r\n\r\n\r\n<p>Tarif du s\u00e9jour taxes comprises avec petit-d\u00e9jeuner mis \u00e0 disposition,<br \/>linge de maison et serviettes fournis :<br \/>pour deux personnes : 75 \u20ac par nuit<br \/>pour une personne : 60 \u20ac par nuit<br \/>pour un couple de p\u00e8lerins vers Compostelle (sur pr\u00e9sentation de la cr\u00e9anciale) : 55\u20ac<br \/>pour un p\u00e8lerin vers Compostelle (sur pr\u00e9sentation de la cr\u00e9anciale) : 40\u20ac.<\/p>\r\n<div class=\"wp-block-columns\">\r\n<div class=\"wp-block-column\"><span style=\"font-size: 1rem;\">H\u00e9bergement non-fumeurs<\/span><\/div>\r\n<\/div>\r\n<div class=\"wp-block-columns\">\r\n<div class=\"wp-block-column\" style=\"flex-basis: 100%;\">\r\n<p>Animaux de compagnie non accept\u00e9s<br \/>Paiement : esp\u00e8ces, ch\u00e8ques ou virement ; les cartes bancaires ne sont pas accept\u00e9es<br \/>Arriv\u00e9e : 16:30 &#8211; 19:00<br \/>D\u00e9part : avant 10h00<\/p>\r\n<\/div>\r\n<\/div>\r\n\r\n\r\n\r\n<div class=\"wp-block-columns is-layout-flex wp-container-core-columns-is-layout-9d6595d7 wp-block-columns-is-layout-flex\">\r\n<div class=\"wp-block-column is-layout-flow wp-block-column-is-layout-flow\">\r\n\r\n<\/div>\r\n\r\n\r\n\r\n<div class=\"wp-block-column is-layout-flow wp-block-column-is-layout-flow\">\r\n\r\n<\/div>\r\n\r\n\r\n<\/div>\r\n<div class=\"wp-block-columns is-layout-flow wp-block-column-is-layout-flow\">\r\n<div class=\"wp-block-column\" style=\"flex-basis: 100%;\">\r\n<div class=\"wp-block-columns\">\r\n<div class=\"wp-block-column\" style=\"flex-basis: 33.33%;\">\r\n<figure class=\"wp-block-image size-full\"><a href=\"https:\/\/www.flieg.fr\/wordpress\/wp-content\/uploads\/2023\/03\/logo-Saint-Jacques-Copie.jpg\"><img loading=\"lazy\" decoding=\"async\" width=\"73\" height=\"74\" class=\"wp-image-2305\" src=\"https:\/\/www.flieg.fr\/wordpress\/wp-content\/uploads\/2023\/03\/logo-Saint-Jacques-Copie.jpg\" alt=\"\" \/><\/a><\/figure>\r\n<\/div>\r\n\r\n\r\n\r\n<div class=\"wp-block-column is-layout-flow wp-block-column-is-layout-flow\" style=\"flex-basis: 66.66%;\">\r\n<p>\u21d0 Notre chambre d&rsquo;h\u00f4tes est situ\u00e9e au 6 rue des Travailleurs \u00e0 Cernay, \u00e0 450m du chemin de Compostelle venant de Fribourg et \u00e0 950m du chemin venant de Wissembourg.<\/p>\r\n<\/div>\r\n<\/div>\r\n<!-- \/wp:post-content -->\r\n\r\n<!-- wp:columns -->\r\n<div class=\"wp-block-columns\"><!-- wp:column {\"width\":\"33.33%\"} -->\r\n<div class=\"wp-block-column\" style=\"flex-basis: 33.33%;\"><!-- wp:image {\"id\":1929,\"sizeSlug\":\"full\",\"linkDestination\":\"media\"} -->\r\n<figure class=\"wp-block-image size-full\"><a href=\"https:\/\/www.flieg.fr\/wordpress\/wp-content\/uploads\/2019\/01\/logohvc-e1547716479489.jpg\"><img loading=\"lazy\" decoding=\"async\" width=\"76\" height=\"74\" class=\"wp-image-1929\" src=\"https:\/\/www.flieg.fr\/wordpress\/wp-content\/uploads\/2019\/01\/logohvc-e1547716479489.jpg\" alt=\"\" \/><\/a><\/figure>\r\n<!-- \/wp:image --><\/div>\r\n<!-- \/wp:column -->\r\n\r\n<!-- wp:column {\"width\":\"66.66%\"} -->\r\n<div class=\"wp-block-column\" style=\"flex-basis: 66.66%;\"><!-- wp:paragraph -->\r\n<p>\u21d0 Notre h\u00e9bergement est affili\u00e9 \u00e0 l&rsquo;association 1901 \u00ab\u00a0les Haltes vers Compostelle\u00a0\u00bb dont l&rsquo;objectif est d&rsquo;assurer un accueil de qualit\u00e9 aux p\u00e8lerins.<\/p>\r\n<!-- \/wp:paragraph --><\/div>\r\n<!-- \/wp:column --><\/div>\r\n<!-- \/wp:columns -->\r\n\r\n<!-- wp:columns -->\r\n<div class=\"wp-block-columns\"><!-- wp:column {\"width\":\"33.33%\"} -->\r\n<div class=\"wp-block-column\" style=\"flex-basis: 33.33%;\"><!-- wp:image {\"id\":1917,\"sizeSlug\":\"full\",\"linkDestination\":\"media\"} -->\r\n<figure class=\"wp-block-image size-full\"><a href=\"https:\/\/www.flieg.fr\/wordpress\/wp-content\/uploads\/2019\/01\/ASJA-e1547716609736.jpg\"><img loading=\"lazy\" decoding=\"async\" width=\"75\" height=\"75\" class=\"wp-image-1917\" src=\"https:\/\/www.flieg.fr\/wordpress\/wp-content\/uploads\/2019\/01\/ASJA-e1547716609736.jpg\" alt=\"\" \/><\/a><\/figure>\r\n<!-- \/wp:image --><\/div>\r\n<!-- \/wp:column -->\r\n\r\n<!-- wp:column {\"width\":\"66.66%\"} -->\r\n<div class=\"wp-block-column\" style=\"flex-basis: 66.66%;\"><!-- wp:paragraph -->\r\n<p>\u21d0 Nous sommes membres de l&rsquo;association de droit local \u00ab\u00a0les amis de Saint Jacques en Alsace\u00a0\u00bb qui se donne pour objectif de promouvoir le chemin en Alsace et d&rsquo;apporter un soutien aux p\u00e8lerins.<\/p>\r\n<!-- \/wp:paragraph --><\/div>\r\n<!-- \/wp:column --><\/div>\r\n<!-- \/wp:columns -->\r\n\r\n<!-- wp:columns -->\r\n<div class=\"wp-block-columns\"><!-- wp:column {\"width\":\"66.66%\"} -->\r\n<div class=\"wp-block-column\" style=\"flex-basis: 66.66%;\">\u00a0<\/div>\r\n<!-- \/wp:column -->\r\n\r\n<!-- wp:column {\"width\":\"33.33%\"} -->\r\n<div class=\"wp-block-column\" style=\"flex-basis: 33.33%;\"><!-- wp:paragraph -->\r\n<p><br \/><br \/><strong>contact :\u00a0<\/strong><br \/><strong>La Demeure Flieg<\/strong><br \/><strong>6 rue des Travailleurs<\/strong><br \/><strong>68700 Cernay<\/strong><br \/><strong>+33 6 80 84 87 95<\/strong><br \/><strong>Lademeure@Flieg.fr\u00a0<\/strong><\/p>\r\n<!-- \/wp:paragraph --><\/div>\r\n<!-- \/wp:column --><\/div>\r\n<!-- \/wp:columns -->\r\n\r\n<!-- wp:paragraph -->\r\n<p>&nbsp;<\/p>\r\n<!-- \/wp:paragraph -->\r\n\r\n<!-- wp:paragraph -->\r\n<p>&nbsp;<\/p>\r\n<!-- \/wp:paragraph -->\r\n\r\n<!-- wp:paragraph -->\r\n<p>&nbsp;<\/p>\r\n<!-- \/wp:paragraph --><\/div>\r\n<!-- \/wp:column --><\/div>\r\n<!-- \/wp:columns -->\r\n<p>&nbsp;<\/p>","protected":false},"excerpt":{"rendered":"<p>&nbsp; auf Deutsch A Cernay, ville des cigognes, pr\u00e8s du centre-ville, dans un environnement agr\u00e9able.La Demeure Flieg vous propose sa chambre d&rsquo;h\u00f4tes \u00ab\u00a0Chambre Compostelle\u00a0\u00bb, un studio confortable et climatis\u00e9 de 45 m\u00b2 situ\u00e9 \u00e0 l&rsquo;\u00e9tage, comprenant : Tarif du s\u00e9jour taxes comprises avec petit-d\u00e9jeuner mis \u00e0 disposition,linge de maison et serviettes fournis :pour deux personnes [&hellip;]<\/p>\n","protected":false},"author":3,"featured_media":0,"parent":0,"menu_order":0,"comment_status":"closed","ping_status":"closed","template":"","meta":{"footnotes":""},"class_list":["post-2087","page","type-page","status-publish","hentry"],"_links":{"self":[{"href":"https:\/\/www.flieg.fr\/index.php?rest_route=\/wp\/v2\/pages\/2087","targetHints":{"allow":["GET"]}}],"collection":[{"href":"https:\/\/www.flieg.fr\/index.php?rest_route=\/wp\/v2\/pages"}],"about":[{"href":"https:\/\/www.flieg.fr\/index.php?rest_route=\/wp\/v2\/types\/page"}],"author":[{"embeddable":true,"href":"https:\/\/www.flieg.fr\/index.php?rest_route=\/wp\/v2\/users\/3"}],"replies":[{"embeddable":true,"href":"https:\/\/www.flieg.fr\/index.php?rest_route=%2Fwp%2Fv2%2Fcomments&post=2087"}],"version-history":[{"count":71,"href":"https:\/\/www.flieg.fr\/index.php?rest_route=\/wp\/v2\/pages\/2087\/revisions"}],"predecessor-version":[{"id":3473,"href":"https:\/\/www.flieg.fr\/index.php?rest_route=\/wp\/v2\/pages\/2087\/revisions\/3473"}],"wp:attachment":[{"href":"https:\/\/www.flieg.fr\/index.php?rest_route=%2Fwp%2Fv2%2Fmedia&parent=2087"}],"curies":[{"name":"wp","href":"https:\/\/api.w.org\/{rel}","templated":true}]}}