{"id":200,"date":"2012-03-22T18:35:09","date_gmt":"2012-03-22T17:35:09","guid":{"rendered":"http:\/\/flieg.fr\/?page_id=200"},"modified":"2023-03-21T10:21:57","modified_gmt":"2023-03-21T09:21:57","slug":"jour-10-etape-10-despeyrac-a-conques","status":"publish","type":"page","link":"https:\/\/www.flieg.fr\/?page_id=200","title":{"rendered":"jour 11 &#8211; \u00e9tape 11 : d&rsquo;Espeyrac \u00e0 Conques 12,7 km"},"content":{"rendered":"<p>samedi 7 avril 2012<br \/>\nObjectif du jour : H\u00f4tel-restaurant le Chrismo<br \/>\n12140 Espayrac 05 65 69 87 61<\/p>\n<p>Ce matin, le temps est \u00e0 la bruine. Achille ne se manifeste plus que par son caract\u00e8re enfl\u00e9. Plus la moindre sensation de douleur. Hier soir, Michelle a pens\u00e9 que l&rsquo;origine de mes probl\u00e8mes seraient peut-\u00eatre des piqures d&rsquo;insectes. Elle a donc chang\u00e9 le traitement et on dirait qu&rsquo;elle a raison&#8230; Nous partons vers Conques dans la brume matinale, d&rsquo;un pas redevenu alerte. La pluie nous surprend sur les hauteurs de S\u00e9nergues. On sort les capes et on ne rit pas dessous. Mais on a quand m\u00eame un peu plus chaud.<\/p>\n<div id=\"attachment_374\" style=\"width: 310px\" class=\"wp-caption alignnone\"><a href=\"http:\/\/flieg.fr\/wordpress\/wp-content\/uploads\/2012\/03\/P4070352.jpg\"><img loading=\"lazy\" decoding=\"async\" aria-describedby=\"caption-attachment-374\" class=\"size-medium wp-image-374\" title=\"OLYMPUS DIGITAL CAMERA\" src=\"http:\/\/flieg.fr\/wordpress\/wp-content\/uploads\/2012\/03\/P4070352-300x225.jpg\" alt=\"\" width=\"300\" height=\"225\" srcset=\"https:\/\/www.flieg.fr\/wordpress\/wp-content\/uploads\/2012\/03\/P4070352-300x225.jpg 300w, https:\/\/www.flieg.fr\/wordpress\/wp-content\/uploads\/2012\/03\/P4070352-1024x768.jpg 1024w, https:\/\/www.flieg.fr\/wordpress\/wp-content\/uploads\/2012\/03\/P4070352-624x468.jpg 624w, https:\/\/www.flieg.fr\/wordpress\/wp-content\/uploads\/2012\/03\/P4070352.jpg 2048w\" sizes=\"auto, (max-width: 300px) 100vw, 300px\" \/><\/a><p id=\"caption-attachment-374\" class=\"wp-caption-text\">Arriv\u00e9e \u00e0 Conques sous la pluie<\/p><\/div>\n<p>A 13h, on arrive \u00e0 Conques, apr\u00e8s une descente un peu glissante. Nous d\u00e9couvrons notre chambre d&rsquo;h\u00f4tes sur la place de l&rsquo;\u00e9glise.<\/p>\n<div id=\"attachment_376\" style=\"width: 310px\" class=\"wp-caption alignnone\"><a href=\"http:\/\/flieg.fr\/wordpress\/wp-content\/uploads\/2012\/03\/P4090403.jpg\"><img loading=\"lazy\" decoding=\"async\" aria-describedby=\"caption-attachment-376\" class=\"size-medium wp-image-376\" title=\"OLYMPUS DIGITAL CAMERA\" src=\"http:\/\/flieg.fr\/wordpress\/wp-content\/uploads\/2012\/03\/P4090403-300x225.jpg\" alt=\"\" width=\"300\" height=\"225\" srcset=\"https:\/\/www.flieg.fr\/wordpress\/wp-content\/uploads\/2012\/03\/P4090403-300x225.jpg 300w, https:\/\/www.flieg.fr\/wordpress\/wp-content\/uploads\/2012\/03\/P4090403-1024x768.jpg 1024w, https:\/\/www.flieg.fr\/wordpress\/wp-content\/uploads\/2012\/03\/P4090403-624x468.jpg 624w, https:\/\/www.flieg.fr\/wordpress\/wp-content\/uploads\/2012\/03\/P4090403.jpg 2048w\" sizes=\"auto, (max-width: 300px) 100vw, 300px\" \/><\/a><p id=\"caption-attachment-376\" class=\"wp-caption-text\">Notre chambre d'h\u00f4te sur la place de l'\u00e9glise<\/p><\/div>\n<p>Elle donne directement sur la fa\u00e7ade de l&rsquo;abbatiale. Un emplacement de r\u00eave. On voit le tympan de notre fen\u00eatre et m\u00eame de notre lit! Le soir nous d\u00e9gustons l&rsquo;aligot local au restaurant Saint Jacques. Puis, de notre fen\u00eatre, nous assistons au feu de la Vigile Pascale sur la place. Peu \u00e0 peu le feu gagne en clart\u00e9 et le tympan se r\u00e9v\u00e8le dans le tremblement l\u00e9ger de la lueur du foyer de lumi\u00e8re.<\/p>\n<div id=\"attachment_373\" style=\"width: 310px\" class=\"wp-caption alignnone\"><a href=\"http:\/\/flieg.fr\/wordpress\/wp-content\/uploads\/2012\/03\/P4070366.jpg\"><img loading=\"lazy\" decoding=\"async\" aria-describedby=\"caption-attachment-373\" class=\" wp-image-373 \" title=\"OLYMPUS DIGITAL CAMERA\" src=\"http:\/\/flieg.fr\/wordpress\/wp-content\/uploads\/2012\/03\/P4070366-300x225.jpg\" alt=\"\" width=\"300\" height=\"225\" srcset=\"https:\/\/www.flieg.fr\/wordpress\/wp-content\/uploads\/2012\/03\/P4070366-300x225.jpg 300w, https:\/\/www.flieg.fr\/wordpress\/wp-content\/uploads\/2012\/03\/P4070366-1024x768.jpg 1024w, https:\/\/www.flieg.fr\/wordpress\/wp-content\/uploads\/2012\/03\/P4070366-624x468.jpg 624w, https:\/\/www.flieg.fr\/wordpress\/wp-content\/uploads\/2012\/03\/P4070366.jpg 2048w\" sizes=\"auto, (max-width: 300px) 100vw, 300px\" \/><\/a><p id=\"caption-attachment-373\" class=\"wp-caption-text\">le feu de la Vigile Pascale \u00e0 Conques<\/p><\/div>\n<p>Le pr\u00eatre allume le cierge pascal et nous descendons pour p\u00e9n\u00e9trer \u00e0 sa suite dans l&rsquo;abbatiale et pour participer \u00e0 la Vigile Pascale.<br \/>\n<a href=\"http:\/\/flieg.fr\/wordpress\/wp-content\/uploads\/2012\/03\/Etape11.jpg\"><img loading=\"lazy\" decoding=\"async\" class=\"alignnone size-full wp-image-203\" title=\"Etape11\" src=\"http:\/\/flieg.fr\/wordpress\/wp-content\/uploads\/2012\/03\/Etape11.jpg\" alt=\"\" width=\"937\" height=\"372\" srcset=\"https:\/\/www.flieg.fr\/wordpress\/wp-content\/uploads\/2012\/03\/Etape11.jpg 937w, https:\/\/www.flieg.fr\/wordpress\/wp-content\/uploads\/2012\/03\/Etape11-300x119.jpg 300w, https:\/\/www.flieg.fr\/wordpress\/wp-content\/uploads\/2012\/03\/Etape11-624x247.jpg 624w\" sizes=\"auto, (max-width: 937px) 100vw, 937px\" \/><\/a><\/p>\n","protected":false},"excerpt":{"rendered":"<p>samedi 7 avril 2012 Objectif du jour : H\u00f4tel-restaurant le Chrismo 12140 Espayrac 05 65 69 87 61 Ce matin, le temps est \u00e0 la bruine. Achille ne se manifeste plus que par son caract\u00e8re enfl\u00e9. Plus la moindre sensation de douleur. Hier soir, Michelle a pens\u00e9 que l&rsquo;origine de mes probl\u00e8mes seraient peut-\u00eatre des [&hellip;]<\/p>\n","protected":false},"author":3,"featured_media":0,"parent":0,"menu_order":0,"comment_status":"open","ping_status":"open","template":"","meta":{"footnotes":""},"class_list":["post-200","page","type-page","status-publish","hentry"],"_links":{"self":[{"href":"https:\/\/www.flieg.fr\/index.php?rest_route=\/wp\/v2\/pages\/200","targetHints":{"allow":["GET"]}}],"collection":[{"href":"https:\/\/www.flieg.fr\/index.php?rest_route=\/wp\/v2\/pages"}],"about":[{"href":"https:\/\/www.flieg.fr\/index.php?rest_route=\/wp\/v2\/types\/page"}],"author":[{"embeddable":true,"href":"https:\/\/www.flieg.fr\/index.php?rest_route=\/wp\/v2\/users\/3"}],"replies":[{"embeddable":true,"href":"https:\/\/www.flieg.fr\/index.php?rest_route=%2Fwp%2Fv2%2Fcomments&post=200"}],"version-history":[{"count":10,"href":"https:\/\/www.flieg.fr\/index.php?rest_route=\/wp\/v2\/pages\/200\/revisions"}],"predecessor-version":[{"id":2394,"href":"https:\/\/www.flieg.fr\/index.php?rest_route=\/wp\/v2\/pages\/200\/revisions\/2394"}],"wp:attachment":[{"href":"https:\/\/www.flieg.fr\/index.php?rest_route=%2Fwp%2Fv2%2Fmedia&parent=200"}],"curies":[{"name":"wp","href":"https:\/\/api.w.org\/{rel}","templated":true}]}}