{"id":188,"date":"2012-03-22T17:49:42","date_gmt":"2012-03-22T16:49:42","guid":{"rendered":"http:\/\/flieg.fr\/?page_id=188"},"modified":"2023-03-21T11:29:39","modified_gmt":"2023-03-21T10:29:39","slug":"jour-9-etape-9-de-saint-come-dolt-a-estaing-204-km","status":"publish","type":"page","link":"https:\/\/www.flieg.fr\/?page_id=188","title":{"rendered":"jour 9 &#8211; \u00e9tape 9 : de Saint-C\u00f4me d&rsquo;Olt \u00e0 Estaing 20,4 km"},"content":{"rendered":"<p>jeudi 5 avril 2012<br \/>\nObjectif du jour : Chambre d&rsquo;h\u00f4tes les Chenevi\u00e8res<br \/>\n12190 Estaing 05 65 44 71 51<\/p>\n<p>En partant, nous jetons un coup d&rsquo;oeil vers notre sympathique logis de la veille.<\/p>\n<p><a href=\"http:\/\/flieg.fr\/wordpress\/wp-content\/uploads\/2012\/03\/P40402361.jpg\"><img loading=\"lazy\" decoding=\"async\" class=\"alignnone size-medium wp-image-354\" title=\"OLYMPUS DIGITAL CAMERA\" src=\"http:\/\/flieg.fr\/wordpress\/wp-content\/uploads\/2012\/03\/P40402361-300x225.jpg\" alt=\"\" width=\"300\" height=\"225\" srcset=\"https:\/\/www.flieg.fr\/wordpress\/wp-content\/uploads\/2012\/03\/P40402361-300x225.jpg 300w, https:\/\/www.flieg.fr\/wordpress\/wp-content\/uploads\/2012\/03\/P40402361-1024x768.jpg 1024w, https:\/\/www.flieg.fr\/wordpress\/wp-content\/uploads\/2012\/03\/P40402361-624x468.jpg 624w, https:\/\/www.flieg.fr\/wordpress\/wp-content\/uploads\/2012\/03\/P40402361.jpg 2048w\" sizes=\"auto, (max-width: 300px) 100vw, 300px\" \/><\/a><br \/>\nNous faisons une longue halte dans la tr\u00e8s belle \u00e9glise romane de Perse. Toute de pierre rouge, elle est sur une hauteur, non loin de la ville d&rsquo;Espalion.<\/p>\n<div id=\"attachment_360\" style=\"width: 310px\" class=\"wp-caption alignnone\"><a href=\"http:\/\/flieg.fr\/wordpress\/wp-content\/uploads\/2012\/03\/P4050277.jpg\"><img loading=\"lazy\" decoding=\"async\" aria-describedby=\"caption-attachment-360\" class=\"size-medium wp-image-360\" title=\"OLYMPUS DIGITAL CAMERA\" src=\"http:\/\/flieg.fr\/wordpress\/wp-content\/uploads\/2012\/03\/P4050277-300x225.jpg\" alt=\"\" width=\"300\" height=\"225\" srcset=\"https:\/\/www.flieg.fr\/wordpress\/wp-content\/uploads\/2012\/03\/P4050277-300x225.jpg 300w, https:\/\/www.flieg.fr\/wordpress\/wp-content\/uploads\/2012\/03\/P4050277-1024x768.jpg 1024w, https:\/\/www.flieg.fr\/wordpress\/wp-content\/uploads\/2012\/03\/P4050277-624x468.jpg 624w, https:\/\/www.flieg.fr\/wordpress\/wp-content\/uploads\/2012\/03\/P4050277.jpg 2048w\" sizes=\"auto, (max-width: 300px) 100vw, 300px\" \/><\/a><p id=\"caption-attachment-360\" class=\"wp-caption-text\">la petite \u00e9glise romane de Perse<\/p><\/div>\n<p>Nous sommes seuls et je chante \u00ab\u00a0Ubi caritas\u00a0\u00bb, en \u00e9coutant les paroles r\u00e9sonner longuement dans la nef.<\/p>\n<div id=\"attachment_363\" style=\"width: 310px\" class=\"wp-caption alignnone\"><a href=\"http:\/\/flieg.fr\/wordpress\/wp-content\/uploads\/2012\/03\/P4050286.jpg\"><img loading=\"lazy\" decoding=\"async\" aria-describedby=\"caption-attachment-363\" class=\"size-medium wp-image-363\" title=\"OLYMPUS DIGITAL CAMERA\" src=\"http:\/\/flieg.fr\/wordpress\/wp-content\/uploads\/2012\/03\/P4050286-300x225.jpg\" alt=\"\" width=\"300\" height=\"225\" srcset=\"https:\/\/www.flieg.fr\/wordpress\/wp-content\/uploads\/2012\/03\/P4050286-300x225.jpg 300w, https:\/\/www.flieg.fr\/wordpress\/wp-content\/uploads\/2012\/03\/P4050286-1024x768.jpg 1024w, https:\/\/www.flieg.fr\/wordpress\/wp-content\/uploads\/2012\/03\/P4050286-624x468.jpg 624w, https:\/\/www.flieg.fr\/wordpress\/wp-content\/uploads\/2012\/03\/P4050286.jpg 2048w\" sizes=\"auto, (max-width: 300px) 100vw, 300px\" \/><\/a><p id=\"caption-attachment-363\" class=\"wp-caption-text\">chapiteau et voutes peintes<\/p><\/div>\n<p>Nous reprenons la route jusqu&rsquo;\u00e0 la belle ville d&rsquo;Espalion o\u00f9 nous faisons une halte au bord du Lot.<\/p>\n<div id=\"attachment_362\" style=\"width: 310px\" class=\"wp-caption alignnone\"><a href=\"http:\/\/flieg.fr\/wordpress\/wp-content\/uploads\/2012\/03\/P4050295.jpg\"><img loading=\"lazy\" decoding=\"async\" aria-describedby=\"caption-attachment-362\" class=\"size-medium wp-image-362\" title=\"OLYMPUS DIGITAL CAMERA\" src=\"http:\/\/flieg.fr\/wordpress\/wp-content\/uploads\/2012\/03\/P4050295-300x225.jpg\" alt=\"\" width=\"300\" height=\"225\" srcset=\"https:\/\/www.flieg.fr\/wordpress\/wp-content\/uploads\/2012\/03\/P4050295-300x225.jpg 300w, https:\/\/www.flieg.fr\/wordpress\/wp-content\/uploads\/2012\/03\/P4050295-1024x768.jpg 1024w, https:\/\/www.flieg.fr\/wordpress\/wp-content\/uploads\/2012\/03\/P4050295-624x468.jpg 624w, https:\/\/www.flieg.fr\/wordpress\/wp-content\/uploads\/2012\/03\/P4050295.jpg 2048w\" sizes=\"auto, (max-width: 300px) 100vw, 300px\" \/><\/a><p id=\"caption-attachment-362\" class=\"wp-caption-text\">halte au bord du Lot<\/p><\/div>\n<div id=\"attachment_364\" style=\"width: 310px\" class=\"wp-caption alignnone\"><a href=\"http:\/\/flieg.fr\/wordpress\/wp-content\/uploads\/2012\/03\/P4050292.jpg\"><img loading=\"lazy\" decoding=\"async\" aria-describedby=\"caption-attachment-364\" class=\"size-medium wp-image-364\" title=\"OLYMPUS DIGITAL CAMERA\" src=\"http:\/\/flieg.fr\/wordpress\/wp-content\/uploads\/2012\/03\/P4050292-300x225.jpg\" alt=\"\" width=\"300\" height=\"225\" srcset=\"https:\/\/www.flieg.fr\/wordpress\/wp-content\/uploads\/2012\/03\/P4050292-300x225.jpg 300w, https:\/\/www.flieg.fr\/wordpress\/wp-content\/uploads\/2012\/03\/P4050292-1024x768.jpg 1024w, https:\/\/www.flieg.fr\/wordpress\/wp-content\/uploads\/2012\/03\/P4050292-624x468.jpg 624w, https:\/\/www.flieg.fr\/wordpress\/wp-content\/uploads\/2012\/03\/P4050292.jpg 2048w\" sizes=\"auto, (max-width: 300px) 100vw, 300px\" \/><\/a><p id=\"caption-attachment-364\" class=\"wp-caption-text\">Le nouveau pont \u00e0 Espalion se refl\u00e8te dans le Lot<\/p><\/div>\n<p>Un peu plus loin, nous d\u00e9couvrons l&rsquo;\u00e9glise Saint-Pierre de B\u00e9ssuejouls.<\/p>\n<div id=\"attachment_367\" style=\"width: 310px\" class=\"wp-caption alignnone\"><a href=\"http:\/\/flieg.fr\/wordpress\/wp-content\/uploads\/2012\/03\/P4050303.jpg\"><img loading=\"lazy\" decoding=\"async\" aria-describedby=\"caption-attachment-367\" class=\"size-medium wp-image-367\" title=\"OLYMPUS DIGITAL CAMERA\" src=\"http:\/\/flieg.fr\/wordpress\/wp-content\/uploads\/2012\/03\/P4050303-300x225.jpg\" alt=\"\" width=\"300\" height=\"225\" srcset=\"https:\/\/www.flieg.fr\/wordpress\/wp-content\/uploads\/2012\/03\/P4050303-300x225.jpg 300w, https:\/\/www.flieg.fr\/wordpress\/wp-content\/uploads\/2012\/03\/P4050303-1024x768.jpg 1024w, https:\/\/www.flieg.fr\/wordpress\/wp-content\/uploads\/2012\/03\/P4050303-624x468.jpg 624w, https:\/\/www.flieg.fr\/wordpress\/wp-content\/uploads\/2012\/03\/P4050303.jpg 2048w\" sizes=\"auto, (max-width: 300px) 100vw, 300px\" \/><\/a><p id=\"caption-attachment-367\" class=\"wp-caption-text\">\u00e9glise Saint-Pierre de Bessu\u00e9jouls<\/p><\/div>\n<p>Dans le premier \u00e9tage du clocher nous d\u00e9couvrons une chapelle haute romane avec de tr\u00e8s beaux bas-reliefs. Il faut laisser les sacs \u00e0 dos en bas, on a tout juste la place de passer pour monter.<\/p>\n<div id=\"attachment_366\" style=\"width: 310px\" class=\"wp-caption alignnone\"><a href=\"http:\/\/flieg.fr\/wordpress\/wp-content\/uploads\/2012\/03\/P4050302.jpg\"><img loading=\"lazy\" decoding=\"async\" aria-describedby=\"caption-attachment-366\" class=\"size-medium wp-image-366\" title=\"OLYMPUS DIGITAL CAMERA\" src=\"http:\/\/flieg.fr\/wordpress\/wp-content\/uploads\/2012\/03\/P4050302-300x225.jpg\" alt=\"\" width=\"300\" height=\"225\" srcset=\"https:\/\/www.flieg.fr\/wordpress\/wp-content\/uploads\/2012\/03\/P4050302-300x225.jpg 300w, https:\/\/www.flieg.fr\/wordpress\/wp-content\/uploads\/2012\/03\/P4050302-1024x768.jpg 1024w, https:\/\/www.flieg.fr\/wordpress\/wp-content\/uploads\/2012\/03\/P4050302-624x468.jpg 624w, https:\/\/www.flieg.fr\/wordpress\/wp-content\/uploads\/2012\/03\/P4050302.jpg 2048w\" sizes=\"auto, (max-width: 300px) 100vw, 300px\" \/><\/a><p id=\"caption-attachment-366\" class=\"wp-caption-text\">Saint-Michel terrassant le d\u00e9mon<\/p><\/div>\n<p>Sur le chemin vers Estaing, c&rsquo;est maintenant toute la cheville gauche qui chauffe. On rep\u00e8re quelques raccourcis sur la carte. C&rsquo;est toujours \u00e7a d&rsquo;\u00e9vit\u00e9. A l&rsquo;arriv\u00e9e \u00e0 Estaing, nous faisons un tour de village (qualifi\u00e9 de \u00ab\u00a0un des plus beaux villages de France\u00a0\u00bb ).<\/p>\n<div id=\"attachment_369\" style=\"width: 310px\" class=\"wp-caption alignnone\"><a href=\"http:\/\/flieg.fr\/wordpress\/wp-content\/uploads\/2012\/03\/P4050316.jpg\"><img loading=\"lazy\" decoding=\"async\" aria-describedby=\"caption-attachment-369\" class=\"size-medium wp-image-369\" title=\"OLYMPUS DIGITAL CAMERA\" src=\"http:\/\/flieg.fr\/wordpress\/wp-content\/uploads\/2012\/03\/P4050316-300x225.jpg\" alt=\"\" width=\"300\" height=\"225\" srcset=\"https:\/\/www.flieg.fr\/wordpress\/wp-content\/uploads\/2012\/03\/P4050316-300x225.jpg 300w, https:\/\/www.flieg.fr\/wordpress\/wp-content\/uploads\/2012\/03\/P4050316-1024x768.jpg 1024w, https:\/\/www.flieg.fr\/wordpress\/wp-content\/uploads\/2012\/03\/P4050316-624x468.jpg 624w, https:\/\/www.flieg.fr\/wordpress\/wp-content\/uploads\/2012\/03\/P4050316.jpg 2048w\" sizes=\"auto, (max-width: 300px) 100vw, 300px\" \/><\/a><p id=\"caption-attachment-369\" class=\"wp-caption-text\">le village d'Estaing et son ch\u00e2teau<\/p><\/div>\n<p>Effectivement, l&rsquo;immense ch\u00e2teau d&rsquo;Estaing domine le village et \u00e9crase m\u00eame le clocher de l&rsquo;\u00e9glise. Il y a beaucoup de maisons anciennes, mais le tout donne un caract\u00e8re fort aust\u00e8re au village. Nous visitons l&rsquo;\u00e9glise, puis nous allons faire tamponner notre cr\u00e9anciale \u00e0 l&rsquo;Hospitalit\u00e9. Arriv\u00e9s dans notre chambre d&rsquo;h\u00f4te \u00e0 17h15, un peu fourbus, nous constatons que ma cheville est bien enfl\u00e9e. Nous passons une mauvaise nuit dans la perspective d&rsquo;un abandon..<\/p>\n<p><a href=\"http:\/\/flieg.fr\/wordpress\/wp-content\/uploads\/2012\/03\/Etape9.jpg\"><img loading=\"lazy\" decoding=\"async\" class=\"alignnone size-full wp-image-189\" title=\"Etape9\" src=\"http:\/\/flieg.fr\/wordpress\/wp-content\/uploads\/2012\/03\/Etape9.jpg\" alt=\"\" width=\"939\" height=\"368\" srcset=\"https:\/\/www.flieg.fr\/wordpress\/wp-content\/uploads\/2012\/03\/Etape9.jpg 939w, https:\/\/www.flieg.fr\/wordpress\/wp-content\/uploads\/2012\/03\/Etape9-300x117.jpg 300w, https:\/\/www.flieg.fr\/wordpress\/wp-content\/uploads\/2012\/03\/Etape9-624x244.jpg 624w\" sizes=\"auto, (max-width: 939px) 100vw, 939px\" \/><\/a><\/p>\n","protected":false},"excerpt":{"rendered":"<p>jeudi 5 avril 2012 Objectif du jour : Chambre d&rsquo;h\u00f4tes les Chenevi\u00e8res 12190 Estaing 05 65 44 71 51 En partant, nous jetons un coup d&rsquo;oeil vers notre sympathique logis de la veille. Nous faisons une longue halte dans la tr\u00e8s belle \u00e9glise romane de Perse. Toute de pierre rouge, elle est sur une hauteur, [&hellip;]<\/p>\n","protected":false},"author":3,"featured_media":0,"parent":0,"menu_order":0,"comment_status":"open","ping_status":"open","template":"","meta":{"footnotes":""},"class_list":["post-188","page","type-page","status-publish","hentry"],"_links":{"self":[{"href":"https:\/\/www.flieg.fr\/index.php?rest_route=\/wp\/v2\/pages\/188","targetHints":{"allow":["GET"]}}],"collection":[{"href":"https:\/\/www.flieg.fr\/index.php?rest_route=\/wp\/v2\/pages"}],"about":[{"href":"https:\/\/www.flieg.fr\/index.php?rest_route=\/wp\/v2\/types\/page"}],"author":[{"embeddable":true,"href":"https:\/\/www.flieg.fr\/index.php?rest_route=\/wp\/v2\/users\/3"}],"replies":[{"embeddable":true,"href":"https:\/\/www.flieg.fr\/index.php?rest_route=%2Fwp%2Fv2%2Fcomments&post=188"}],"version-history":[{"count":14,"href":"https:\/\/www.flieg.fr\/index.php?rest_route=\/wp\/v2\/pages\/188\/revisions"}],"predecessor-version":[{"id":2473,"href":"https:\/\/www.flieg.fr\/index.php?rest_route=\/wp\/v2\/pages\/188\/revisions\/2473"}],"wp:attachment":[{"href":"https:\/\/www.flieg.fr\/index.php?rest_route=%2Fwp%2Fv2%2Fmedia&parent=188"}],"curies":[{"name":"wp","href":"https:\/\/api.w.org\/{rel}","templated":true}]}}