{"id":1703,"date":"2017-06-06T17:23:19","date_gmt":"2017-06-06T16:23:19","guid":{"rendered":"http:\/\/flieg.fr\/?page_id=1703"},"modified":"2023-03-21T10:03:22","modified_gmt":"2023-03-21T09:03:22","slug":"etape-9-chemin-de-saint-jacques-en-alsace-de-ribeauville-a-katzenthal-15-km","status":"publish","type":"page","link":"https:\/\/www.flieg.fr\/?page_id=1703","title":{"rendered":"Etape 9 : chemin de Saint-Jacques en Alsace : de Ribeauvill\u00e9 \u00e0 Katzenthal : 15 km"},"content":{"rendered":"<p>Le matin se pr\u00e9sente gris. La pluie nous force \u00e0 sortir nos capes. Nous d\u00e9bouchons sur Riquewihr, p\u00e8lerins incongrus dans une foule de touristes qui d\u00e9albulent sans but. On ach\u00e8te un Kugelhopf pour midi&#8230; cher et mal cuit.<\/p>\n<p><a href=\"http:\/\/flieg.fr\/wordpress\/wp-content\/uploads\/2017\/06\/20170606_130213-e1496990173287.jpg\"><img loading=\"lazy\" decoding=\"async\" class=\"alignleft size-medium wp-image-1757\" src=\"http:\/\/flieg.fr\/wordpress\/wp-content\/uploads\/2017\/06\/20170606_130213-e1496990147313-300x169.jpg\" alt=\"\" width=\"300\" height=\"169\"><\/a>On secoue nos sandales et on s&rsquo;en va.<a href=\"http:\/\/flieg.fr\/wordpress\/wp-content\/uploads\/2017\/06\/20170606_121841-e1496989793987.jpg\"><img loading=\"lazy\" decoding=\"async\" class=\"alignleft size-medium wp-image-1756\" src=\"http:\/\/flieg.fr\/wordpress\/wp-content\/uploads\/2017\/06\/20170606_121841-300x169.jpg\" alt=\"\" width=\"300\" height=\"169\"><\/a><\/p>\n<p>&nbsp;<\/p>\n<p>e vigneron nous invite \u00e0 marcher directement sur Ammerschwihr en laissant Kaysersberg de c\u00f4t\u00e9. Mais le chemin pr\u00e9voit Kaysersberg et nous y allons. Cela rajoute un gros d\u00e9nivel\u00e9 et nous subissons un vent de face incroyable. Finalelent, nous arrivons \u00e0 Kaysersberg. Dans l&rsquo;\u00e9glise, nous trouvons un magnifique Saint-Jacques m\u00e9di\u00e9val<a href=\"http:\/\/flieg.fr\/wordpress\/wp-content\/uploads\/2017\/06\/20170606_142143-e1496989598246.jpg\"><img loading=\"lazy\" decoding=\"async\" class=\"alignleft size-medium wp-image-1755\" src=\"http:\/\/flieg.fr\/wordpress\/wp-content\/uploads\/2017\/06\/20170606_142143-300x169.jpg\" alt=\"\" width=\"300\" height=\"169\"><\/a>0<\/p>\n<p>Bien arriv\u00e9s \u00e0 Katzenthal dans le g\u00eete de M et Mme Herold. Le blog atendra, parce que pour l&rsquo;instant on nage dans la piscine et on se prend un bon spa en plein air (micro-climat sur Katzenthal).<a href=\"http:\/\/flieg.fr\/wordpress\/wp-content\/uploads\/2017\/06\/20170606_173601-e1496857169448.jpg\"><img loading=\"lazy\" decoding=\"async\" class=\"alignleft size-medium wp-image-1724\" src=\"http:\/\/flieg.fr\/wordpress\/wp-content\/uploads\/2017\/06\/20170606_173601-e1496857146226-300x169.jpg\" alt=\"\" width=\"300\" height=\"169\"><\/a><\/p>\n","protected":false},"excerpt":{"rendered":"<p>Le matin se pr\u00e9sente gris. La pluie nous force \u00e0 sortir nos capes. Nous d\u00e9bouchons sur Riquewihr, p\u00e8lerins incongrus dans une foule de touristes qui d\u00e9albulent sans but. On ach\u00e8te un Kugelhopf pour midi&#8230; cher et mal cuit. On secoue nos sandales et on s&rsquo;en va. &nbsp; e vigneron nous invite \u00e0 marcher directement sur [&hellip;]<\/p>\n","protected":false},"author":3,"featured_media":0,"parent":0,"menu_order":0,"comment_status":"closed","ping_status":"closed","template":"page-templates\/full-width.php","meta":{"footnotes":""},"class_list":["post-1703","page","type-page","status-publish","hentry"],"_links":{"self":[{"href":"https:\/\/www.flieg.fr\/index.php?rest_route=\/wp\/v2\/pages\/1703","targetHints":{"allow":["GET"]}}],"collection":[{"href":"https:\/\/www.flieg.fr\/index.php?rest_route=\/wp\/v2\/pages"}],"about":[{"href":"https:\/\/www.flieg.fr\/index.php?rest_route=\/wp\/v2\/types\/page"}],"author":[{"embeddable":true,"href":"https:\/\/www.flieg.fr\/index.php?rest_route=\/wp\/v2\/users\/3"}],"replies":[{"embeddable":true,"href":"https:\/\/www.flieg.fr\/index.php?rest_route=%2Fwp%2Fv2%2Fcomments&post=1703"}],"version-history":[{"count":4,"href":"https:\/\/www.flieg.fr\/index.php?rest_route=\/wp\/v2\/pages\/1703\/revisions"}],"predecessor-version":[{"id":2391,"href":"https:\/\/www.flieg.fr\/index.php?rest_route=\/wp\/v2\/pages\/1703\/revisions\/2391"}],"wp:attachment":[{"href":"https:\/\/www.flieg.fr\/index.php?rest_route=%2Fwp%2Fv2%2Fmedia&parent=1703"}],"curies":[{"name":"wp","href":"https:\/\/api.w.org\/{rel}","templated":true}]}}