{"id":1576,"date":"2017-05-31T09:49:49","date_gmt":"2017-05-31T08:49:49","guid":{"rendered":"http:\/\/flieg.fr\/?page_id=1576"},"modified":"2023-03-21T10:00:48","modified_gmt":"2023-03-21T09:00:48","slug":"etape-3-chemin-de-compostelle-en-alsace-de-marienthal-a-schiltigheim","status":"publish","type":"page","link":"https:\/\/www.flieg.fr\/?page_id=1576","title":{"rendered":"Etape 3 : chemin de Saint-Jacques en Alsace : de Marienthal \u00e0 Schiltigheim : 11 km"},"content":{"rendered":"<p>Adaptation du programme : nous d\u00e9cidons de remonter \u00e0 Marienthal en bus et d&#8217;emprunter le train jusqu&rsquo;\u00e0 Vendenheim d&rsquo;o\u00f9 nous partirons \u00e0 pied. L&rsquo;\u00e9conomie est de 20 km. En effet, il en va de la survie de nos pieds. La chaleur et le bitume ont provoqu\u00e9 de petites ampoules et il faut absolument \u00e9viter que cela n&#8217;empire.<br \/>\nCe matin nous avons achet\u00e9 de nouvelles semelles pour Michel et des pansements tubulaires pour tous les deux.<strong><a href=\"http:\/\/flieg.fr\/wordpress\/wp-content\/uploads\/2017\/05\/20170531_102110-e1496250761939.jpg\"><img loading=\"lazy\" decoding=\"async\" class=\"alignleft size-medium wp-image-1605\" src=\"http:\/\/flieg.fr\/wordpress\/wp-content\/uploads\/2017\/05\/20170531_102110-300x169.jpg\" alt=\"\" width=\"300\" height=\"169\"><\/a><\/strong><\/p>\n<p>A Marienthal, nous assistons \u00e0 la fin de la messe, ce qui nous permet de b\u00e9n\u00e9ficier d&rsquo;une b\u00e9n\u00e9diction assortie d&rsquo;une \u00ab\u00a0grande indulgence\u00a0\u00bb pour les p\u00e8lerins en ce jour de fin du mois de Marie.<br \/>\nPuis nous allons \u00e0 la gare de Marienthal \u00e0 500 m de l\u00e0.<\/p>\n<p><a href=\"http:\/\/flieg.fr\/wordpress\/wp-content\/uploads\/2017\/05\/20170531_113049-e1496250999824.jpg\"><img loading=\"lazy\" decoding=\"async\" class=\"alignleft size-medium wp-image-1606\" src=\"http:\/\/flieg.fr\/wordpress\/wp-content\/uploads\/2017\/05\/20170531_113049-e1496250970923-300x169.jpg\" alt=\"\" width=\"300\" height=\"169\"><\/a><\/p>\n<p>A Vendenheim, nous empruntons le chemin de halage du canal de la Marne au Rhin.<br \/>\nA midi nous faisons une halte bienfaisante en face d&rsquo;une \u00e9cluse.<br \/>\nSous un cerisier affable qui nous gratifie d&rsquo;un dessert inesp\u00e9r\u00e9.<\/p>\n<p><em><a href=\"http:\/\/flieg.fr\/wordpress\/wp-content\/uploads\/2017\/05\/20170531_121836-e1496251182149.jpg\"><img loading=\"lazy\" decoding=\"async\" class=\"alignleft size-medium wp-image-1607\" src=\"http:\/\/flieg.fr\/wordpress\/wp-content\/uploads\/2017\/05\/20170531_121836-e1496251164386-300x169.jpg\" alt=\"\" width=\"300\" height=\"169\"><\/a><\/em>Nous croisons une famille de cygnes, de nombreux cyclistes, mais pas un seul p\u00e8lerin.<br \/>\nOn passe dans les arri\u00e8res cours des zones commerciales.<\/p>\n<p>Et enfin le dernier pont que nous devons traverser pour rejoindre le centre de Schiltigheim et la maison Flieg. A 15h45 nous d\u00e9barquons en pleine f\u00eate d&rsquo;anniversaire de Lucas, avec tous ses petits invit\u00e9s.<br \/>\nBilan apr\u00e8s douche : ampoules stabilis\u00e9es : ne pas faire d&rsquo;exc\u00e8s&#8230;<\/p>\n<p>&nbsp;<\/p>\n<p>&nbsp;<\/p>\n","protected":false},"excerpt":{"rendered":"<p>Adaptation du programme : nous d\u00e9cidons de remonter \u00e0 Marienthal en bus et d&#8217;emprunter le train jusqu&rsquo;\u00e0 Vendenheim d&rsquo;o\u00f9 nous partirons \u00e0 pied. L&rsquo;\u00e9conomie est de 20 km. En effet, il en va de la survie de nos pieds. La chaleur et le bitume ont provoqu\u00e9 de petites ampoules et il faut absolument \u00e9viter que [&hellip;]<\/p>\n","protected":false},"author":3,"featured_media":0,"parent":0,"menu_order":0,"comment_status":"closed","ping_status":"closed","template":"page-templates\/full-width.php","meta":{"footnotes":""},"class_list":["post-1576","page","type-page","status-publish","hentry"],"_links":{"self":[{"href":"https:\/\/www.flieg.fr\/index.php?rest_route=\/wp\/v2\/pages\/1576","targetHints":{"allow":["GET"]}}],"collection":[{"href":"https:\/\/www.flieg.fr\/index.php?rest_route=\/wp\/v2\/pages"}],"about":[{"href":"https:\/\/www.flieg.fr\/index.php?rest_route=\/wp\/v2\/types\/page"}],"author":[{"embeddable":true,"href":"https:\/\/www.flieg.fr\/index.php?rest_route=\/wp\/v2\/users\/3"}],"replies":[{"embeddable":true,"href":"https:\/\/www.flieg.fr\/index.php?rest_route=%2Fwp%2Fv2%2Fcomments&post=1576"}],"version-history":[{"count":8,"href":"https:\/\/www.flieg.fr\/index.php?rest_route=\/wp\/v2\/pages\/1576\/revisions"}],"predecessor-version":[{"id":2385,"href":"https:\/\/www.flieg.fr\/index.php?rest_route=\/wp\/v2\/pages\/1576\/revisions\/2385"}],"wp:attachment":[{"href":"https:\/\/www.flieg.fr\/index.php?rest_route=%2Fwp%2Fv2%2Fmedia&parent=1576"}],"curies":[{"name":"wp","href":"https:\/\/api.w.org\/{rel}","templated":true}]}}