{"id":1389,"date":"2012-11-10T17:30:07","date_gmt":"2012-11-10T16:30:07","guid":{"rendered":"http:\/\/flieg.fr\/?page_id=1389"},"modified":"2023-05-07T14:04:42","modified_gmt":"2023-05-07T13:04:42","slug":"wininger-et-winninger-dalsace","status":"publish","type":"page","link":"https:\/\/www.flieg.fr\/?page_id=1389","title":{"rendered":"Familles WININGER et WINNINGER d&rsquo;Alsace"},"content":{"rendered":"<div>\n<h1 align=\"left\">I-Origine des Wininger et Winninger d\u2019Alsace<\/h1>\n<\/div>\n<p><a href=\"https:\/\/flieg.fr\/wordpress\/wp-content\/uploads\/2012\/11\/winikon.jpg\"><img loading=\"lazy\" decoding=\"async\" class=\"alignleft size-medium wp-image-1390\" title=\"winikon\" src=\"https:\/\/flieg.fr\/wordpress\/wp-content\/uploads\/2012\/11\/winikon-300x187.jpg\" alt=\"\" width=\"300\" height=\"187\" \/><\/a><\/p>\n<p>En Suisse pr\u00e8s de Sursee, dans le canton de Lucerne, se trouve un petit village nomm\u00e9 Winikon. On nommait \u00ab\u00a0Winiker\u00a0\u00bb les personnes originaires de ce village. Winiker est donc un patronyme toponymique.<\/p>\n<p>A Triengen, distant d\u2019\u00e0 peine 2 kilom\u00e8tres, on trouve ainsi des \u00ab\u00a0Winiker\u00a0\u00bb.<\/p>\n<p>Il a \u00e9t\u00e9 relev\u00e9 dans les \u00e9crits anciens de Triengen , qu\u2019un d\u00e9nomm\u00e9 Thomas Winiker\u00a0 a pay\u00e9 en l&rsquo;an 1350 une redevance pour la chapelle : \u00ab<em>Winiker Thomas zinset ab am Helgeh\u00fcsli<\/em> \u00bb.<\/p>\n<p><a href=\"https:\/\/flieg.fr\/wordpress\/wp-content\/uploads\/2012\/11\/helgwin.jpg\"><img loading=\"lazy\" decoding=\"async\" class=\"alignright size-medium wp-image-1391\" title=\"helgwin\" src=\"https:\/\/flieg.fr\/wordpress\/wp-content\/uploads\/2012\/11\/helgwin-300x201.jpg\" alt=\"\" width=\"300\" height=\"201\" \/><\/a><\/p>\n<p>Bien plus tard, vers 1530, na\u00eet un second Thomas Winiker, fondateur des familles Winiker de Triengen et des familles Wininger et Winninger d&rsquo;Alsace.<\/p>\n<p>La <a title=\"Arbre de descendance de Thomas Winiker (~ 1530 ~ 1590)\" href=\"https:\/\/flieg.fr\/?page_id=1394\">descendance de Thomas Winiker<\/a> est enti\u00e8rement connue de 1530 \u00e0 2000.<\/p>\n<p>Les recherches ont \u00e9t\u00e9 men\u00e9es :<br \/>\n&#8211; pour les branches suisses\u00a0 par Mme Marguerite K\u00e4lin-Pittier, g\u00e9n\u00e9alogiste suisse,<br \/>\n&#8211; pour la p\u00e9riode ancienne en Alsace par Michel Flieg,<br \/>\n&#8211; pour la p\u00e9riode contemporaine en Alsace par Maurice Wininger.<\/p>\n<div>\n<h1 align=\"left\">II &#8211; Premi\u00e8res tentatives d\u2019\u00e9migration\u00a0 de Suisse vers l\u2019Alsace<\/h1>\n<\/div>\n<p>Les raisons de l\u2019\u00e9migration de citoyens suisses vers l\u2019Alsace sont \u00e0 rechercher dans les cons\u00e9quences de la guerre de trente ans (1618-1648) qui\u00a0 d\u00e9cima la population alsacienne. Des villages entiers disparurent. Les exactions des su\u00e9dois furent d\u2019une telle violence qu\u2019on effrayait encore les enfants trois si\u00e8cles plus tard, en leur disant \u00ab\u00a0Geb Acht, d\u2019r Schwed kummt\u00a0\u00bb.<\/p>\n<p>En 1648, les trait\u00e9s de Westphalie furent sign\u00e9s et Louis XIV obtint les droits et possessions des Habsbourg en Alsace.<\/p>\n<p>En Novembre 1662, parut une ordonnance royale de Louis XIV qui invitait les habitants des pays voisins \u00e0 venir repeupler les campagnes alsaciennes laiss\u00e9es \u00e0 l\u2019abandon depuis la guerre de trente ans, en leur promettant une exemption de taxes pendant 6 ans et la gratuit\u00e9 du bois d&rsquo;oeuvre et du bois de chauffage.<\/p>\n<p>En Janvier 1663, quatre arri\u00e8re-petits fils de Thomas Winiker partirent de Triengen pour tenter leur chance en Alsace.<\/p>\n<p>Meinrad, le plus \u00e2g\u00e9 trouva la mort dans le vignoble de Soultzmatt.<br \/>\nDes deux suivants, partis pour Rouffach, on n&rsquo;eut plus de nouvelles. Le quatri\u00e8me, qui s&rsquo;\u00e9tait install\u00e9 \u00e0 Mertzen, renon\u00e7a et s&rsquo;en retourna d\u00e9finitivement \u00e0 Triengen vers 1673.<\/p>\n<p><span style=\"color: #888888;\"><strong>Acte de d\u00e9c\u00e8s de Meinrad Winicker<\/strong>\u00a0<\/span><\/p>\n<p><a href=\"https:\/\/www.flieg.fr\/wordpress\/wp-content\/uploads\/2023\/03\/Winiker-Meinrad-deces.jpg\"><img loading=\"lazy\" decoding=\"async\" class=\"alignnone wp-image-2302\" src=\"https:\/\/www.flieg.fr\/wordpress\/wp-content\/uploads\/2023\/03\/Winiker-Meinrad-deces-300x122.jpg\" alt=\"\" width=\"607\" height=\"247\" srcset=\"https:\/\/www.flieg.fr\/wordpress\/wp-content\/uploads\/2023\/03\/Winiker-Meinrad-deces-300x122.jpg 300w, https:\/\/www.flieg.fr\/wordpress\/wp-content\/uploads\/2023\/03\/Winiker-Meinrad-deces-1024x416.jpg 1024w, https:\/\/www.flieg.fr\/wordpress\/wp-content\/uploads\/2023\/03\/Winiker-Meinrad-deces-768x312.jpg 768w, https:\/\/www.flieg.fr\/wordpress\/wp-content\/uploads\/2023\/03\/Winiker-Meinrad-deces-1536x624.jpg 1536w, https:\/\/www.flieg.fr\/wordpress\/wp-content\/uploads\/2023\/03\/Winiker-Meinrad-deces-2048x832.jpg 2048w, https:\/\/www.flieg.fr\/wordpress\/wp-content\/uploads\/2023\/03\/Winiker-Meinrad-deces-624x254.jpg 624w\" sizes=\"auto, (max-width: 607px) 100vw, 607px\" \/><\/a><\/p>\n<p align=\"left\">\u00a0<em>Anno salutis 1670<br \/>\nMenradus Winicker nullis provisus Sacramentis repentina sere morte obijt, qui olim etiam incola Vallis (vulgo hinders\u00e4s) fuit, sed a magistratu discedere coactus est in helvetiam abijt, postea brevi rediens ut in vinea laboraret, sed mortem invenit, et quem nimem pati nobelat, post mortem corpus eius in coementerio Christiano ritu sepultum quiescere sati debet. <\/em><\/p>\n<p><em>obijt 3 Martij Anno 1670 <\/em><\/p>\n<p align=\"left\">En l\u2019an de gr\u00e2ce 1670<br \/>\nMeinrad Winicker est mort de fa\u00e7on inattendue en fin de journ\u00e9e, sans avoir re\u00e7u les derniers sacrements. Il habitait jadis cette vall\u00e9e (comme manant), mais les autorit\u00e9s lui ayant enjoint de s\u2019\u00e9loigner, il s\u2019en retourna en Suisse, puis il revint bri\u00e8vement pour travailler dans le vignoble, mais la mort l\u2019y surprit, ce qui ne devait pas \u00eatre dans ses projets. Apr\u00e8s le d\u00e9c\u00e8s, sa d\u00e9pouille a \u00e9t\u00e9 inhum\u00e9e dans le cimeti\u00e8re selon le rite chr\u00e9tien. Il s&rsquo;en est all\u00e9 le 3 mars de l\u2019an 1670.<\/p>\n<div>\n<h1 align=\"left\">III &#8211; Jean Winicker de Triengen s\u2019installe \u00e0 Mertzen et Nicolas Winigger de Triengen s\u2019installe \u00e0 Strueth<\/h1>\n<\/div>\n<p align=\"left\">Toutes ces tentatives d\u2019\u00e9migration durent fortement impressionner Jean le neveu de Meinrad et son cousin Nicolas, alors \u00e2g\u00e9s de 17 et 21 ans. En effet, quelques ann\u00e9es plus tard, ils firent eux aussi leur baluchon pour l\u2019Alsace. La distance de Triengen \u00e0 Mertzen est de 22,5 lieues, soit autant d\u2019heures de marche ( 90 km).<br \/>\nJean Winicker, prit femme \u00e0 Spechbach le Bas en 1682 et fonda la premi\u00e8re lign\u00e9e des Wininger alsaciens \u00e0 Mertzen en 1683.<br \/>\nNicolas Winigger s&rsquo;installa \u00e0 Strueth, prit femme \u00e0 Mertzen en 1692 et fonda la deuxi\u00e8me lign\u00e9e alsacienne des Wininger et Winninger en 1693.<\/p>\n<p align=\"left\"><a href=\"https:\/\/flieg.fr\/wordpress\/wp-content\/uploads\/2012\/11\/auswand1.jpg\"><img loading=\"lazy\" decoding=\"async\" class=\"alignleft size-full wp-image-1364\" title=\"auswand\" src=\"https:\/\/flieg.fr\/wordpress\/wp-content\/uploads\/2012\/11\/auswand1.jpg\" alt=\"\" width=\"565\" height=\"240\" srcset=\"https:\/\/www.flieg.fr\/wordpress\/wp-content\/uploads\/2012\/11\/auswand1.jpg 565w, https:\/\/www.flieg.fr\/wordpress\/wp-content\/uploads\/2012\/11\/auswand1-300x127.jpg 300w, https:\/\/www.flieg.fr\/wordpress\/wp-content\/uploads\/2012\/11\/auswand1-500x212.jpg 500w\" sizes=\"auto, (max-width: 565px) 100vw, 565px\" \/><\/a><\/p>\n<div>\n<p align=\"left\"><strong>Blason des Winiker de Triengen<br \/>\n<\/strong>\u00ab\u00a0In Rot zwei silberne Blumen mit gr\u00fcnem Stiel und je zwei gr\u00fcnen Bl\u00e4ttern, gebunden mit silbernem Band\u00a0\u00bb<br \/>\n<span style=\"font-size: 1rem;\">\u00ab\u00a0De gueules \u00e0 deux lys au naturel pass\u00e9s en sautoir et nou\u00e9s d&rsquo;un ruban d&rsquo;argent\u00a0\u00bb<\/span><\/p>\n<\/div>\n<p><a href=\"https:\/\/flieg.fr\/wordpress\/wp-content\/uploads\/2012\/11\/ecuwin1.jpg\"><img loading=\"lazy\" decoding=\"async\" class=\"alignleft size-full wp-image-1402\" title=\"ecuwin1\" src=\"https:\/\/flieg.fr\/wordpress\/wp-content\/uploads\/2012\/11\/ecuwin1.jpg\" alt=\"\" width=\"118\" height=\"130\" \/><\/a><\/p>\n<p>R\u00e9f\u00e9rence\u00a0: Archives de Lucerne Familie 2272 (selon un recensement effectu\u00e9 dans les ann\u00e9es 1940, 1950 par les archivistes J. Gauch et P.X. Weber\u00a0; les communes cit\u00e9es correspondent aux implantations des familles \u00e0 cette \u00e9poque)<\/p>\n<p>Nota\u00a0: ce blason est port\u00e9 par les Winiker de Triengen, de Ruswil et de Rothenburg.<\/p>\n<p>Il existe \u00e9galement des blasons diff\u00e9rents port\u00e9s par<br \/>\nles Winiker d\u2019Altishoffen,<br \/>\nles Winiger d\u2019Ermensee, R\u00f6merswil, Rothenburg, Hohenrain, Schongau et Sulz (Seetal),<br \/>\nles Winiger de Berom\u00fcnster, Buttisholz, Eich, Hildisrieden, Horw, Kriens, Luzern Neudorf (1870), Neuenkirch, Oberkirch, Rickenbach (depuis 1800), Sempach et Sursee.<\/p>\n<div>\n<h1 align=\"left\">IV &#8211; Les attaches avec Triengen sont maintenues<\/h1>\n<\/div>\n<p>Dans les archives de Lucerne, on trouve trace de cet attachement\u00a0:<br \/>\nEn 1711, Jean-Thi\u00e9baud Wininger, le fils du premier Jean Wininger d\u2019Alsace demande \u00e0 conserver son droit de bourgeoisie \u00e0 Triengen, village d\u2019origine de la famille.<a href=\"https:\/\/flieg.fr\/wordpress\/wp-content\/uploads\/2012\/11\/1711ratsprotokoll1.jpg\"><img loading=\"lazy\" decoding=\"async\" class=\"alignleft size-large wp-image-1404\" title=\"1711ratsprotokoll\" src=\"https:\/\/flieg.fr\/wordpress\/wp-content\/uploads\/2012\/11\/1711ratsprotokoll1-1024x476.jpg\" alt=\"\" width=\"625\" height=\"290\" \/><\/a><\/p>\n<p><strong>Staatsarchiv Luzern &#8211; RP 89.2\/S. 135 v<\/strong><\/p>\n<p><em>Mitwochen den 27ten Meyen 1711 waren MGH (meine gn\u00e4dige Herren) undt Ob: Schultheiss undt Rath abermahl versampt.<\/em><\/p>\n<p><em>Als Statthlr. Uhlrich Friess in aller Underth\u00e4nigkeit angehalten, MGH: dem Hanss Thiebold Winiker des Mannrecht undt sind guotli (kleines Gut, kl. Verm\u00f6gen) als 37 gl., in das Elsass, allwo er sich an einem Cathol. ohrt Haush\u00e4blich nidergelassen, abfolgen lassen wolten: So ist das eint undt andere, dennoch das er den geb\u00fchrenten abzug bezahle, in gnaden sugesagt worden.<\/em><\/p>\n<p><strong>Archives de Lucerne &#8211; Proc\u00e8s verbal municipal de Triengen 89.2\/S 135 v<\/strong><\/p>\n<p>Mercredi le 27 Mai 1711\u00a0 Messeigneurs et le ci-devant Maire ainsi que le Conseil \u00e9taient derechef r\u00e9unis.<\/p>\n<p>En tant que Maire, Ulrich Friess sollicite humblement Messeigneurs d&rsquo;accorder \u00e0 Jean-Thi\u00e9baud Winiker le droit de bourgeoisie et de lui faire parvenir son p\u00e9cule de 37 Gulden en Alsace, o\u00f9 il s&rsquo;est install\u00e9 comme propri\u00e9taire en un lieu catholique. L&rsquo;une et l&rsquo;autre requ\u00eates lui ont \u00e9t\u00e9 gracieusement accord\u00e9es, pour autant qu&rsquo;il s&rsquo;acquitt\u00e2t des taxes aff\u00e9rentes.<\/p>\n<div>\n<h1 align=\"left\">V &#8211; L\u2019\u00e9volution du patronyme Winiker vers Wininger\/Winninger<\/h1>\n<\/div>\n<p align=\"left\">Dans les \u00e9crits anciens, les patronymes s\u2019\u00e9crivaient comme ils se pronon\u00e7aient et leur orthographe ne s\u2019est\u00a0 v\u00e9ritablement stabilis\u00e9e qu\u2019au moment o\u00f9 les personnes surent lire, \u00e9crire et signer.<br \/>\nLa transformation de la consonne K en G ou GG est\u00a0 donc \u00e0 rapprocher des diff\u00e9rences d\u2019accents parl\u00e9s entre le canton de Lucerne et le Sundgau. Le doublement des consonnes N ou G est courant aux XVII\u00e8me et XVIII\u00e8me si\u00e8cles.<br \/>\nAujourd\u2019hui, l\u2019orthographe Winiker pr\u00e9domine en Suisse<\/p>\n<p>Les orthographes\u00a0 Wininger et Winninger\u00a0 coexistent en Alsace<\/p>\n","protected":false},"excerpt":{"rendered":"<p>I-Origine des Wininger et Winninger d\u2019Alsace En Suisse pr\u00e8s de Sursee, dans le canton de Lucerne, se trouve un petit village nomm\u00e9 Winikon. On nommait \u00ab\u00a0Winiker\u00a0\u00bb les personnes originaires de ce village. Winiker est donc un patronyme toponymique. A Triengen, distant d\u2019\u00e0 peine 2 kilom\u00e8tres, on trouve ainsi des \u00ab\u00a0Winiker\u00a0\u00bb. Il a \u00e9t\u00e9 relev\u00e9 dans [&hellip;]<\/p>\n","protected":false},"author":3,"featured_media":0,"parent":0,"menu_order":0,"comment_status":"open","ping_status":"open","template":"page-templates\/full-width.php","meta":{"footnotes":""},"class_list":["post-1389","page","type-page","status-publish","hentry"],"_links":{"self":[{"href":"https:\/\/www.flieg.fr\/index.php?rest_route=\/wp\/v2\/pages\/1389","targetHints":{"allow":["GET"]}}],"collection":[{"href":"https:\/\/www.flieg.fr\/index.php?rest_route=\/wp\/v2\/pages"}],"about":[{"href":"https:\/\/www.flieg.fr\/index.php?rest_route=\/wp\/v2\/types\/page"}],"author":[{"embeddable":true,"href":"https:\/\/www.flieg.fr\/index.php?rest_route=\/wp\/v2\/users\/3"}],"replies":[{"embeddable":true,"href":"https:\/\/www.flieg.fr\/index.php?rest_route=%2Fwp%2Fv2%2Fcomments&post=1389"}],"version-history":[{"count":15,"href":"https:\/\/www.flieg.fr\/index.php?rest_route=\/wp\/v2\/pages\/1389\/revisions"}],"predecessor-version":[{"id":2301,"href":"https:\/\/www.flieg.fr\/index.php?rest_route=\/wp\/v2\/pages\/1389\/revisions\/2301"}],"wp:attachment":[{"href":"https:\/\/www.flieg.fr\/index.php?rest_route=%2Fwp%2Fv2%2Fmedia&parent=1389"}],"curies":[{"name":"wp","href":"https:\/\/api.w.org\/{rel}","templated":true}]}}