{"id":1195,"date":"2012-06-09T19:08:32","date_gmt":"2012-06-09T18:08:32","guid":{"rendered":"http:\/\/flieg.fr\/?page_id=1195"},"modified":"2023-03-21T11:24:38","modified_gmt":"2023-03-21T10:24:38","slug":"jour-73-etape-69-de-trabadelo-a-o-cebreiro-178km-vendredi-8-juin","status":"publish","type":"page","link":"https:\/\/www.flieg.fr\/?page_id=1195","title":{"rendered":"jour 73 \u00e9tape 69 : de Trabadelo \u00e0 O Cebreiro : 17,8km Vendredi 8 juin"},"content":{"rendered":"<p>Avant hier soir, nous nous sommes aper\u00e7us qu&rsquo;\u00e0 mon tour j&rsquo;ai \u00e9t\u00e9 mordu par les bestioles. Alors, commen\u00e7a une d\u00e9contamination en r\u00e8gle, par compartimentage de toutes les affaires.<br \/>\nTraitement, mise en sacs herm\u00e9tiques pour un confinement l\u00e9tal. On en vint \u00e0 utiliser toute la bombe de produits fran\u00e7ais que nous avions emmen\u00e9e.<br \/>\nMais ce soir, nous pensons avoir la situation sous contr\u00f4le. Nous avons enfin trouv\u00e9 (avec difficult\u00e9) un produit en pharmacie et trait\u00e9 le contenu des sacs encore suspects. Michelle est en voie de gu\u00e9rison.&nbsp;<\/p>\n<p><a href=\"http:\/\/flieg.fr\/wordpress\/wp-content\/uploads\/2012\/06\/P6081279.jpg\"><img loading=\"lazy\" decoding=\"async\" class=\"alignnone size-medium wp-image-1199\" title=\"OLYMPUS DIGITAL CAMERA\" src=\"http:\/\/flieg.fr\/wordpress\/wp-content\/uploads\/2012\/06\/P6081279-300x225.jpg\" alt=\"\" width=\"300\" height=\"225\" srcset=\"https:\/\/www.flieg.fr\/wordpress\/wp-content\/uploads\/2012\/06\/P6081279-300x225.jpg 300w, https:\/\/www.flieg.fr\/wordpress\/wp-content\/uploads\/2012\/06\/P6081279-1024x768.jpg 1024w, https:\/\/www.flieg.fr\/wordpress\/wp-content\/uploads\/2012\/06\/P6081279-624x468.jpg 624w, https:\/\/www.flieg.fr\/wordpress\/wp-content\/uploads\/2012\/06\/P6081279.jpg 2048w\" sizes=\"auto, (max-width: 300px) 100vw, 300px\" \/><\/a><br \/>\nHormis ce d\u00e9plorable \u00e9pisode, nous sommes partis plein d&rsquo;entrain ce matin pour affronter les trois tours Eiffel \u00e0 grimper pour arriver \u00e0 O Cebreiro \u00e0 1300m d&rsquo;altitude.&nbsp;<\/p>\n<p>Les maisons des villages sont maintenant bien entretenues. Il y a des fleurs aux balcons et aux fen\u00eatres.<\/p>\n<p><a href=\"http:\/\/flieg.fr\/wordpress\/wp-content\/uploads\/2012\/06\/P6071267.jpg\"><img loading=\"lazy\" decoding=\"async\" class=\"alignnone size-medium wp-image-1200\" title=\"OLYMPUS DIGITAL CAMERA\" src=\"http:\/\/flieg.fr\/wordpress\/wp-content\/uploads\/2012\/06\/P6071267-300x225.jpg\" alt=\"\" width=\"300\" height=\"225\" srcset=\"https:\/\/www.flieg.fr\/wordpress\/wp-content\/uploads\/2012\/06\/P6071267-300x225.jpg 300w, https:\/\/www.flieg.fr\/wordpress\/wp-content\/uploads\/2012\/06\/P6071267-1024x768.jpg 1024w, https:\/\/www.flieg.fr\/wordpress\/wp-content\/uploads\/2012\/06\/P6071267-624x468.jpg 624w, https:\/\/www.flieg.fr\/wordpress\/wp-content\/uploads\/2012\/06\/P6071267.jpg 2048w\" sizes=\"auto, (max-width: 300px) 100vw, 300px\" \/><\/a><\/p>\n<p>&nbsp;Nous avons trouv\u00e9 trois \u00e9glises ouvertes sur le chemin ! Et avec tampon! Apr\u00e8s plusieurs km de cache-cache avec l&rsquo;autoroute et la nationale, notre chemin pi\u00e9tonnier s&rsquo;est enfin retrouv\u00e9 seul avec le rio de Valcarcera. Nous avons suivi son cours, d&rsquo;abord rivi\u00e8re large et tumultueuse jusqu&rsquo;\u00e0 atteindre presque sa source quand elle n&rsquo;\u00e9tait plus qu&rsquo;un filet d&rsquo;eau souriant, coulant entre ombelles blanches et rosiers sauvages blanc ros\u00e9.<\/p>\n<p>&nbsp;<a href=\"http:\/\/flieg.fr\/wordpress\/wp-content\/uploads\/2012\/06\/P6081276.jpg\"><img loading=\"lazy\" decoding=\"async\" title=\"OLYMPUS DIGITAL CAMERA\" src=\"http:\/\/flieg.fr\/wordpress\/wp-content\/uploads\/2012\/06\/P6081276-225x300.jpg\" alt=\"\" width=\"225\" height=\"300\"><\/a><\/p>\n<p>Puis, nous avons \u00e9merg\u00e9 de la for\u00eat et atteint les chaumes couvertes de gen\u00eats. Enfin des vues superbes.<\/p>\n<p>&nbsp;<a href=\"http:\/\/flieg.fr\/wordpress\/wp-content\/uploads\/2012\/06\/P6081302.jpg\"><img loading=\"lazy\" decoding=\"async\" class=\"alignnone size-medium wp-image-1203\" title=\"OLYMPUS DIGITAL CAMERA\" src=\"http:\/\/flieg.fr\/wordpress\/wp-content\/uploads\/2012\/06\/P6081302-300x225.jpg\" alt=\"\" width=\"300\" height=\"225\" srcset=\"https:\/\/www.flieg.fr\/wordpress\/wp-content\/uploads\/2012\/06\/P6081302-300x225.jpg 300w, https:\/\/www.flieg.fr\/wordpress\/wp-content\/uploads\/2012\/06\/P6081302-1024x768.jpg 1024w, https:\/\/www.flieg.fr\/wordpress\/wp-content\/uploads\/2012\/06\/P6081302-624x468.jpg 624w, https:\/\/www.flieg.fr\/wordpress\/wp-content\/uploads\/2012\/06\/P6081302.jpg 2048w\" sizes=\"auto, (max-width: 300px) 100vw, 300px\" \/><\/a><\/p>\n<p>Nous quittons la province de Leon pour entrer en Galice.<\/p>\n<p><a href=\"http:\/\/flieg.fr\/wordpress\/wp-content\/uploads\/2012\/06\/P6081301.jpg\"><img loading=\"lazy\" decoding=\"async\" class=\"alignnone size-medium wp-image-1204\" title=\"OLYMPUS DIGITAL CAMERA\" src=\"http:\/\/flieg.fr\/wordpress\/wp-content\/uploads\/2012\/06\/P6081301-300x225.jpg\" alt=\"\" width=\"300\" height=\"225\" srcset=\"https:\/\/www.flieg.fr\/wordpress\/wp-content\/uploads\/2012\/06\/P6081301-300x225.jpg 300w, https:\/\/www.flieg.fr\/wordpress\/wp-content\/uploads\/2012\/06\/P6081301-1024x768.jpg 1024w, https:\/\/www.flieg.fr\/wordpress\/wp-content\/uploads\/2012\/06\/P6081301-624x468.jpg 624w, https:\/\/www.flieg.fr\/wordpress\/wp-content\/uploads\/2012\/06\/P6081301.jpg 2048w\" sizes=\"auto, (max-width: 300px) 100vw, 300px\" \/><\/a><\/p>\n<p>&nbsp; Un curieux petit oiseau jaune s&rsquo;est laiss\u00e9 approcher s&rsquo;envolant vers le sommet o\u00f9 se trouve le petit village de Cebreiro o\u00f9 nous logeons.<\/p>\n<p><a href=\"http:\/\/flieg.fr\/wordpress\/wp-content\/uploads\/2012\/06\/P6081298.jpg\"><img loading=\"lazy\" decoding=\"async\" class=\"alignnone size-medium wp-image-1205\" title=\"OLYMPUS DIGITAL CAMERA\" src=\"http:\/\/flieg.fr\/wordpress\/wp-content\/uploads\/2012\/06\/P6081298-300x225.jpg\" alt=\"\" width=\"300\" height=\"225\" srcset=\"https:\/\/www.flieg.fr\/wordpress\/wp-content\/uploads\/2012\/06\/P6081298-300x225.jpg 300w, https:\/\/www.flieg.fr\/wordpress\/wp-content\/uploads\/2012\/06\/P6081298-1024x768.jpg 1024w, https:\/\/www.flieg.fr\/wordpress\/wp-content\/uploads\/2012\/06\/P6081298-624x468.jpg 624w, https:\/\/www.flieg.fr\/wordpress\/wp-content\/uploads\/2012\/06\/P6081298.jpg 2048w\" sizes=\"auto, (max-width: 300px) 100vw, 300px\" \/><\/a><\/p>\n<p>Nous entrons d&rsquo;abord dans la petite \u00e9glise Santa Maria de Real qui ressemble \u00e0 un havre de paix : lumignons allum\u00e9s, douce musique, et de nombreux p\u00e8lerins se recueillant.<\/p>\n<p><a href=\"http:\/\/flieg.fr\/wordpress\/wp-content\/uploads\/2012\/06\/P6081310.jpg\"><img loading=\"lazy\" decoding=\"async\" class=\"alignnone size-medium wp-image-1207\" title=\"OLYMPUS DIGITAL CAMERA\" src=\"http:\/\/flieg.fr\/wordpress\/wp-content\/uploads\/2012\/06\/P6081310-300x225.jpg\" alt=\"\" width=\"300\" height=\"225\" srcset=\"https:\/\/www.flieg.fr\/wordpress\/wp-content\/uploads\/2012\/06\/P6081310-300x225.jpg 300w, https:\/\/www.flieg.fr\/wordpress\/wp-content\/uploads\/2012\/06\/P6081310-1024x768.jpg 1024w, https:\/\/www.flieg.fr\/wordpress\/wp-content\/uploads\/2012\/06\/P6081310-624x468.jpg 624w, https:\/\/www.flieg.fr\/wordpress\/wp-content\/uploads\/2012\/06\/P6081310.jpg 2048w\" sizes=\"auto, (max-width: 300px) 100vw, 300px\" \/><\/a><\/p>\n<p>Pr\u00e8s de la statue de la vierge, se trouve un banc avec une bonne douzaine de Bibles, chacune dans une autre langue, m\u00eame en braille.<\/p>\n<p><a href=\"http:\/\/flieg.fr\/wordpress\/wp-content\/uploads\/2012\/06\/P6081317.jpg\"><img loading=\"lazy\" decoding=\"async\" class=\"alignnone size-medium wp-image-1206\" title=\"OLYMPUS DIGITAL CAMERA\" src=\"http:\/\/flieg.fr\/wordpress\/wp-content\/uploads\/2012\/06\/P6081317-300x225.jpg\" alt=\"\" width=\"300\" height=\"225\" srcset=\"https:\/\/www.flieg.fr\/wordpress\/wp-content\/uploads\/2012\/06\/P6081317-300x225.jpg 300w, https:\/\/www.flieg.fr\/wordpress\/wp-content\/uploads\/2012\/06\/P6081317-1024x768.jpg 1024w, https:\/\/www.flieg.fr\/wordpress\/wp-content\/uploads\/2012\/06\/P6081317-624x468.jpg 624w, https:\/\/www.flieg.fr\/wordpress\/wp-content\/uploads\/2012\/06\/P6081317.jpg 2048w\" sizes=\"auto, (max-width: 300px) 100vw, 300px\" \/><\/a><\/p>\n<p>Nous dotons notre cr\u00e9anciale d&rsquo;un immense cachet du lieu (double case)! La temp\u00e9rature chute d\u00e8s que le soleil est pass\u00e9 de l&rsquo;autre c\u00f4t\u00e9 ; il faudra bien&nbsp; se couvrir ce soir.&nbsp;<\/p>\n<p>Le soir, en ce lieu mythique, sur la derni\u00e8re montagne du chemin, nous sommes all\u00e9s a la messe des p\u00e8lerins. Elle commen\u00e7a a 19h et a 19h25, la messe \u00e9tait dite, b\u00e9n\u00e9diction des p\u00e8lerins comprise. Durant la messe, tous les r\u00e9pons \u00e9taient affich\u00e9s sur un grand \u00e9cran plat, en quatre langues, entrecoup\u00e9s d&rsquo;images pieuses genre \u00ab\u00a0t\u00e9moins de Jehovah\u00a0\u00bb<\/p>\n","protected":false},"excerpt":{"rendered":"<p>Avant hier soir, nous nous sommes aper\u00e7us qu&rsquo;\u00e0 mon tour j&rsquo;ai \u00e9t\u00e9 mordu par les bestioles. Alors, commen\u00e7a une d\u00e9contamination en r\u00e8gle, par compartimentage de toutes les affaires. Traitement, mise en sacs herm\u00e9tiques pour un confinement l\u00e9tal. On en vint \u00e0 utiliser toute la bombe de produits fran\u00e7ais que nous avions emmen\u00e9e. Mais ce soir, [&hellip;]<\/p>\n","protected":false},"author":3,"featured_media":0,"parent":0,"menu_order":0,"comment_status":"open","ping_status":"open","template":"","meta":{"footnotes":""},"class_list":["post-1195","page","type-page","status-publish","hentry"],"_links":{"self":[{"href":"https:\/\/www.flieg.fr\/index.php?rest_route=\/wp\/v2\/pages\/1195","targetHints":{"allow":["GET"]}}],"collection":[{"href":"https:\/\/www.flieg.fr\/index.php?rest_route=\/wp\/v2\/pages"}],"about":[{"href":"https:\/\/www.flieg.fr\/index.php?rest_route=\/wp\/v2\/types\/page"}],"author":[{"embeddable":true,"href":"https:\/\/www.flieg.fr\/index.php?rest_route=\/wp\/v2\/users\/3"}],"replies":[{"embeddable":true,"href":"https:\/\/www.flieg.fr\/index.php?rest_route=%2Fwp%2Fv2%2Fcomments&post=1195"}],"version-history":[{"count":7,"href":"https:\/\/www.flieg.fr\/index.php?rest_route=\/wp\/v2\/pages\/1195\/revisions"}],"predecessor-version":[{"id":2465,"href":"https:\/\/www.flieg.fr\/index.php?rest_route=\/wp\/v2\/pages\/1195\/revisions\/2465"}],"wp:attachment":[{"href":"https:\/\/www.flieg.fr\/index.php?rest_route=%2Fwp%2Fv2%2Fmedia&parent=1195"}],"curies":[{"name":"wp","href":"https:\/\/api.w.org\/{rel}","templated":true}]}}