{"id":1064,"date":"2012-05-29T18:24:32","date_gmt":"2012-05-29T17:24:32","guid":{"rendered":"http:\/\/flieg.fr\/?page_id=1064"},"modified":"2023-03-21T11:18:14","modified_gmt":"2023-03-21T10:18:14","slug":"jour-63-etape-59-de-sahagun-a-el-burgo-raneiro-20-km-mardi-29-mai","status":"publish","type":"page","link":"https:\/\/www.flieg.fr\/?page_id=1064","title":{"rendered":"jour 63 \u00e9tape 59 : de Sahag\u00f9n \u00e0 El Burgo Ranero : 20 km Mardi 29 Mai"},"content":{"rendered":"<p>Mardi 29 Mai 2012<\/p>\n<p>Hier soir, nous avons d\u00een\u00e9 avec Helmut et Rosita Breitwieser, le couple de Baden Baden. Le menu p\u00e8lerin \u00e0 10 euros comprenait cette fois une limande \u00e0 la plancha avec un bon vin blanc local.<\/p>\n<p>Nous sommes entr\u00e9s en province de Le\u00f3n. Un petit Lion p\u00e8lerin nous guidera \u00e0 travers la province.<\/p>\n<p><a href=\"http:\/\/flieg.fr\/wordpress\/wp-content\/uploads\/2012\/05\/P5291039.jpg\"><img loading=\"lazy\" decoding=\"async\" class=\"alignnone size-medium wp-image-1075\" title=\"OLYMPUS DIGITAL CAMERA\" src=\"http:\/\/flieg.fr\/wordpress\/wp-content\/uploads\/2012\/05\/P5291039-300x225.jpg\" alt=\"\" width=\"300\" height=\"225\" srcset=\"https:\/\/www.flieg.fr\/wordpress\/wp-content\/uploads\/2012\/05\/P5291039-300x225.jpg 300w, https:\/\/www.flieg.fr\/wordpress\/wp-content\/uploads\/2012\/05\/P5291039-1024x768.jpg 1024w, https:\/\/www.flieg.fr\/wordpress\/wp-content\/uploads\/2012\/05\/P5291039-624x468.jpg 624w, https:\/\/www.flieg.fr\/wordpress\/wp-content\/uploads\/2012\/05\/P5291039.jpg 2048w\" sizes=\"auto, (max-width: 300px) 100vw, 300px\" \/><\/a><\/p>\n<p>Ce matin, le temps est toujours au beau fixe. A Calzada del Coto, des cigognes casse-cou nous saluent du bec. Elles semblent fi\u00e8res de leur nid fix\u00e9 on ne sait comment sur l&rsquo;ar\u00eate du clocher.<\/p>\n<p><a href=\"http:\/\/flieg.fr\/wordpress\/wp-content\/uploads\/2012\/05\/P5291035.jpg\"><img loading=\"lazy\" decoding=\"async\" class=\"alignnone size-medium wp-image-1067\" title=\"OLYMPUS DIGITAL CAMERA\" src=\"http:\/\/flieg.fr\/wordpress\/wp-content\/uploads\/2012\/05\/P5291035-225x300.jpg\" alt=\"\" width=\"225\" height=\"300\" srcset=\"https:\/\/www.flieg.fr\/wordpress\/wp-content\/uploads\/2012\/05\/P5291035-225x300.jpg 225w, https:\/\/www.flieg.fr\/wordpress\/wp-content\/uploads\/2012\/05\/P5291035-768x1024.jpg 768w, https:\/\/www.flieg.fr\/wordpress\/wp-content\/uploads\/2012\/05\/P5291035-624x832.jpg 624w, https:\/\/www.flieg.fr\/wordpress\/wp-content\/uploads\/2012\/05\/P5291035.jpg 1536w\" sizes=\"auto, (max-width: 225px) 100vw, 225px\" \/><\/a><\/p>\n<p>Comme chaque matin, nous prenons le voile et faisons voeu de fra\u00eecheur.<\/p>\n<p><a href=\"http:\/\/flieg.fr\/wordpress\/wp-content\/uploads\/2012\/05\/P5291036.jpg\"><img loading=\"lazy\" decoding=\"async\" class=\"alignnone size-medium wp-image-1068\" title=\"OLYMPUS DIGITAL CAMERA\" src=\"http:\/\/flieg.fr\/wordpress\/wp-content\/uploads\/2012\/05\/P5291036-300x225.jpg\" alt=\"\" width=\"300\" height=\"225\" srcset=\"https:\/\/www.flieg.fr\/wordpress\/wp-content\/uploads\/2012\/05\/P5291036-300x225.jpg 300w, https:\/\/www.flieg.fr\/wordpress\/wp-content\/uploads\/2012\/05\/P5291036-1024x768.jpg 1024w, https:\/\/www.flieg.fr\/wordpress\/wp-content\/uploads\/2012\/05\/P5291036-624x468.jpg 624w, https:\/\/www.flieg.fr\/wordpress\/wp-content\/uploads\/2012\/05\/P5291036.jpg 2048w\" sizes=\"auto, (max-width: 300px) 100vw, 300px\" \/><\/a><\/p>\n<p>Le mot du jour est fragrance. Fragrance au parfum de miel des fleurs d&rsquo;acacias.<\/p>\n<p><a href=\"http:\/\/flieg.fr\/wordpress\/wp-content\/uploads\/2012\/05\/P5291030.jpg\"><img loading=\"lazy\" decoding=\"async\" class=\"alignnone size-medium wp-image-1069\" title=\"OLYMPUS DIGITAL CAMERA\" src=\"http:\/\/flieg.fr\/wordpress\/wp-content\/uploads\/2012\/05\/P5291030-225x300.jpg\" alt=\"\" width=\"225\" height=\"300\" srcset=\"https:\/\/www.flieg.fr\/wordpress\/wp-content\/uploads\/2012\/05\/P5291030-225x300.jpg 225w, https:\/\/www.flieg.fr\/wordpress\/wp-content\/uploads\/2012\/05\/P5291030-768x1024.jpg 768w, https:\/\/www.flieg.fr\/wordpress\/wp-content\/uploads\/2012\/05\/P5291030-624x832.jpg 624w, https:\/\/www.flieg.fr\/wordpress\/wp-content\/uploads\/2012\/05\/P5291030.jpg 1536w\" sizes=\"auto, (max-width: 225px) 100vw, 225px\" \/><\/a><\/p>\n<p>Fragrance du thym dans la lande inculte. Fragrance de la lavande sauvage.<\/p>\n<p><a href=\"http:\/\/flieg.fr\/wordpress\/wp-content\/uploads\/2012\/05\/P5291041.jpg\"><img loading=\"lazy\" decoding=\"async\" class=\"alignnone size-medium wp-image-1070\" title=\"OLYMPUS DIGITAL CAMERA\" src=\"http:\/\/flieg.fr\/wordpress\/wp-content\/uploads\/2012\/05\/P5291041-300x225.jpg\" alt=\"\" width=\"300\" height=\"225\" srcset=\"https:\/\/www.flieg.fr\/wordpress\/wp-content\/uploads\/2012\/05\/P5291041-300x225.jpg 300w, https:\/\/www.flieg.fr\/wordpress\/wp-content\/uploads\/2012\/05\/P5291041-1024x768.jpg 1024w, https:\/\/www.flieg.fr\/wordpress\/wp-content\/uploads\/2012\/05\/P5291041-624x468.jpg 624w, https:\/\/www.flieg.fr\/wordpress\/wp-content\/uploads\/2012\/05\/P5291041.jpg 2048w\" sizes=\"auto, (max-width: 300px) 100vw, 300px\" \/><\/a><a href=\"http:\/\/flieg.fr\/wordpress\/wp-content\/uploads\/2012\/05\/P5291042.jpg\"><img loading=\"lazy\" decoding=\"async\" class=\"alignnone size-medium wp-image-1076\" title=\"OLYMPUS DIGITAL CAMERA\" src=\"http:\/\/flieg.fr\/wordpress\/wp-content\/uploads\/2012\/05\/P5291042-300x225.jpg\" alt=\"\" width=\"300\" height=\"225\" srcset=\"https:\/\/www.flieg.fr\/wordpress\/wp-content\/uploads\/2012\/05\/P5291042-300x225.jpg 300w, https:\/\/www.flieg.fr\/wordpress\/wp-content\/uploads\/2012\/05\/P5291042-1024x768.jpg 1024w, https:\/\/www.flieg.fr\/wordpress\/wp-content\/uploads\/2012\/05\/P5291042-624x468.jpg 624w, https:\/\/www.flieg.fr\/wordpress\/wp-content\/uploads\/2012\/05\/P5291042.jpg 2048w\" sizes=\"auto, (max-width: 300px) 100vw, 300px\" \/><\/a><\/p>\n<p>Nous sommes heureux de notre choix du jour. Nous avons d\u00e9lib\u00e9r\u00e9ment d\u00e9rog\u00e9 \u00e0 la proposition du guide d&rsquo;une \u00e9tape de 37,4 km. Nous avons coup\u00e9 l&rsquo;\u00e9tape en deux. Cependant, pour notre \u00e9tape raccourcie, comme le petit chaperon rouge, nous avions le choix : A gauche le camino real, le chemin bien balis\u00e9 qui longe la nationale un peu bruyante, mais dont dont le seul village o\u00f9 l&rsquo;on peut d\u00e9jeuner se traverserait \u00e0 onze heures ; A droite, la calzada romana, \u00e0 travers. lande et petits bois, donc bien plus bucolique et dont le seul village o\u00f9 l&rsquo;on peut d\u00e9jeuner se traverserait \u00e0 12h30, mais il faudrait ensuite rejoindre le chemin de gauche en coupant en oblique. Nous avons bien entendu choisi le deuxi\u00e8me, bien que mal balis\u00e9. Tout s&rsquo;est bien pass\u00e9 jusqu&rsquo;\u00e0 la pause meridienne \u00e0 Calzadilla de los Hermanillos. Mais \u00e0 la sortie du village, pas de route en oblique comme indiqu\u00e9 sur la carte du guide. Nous obliquons malgr\u00e9 tout en zigzagant par les chemins de terre. Au loin, un point haut, d&rsquo;o\u00f9 j&rsquo;esp\u00e8re voir notre village \u00e9tape du soir : El Burgo Ranero. Et de fait, nous l&rsquo;apercevons \u00e0 3km \u00e0 vol d&rsquo;oiseau. Nous redescendons, toujours en zig zag \u00e0 cause des champs et&#8230; nous tombons nez \u00e0 nez sur un large canal d&rsquo;irrigation infranchissable.<\/p>\n<p><a href=\"http:\/\/flieg.fr\/wordpress\/wp-content\/uploads\/2012\/05\/P5291051.jpg\"><img loading=\"lazy\" decoding=\"async\" class=\"alignnone size-medium wp-image-1071\" title=\"OLYMPUS DIGITAL CAMERA\" src=\"http:\/\/flieg.fr\/wordpress\/wp-content\/uploads\/2012\/05\/P5291051-300x225.jpg\" alt=\"\" width=\"300\" height=\"225\" srcset=\"https:\/\/www.flieg.fr\/wordpress\/wp-content\/uploads\/2012\/05\/P5291051-300x225.jpg 300w, https:\/\/www.flieg.fr\/wordpress\/wp-content\/uploads\/2012\/05\/P5291051-1024x768.jpg 1024w, https:\/\/www.flieg.fr\/wordpress\/wp-content\/uploads\/2012\/05\/P5291051-624x468.jpg 624w, https:\/\/www.flieg.fr\/wordpress\/wp-content\/uploads\/2012\/05\/P5291051.jpg 2048w\" sizes=\"auto, (max-width: 300px) 100vw, 300px\" \/><\/a><\/p>\n<p>Eh oui, nous n&rsquo;avions pas pr\u00e9vu de canot pneumatique gonflable dans notre sac ! Mais de quel cot\u00e9 aller pour trouver un pont ? Dans la boue s\u00e9ch\u00e9e, je remarque des traces de chaussures de quelqu&rsquo;un qui est parti vers la droite. Nous faisons de m\u00eame. Le canal tourne et nous \u00e9loigne du bourg, mais ouf ! Au bout de 300m nous trouvons enfin un pont avec une route que nous suivons sur un km.<\/p>\n<p><a href=\"http:\/\/flieg.fr\/wordpress\/wp-content\/uploads\/2012\/05\/P5291052.jpg\"><img loading=\"lazy\" decoding=\"async\" class=\"alignnone size-medium wp-image-1072\" title=\"OLYMPUS DIGITAL CAMERA\" src=\"http:\/\/flieg.fr\/wordpress\/wp-content\/uploads\/2012\/05\/P5291052-300x225.jpg\" alt=\"\" width=\"300\" height=\"225\" srcset=\"https:\/\/www.flieg.fr\/wordpress\/wp-content\/uploads\/2012\/05\/P5291052-300x225.jpg 300w, https:\/\/www.flieg.fr\/wordpress\/wp-content\/uploads\/2012\/05\/P5291052-1024x768.jpg 1024w, https:\/\/www.flieg.fr\/wordpress\/wp-content\/uploads\/2012\/05\/P5291052-624x468.jpg 624w, https:\/\/www.flieg.fr\/wordpress\/wp-content\/uploads\/2012\/05\/P5291052.jpg 2048w\" sizes=\"auto, (max-width: 300px) 100vw, 300px\" \/><\/a><\/p>\n<p>L\u00e0, nous arrivons \u00e0 un croisement o\u00f9 nous demandons confirmation de notre destination \u00e0 un chauffeur de bus qui marquait le stop \u00e0 ce croisement. Un bout de route de 3km nous conduit enfin, fatigu\u00e9s, jusqu&rsquo;au village et \u00e0 l&rsquo;h\u00f4tel. Notre chemin buissonnier, ce n&rsquo;\u00e9tait pas vraiment un bon plan ! Enfin, on s&rsquo;en est bien sorti une fois de plus.<\/p>\n<p>El Burgo Ranero est un joli petit village avec quelques maisons anciennes aux murs en pis\u00e9.<\/p>\n<p><a href=\"http:\/\/flieg.fr\/wordpress\/wp-content\/uploads\/2012\/05\/P5291054.jpg\"><img loading=\"lazy\" decoding=\"async\" class=\"alignnone size-medium wp-image-1074\" title=\"OLYMPUS DIGITAL CAMERA\" src=\"http:\/\/flieg.fr\/wordpress\/wp-content\/uploads\/2012\/05\/P5291054-300x225.jpg\" alt=\"\" width=\"300\" height=\"225\" srcset=\"https:\/\/www.flieg.fr\/wordpress\/wp-content\/uploads\/2012\/05\/P5291054-300x225.jpg 300w, https:\/\/www.flieg.fr\/wordpress\/wp-content\/uploads\/2012\/05\/P5291054-1024x768.jpg 1024w, https:\/\/www.flieg.fr\/wordpress\/wp-content\/uploads\/2012\/05\/P5291054-624x468.jpg 624w, https:\/\/www.flieg.fr\/wordpress\/wp-content\/uploads\/2012\/05\/P5291054.jpg 2048w\" sizes=\"auto, (max-width: 300px) 100vw, 300px\" \/><\/a><\/p>\n","protected":false},"excerpt":{"rendered":"<p>Mardi 29 Mai 2012 Hier soir, nous avons d\u00een\u00e9 avec Helmut et Rosita Breitwieser, le couple de Baden Baden. Le menu p\u00e8lerin \u00e0 10 euros comprenait cette fois une limande \u00e0 la plancha avec un bon vin blanc local. Nous sommes entr\u00e9s en province de Le\u00f3n. Un petit Lion p\u00e8lerin nous guidera \u00e0 travers la [&hellip;]<\/p>\n","protected":false},"author":3,"featured_media":0,"parent":0,"menu_order":0,"comment_status":"open","ping_status":"open","template":"","meta":{"footnotes":""},"class_list":["post-1064","page","type-page","status-publish","hentry"],"_links":{"self":[{"href":"https:\/\/www.flieg.fr\/index.php?rest_route=\/wp\/v2\/pages\/1064","targetHints":{"allow":["GET"]}}],"collection":[{"href":"https:\/\/www.flieg.fr\/index.php?rest_route=\/wp\/v2\/pages"}],"about":[{"href":"https:\/\/www.flieg.fr\/index.php?rest_route=\/wp\/v2\/types\/page"}],"author":[{"embeddable":true,"href":"https:\/\/www.flieg.fr\/index.php?rest_route=\/wp\/v2\/users\/3"}],"replies":[{"embeddable":true,"href":"https:\/\/www.flieg.fr\/index.php?rest_route=%2Fwp%2Fv2%2Fcomments&post=1064"}],"version-history":[{"count":6,"href":"https:\/\/www.flieg.fr\/index.php?rest_route=\/wp\/v2\/pages\/1064\/revisions"}],"predecessor-version":[{"id":2453,"href":"https:\/\/www.flieg.fr\/index.php?rest_route=\/wp\/v2\/pages\/1064\/revisions\/2453"}],"wp:attachment":[{"href":"https:\/\/www.flieg.fr\/index.php?rest_route=%2Fwp%2Fv2%2Fmedia&parent=1064"}],"curies":[{"name":"wp","href":"https:\/\/api.w.org\/{rel}","templated":true}]}}